{"id":23,"date":"2021-01-19T23:04:26","date_gmt":"2021-01-19T21:04:26","guid":{"rendered":"http:\/\/wp13621818.server-he.de\/?page_id=23"},"modified":"2021-03-15T22:10:26","modified_gmt":"2021-03-15T20:10:26","slug":"autoren","status":"publish","type":"page","link":"https:\/\/europaeischeverlagsanstalt.de\/?page_id=23","title":{"rendered":"Autorinnen &#038; Autoren"},"content":{"rendered":"<section class=\"l-section wpb_row us_custom_33fe73d0 height_full valign_top\"><div class=\"l-section-h i-cf\"><div class=\"g-cols vc_row type_default valign_top\"><div class=\"vc_col-sm-12 wpb_column vc_column_container\"><div class=\"vc_column-inner\"><div class=\"wpb_wrapper\">\n\t\t\t<!-- START Autoren REVOLUTION SLIDER 6.3.4 --><p class=\"rs-p-wp-fix\"><\/p>\n\t\t\t<rs-module-wrap id=\"rev_slider_6_1_wrapper\" data-source=\"gallery\" style=\"background:#aaaaaa;padding:0;\">\n\t\t\t\t<rs-module id=\"rev_slider_6_1\" style=\"\" data-version=\"6.3.4\">\n\t\t\t\t\t<rs-slides>\n\t\t\t\t\t\t<rs-slide data-key=\"rs-22\" data-title=\"Slide\" data-anim=\"ei:d;eo:d;s:600;r:0;t:fade;sl:d;\">\n\t\t\t\t\t\t\t<img src=\"\/\/europaeischeverlagsanstalt.de\/wp-856ad-content\/plugins\/revslider\/public\/assets\/assets\/transparent.png\" alt=\"Slide\" title=\"Autorinnen &#038; Autoren\" data-bg=\"c:linear-gradient(120deg, rgba(203,186,204,1) 0%, rgba(36,57,73,1) 100%);\" data-parallax=\"off\" class=\"rev-slidebg\" data-no-retina>\n<!--\n\t\t\t\t\t\t\t--><rs-layer\n\t\t\t\t\t\t\t\tid=\"slider-6-slide-22-layer-1\" \n\t\t\t\t\t\t\t\tclass=\"rs-pxl-2\"\n\t\t\t\t\t\t\t\tdata-type=\"image\"\n\t\t\t\t\t\t\t\tdata-rsp_ch=\"on\"\n\t\t\t\t\t\t\t\tdata-xy=\"x:c;xo:211px,-500px,-390px,-220px;y:m;yo:-4px,0,0,0;\"\n\t\t\t\t\t\t\t\tdata-text=\"l:22;a:inherit;\"\n\t\t\t\t\t\t\t\tdata-dim=\"w:820px,1000px,800px,500px;h:615px,563px,450px,281px;\"\n\t\t\t\t\t\t\t\tdata-frame_0=\"o:1;\"\n\t\t\t\t\t\t\t\tdata-frame_0_sfx=\"se:blocktoleft;fxc:#243949;\"\n\t\t\t\t\t\t\t\tdata-frame_1=\"st:200;sp:750;sR:200;\"\n\t\t\t\t\t\t\t\tdata-frame_1_sfx=\"se:blocktoleft;fxc:#243949;\"\n\t\t\t\t\t\t\t\tdata-frame_999=\"z:0;e:power4.out;st:w;sp:500;sR:8050;\"\n\t\t\t\t\t\t\t\tstyle=\"z-index:5;\"\n\t\t\t\t\t\t\t><img src=\"\/\/europaeischeverlagsanstalt.de\/wp-856ad-content\/uploads\/2021\/03\/parthenon.jpg\" width=\"1066\" height=\"800\" data-no-retina> \n\t\t\t\t\t\t\t<\/rs-layer><!--\n\n\t\t\t\t\t\t\t--><rs-layer\n\t\t\t\t\t\t\t\tid=\"slider-6-slide-22-layer-2\" \n\t\t\t\t\t\t\t\tdata-type=\"text\"\n\t\t\t\t\t\t\t\tdata-rsp_ch=\"on\"\n\t\t\t\t\t\t\t\tdata-xy=\"xo:0,240px,110px,80px;y:m;yo:-80px,-30px,-30px,-30px;\"\n\t\t\t\t\t\t\t\tdata-text=\"w:normal;s:70,70,70,50;l:78,70,70,50;ls:-2px;a:right;\"\n\t\t\t\t\t\t\t\tdata-dim=\"w:717px,650px,620px,380px;h:128px,auto,auto,auto;\"\n\t\t\t\t\t\t\t\tdata-padding=\"t:20;r:20;b:30;l:20;\"\n\t\t\t\t\t\t\t\tdata-frame_0=\"o:1;\"\n\t\t\t\t\t\t\t\tdata-frame_0_sfx=\"se:blocktoleft;fxc:#cbbacc;\"\n\t\t\t\t\t\t\t\tdata-frame_1=\"st:300;sp:750;sR:300;\"\n\t\t\t\t\t\t\t\tdata-frame_1_sfx=\"se:blocktoleft;fxc:#cbbacc;\"\n\t\t\t\t\t\t\t\tdata-frame_999=\"z:0;e:power4.out;st:w;sp:500;sR:7950;\"\n\t\t\t\t\t\t\t\tstyle=\"z-index:8;font-family:Playfair Display;\"\n\t\t\t\t\t\t\t>Autorinnen & Autoren \n\t\t\t\t\t\t\t<\/rs-layer><!--\n\n\t\t\t\t\t\t\t--><rs-layer\n\t\t\t\t\t\t\t\tid=\"slider-6-slide-22-layer-3\" \n\t\t\t\t\t\t\t\tdata-type=\"text\"\n\t\t\t\t\t\t\t\tdata-color=\"#fff\"\n\t\t\t\t\t\t\t\tdata-rsp_ch=\"on\"\n\t\t\t\t\t\t\t\tdata-xy=\"xo:419px,346px,262px,161px;yo:739px,610px,463px,285px;\"\n\t\t\t\t\t\t\t\tdata-text=\"w:normal;s:14,11,8,4;l:30,24,18,11;ls:1,0,0,0;fw:300;\"\n\t\t\t\t\t\t\t\tdata-dim=\"minh:0,none,none,none;\"\n\t\t\t\t\t\t\t\tdata-frame_999=\"o:0;st:w;\"\n\t\t\t\t\t\t\t\tstyle=\"z-index:11;font-family:Open Sans;\"\n\t\t\t\t\t\t\t>Marta Minuj\u00edn, Parthenon der B\u00fccher, dokumenta 14 \n\t\t\t\t\t\t\t<\/rs-layer><!--\n\n\t\t\t\t\t\t\t--><rs-layer\n\t\t\t\t\t\t\t\tid=\"slider-6-slide-22-layer-4\" \n\t\t\t\t\t\t\t\tclass=\"rev-btn\"\n\t\t\t\t\t\t\t\tdata-type=\"button\"\n\t\t\t\t\t\t\t\tdata-color=\"rgba(255,255,255,1)\"\n\t\t\t\t\t\t\t\tdata-rsp_ch=\"on\"\n\t\t\t\t\t\t\t\tdata-xy=\"xo:30px,760px,600px,330px;y:m;yo:179px,150px,150px,110px;\"\n\t\t\t\t\t\t\t\tdata-text=\"w:normal;s:15;l:50;ls:2px;a:inherit;\"\n\t\t\t\t\t\t\t\tdata-actions='o:click;a:scrollbelow;sp:1000ms;e:power1.inOut;'\n\t\t\t\t\t\t\t\tdata-padding=\"r:30;l:30;\"\n\t\t\t\t\t\t\t\tdata-border=\"bos:solid;boc:#ffffff;bow:1px,1px,1px,1px;\"\n\t\t\t\t\t\t\t\tdata-frame_0=\"o:1;\"\n\t\t\t\t\t\t\t\tdata-frame_0_sfx=\"se:blocktoleft;fxc:#cbbacc;\"\n\t\t\t\t\t\t\t\tdata-frame_1=\"st:500;sp:750;sR:500;\"\n\t\t\t\t\t\t\t\tdata-frame_1_sfx=\"se:blocktoleft;fxc:#cbbacc;\"\n\t\t\t\t\t\t\t\tdata-frame_999=\"z:0;e:power4.out;st:w;sp:500;sR:7750;\"\n\t\t\t\t\t\t\t\tdata-frame_hover=\"c:#000;bgc:#fff;boc:#fff;bor:0px,0px,0px,0px;bos:solid;bow:1px,1px,1px,1px;oX:50;oY:50;sp:0;e:none;\"\n\t\t\t\t\t\t\t\tstyle=\"z-index:6;font-family:Roboto;cursor:pointer;outline:none;box-shadow:none;box-sizing:border-box;-moz-box-sizing:border-box;-webkit-box-sizing:border-box;\"\n\t\t\t\t\t\t\t>Mehr erfahren \n\t\t\t\t\t\t\t<\/rs-layer><!--\n\n\t\t\t\t\t\t\t--><rs-layer\n\t\t\t\t\t\t\t\tid=\"slider-6-slide-22-layer-6\" \n\t\t\t\t\t\t\t\tdata-type=\"text\"\n\t\t\t\t\t\t\t\tdata-color=\"#fff\"\n\t\t\t\t\t\t\t\tdata-rsp_ch=\"on\"\n\t\t\t\t\t\t\t\tdata-xy=\"xo:15px,12px,9px,5px;yo:423px,349px,265px,163px;\"\n\t\t\t\t\t\t\t\tdata-text=\"w:normal;s:24,19,14,8;l:36,29,22,13;ls:1,0,0,0;fw:300;\"\n\t\t\t\t\t\t\t\tdata-dim=\"minh:0px,none,none,none;\"\n\t\t\t\t\t\t\t\tdata-padding=\"t:20,17,13,8;r:20,17,13,8;b:20,17,13,8;l:20,17,13,8;\"\n\t\t\t\t\t\t\t\tdata-frame_999=\"o:0;st:w;\"\n\t\t\t\t\t\t\t\tstyle=\"z-index:9;font-family:Open Sans;\"\n\t\t\t\t\t\t\t>Von Ab\u00e9cassis und Adorno<br>bis Wildt und Zuckermann \n\t\t\t\t\t\t\t<\/rs-layer><!--\n-->\t\t\t\t\t\t<\/rs-slide>\n\t\t\t\t\t<\/rs-slides>\n\t\t\t\t<\/rs-module>\n\t\t\t\t<script type=\"text\/javascript\">\n\t\t\t\t\tsetREVStartSize({c: 'rev_slider_6_1',rl:[1240,1024,778,480],el:[868,768,960,720],gw:[1240,1024,778,480],gh:[868,768,960,720],type:'standard',justify:'',layout:'fullscreen',offsetContainer:'',offset:'60px',mh:\"0\"});\n\t\t\t\t\tvar\trevapi6,\n\t\t\t\t\t\ttpj;\n\t\t\t\t\tfunction revinit_revslider61() {\n\t\t\t\t\tjQuery(function() {\n\t\t\t\t\t\ttpj = jQuery;\n\t\t\t\t\t\trevapi6 = tpj(\"#rev_slider_6_1\");\n\t\t\t\t\t\tif(revapi6==undefined || revapi6.revolution == undefined){\n\t\t\t\t\t\t\trevslider_showDoubleJqueryError(\"rev_slider_6_1\");\n\t\t\t\t\t\t}else{\n\t\t\t\t\t\t\trevapi6.revolution({\n\t\t\t\t\t\t\t\tsliderLayout:\"fullscreen\",\n\t\t\t\t\t\t\t\tvisibilityLevels:\"1240,1024,778,480\",\n\t\t\t\t\t\t\t\tgridwidth:\"1240,1024,778,480\",\n\t\t\t\t\t\t\t\tgridheight:\"868,768,960,720\",\n\t\t\t\t\t\t\t\tperspective:600,\n\t\t\t\t\t\t\t\tperspectiveType:\"local\",\n\t\t\t\t\t\t\t\teditorheight:\"868,768,960,720\",\n\t\t\t\t\t\t\t\tresponsiveLevels:\"1240,1024,778,480\",\n\t\t\t\t\t\t\t\tfullScreenOffset:\"60px\",\n\t\t\t\t\t\t\t\tprogressBar: {\n\t\t\t\t\t\t\t\t\tcolor:\"rgba(0,0,0,0.15)\",\n\t\t\t\t\t\t\t\t\tvertical:\"top\",\n\t\t\t\t\t\t\t\t\tsize:10,\n\t\t\t\t\t\t\t\t\tx:0,\n\t\t\t\t\t\t\t\t\ty:0\n\t\t\t\t\t\t\t\t},\n\t\t\t\t\t\t\t\tnavigation: {\n\t\t\t\t\t\t\t\t\tmouseScrollNavigation:false,\n\t\t\t\t\t\t\t\t\twheelCallDelay:1000,\n\t\t\t\t\t\t\t\t\tonHoverStop:false,\n\t\t\t\t\t\t\t\t\ttouch: {\n\t\t\t\t\t\t\t\t\t\ttouchenabled:true\n\t\t\t\t\t\t\t\t\t}\n\t\t\t\t\t\t\t\t},\n\t\t\t\t\t\t\t\tparallax: {\n\t\t\t\t\t\t\t\t\tlevels:[5,10,15,20,25,30,35,40,45,46,47,48,49,50,51,55],\n\t\t\t\t\t\t\t\t\ttype:\"scroll\",\n\t\t\t\t\t\t\t\t\torigo:\"slidercenter\",\n\t\t\t\t\t\t\t\t\tspeed:2000\n\t\t\t\t\t\t\t\t},\n\t\t\t\t\t\t\t\tfallbacks: {\n\t\t\t\t\t\t\t\t\tallowHTML5AutoPlayOnAndroid:true\n\t\t\t\t\t\t\t\t},\n\t\t\t\t\t\t\t});\n\t\t\t\t\t\t\trevapi6.bind(\"revolution.slide.onloaded\",function (e) {\n\trevapi6.addClass(\"tiny_bullet_slider\");\n});\n\t\t\t\t\t\t}\n\t\t\t\t\t\t\n\t\t\t\t\t});\n\t\t\t\t\t} \/\/ End of RevInitScript\n\t\t\t\tvar once_revslider61 = false;\n\t\t\t\tif (document.readyState === \"loading\") {document.addEventListener('readystatechange',function() { if((document.readyState === \"interactive\" || document.readyState === \"complete\") && !once_revslider61 ) { once_revslider61 = true; revinit_revslider61();}});} else {once_revslider61 = true; revinit_revslider61();}\n\t\t\t\t<\/script>\n\t\t\t\t<script>\n\t\t\t\t\tvar htmlDivCss = unescape(\".tiny_bullet_slider%20.tp-bullet%3Abefore%20%7B%0A%20%20%20%20content%3A%20%22%20%22%3B%0A%20%20%20%20position%3A%20absolute%3B%0A%20%20%20%20width%3A%20100%25%3B%0A%20%20%20%20height%3A%2025px%3B%0A%20%20%20%20top%3A-12px%3B%0A%20%20%20%20left%3A0px%3B%0A%20%20%20%20background%3A%20transparent%3B%0A%20%20%7D\");\n\t\t\t\t\tvar htmlDiv = document.getElementById('rs-plugin-settings-inline-css');\n\t\t\t\t\tif(htmlDiv) {\n\t\t\t\t\t\thtmlDiv.innerHTML = htmlDiv.innerHTML + htmlDivCss;\n\t\t\t\t\t}else{\n\t\t\t\t\t\tvar htmlDiv = document.createElement('div');\n\t\t\t\t\t\thtmlDiv.innerHTML = '<style>' + htmlDivCss + '<\/style>';\n\t\t\t\t\t\tdocument.getElementsByTagName('head')[0].appendChild(htmlDiv.childNodes[0]);\n\t\t\t\t\t}\n\t\t\t\t<\/script>\n\t\t\t<\/rs-module-wrap>\n\t\t\t<!-- END REVOLUTION SLIDER -->\n<\/div><\/div><\/div><\/div><\/div><\/section><section class=\"l-section wpb_row us_custom_af6a9b6a height_medium parallax_ver\"><div class=\"l-section-h i-cf\"><div class=\"g-cols vc_row type_default valign_top\"><div class=\"vc_col-sm-12 wpb_column vc_column_container\"><div class=\"vc_column-inner\"><div class=\"wpb_wrapper\">[vc_custom_heading text=&#8221;Autorinnen &amp; Autoren&#8221; google_fonts=&#8221;font_family:Open%20Sans%3A300%2C300italic%2Cregular%2Citalic%2C600%2C600italic%2C700%2C700italic%2C800%2C800italic|font_style:600%20bold%20regular%3A600%3Anormal&#8221; css=&#8221;%7B%22default%22%3A%7B%22color%22%3A%22%23333333%22%2C%22font-weight%22%3A%22700%22%2C%22font-size%22%3A%2236px%22%2C%22padding-top%22%3A%2240px%22%7D%7D&#8221;]<\/div><\/div><\/div><\/div><\/div><\/section><section class=\"l-section wpb_row us_custom_6dc6053f height_medium\"><div class=\"l-section-h i-cf\"><div class=\"g-cols vc_row type_default valign_top\"><div class=\"vc_col-sm-12 wpb_column vc_column_container\"><div class=\"vc_column-inner\"><div class=\"wpb_wrapper\"><div class=\"w-grid type_grid layout_1398 cols_2\" id=\"us_grid_1\" data-filterable=\"true\"><style id=\"us_grid_1_css\">#us_grid_1 .w-grid-item{padding:1.5rem}#us_grid_1 .w-grid-list{margin:-1.5rem}.w-grid + #us_grid_1 .w-grid-list{margin-top:1.5rem}@media (max-width:599px){#us_grid_1 .w-grid-list{margin:0}#us_grid_1 .w-grid-item{width:100.0000%;padding:0;margin-bottom:1.5rem}}<\/style><style>.layout_1398 .w-grid-item-h{}.layout_1398 .usg_hwrapper_1{padding-top:40px!important;padding-bottom:40px!important}.layout_1398 .usg_post_image_1{width:25%!important;margin-left:0!important;margin-right:5%!important}.layout_1398 .usg_vwrapper_1{width:65%!important}.layout_1398 .usg_post_title_1{color:#1a1a1a!important;font-weight:700!important;font-size:1.5rem!important}@media (max-width:599px){.layout_1398 .usg_post_image_1{width:100%!important;margin-bottom:5%!important;margin-right:0!important}.layout_1398 .usg_vwrapper_1{width:100%!important}}<\/style><div class=\"w-grid-list\" ><article class=\"w-grid-item size_1x1 post-1443 post type-post status-publish format-standard has-post-thumbnail hentry category-abecassis-eliette-autoren category-autor tag-abecassiseliette\" data-id=\"1443\">\r\n\t<div class=\"w-grid-item-h\">\r\n\t\t\t\t<div class=\"w-hwrapper usg_hwrapper_1 align_left valign_top wrap\"><div class=\"w-post-elm post_image usg_post_image_1 as_circle has_width has_ratio\"><div style=\"padding-bottom:100.0000%\"><\/div><a href=\"https:\/\/europaeischeverlagsanstalt.de\/?p=1443\" aria-label=\"\u00c9liette Ab\u00e9cassis\"><img width=\"474\" height=\"709\" src=\"https:\/\/europaeischeverlagsanstalt.de\/wp-856ad-content\/uploads\/2021\/03\/abecassis_eliette.jpg\" class=\"attachment-large size-large wp-post-image\" alt=\"\" loading=\"lazy\" srcset=\"https:\/\/europaeischeverlagsanstalt.de\/wp-856ad-content\/uploads\/2021\/03\/abecassis_eliette.jpg 474w, https:\/\/europaeischeverlagsanstalt.de\/wp-856ad-content\/uploads\/2021\/03\/abecassis_eliette-201x300.jpg 201w, https:\/\/europaeischeverlagsanstalt.de\/wp-856ad-content\/uploads\/2021\/03\/abecassis_eliette-267x400.jpg 267w, https:\/\/europaeischeverlagsanstalt.de\/wp-856ad-content\/uploads\/2021\/03\/abecassis_eliette-33x50.jpg 33w\" sizes=\"(max-width: 474px) 100vw, 474px\" \/><\/a><\/div><div class=\"w-vwrapper usg_vwrapper_1 align_left valign_top\"><h2 class=\"w-post-elm post_title usg_post_title_1 entry-title color_link_inherit has_text_color\"><a href=\"https:\/\/europaeischeverlagsanstalt.de\/?p=1443\">\u00c9liette Ab\u00e9cassis<\/a><\/h2><div class=\"w-post-elm post_content usg_post_content_1\">Die 1969 in Stra\u00dfburg geborene \u00c9liette Ab\u00e9cassis entstammt einer sephardischen Familie mit marokkanischem Ursprung. Sie besuchte die Elitehochschule \u00c9cole normale sup\u00e9rieure und studierte Philosophie. Sie unterrichtet in Caen.<\/div><\/div><\/div>\t<\/div>\r\n<\/article>\r\n<article class=\"w-grid-item size_1x1 post-1796 post type-post status-publish format-standard has-post-thumbnail hentry category-autor tag-adlerh-g\" data-id=\"1796\">\r\n\t<div class=\"w-grid-item-h\">\r\n\t\t\t\t<div class=\"w-hwrapper usg_hwrapper_1 align_left valign_top wrap\"><div class=\"w-post-elm post_image usg_post_image_1 as_circle has_width has_ratio\"><div style=\"padding-bottom:100.0000%\"><\/div><a href=\"https:\/\/europaeischeverlagsanstalt.de\/?p=1796\" aria-label=\"H. G. Adler\"><img width=\"210\" height=\"210\" src=\"https:\/\/europaeischeverlagsanstalt.de\/wp-856ad-content\/uploads\/2021\/03\/H_G_Adler_1bee2f69d3.jpg\" class=\"attachment-large size-large wp-post-image\" alt=\"\" loading=\"lazy\" srcset=\"https:\/\/europaeischeverlagsanstalt.de\/wp-856ad-content\/uploads\/2021\/03\/H_G_Adler_1bee2f69d3.jpg 210w, https:\/\/europaeischeverlagsanstalt.de\/wp-856ad-content\/uploads\/2021\/03\/H_G_Adler_1bee2f69d3-150x150.jpg 150w, https:\/\/europaeischeverlagsanstalt.de\/wp-856ad-content\/uploads\/2021\/03\/H_G_Adler_1bee2f69d3-50x50.jpg 50w\" sizes=\"(max-width: 210px) 100vw, 210px\" \/><\/a><\/div><div class=\"w-vwrapper usg_vwrapper_1 align_left valign_top\"><h2 class=\"w-post-elm post_title usg_post_title_1 entry-title color_link_inherit has_text_color\"><a href=\"https:\/\/europaeischeverlagsanstalt.de\/?p=1796\">H. G. Adler<\/a><\/h2><div class=\"w-post-elm post_content usg_post_content_1\">H.G. Adler, 1910-1988, arbeitete vor dem Krieg als Lehrer und Radioredakteur in Prag, nach dem Krieg als Schriftsteller in London. Er wurde 1941 zun\u00e4chst als Zwangsarbeiter interniert, dann nach Theresienstadt&hellip;<\/div><\/div><\/div>\t<\/div>\r\n<\/article>\r\n<article class=\"w-grid-item size_1x1 post-1447 post type-post status-publish format-standard has-post-thumbnail hentry category-adorno-theodor category-autor tag-adornotheodor\" data-id=\"1447\">\r\n\t<div class=\"w-grid-item-h\">\r\n\t\t\t\t<div class=\"w-hwrapper usg_hwrapper_1 align_left valign_top wrap\"><div class=\"w-post-elm post_image usg_post_image_1 as_circle has_width has_ratio\"><div style=\"padding-bottom:100.0000%\"><\/div><a href=\"https:\/\/europaeischeverlagsanstalt.de\/?p=1447\" aria-label=\"Theodor W. Adorno\"><img width=\"480\" height=\"379\" src=\"https:\/\/europaeischeverlagsanstalt.de\/wp-856ad-content\/uploads\/2021\/03\/adorno_theodor.jpg\" class=\"attachment-large size-large wp-post-image\" alt=\"\" loading=\"lazy\" srcset=\"https:\/\/europaeischeverlagsanstalt.de\/wp-856ad-content\/uploads\/2021\/03\/adorno_theodor.jpg 480w, https:\/\/europaeischeverlagsanstalt.de\/wp-856ad-content\/uploads\/2021\/03\/adorno_theodor-300x237.jpg 300w, https:\/\/europaeischeverlagsanstalt.de\/wp-856ad-content\/uploads\/2021\/03\/adorno_theodor-63x50.jpg 63w\" sizes=\"(max-width: 480px) 100vw, 480px\" \/><\/a><\/div><div class=\"w-vwrapper usg_vwrapper_1 align_left valign_top\"><h2 class=\"w-post-elm post_title usg_post_title_1 entry-title color_link_inherit has_text_color\"><a href=\"https:\/\/europaeischeverlagsanstalt.de\/?p=1447\">Theodor W. Adorno<\/a><\/h2><div class=\"w-post-elm post_content usg_post_content_1\">Theodor W. Adorno (1903-1969), deutscher Philosoph, Soziologe, Musikphilosoph und Komponist. Mit Max Horkheimer geh\u00f6rt er zu den Hauptvertretern der \u201eKritischen Theorie\u201c , auch bekannt als Frankfurter Schule.W\u00e4hrend der Zeit des&hellip;<\/div><\/div><\/div>\t<\/div>\r\n<\/article>\r\n<article class=\"w-grid-item size_1x1 post-4920 post type-post status-publish format-standard has-post-thumbnail hentry category-allgemein category-autor tag-andersguenther\" data-id=\"4920\">\r\n\t<div class=\"w-grid-item-h\">\r\n\t\t\t\t<div class=\"w-hwrapper usg_hwrapper_1 align_left valign_top wrap\"><div class=\"w-post-elm post_image usg_post_image_1 as_circle has_width has_ratio\"><div style=\"padding-bottom:100.0000%\"><\/div><a href=\"https:\/\/europaeischeverlagsanstalt.de\/?p=4920\" aria-label=\"G\u00fcnther Anders\"><img width=\"736\" height=\"1024\" src=\"https:\/\/europaeischeverlagsanstalt.de\/wp-856ad-content\/uploads\/2022\/12\/guenther-anders-NewYork1945-736x1024.jpg\" class=\"attachment-large size-large wp-post-image\" alt=\"\" loading=\"lazy\" srcset=\"https:\/\/europaeischeverlagsanstalt.de\/wp-856ad-content\/uploads\/2022\/12\/guenther-anders-NewYork1945-736x1024.jpg 736w, https:\/\/europaeischeverlagsanstalt.de\/wp-856ad-content\/uploads\/2022\/12\/guenther-anders-NewYork1945-216x300.jpg 216w, https:\/\/europaeischeverlagsanstalt.de\/wp-856ad-content\/uploads\/2022\/12\/guenther-anders-NewYork1945-287x400.jpg 287w, https:\/\/europaeischeverlagsanstalt.de\/wp-856ad-content\/uploads\/2022\/12\/guenther-anders-NewYork1945-36x50.jpg 36w, https:\/\/europaeischeverlagsanstalt.de\/wp-856ad-content\/uploads\/2022\/12\/guenther-anders-NewYork1945.jpg 750w\" sizes=\"(max-width: 736px) 100vw, 736px\" \/><\/a><\/div><div class=\"w-vwrapper usg_vwrapper_1 align_left valign_top\"><h2 class=\"w-post-elm post_title usg_post_title_1 entry-title color_link_inherit has_text_color\"><a href=\"https:\/\/europaeischeverlagsanstalt.de\/?p=4920\">G\u00fcnther Anders<\/a><\/h2><div class=\"w-post-elm post_content usg_post_content_1\">Gu\u0308nther Anders (1902\u20131992) geh\u00f6rt zu den bedeutendsten Philosophen des 20. Jahrhunderts. Von den Nationalsozialisten aus Deutschland vertrieben, schlug er sich im Exil in Paris und den USA mit Gelegenheitsjobs durch.&hellip;<\/div><\/div><\/div>\t<\/div>\r\n<\/article>\r\n<article class=\"w-grid-item size_1x1 post-3204 post type-post status-publish format-standard has-post-thumbnail hentry category-allgemein category-autor tag-ariesphilippe\" data-id=\"3204\">\r\n\t<div class=\"w-grid-item-h\">\r\n\t\t\t\t<div class=\"w-hwrapper usg_hwrapper_1 align_left valign_top wrap\"><div class=\"w-post-elm post_image usg_post_image_1 as_circle has_width has_ratio\"><div style=\"padding-bottom:100.0000%\"><\/div><a href=\"https:\/\/europaeischeverlagsanstalt.de\/?p=3204\" aria-label=\"Philippe Ari\u00e8s\"><img width=\"180\" height=\"260\" src=\"https:\/\/europaeischeverlagsanstalt.de\/wp-856ad-content\/uploads\/2021\/11\/Philippe_Arie\u0300s.jpg\" class=\"attachment-large size-large wp-post-image\" alt=\"\" loading=\"lazy\" srcset=\"https:\/\/europaeischeverlagsanstalt.de\/wp-856ad-content\/uploads\/2021\/11\/Philippe_Arie\u0300s.jpg 180w, https:\/\/europaeischeverlagsanstalt.de\/wp-856ad-content\/uploads\/2021\/11\/Philippe_Arie\u0300s-35x50.jpg 35w\" sizes=\"(max-width: 180px) 100vw, 180px\" \/><\/a><\/div><div class=\"w-vwrapper usg_vwrapper_1 align_left valign_top\"><h2 class=\"w-post-elm post_title usg_post_title_1 entry-title color_link_inherit has_text_color\"><a href=\"https:\/\/europaeischeverlagsanstalt.de\/?p=3204\">Philippe Ari\u00e8s<\/a><\/h2><div class=\"w-post-elm post_content usg_post_content_1\">Philippe Ari\u00e8s, 1914-1984, war Medi\u00e4vist und ein pers\u00f6nlicher Freund Michel Foucaults, er geh\u00f6rte zur franz\u00f6sischen Historikerschule der &#8220;Annales&#8221;, die die Geschichtsschreibung durch die Einbindung soziologischer Methoden entscheidend erneuerte und sich&hellip;<\/div><\/div><\/div>\t<\/div>\r\n<\/article>\r\n<article class=\"w-grid-item size_1x1 post-5294 post type-post status-publish format-standard has-post-thumbnail hentry category-allgemein category-autor tag-aschheimstevene\" data-id=\"5294\">\r\n\t<div class=\"w-grid-item-h\">\r\n\t\t\t\t<div class=\"w-hwrapper usg_hwrapper_1 align_left valign_top wrap\"><div class=\"w-post-elm post_image usg_post_image_1 as_circle has_width has_ratio\"><div style=\"padding-bottom:100.0000%\"><\/div><a href=\"https:\/\/europaeischeverlagsanstalt.de\/?p=5294\" aria-label=\"Steven E. Aschheim\"><img width=\"611\" height=\"500\" src=\"https:\/\/europaeischeverlagsanstalt.de\/wp-856ad-content\/uploads\/2023\/05\/Foto-Aschheim.jpg\" class=\"attachment-large size-large wp-post-image\" alt=\"\" loading=\"lazy\" srcset=\"https:\/\/europaeischeverlagsanstalt.de\/wp-856ad-content\/uploads\/2023\/05\/Foto-Aschheim.jpg 611w, https:\/\/europaeischeverlagsanstalt.de\/wp-856ad-content\/uploads\/2023\/05\/Foto-Aschheim-300x245.jpg 300w, https:\/\/europaeischeverlagsanstalt.de\/wp-856ad-content\/uploads\/2023\/05\/Foto-Aschheim-489x400.jpg 489w, https:\/\/europaeischeverlagsanstalt.de\/wp-856ad-content\/uploads\/2023\/05\/Foto-Aschheim-61x50.jpg 61w\" sizes=\"(max-width: 611px) 100vw, 611px\" \/><\/a><\/div><div class=\"w-vwrapper usg_vwrapper_1 align_left valign_top\"><h2 class=\"w-post-elm post_title usg_post_title_1 entry-title color_link_inherit has_text_color\"><a href=\"https:\/\/europaeischeverlagsanstalt.de\/?p=5294\">Steven E. Aschheim<\/a><\/h2><div class=\"w-post-elm post_content usg_post_content_1\">Steven E. Aschheim, geb. 1942, ist Historiker und emeritierter Professor der Hebr\u00e4ischen Universit\u00e4t Jerusalem, wo er Kultur- und Ideengeschichte lehrte. Seine Forschungsgebiete umfassen die Intellektuellengeschichte, die moderne deutsche und j\u00fcdische&hellip;<\/div><\/div><\/div>\t<\/div>\r\n<\/article>\r\n<article class=\"w-grid-item size_1x1 post-5971 post type-post status-publish format-standard has-post-thumbnail hentry category-allgemein category-autor tag-augsbergsteffen\" data-id=\"5971\">\r\n\t<div class=\"w-grid-item-h\">\r\n\t\t\t\t<div class=\"w-hwrapper usg_hwrapper_1 align_left valign_top wrap\"><div class=\"w-post-elm post_image usg_post_image_1 as_circle has_width has_ratio\"><div style=\"padding-bottom:100.0000%\"><\/div><a href=\"https:\/\/europaeischeverlagsanstalt.de\/?p=5971\" aria-label=\"Steffen Augsberg\"><img width=\"1024\" height=\"671\" src=\"https:\/\/europaeischeverlagsanstalt.de\/wp-856ad-content\/uploads\/2024\/04\/Augsberg-Foto-1024x671.jpg\" class=\"attachment-large size-large wp-post-image\" alt=\"\" loading=\"lazy\" srcset=\"https:\/\/europaeischeverlagsanstalt.de\/wp-856ad-content\/uploads\/2024\/04\/Augsberg-Foto-1024x671.jpg 1024w, https:\/\/europaeischeverlagsanstalt.de\/wp-856ad-content\/uploads\/2024\/04\/Augsberg-Foto-300x197.jpg 300w, https:\/\/europaeischeverlagsanstalt.de\/wp-856ad-content\/uploads\/2024\/04\/Augsberg-Foto-600x393.jpg 600w, https:\/\/europaeischeverlagsanstalt.de\/wp-856ad-content\/uploads\/2024\/04\/Augsberg-Foto-76x50.jpg 76w\" sizes=\"(max-width: 1024px) 100vw, 1024px\" \/><\/a><\/div><div class=\"w-vwrapper usg_vwrapper_1 align_left valign_top\"><h2 class=\"w-post-elm post_title usg_post_title_1 entry-title color_link_inherit has_text_color\"><a href=\"https:\/\/europaeischeverlagsanstalt.de\/?p=5971\">Steffen Augsberg<\/a><\/h2><div class=\"w-post-elm post_content usg_post_content_1\">Steffen Augsberg, geb. 1976, studierte Rechtswissenschaft an der Universit\u00e4t Trier und der LMU M\u00fcnchen. Nach der Promotion in Heidelberg erfolgte die Habilitation an der Universit\u00e4t zu K\u00f6ln. 2011 \u00fcbernahm er&hellip;<\/div><\/div><\/div>\t<\/div>\r\n<\/article>\r\n<article class=\"w-grid-item size_1x1 post-3477 post type-post status-publish format-standard has-post-thumbnail hentry category-allgemein category-autor category-autoren tag-bajohrhannes\" data-id=\"3477\">\r\n\t<div class=\"w-grid-item-h\">\r\n\t\t\t\t<div class=\"w-hwrapper usg_hwrapper_1 align_left valign_top wrap\"><div class=\"w-post-elm post_image usg_post_image_1 as_circle has_width has_ratio\"><div style=\"padding-bottom:100.0000%\"><\/div><a href=\"https:\/\/europaeischeverlagsanstalt.de\/?p=3477\" aria-label=\"Hannes Bajohr\"><img width=\"220\" height=\"147\" src=\"https:\/\/europaeischeverlagsanstalt.de\/wp-856ad-content\/uploads\/2021\/12\/Hannes-Bajohr.jpg\" class=\"attachment-large size-large wp-post-image\" alt=\"\" loading=\"lazy\" srcset=\"https:\/\/europaeischeverlagsanstalt.de\/wp-856ad-content\/uploads\/2021\/12\/Hannes-Bajohr.jpg 220w, https:\/\/europaeischeverlagsanstalt.de\/wp-856ad-content\/uploads\/2021\/12\/Hannes-Bajohr-75x50.jpg 75w\" sizes=\"(max-width: 220px) 100vw, 220px\" \/><\/a><\/div><div class=\"w-vwrapper usg_vwrapper_1 align_left valign_top\"><h2 class=\"w-post-elm post_title usg_post_title_1 entry-title color_link_inherit has_text_color\"><a href=\"https:\/\/europaeischeverlagsanstalt.de\/?p=3477\">Hannes Bajohr<\/a><\/h2><div class=\"w-post-elm post_content usg_post_content_1\">Hannes Bajohr, 1984 in Berlin geboren, ist \u00dcbersetzer und Herausgeber der Werke Judith N. Shklars. Er wohnt in New York und Berlin und geh\u00f6rt zum literarischen Experimentalkollektiv oxoa. Publikationen und&hellip;<\/div><\/div><\/div>\t<\/div>\r\n<\/article>\r\n<article class=\"w-grid-item size_1x1 post-5051 post type-post status-publish format-standard hentry category-allgemein category-autor tag-ballkadurijacobkurt\" data-id=\"5051\">\r\n\t<div class=\"w-grid-item-h\">\r\n\t\t\t\t<div class=\"w-hwrapper usg_hwrapper_1 align_left valign_top wrap\"><div class=\"w-post-elm post_image usg_post_image_1 as_circle has_width has_ratio with_placeholder\"><div style=\"padding-bottom:100.0000%\"><\/div><a href=\"https:\/\/europaeischeverlagsanstalt.de\/?p=5051\" aria-label=\"Kurt Jacob Ball-Kaduri\"><img class=\"g-placeholder\" src=\"https:\/\/europaeischeverlagsanstalt.de\/wp-856ad-content\/plugins\/us-core\/assets\/images\/placeholder.svg\" width=\"1024\" height=\"1024\" alt=\"\"><\/a><\/div><div class=\"w-vwrapper usg_vwrapper_1 align_left valign_top\"><h2 class=\"w-post-elm post_title usg_post_title_1 entry-title color_link_inherit has_text_color\"><a href=\"https:\/\/europaeischeverlagsanstalt.de\/?p=5051\">Kurt Jacob Ball-Kaduri<\/a><\/h2><div class=\"w-post-elm post_content usg_post_content_1\">1891 in eine gutb\u00fcrgerliche Berliner Familie geboren, mit 23 Jahren promoviert, Weltkriegsteilnehmer. Sein \u201eGrundriss des gesamten Steuerrechts\u201c von 1920 gilt als Gr\u00fcndungsdokument einer neuen Disziplin. Eine gl\u00e4nzende Karriere steht Kurt&hellip;<\/div><\/div><\/div>\t<\/div>\r\n<\/article>\r\n<article class=\"w-grid-item size_1x1 post-1450 post type-post status-publish format-standard has-post-thumbnail hentry category-autor category-bauer-fritz tag-bauerfritz\" data-id=\"1450\">\r\n\t<div class=\"w-grid-item-h\">\r\n\t\t\t\t<div class=\"w-hwrapper usg_hwrapper_1 align_left valign_top wrap\"><div class=\"w-post-elm post_image usg_post_image_1 as_circle has_width has_ratio\"><div style=\"padding-bottom:100.0000%\"><\/div><a href=\"https:\/\/europaeischeverlagsanstalt.de\/?p=1450\" aria-label=\"Fritz Bauer\"><img width=\"472\" height=\"681\" src=\"https:\/\/europaeischeverlagsanstalt.de\/wp-856ad-content\/uploads\/2021\/03\/bauer_fritz.jpg\" class=\"attachment-large size-large wp-post-image\" alt=\"\" loading=\"lazy\" srcset=\"https:\/\/europaeischeverlagsanstalt.de\/wp-856ad-content\/uploads\/2021\/03\/bauer_fritz.jpg 472w, https:\/\/europaeischeverlagsanstalt.de\/wp-856ad-content\/uploads\/2021\/03\/bauer_fritz-208x300.jpg 208w, https:\/\/europaeischeverlagsanstalt.de\/wp-856ad-content\/uploads\/2021\/03\/bauer_fritz-277x400.jpg 277w, https:\/\/europaeischeverlagsanstalt.de\/wp-856ad-content\/uploads\/2021\/03\/bauer_fritz-35x50.jpg 35w\" sizes=\"(max-width: 472px) 100vw, 472px\" \/><\/a><\/div><div class=\"w-vwrapper usg_vwrapper_1 align_left valign_top\"><h2 class=\"w-post-elm post_title usg_post_title_1 entry-title color_link_inherit has_text_color\"><a href=\"https:\/\/europaeischeverlagsanstalt.de\/?p=1450\">Fritz Bauer<\/a><\/h2><div class=\"w-post-elm post_content usg_post_content_1\">Fritz Bauer, 1903 in Stuttgart geboren und 1968 verstorben in Frankfurt am Main, war in seiner Zeit als hessischer Generalstaatsanwalt Initiator des Frankfurter Auschwitz-Prozesses (1963\u20131965).<\/div><\/div><\/div>\t<\/div>\r\n<\/article>\r\n<article class=\"w-grid-item size_1x1 post-1455 post type-post status-publish format-standard has-post-thumbnail hentry category-autor category-bauman-zygmunt tag-baumanzygmunt\" data-id=\"1455\">\r\n\t<div class=\"w-grid-item-h\">\r\n\t\t\t\t<div class=\"w-hwrapper usg_hwrapper_1 align_left valign_top wrap\"><div class=\"w-post-elm post_image usg_post_image_1 as_circle has_width has_ratio\"><div style=\"padding-bottom:100.0000%\"><\/div><a href=\"https:\/\/europaeischeverlagsanstalt.de\/?p=1455\" aria-label=\"Zygmunt Bauman\"><img width=\"250\" height=\"317\" src=\"https:\/\/europaeischeverlagsanstalt.de\/wp-856ad-content\/uploads\/2021\/03\/bauman_zygmunt.png\" class=\"attachment-large size-large wp-post-image\" alt=\"\" loading=\"lazy\" srcset=\"https:\/\/europaeischeverlagsanstalt.de\/wp-856ad-content\/uploads\/2021\/03\/bauman_zygmunt.png 250w, https:\/\/europaeischeverlagsanstalt.de\/wp-856ad-content\/uploads\/2021\/03\/bauman_zygmunt-237x300.png 237w, https:\/\/europaeischeverlagsanstalt.de\/wp-856ad-content\/uploads\/2021\/03\/bauman_zygmunt-39x50.png 39w\" sizes=\"(max-width: 250px) 100vw, 250px\" \/><\/a><\/div><div class=\"w-vwrapper usg_vwrapper_1 align_left valign_top\"><h2 class=\"w-post-elm post_title usg_post_title_1 entry-title color_link_inherit has_text_color\"><a href=\"https:\/\/europaeischeverlagsanstalt.de\/?p=1455\">Zygmunt Bauman<\/a><\/h2><div class=\"w-post-elm post_content usg_post_content_1\">Zygmunt Bauman, geboren 1925 in Posen, verstorben 2017 in Leeds, England. Professor f\u00fcr Soziologie an den Universit\u00e4ten Warschau (bis 1968), Tel Aviv (bis 1971) und Leeds (bis 1999). Ver\u00f6ffentlichungen u.a.:&hellip;<\/div><\/div><\/div>\t<\/div>\r\n<\/article>\r\n<article class=\"w-grid-item size_1x1 post-1714 post type-post status-publish format-standard hentry category-autor tag-behnkeklaus\" data-id=\"1714\">\r\n\t<div class=\"w-grid-item-h\">\r\n\t\t\t\t<div class=\"w-hwrapper usg_hwrapper_1 align_left valign_top wrap\"><div class=\"w-post-elm post_image usg_post_image_1 as_circle has_width has_ratio with_placeholder\"><div style=\"padding-bottom:100.0000%\"><\/div><a href=\"https:\/\/europaeischeverlagsanstalt.de\/?p=1714\" aria-label=\"Klaus Behnke\"><img class=\"g-placeholder\" src=\"https:\/\/europaeischeverlagsanstalt.de\/wp-856ad-content\/plugins\/us-core\/assets\/images\/placeholder.svg\" width=\"1024\" height=\"1024\" alt=\"\"><\/a><\/div><div class=\"w-vwrapper usg_vwrapper_1 align_left valign_top\"><h2 class=\"w-post-elm post_title usg_post_title_1 entry-title color_link_inherit has_text_color\"><a href=\"https:\/\/europaeischeverlagsanstalt.de\/?p=1714\">Klaus Behnke<\/a><\/h2><div class=\"w-post-elm post_content usg_post_content_1\">Klaus Behnke, geboren 1950 in Teltow (DDR), verstorben 2015 in Berlin-Gatow, studierte an der Berliner Humboldt-Universit\u00e4t Psychologie, bis seine Immatrikulation wegen Protesten gegen die SED widerrufen wurde. Nach dem Theologiestudium&hellip;<\/div><\/div><\/div>\t<\/div>\r\n<\/article>\r\n<article class=\"w-grid-item size_1x1 post-1972 post type-post status-publish format-standard has-post-thumbnail hentry category-autor tag-behrensroger\" data-id=\"1972\">\r\n\t<div class=\"w-grid-item-h\">\r\n\t\t\t\t<div class=\"w-hwrapper usg_hwrapper_1 align_left valign_top wrap\"><div class=\"w-post-elm post_image usg_post_image_1 as_circle has_width has_ratio\"><div style=\"padding-bottom:100.0000%\"><\/div><a href=\"https:\/\/europaeischeverlagsanstalt.de\/?p=1972\" aria-label=\"Roger Behrens\"><img width=\"225\" height=\"300\" src=\"https:\/\/europaeischeverlagsanstalt.de\/wp-856ad-content\/uploads\/2021\/03\/behrens-225x300-1.jpeg\" class=\"attachment-large size-large wp-post-image\" alt=\"\" loading=\"lazy\" srcset=\"https:\/\/europaeischeverlagsanstalt.de\/wp-856ad-content\/uploads\/2021\/03\/behrens-225x300-1.jpeg 225w, https:\/\/europaeischeverlagsanstalt.de\/wp-856ad-content\/uploads\/2021\/03\/behrens-225x300-1-38x50.jpeg 38w\" sizes=\"(max-width: 225px) 100vw, 225px\" \/><\/a><\/div><div class=\"w-vwrapper usg_vwrapper_1 align_left valign_top\"><h2 class=\"w-post-elm post_title usg_post_title_1 entry-title color_link_inherit has_text_color\"><a href=\"https:\/\/europaeischeverlagsanstalt.de\/?p=1972\">Roger Behrens<\/a><\/h2><div class=\"w-post-elm post_content usg_post_content_1\">Autor und Lehrbeauftragter u. a. der Leuphana Universit\u00e4t L\u00fcneburg und Universit\u00e4t Hamburg. Zahlreiche Buchpublikationen zur Kritischen Theorie der Gesellschaft, \u00c4sthetik und Kulturphilosophie. In der Reihe eva wissen erschien: \u00bbPostmoderne\u00ab (2.&hellip;<\/div><\/div><\/div>\t<\/div>\r\n<\/article>\r\n<article class=\"w-grid-item size_1x1 post-3965 post type-post status-publish format-standard has-post-thumbnail hentry category-allgemein category-autor category-autoren tag-benbassaesther\" data-id=\"3965\">\r\n\t<div class=\"w-grid-item-h\">\r\n\t\t\t\t<div class=\"w-hwrapper usg_hwrapper_1 align_left valign_top wrap\"><div class=\"w-post-elm post_image usg_post_image_1 as_circle has_width has_ratio\"><div style=\"padding-bottom:100.0000%\"><\/div><a href=\"https:\/\/europaeischeverlagsanstalt.de\/?p=3965\" aria-label=\"Esther Benbassa\"><img width=\"183\" height=\"195\" src=\"https:\/\/europaeischeverlagsanstalt.de\/wp-856ad-content\/uploads\/2022\/04\/Bildschirmfoto-2022-04-06-um-09.38.27.png\" class=\"attachment-large size-large wp-post-image\" alt=\"\" loading=\"lazy\" srcset=\"https:\/\/europaeischeverlagsanstalt.de\/wp-856ad-content\/uploads\/2022\/04\/Bildschirmfoto-2022-04-06-um-09.38.27.png 183w, https:\/\/europaeischeverlagsanstalt.de\/wp-856ad-content\/uploads\/2022\/04\/Bildschirmfoto-2022-04-06-um-09.38.27-47x50.png 47w\" sizes=\"(max-width: 183px) 100vw, 183px\" \/><\/a><\/div><div class=\"w-vwrapper usg_vwrapper_1 align_left valign_top\"><h2 class=\"w-post-elm post_title usg_post_title_1 entry-title color_link_inherit has_text_color\"><a href=\"https:\/\/europaeischeverlagsanstalt.de\/?p=3965\">Esther Benbassa<\/a><\/h2><div class=\"w-post-elm post_content usg_post_content_1\">Esther Benbassa, geboren am 27. M\u00e4rz 1950 in Istanbul, ist eine franz\u00f6sische Historikerin, Hochschullehrerin und Politikerin. Benbassa stammt aus einer Familie sephardischer Juden in Istanbul. Im Alter von 15 Jahren,&hellip;<\/div><\/div><\/div>\t<\/div>\r\n<\/article>\r\n<article class=\"w-grid-item size_1x1 post-2411 post type-post status-publish format-standard has-post-thumbnail hentry category-allgemein category-autor tag-benedict\" data-id=\"2411\">\r\n\t<div class=\"w-grid-item-h\">\r\n\t\t\t\t<div class=\"w-hwrapper usg_hwrapper_1 align_left valign_top wrap\"><div class=\"w-post-elm post_image usg_post_image_1 as_circle has_width has_ratio\"><div style=\"padding-bottom:100.0000%\"><\/div><a href=\"https:\/\/europaeischeverlagsanstalt.de\/?p=2411\" aria-label=\"Hans-J\u00fcrgen Benedict\"><img width=\"360\" height=\"480\" src=\"https:\/\/europaeischeverlagsanstalt.de\/wp-856ad-content\/uploads\/2021\/06\/Benedict.png\" class=\"attachment-large size-large wp-post-image\" alt=\"\" loading=\"lazy\" srcset=\"https:\/\/europaeischeverlagsanstalt.de\/wp-856ad-content\/uploads\/2021\/06\/Benedict.png 360w, https:\/\/europaeischeverlagsanstalt.de\/wp-856ad-content\/uploads\/2021\/06\/Benedict-225x300.png 225w, https:\/\/europaeischeverlagsanstalt.de\/wp-856ad-content\/uploads\/2021\/06\/Benedict-300x400.png 300w, https:\/\/europaeischeverlagsanstalt.de\/wp-856ad-content\/uploads\/2021\/06\/Benedict-38x50.png 38w\" sizes=\"(max-width: 360px) 100vw, 360px\" \/><\/a><\/div><div class=\"w-vwrapper usg_vwrapper_1 align_left valign_top\"><h2 class=\"w-post-elm post_title usg_post_title_1 entry-title color_link_inherit has_text_color\"><a href=\"https:\/\/europaeischeverlagsanstalt.de\/?p=2411\">Hans-J\u00fcrgen Benedict<\/a><\/h2><div class=\"w-post-elm post_content usg_post_content_1\">Nach seiner Zeit als Theologe und Friedensforscher an der Ruhr-Universit\u00e4t Bochum und als Pfarrer in einem Neugebiet der Hansestadt lehrte Prof. Dr. Hans-J\u00fcrgen Benedict an der Evangelischen Hochschule f\u00fcr Soziale&hellip;<\/div><\/div><\/div>\t<\/div>\r\n<\/article>\r\n<article class=\"w-grid-item size_1x1 post-1459 post type-post status-publish format-standard has-post-thumbnail hentry category-autor category-bergson-henri tag-bergsonhenri\" data-id=\"1459\">\r\n\t<div class=\"w-grid-item-h\">\r\n\t\t\t\t<div class=\"w-hwrapper usg_hwrapper_1 align_left valign_top wrap\"><div class=\"w-post-elm post_image usg_post_image_1 as_circle has_width has_ratio\"><div style=\"padding-bottom:100.0000%\"><\/div><a href=\"https:\/\/europaeischeverlagsanstalt.de\/?p=1459\" aria-label=\"Henri Bergson\"><img width=\"605\" height=\"504\" src=\"https:\/\/europaeischeverlagsanstalt.de\/wp-856ad-content\/uploads\/2021\/03\/bergson_henri.jpg\" class=\"attachment-large size-large wp-post-image\" alt=\"\" loading=\"lazy\" srcset=\"https:\/\/europaeischeverlagsanstalt.de\/wp-856ad-content\/uploads\/2021\/03\/bergson_henri.jpg 605w, https:\/\/europaeischeverlagsanstalt.de\/wp-856ad-content\/uploads\/2021\/03\/bergson_henri-300x250.jpg 300w, https:\/\/europaeischeverlagsanstalt.de\/wp-856ad-content\/uploads\/2021\/03\/bergson_henri-480x400.jpg 480w, https:\/\/europaeischeverlagsanstalt.de\/wp-856ad-content\/uploads\/2021\/03\/bergson_henri-60x50.jpg 60w\" sizes=\"(max-width: 605px) 100vw, 605px\" \/><\/a><\/div><div class=\"w-vwrapper usg_vwrapper_1 align_left valign_top\"><h2 class=\"w-post-elm post_title usg_post_title_1 entry-title color_link_inherit has_text_color\"><a href=\"https:\/\/europaeischeverlagsanstalt.de\/?p=1459\">Henri Bergson<\/a><\/h2><div class=\"w-post-elm post_content usg_post_content_1\">Henri Bergson, geboren 1859 in Paris und dort 1941 gestorben, war franz\u00f6sischer Philosoph polnisch-englischer Herkunft. Er lehrte als Professor am Coll\u00e8ge de France in Paris und wurde 1914 Mitglied der&hellip;<\/div><\/div><\/div>\t<\/div>\r\n<\/article>\r\n<article class=\"w-grid-item size_1x1 post-4066 post type-post status-publish format-standard has-post-thumbnail hentry category-allgemein category-autor category-autoren tag-berlinisaiah\" data-id=\"4066\">\r\n\t<div class=\"w-grid-item-h\">\r\n\t\t\t\t<div class=\"w-hwrapper usg_hwrapper_1 align_left valign_top wrap\"><div class=\"w-post-elm post_image usg_post_image_1 as_circle has_width has_ratio\"><div style=\"padding-bottom:100.0000%\"><\/div><a href=\"https:\/\/europaeischeverlagsanstalt.de\/?p=4066\" aria-label=\"Isaiah Berlin\"><img width=\"219\" height=\"166\" src=\"https:\/\/europaeischeverlagsanstalt.de\/wp-856ad-content\/uploads\/2022\/04\/Bildschirmfoto-2022-04-12-um-10.13.51.png\" class=\"attachment-large size-large wp-post-image\" alt=\"\" loading=\"lazy\" srcset=\"https:\/\/europaeischeverlagsanstalt.de\/wp-856ad-content\/uploads\/2022\/04\/Bildschirmfoto-2022-04-12-um-10.13.51.png 219w, https:\/\/europaeischeverlagsanstalt.de\/wp-856ad-content\/uploads\/2022\/04\/Bildschirmfoto-2022-04-12-um-10.13.51-66x50.png 66w\" sizes=\"(max-width: 219px) 100vw, 219px\" \/><\/a><\/div><div class=\"w-vwrapper usg_vwrapper_1 align_left valign_top\"><h2 class=\"w-post-elm post_title usg_post_title_1 entry-title color_link_inherit has_text_color\"><a href=\"https:\/\/europaeischeverlagsanstalt.de\/?p=4066\">Isaiah Berlin<\/a><\/h2><div class=\"w-post-elm post_content usg_post_content_1\">Sir Isaiah Berlin war ein russisch-britischer politischer Philosoph und Ideengeschichtler j\u00fcdischer Abstammung. Berlin war seit Mitte des 20. Jahrhunderts vor allem durch seine Unterscheidung zwischen negativer und positiver Freiheit bekannt&hellip;<\/div><\/div><\/div>\t<\/div>\r\n<\/article>\r\n<article class=\"w-grid-item size_1x1 post-1971 post type-post status-publish format-standard has-post-thumbnail hentry category-autor tag-bernsteinrichard\" data-id=\"1971\">\r\n\t<div class=\"w-grid-item-h\">\r\n\t\t\t\t<div class=\"w-hwrapper usg_hwrapper_1 align_left valign_top wrap\"><div class=\"w-post-elm post_image usg_post_image_1 as_circle has_width has_ratio\"><div style=\"padding-bottom:100.0000%\"><\/div><a href=\"https:\/\/europaeischeverlagsanstalt.de\/?p=1971\" aria-label=\"Richard Bernstein\"><img width=\"220\" height=\"149\" src=\"https:\/\/europaeischeverlagsanstalt.de\/wp-856ad-content\/uploads\/2021\/03\/Bernstein.jpg\" class=\"attachment-large size-large wp-post-image\" alt=\"\" loading=\"lazy\" srcset=\"https:\/\/europaeischeverlagsanstalt.de\/wp-856ad-content\/uploads\/2021\/03\/Bernstein.jpg 220w, https:\/\/europaeischeverlagsanstalt.de\/wp-856ad-content\/uploads\/2021\/03\/Bernstein-74x50.jpg 74w\" sizes=\"(max-width: 220px) 100vw, 220px\" \/><\/a><\/div><div class=\"w-vwrapper usg_vwrapper_1 align_left valign_top\"><h2 class=\"w-post-elm post_title usg_post_title_1 entry-title color_link_inherit has_text_color\"><a href=\"https:\/\/europaeischeverlagsanstalt.de\/?p=1971\">Richard Bernstein<\/a><\/h2><div class=\"w-post-elm post_content usg_post_content_1\">Richard J. Bernstein (1932-2022) war Professor f\u00fcr Philosophie und lehrte unter anderem an der Yale University, der Hebrew University und der New School in New York. Neben Arbeiten \u00fcber John&hellip;<\/div><\/div><\/div>\t<\/div>\r\n<\/article>\r\n<article class=\"w-grid-item size_1x1 post-1740 post type-post status-publish format-standard has-post-thumbnail hentry category-autor tag-beyersbert\" data-id=\"1740\">\r\n\t<div class=\"w-grid-item-h\">\r\n\t\t\t\t<div class=\"w-hwrapper usg_hwrapper_1 align_left valign_top wrap\"><div class=\"w-post-elm post_image usg_post_image_1 as_circle has_width has_ratio\"><div style=\"padding-bottom:100.0000%\"><\/div><a href=\"https:\/\/europaeischeverlagsanstalt.de\/?p=1740\" aria-label=\"Bert Beyers\"><img width=\"626\" height=\"487\" src=\"https:\/\/europaeischeverlagsanstalt.de\/wp-856ad-content\/uploads\/2021\/03\/beyers_bert.jpg\" class=\"attachment-large size-large wp-post-image\" alt=\"\" loading=\"lazy\" srcset=\"https:\/\/europaeischeverlagsanstalt.de\/wp-856ad-content\/uploads\/2021\/03\/beyers_bert.jpg 626w, https:\/\/europaeischeverlagsanstalt.de\/wp-856ad-content\/uploads\/2021\/03\/beyers_bert-300x233.jpg 300w, https:\/\/europaeischeverlagsanstalt.de\/wp-856ad-content\/uploads\/2021\/03\/beyers_bert-514x400.jpg 514w, https:\/\/europaeischeverlagsanstalt.de\/wp-856ad-content\/uploads\/2021\/03\/beyers_bert-64x50.jpg 64w\" sizes=\"(max-width: 626px) 100vw, 626px\" \/><\/a><\/div><div class=\"w-vwrapper usg_vwrapper_1 align_left valign_top\"><h2 class=\"w-post-elm post_title usg_post_title_1 entry-title color_link_inherit has_text_color\"><a href=\"https:\/\/europaeischeverlagsanstalt.de\/?p=1740\">Bert Beyers<\/a><\/h2><div class=\"w-post-elm post_content usg_post_content_1\">Bert Beyers, 1956 in M\u00f6nchengladbach geboren, ist studierter Philosoph, Germanist und Kunsthistoriker. Im Hauptberuf arbeitet er als Redakteur beim Norddeutschen Rundfunk in Hamburg. Publikationen: Die Zukunftsmacher. Denker, Planer, Manager des&hellip;<\/div><\/div><\/div>\t<\/div>\r\n<\/article>\r\n<article class=\"w-grid-item size_1x1 post-1934 post type-post status-publish format-standard has-post-thumbnail hentry category-autor tag-boehmotto\" data-id=\"1934\">\r\n\t<div class=\"w-grid-item-h\">\r\n\t\t\t\t<div class=\"w-hwrapper usg_hwrapper_1 align_left valign_top wrap\"><div class=\"w-post-elm post_image usg_post_image_1 as_circle has_width has_ratio\"><div style=\"padding-bottom:100.0000%\"><\/div><a href=\"https:\/\/europaeischeverlagsanstalt.de\/?p=1934\" aria-label=\"Otto B\u00f6hm\"><img width=\"220\" height=\"295\" src=\"https:\/\/europaeischeverlagsanstalt.de\/wp-856ad-content\/uploads\/2021\/03\/Bildschirmfoto-2021-12-15-um-10.14.31.png\" class=\"attachment-large size-large wp-post-image\" alt=\"\" loading=\"lazy\" srcset=\"https:\/\/europaeischeverlagsanstalt.de\/wp-856ad-content\/uploads\/2021\/03\/Bildschirmfoto-2021-12-15-um-10.14.31.png 220w, https:\/\/europaeischeverlagsanstalt.de\/wp-856ad-content\/uploads\/2021\/03\/Bildschirmfoto-2021-12-15-um-10.14.31-37x50.png 37w\" sizes=\"(max-width: 220px) 100vw, 220px\" \/><\/a><\/div><div class=\"w-vwrapper usg_vwrapper_1 align_left valign_top\"><h2 class=\"w-post-elm post_title usg_post_title_1 entry-title color_link_inherit has_text_color\"><a href=\"https:\/\/europaeischeverlagsanstalt.de\/?p=1934\">Otto B\u00f6hm<\/a><\/h2><div class=\"w-post-elm post_content usg_post_content_1\">Otto B\u00f6hm, Politik- und Erziehungswissenschaftler, T\u00e4tigkeit in einem Medienverlag und im N\u00fcrnberger Menschenrechtszentrum, Autor zahlreicher Ver\u00f6ffentlichungen zu Menschenrechten.<\/div><\/div><\/div>\t<\/div>\r\n<\/article>\r\n<article class=\"w-grid-item size_1x1 post-1463 post type-post status-publish format-standard has-post-thumbnail hentry category-autor category-bonino-emma tag-boninoemma\" data-id=\"1463\">\r\n\t<div class=\"w-grid-item-h\">\r\n\t\t\t\t<div class=\"w-hwrapper usg_hwrapper_1 align_left valign_top wrap\"><div class=\"w-post-elm post_image usg_post_image_1 as_circle has_width has_ratio\"><div style=\"padding-bottom:100.0000%\"><\/div><a href=\"https:\/\/europaeischeverlagsanstalt.de\/?p=1463\" aria-label=\"Emma Bonino\"><img width=\"620\" height=\"317\" src=\"https:\/\/europaeischeverlagsanstalt.de\/wp-856ad-content\/uploads\/2021\/03\/bonino_emma.jpg\" class=\"attachment-large size-large wp-post-image\" alt=\"\" loading=\"lazy\" srcset=\"https:\/\/europaeischeverlagsanstalt.de\/wp-856ad-content\/uploads\/2021\/03\/bonino_emma.jpg 620w, https:\/\/europaeischeverlagsanstalt.de\/wp-856ad-content\/uploads\/2021\/03\/bonino_emma-300x153.jpg 300w, https:\/\/europaeischeverlagsanstalt.de\/wp-856ad-content\/uploads\/2021\/03\/bonino_emma-600x307.jpg 600w, https:\/\/europaeischeverlagsanstalt.de\/wp-856ad-content\/uploads\/2021\/03\/bonino_emma-98x50.jpg 98w\" sizes=\"(max-width: 620px) 100vw, 620px\" \/><\/a><\/div><div class=\"w-vwrapper usg_vwrapper_1 align_left valign_top\"><h2 class=\"w-post-elm post_title usg_post_title_1 entry-title color_link_inherit has_text_color\"><a href=\"https:\/\/europaeischeverlagsanstalt.de\/?p=1463\">Emma Bonino<\/a><\/h2><div class=\"w-post-elm post_content usg_post_content_1\">Emma Bonino, geboren 1948 im Piemont, war ab 1976 Parlamentsabgeordnete f\u00fcr den Partito Radicale und ab 1979 Europaabgeordnete. Von 1995 bis 1999 war sie EU-Kommissarin. Von 2006 bis 2008 war&hellip;<\/div><\/div><\/div>\t<\/div>\r\n<\/article>\r\n<article class=\"w-grid-item size_1x1 post-4939 post type-post status-publish format-standard has-post-thumbnail hentry category-allgemein category-autor tag-bonnmoritzjulius\" data-id=\"4939\">\r\n\t<div class=\"w-grid-item-h\">\r\n\t\t\t\t<div class=\"w-hwrapper usg_hwrapper_1 align_left valign_top wrap\"><div class=\"w-post-elm post_image usg_post_image_1 as_circle has_width has_ratio\"><div style=\"padding-bottom:100.0000%\"><\/div><a href=\"https:\/\/europaeischeverlagsanstalt.de\/?p=4939\" aria-label=\"Moritz Julius Bonn\"><img width=\"142\" height=\"192\" src=\"https:\/\/europaeischeverlagsanstalt.de\/wp-856ad-content\/uploads\/2022\/12\/Bonn.png\" class=\"attachment-large size-large wp-post-image\" alt=\"\" loading=\"lazy\" srcset=\"https:\/\/europaeischeverlagsanstalt.de\/wp-856ad-content\/uploads\/2022\/12\/Bonn.png 142w, https:\/\/europaeischeverlagsanstalt.de\/wp-856ad-content\/uploads\/2022\/12\/Bonn-37x50.png 37w\" sizes=\"(max-width: 142px) 100vw, 142px\" \/><\/a><\/div><div class=\"w-vwrapper usg_vwrapper_1 align_left valign_top\"><h2 class=\"w-post-elm post_title usg_post_title_1 entry-title color_link_inherit has_text_color\"><a href=\"https:\/\/europaeischeverlagsanstalt.de\/?p=4939\">Moritz Julius Bonn<\/a><\/h2><div class=\"w-post-elm post_content usg_post_content_1\">Moritz Julius Bonn (1873\u20131965) war ein deutscher National\u00f6konom, Professor an den Handelshochschulen in Mu\u0308nchen und Berlin, die er zeitweise als Direktor leitete. Er bekleidete Gastprofessuren in den USA und in&hellip;<\/div><\/div><\/div>\t<\/div>\r\n<\/article>\r\n<article class=\"w-grid-item size_1x1 post-3264 post type-post status-publish format-standard has-post-thumbnail hentry category-allgemein category-autor tag-bornsteinernst\" data-id=\"3264\">\r\n\t<div class=\"w-grid-item-h\">\r\n\t\t\t\t<div class=\"w-hwrapper usg_hwrapper_1 align_left valign_top wrap\"><div class=\"w-post-elm post_image usg_post_image_1 as_circle has_width has_ratio\"><div style=\"padding-bottom:100.0000%\"><\/div><a href=\"https:\/\/europaeischeverlagsanstalt.de\/?p=3264\" aria-label=\"Ernst Israel Bornstein\"><img width=\"156\" height=\"150\" src=\"https:\/\/europaeischeverlagsanstalt.de\/wp-856ad-content\/uploads\/2021\/11\/220px-Ernst_Bornstein-1.jpg\" class=\"attachment-large size-large wp-post-image\" alt=\"\" loading=\"lazy\" srcset=\"https:\/\/europaeischeverlagsanstalt.de\/wp-856ad-content\/uploads\/2021\/11\/220px-Ernst_Bornstein-1.jpg 156w, https:\/\/europaeischeverlagsanstalt.de\/wp-856ad-content\/uploads\/2021\/11\/220px-Ernst_Bornstein-1-52x50.jpg 52w\" sizes=\"(max-width: 156px) 100vw, 156px\" \/><\/a><\/div><div class=\"w-vwrapper usg_vwrapper_1 align_left valign_top\"><h2 class=\"w-post-elm post_title usg_post_title_1 entry-title color_link_inherit has_text_color\"><a href=\"https:\/\/europaeischeverlagsanstalt.de\/?p=3264\">Ernst Israel Bornstein<\/a><\/h2><div class=\"w-post-elm post_content usg_post_content_1\">Ernst Israel Bornstein, 1922-1978, war ein j\u00fcdischer Holocaust-\u00dcberlebender, der mit 19 Jahren ins Arbeitslager Gr\u00fcnheide, dem heutigen Schironowitz (Polen) zur Zwangsarbeit verschleppt wurde und in vier Jahren und drei Monaten&hellip;<\/div><\/div><\/div>\t<\/div>\r\n<\/article>\r\n<article class=\"w-grid-item size_1x1 post-3274 post type-post status-publish format-standard has-post-thumbnail hentry category-allgemein category-autor tag-bourdieupierre\" data-id=\"3274\">\r\n\t<div class=\"w-grid-item-h\">\r\n\t\t\t\t<div class=\"w-hwrapper usg_hwrapper_1 align_left valign_top wrap\"><div class=\"w-post-elm post_image usg_post_image_1 as_circle has_width has_ratio\"><div style=\"padding-bottom:100.0000%\"><\/div><a href=\"https:\/\/europaeischeverlagsanstalt.de\/?p=3274\" aria-label=\"Pierre Bourdieu\"><img width=\"220\" height=\"318\" src=\"https:\/\/europaeischeverlagsanstalt.de\/wp-856ad-content\/uploads\/2021\/11\/220px-Pierre_Bourdieu_1.jpg\" class=\"attachment-large size-large wp-post-image\" alt=\"\" loading=\"lazy\" srcset=\"https:\/\/europaeischeverlagsanstalt.de\/wp-856ad-content\/uploads\/2021\/11\/220px-Pierre_Bourdieu_1.jpg 220w, https:\/\/europaeischeverlagsanstalt.de\/wp-856ad-content\/uploads\/2021\/11\/220px-Pierre_Bourdieu_1-208x300.jpg 208w, https:\/\/europaeischeverlagsanstalt.de\/wp-856ad-content\/uploads\/2021\/11\/220px-Pierre_Bourdieu_1-35x50.jpg 35w\" sizes=\"(max-width: 220px) 100vw, 220px\" \/><\/a><\/div><div class=\"w-vwrapper usg_vwrapper_1 align_left valign_top\"><h2 class=\"w-post-elm post_title usg_post_title_1 entry-title color_link_inherit has_text_color\"><a href=\"https:\/\/europaeischeverlagsanstalt.de\/?p=3274\">Pierre Bourdieu<\/a><\/h2><div class=\"w-post-elm post_content usg_post_content_1\">Pierre Bourdieu (1930-2002) war einer der bekanntesten Soziologen des 20. Jahrhunderts. Seit 1981 hatte Bourdieu einen Lehrstuhl am Coll\u00e8ge de France. Seine soziologischen Forschungen, zumeist im Alltagsleben verwurzelt, waren vorwiegend&hellip;<\/div><\/div><\/div>\t<\/div>\r\n<\/article>\r\n<article class=\"w-grid-item size_1x1 post-3633 post type-post status-publish format-standard hentry category-allgemein category-autor category-autoren tag-brawandleo\" data-id=\"3633\">\r\n\t<div class=\"w-grid-item-h\">\r\n\t\t\t\t<div class=\"w-hwrapper usg_hwrapper_1 align_left valign_top wrap\"><div class=\"w-post-elm post_image usg_post_image_1 as_circle has_width has_ratio with_placeholder\"><div style=\"padding-bottom:100.0000%\"><\/div><a href=\"https:\/\/europaeischeverlagsanstalt.de\/?p=3633\" aria-label=\"Leo Brawand\"><img class=\"g-placeholder\" src=\"https:\/\/europaeischeverlagsanstalt.de\/wp-856ad-content\/plugins\/us-core\/assets\/images\/placeholder.svg\" width=\"1024\" height=\"1024\" alt=\"\"><\/a><\/div><div class=\"w-vwrapper usg_vwrapper_1 align_left valign_top\"><h2 class=\"w-post-elm post_title usg_post_title_1 entry-title color_link_inherit has_text_color\"><a href=\"https:\/\/europaeischeverlagsanstalt.de\/?p=3633\">Leo Brawand<\/a><\/h2><div class=\"w-post-elm post_content usg_post_content_1\">Leo Brawand, 1924-2009, war seit der Gr\u00fcndung Spiegel-Redakteur, leitet sp\u00e4ter das Wirtschaftsressort, und ab 1972 das manager-magazin. W\u00e4hrend der Spiegel-Aff\u00e4re war er kommissarischer Chefredakteur.<\/div><\/div><\/div>\t<\/div>\r\n<\/article>\r\n<article class=\"w-grid-item size_1x1 post-1974 post type-post status-publish format-standard hentry category-autor tag-breuerstefan\" data-id=\"1974\">\r\n\t<div class=\"w-grid-item-h\">\r\n\t\t\t\t<div class=\"w-hwrapper usg_hwrapper_1 align_left valign_top wrap\"><div class=\"w-post-elm post_image usg_post_image_1 as_circle has_width has_ratio with_placeholder\"><div style=\"padding-bottom:100.0000%\"><\/div><a href=\"https:\/\/europaeischeverlagsanstalt.de\/?p=1974\" aria-label=\"Stefan Breuer\"><img class=\"g-placeholder\" src=\"https:\/\/europaeischeverlagsanstalt.de\/wp-856ad-content\/plugins\/us-core\/assets\/images\/placeholder.svg\" width=\"1024\" height=\"1024\" alt=\"\"><\/a><\/div><div class=\"w-vwrapper usg_vwrapper_1 align_left valign_top\"><h2 class=\"w-post-elm post_title usg_post_title_1 entry-title color_link_inherit has_text_color\"><a href=\"https:\/\/europaeischeverlagsanstalt.de\/?p=1974\">Stefan Breuer<\/a><\/h2><div class=\"w-post-elm post_content usg_post_content_1\">Stefan Breuer, geb. 1948, seit 1984\/85 Professor f\u00fcr Politikwissenschaft im Fachbereich Rechtswissenschaften der Universit\u00e4t Hamburg, anschlie\u00dfend Professor f\u00fcr Soziologie, zun\u00e4chst an der Hamburger Universit\u00e4t f\u00fcr Wirtschaft und Politik (HWP), ab&hellip;<\/div><\/div><\/div>\t<\/div>\r\n<\/article>\r\n<article class=\"w-grid-item size_1x1 post-3287 post type-post status-publish format-standard has-post-thumbnail hentry category-allgemein category-autor category-autoren tag-brucksteinalmut\" data-id=\"3287\">\r\n\t<div class=\"w-grid-item-h\">\r\n\t\t\t\t<div class=\"w-hwrapper usg_hwrapper_1 align_left valign_top wrap\"><div class=\"w-post-elm post_image usg_post_image_1 as_circle has_width has_ratio\"><div style=\"padding-bottom:100.0000%\"><\/div><a href=\"https:\/\/europaeischeverlagsanstalt.de\/?p=3287\" aria-label=\"Almut Sh. Bruckstein\"><img width=\"200\" height=\"250\" src=\"https:\/\/europaeischeverlagsanstalt.de\/wp-856ad-content\/uploads\/2021\/11\/Bruckstein.jpg\" class=\"attachment-large size-large wp-post-image\" alt=\"\" loading=\"lazy\" srcset=\"https:\/\/europaeischeverlagsanstalt.de\/wp-856ad-content\/uploads\/2021\/11\/Bruckstein.jpg 200w, https:\/\/europaeischeverlagsanstalt.de\/wp-856ad-content\/uploads\/2021\/11\/Bruckstein-40x50.jpg 40w\" sizes=\"(max-width: 200px) 100vw, 200px\" \/><\/a><\/div><div class=\"w-vwrapper usg_vwrapper_1 align_left valign_top\"><h2 class=\"w-post-elm post_title usg_post_title_1 entry-title color_link_inherit has_text_color\"><a href=\"https:\/\/europaeischeverlagsanstalt.de\/?p=3287\">Almut Sh. Bruckstein<\/a><\/h2><div class=\"w-post-elm post_content usg_post_content_1\">Almuth Sh. Bruckstein ist Professorin f\u00fcr j\u00fcdische Religionsphilosophie mit Lehrauftr\u00e4gen an der Hebrew University of Jerusalem, der Universit\u00e4t Frankfurt am Main und der Humboldtuniversit\u00e4t, Berlin.<\/div><\/div><\/div>\t<\/div>\r\n<\/article>\r\n<article class=\"w-grid-item size_1x1 post-1560 post type-post status-publish format-standard has-post-thumbnail hentry category-autor tag-brumlikmicha\" data-id=\"1560\">\r\n\t<div class=\"w-grid-item-h\">\r\n\t\t\t\t<div class=\"w-hwrapper usg_hwrapper_1 align_left valign_top wrap\"><div class=\"w-post-elm post_image usg_post_image_1 as_circle has_width has_ratio\"><div style=\"padding-bottom:100.0000%\"><\/div><a href=\"https:\/\/europaeischeverlagsanstalt.de\/?p=1560\" aria-label=\"Micha Brumlik\"><img width=\"860\" height=\"692\" src=\"https:\/\/europaeischeverlagsanstalt.de\/wp-856ad-content\/uploads\/2021\/03\/brumlik_micha.jpg\" class=\"attachment-large size-large wp-post-image\" alt=\"\" loading=\"lazy\" srcset=\"https:\/\/europaeischeverlagsanstalt.de\/wp-856ad-content\/uploads\/2021\/03\/brumlik_micha.jpg 860w, https:\/\/europaeischeverlagsanstalt.de\/wp-856ad-content\/uploads\/2021\/03\/brumlik_micha-300x241.jpg 300w, https:\/\/europaeischeverlagsanstalt.de\/wp-856ad-content\/uploads\/2021\/03\/brumlik_micha-497x400.jpg 497w, https:\/\/europaeischeverlagsanstalt.de\/wp-856ad-content\/uploads\/2021\/03\/brumlik_micha-62x50.jpg 62w\" sizes=\"(max-width: 860px) 100vw, 860px\" \/><\/a><\/div><div class=\"w-vwrapper usg_vwrapper_1 align_left valign_top\"><h2 class=\"w-post-elm post_title usg_post_title_1 entry-title color_link_inherit has_text_color\"><a href=\"https:\/\/europaeischeverlagsanstalt.de\/?p=1560\">Micha Brumlik<\/a><\/h2><div class=\"w-post-elm post_content usg_post_content_1\">Micha Brumlik lehrte Erziehungswissenschaft in Hamburg und Heidelberg und an der J. W. Goethe-Universit\u00e4t Frankfurt\/M. Bis 2005 war er Direktor des Fritz Bauer Instituts. Seit 2013 ist er Senior Professor&hellip;<\/div><\/div><\/div>\t<\/div>\r\n<\/article>\r\n<article class=\"w-grid-item size_1x1 post-2238 post type-post status-publish format-standard has-post-thumbnail hentry category-allgemein category-autor tag-vonbruenneckalexander\" data-id=\"2238\">\r\n\t<div class=\"w-grid-item-h\">\r\n\t\t\t\t<div class=\"w-hwrapper usg_hwrapper_1 align_left valign_top wrap\"><div class=\"w-post-elm post_image usg_post_image_1 as_circle has_width has_ratio\"><div style=\"padding-bottom:100.0000%\"><\/div><a href=\"https:\/\/europaeischeverlagsanstalt.de\/?p=2238\" aria-label=\"Alexander von Br\u00fcnneck\"><img width=\"184\" height=\"172\" src=\"https:\/\/europaeischeverlagsanstalt.de\/wp-856ad-content\/uploads\/2021\/06\/Bildschirmfoto-2021-12-15-um-10.40.43.png\" class=\"attachment-large size-large wp-post-image\" alt=\"\" loading=\"lazy\" srcset=\"https:\/\/europaeischeverlagsanstalt.de\/wp-856ad-content\/uploads\/2021\/06\/Bildschirmfoto-2021-12-15-um-10.40.43.png 184w, https:\/\/europaeischeverlagsanstalt.de\/wp-856ad-content\/uploads\/2021\/06\/Bildschirmfoto-2021-12-15-um-10.40.43-53x50.png 53w\" sizes=\"(max-width: 184px) 100vw, 184px\" \/><\/a><\/div><div class=\"w-vwrapper usg_vwrapper_1 align_left valign_top\"><h2 class=\"w-post-elm post_title usg_post_title_1 entry-title color_link_inherit has_text_color\"><a href=\"https:\/\/europaeischeverlagsanstalt.de\/?p=2238\">Alexander von Br\u00fcnneck<\/a><\/h2><div class=\"w-post-elm post_content usg_post_content_1\">Alexander von Br\u00fcnneck (1941-2023), Professor em. f\u00fcr \u00d6ffentliches Recht, insbesondere Staatsrecht und Verfassungsgeschichte an der Europa Universit\u00e4t Viadrina, unterst\u00fctzte Ernst Fraenkel bei der Erstellung der ersten deutschen Ausgabe des Doppelstaates.<\/div><\/div><\/div>\t<\/div>\r\n<\/article>\r\n<article class=\"w-grid-item size_1x1 post-1564 post type-post status-publish format-standard has-post-thumbnail hentry category-autor tag-buchsteinhubertus\" data-id=\"1564\">\r\n\t<div class=\"w-grid-item-h\">\r\n\t\t\t\t<div class=\"w-hwrapper usg_hwrapper_1 align_left valign_top wrap\"><div class=\"w-post-elm post_image usg_post_image_1 as_circle has_width has_ratio\"><div style=\"padding-bottom:100.0000%\"><\/div><a href=\"https:\/\/europaeischeverlagsanstalt.de\/?p=1564\" aria-label=\"Hubertus Buchstein\"><img width=\"300\" height=\"300\" src=\"https:\/\/europaeischeverlagsanstalt.de\/wp-856ad-content\/uploads\/2021\/03\/buchstein_hubertus.jpg\" class=\"attachment-large size-large wp-post-image\" alt=\"\" loading=\"lazy\" srcset=\"https:\/\/europaeischeverlagsanstalt.de\/wp-856ad-content\/uploads\/2021\/03\/buchstein_hubertus.jpg 300w, https:\/\/europaeischeverlagsanstalt.de\/wp-856ad-content\/uploads\/2021\/03\/buchstein_hubertus-150x150.jpg 150w, https:\/\/europaeischeverlagsanstalt.de\/wp-856ad-content\/uploads\/2021\/03\/buchstein_hubertus-50x50.jpg 50w\" sizes=\"(max-width: 300px) 100vw, 300px\" \/><\/a><\/div><div class=\"w-vwrapper usg_vwrapper_1 align_left valign_top\"><h2 class=\"w-post-elm post_title usg_post_title_1 entry-title color_link_inherit has_text_color\"><a href=\"https:\/\/europaeischeverlagsanstalt.de\/?p=1564\">Hubertus Buchstein<\/a><\/h2><div class=\"w-post-elm post_content usg_post_content_1\">Hubertus Buchstein, geboren 1959 in Eutin, seit 1998 Professor f\u00fcr Politische Theorie und Ideengeschichte an der Universit\u00e4t Greifswald. Gastprofessuren in New York und Tampere. Neuere Ver\u00f6ffentlichungen zu: Rechtsextremismus im l\u00e4ndlichen&hellip;<\/div><\/div><\/div>\t<\/div>\r\n<\/article>\r\n<article class=\"w-grid-item size_1x1 post-3310 post type-post status-publish format-standard has-post-thumbnail hentry category-allgemein category-autor tag-colligiorgio\" data-id=\"3310\">\r\n\t<div class=\"w-grid-item-h\">\r\n\t\t\t\t<div class=\"w-hwrapper usg_hwrapper_1 align_left valign_top wrap\"><div class=\"w-post-elm post_image usg_post_image_1 as_circle has_width has_ratio\"><div style=\"padding-bottom:100.0000%\"><\/div><a href=\"https:\/\/europaeischeverlagsanstalt.de\/?p=3310\" aria-label=\"Giorgio Colli\"><img width=\"220\" height=\"281\" src=\"https:\/\/europaeischeverlagsanstalt.de\/wp-856ad-content\/uploads\/2021\/11\/Giorgiocolli.jpg\" class=\"attachment-large size-large wp-post-image\" alt=\"\" loading=\"lazy\" srcset=\"https:\/\/europaeischeverlagsanstalt.de\/wp-856ad-content\/uploads\/2021\/11\/Giorgiocolli.jpg 220w, https:\/\/europaeischeverlagsanstalt.de\/wp-856ad-content\/uploads\/2021\/11\/Giorgiocolli-39x50.jpg 39w\" sizes=\"(max-width: 220px) 100vw, 220px\" \/><\/a><\/div><div class=\"w-vwrapper usg_vwrapper_1 align_left valign_top\"><h2 class=\"w-post-elm post_title usg_post_title_1 entry-title color_link_inherit has_text_color\"><a href=\"https:\/\/europaeischeverlagsanstalt.de\/?p=3310\">Giorgio Colli<\/a><\/h2><div class=\"w-post-elm post_content usg_post_content_1\">Giorgio Colli, 1917-1979, war Initiator und, gemeinsam mit Mazzino Montinari, Herausgeber der neuen Ausgabe von Nietzsches Werken, die gleichzeitig in Italien, Frankreich und Deutschland erschienen.<\/div><\/div><\/div>\t<\/div>\r\n<\/article>\r\n<article class=\"w-grid-item size_1x1 post-1795 post type-post status-publish format-standard has-post-thumbnail hentry category-autor tag-deleuzegille\" data-id=\"1795\">\r\n\t<div class=\"w-grid-item-h\">\r\n\t\t\t\t<div class=\"w-hwrapper usg_hwrapper_1 align_left valign_top wrap\"><div class=\"w-post-elm post_image usg_post_image_1 as_circle has_width has_ratio\"><div style=\"padding-bottom:100.0000%\"><\/div><a href=\"https:\/\/europaeischeverlagsanstalt.de\/?p=1795\" aria-label=\"Gilles Deleuze\"><img width=\"666\" height=\"369\" src=\"https:\/\/europaeischeverlagsanstalt.de\/wp-856ad-content\/uploads\/2021\/03\/Gilles-Deleuze.jpg\" class=\"attachment-large size-large wp-post-image\" alt=\"\" loading=\"lazy\" srcset=\"https:\/\/europaeischeverlagsanstalt.de\/wp-856ad-content\/uploads\/2021\/03\/Gilles-Deleuze.jpg 666w, https:\/\/europaeischeverlagsanstalt.de\/wp-856ad-content\/uploads\/2021\/03\/Gilles-Deleuze-300x166.jpg 300w, https:\/\/europaeischeverlagsanstalt.de\/wp-856ad-content\/uploads\/2021\/03\/Gilles-Deleuze-600x332.jpg 600w, https:\/\/europaeischeverlagsanstalt.de\/wp-856ad-content\/uploads\/2021\/03\/Gilles-Deleuze-90x50.jpg 90w\" sizes=\"(max-width: 666px) 100vw, 666px\" \/><\/a><\/div><div class=\"w-vwrapper usg_vwrapper_1 align_left valign_top\"><h2 class=\"w-post-elm post_title usg_post_title_1 entry-title color_link_inherit has_text_color\"><a href=\"https:\/\/europaeischeverlagsanstalt.de\/?p=1795\">Gilles Deleuze<\/a><\/h2><div class=\"w-post-elm post_content usg_post_content_1\">Gilles Deleuze, 1925 bis 1995, ist einer der bekanntesten Vertreter der Gegenwartsphilosophie. Neben der vorliegenden Studie \u00fcber Nietzsche ist er vor allem mit dem gemeinsam mit F\u00e9lix Guattari verfassten &#8220;Anti-\u00d6dipus&#8221;&hellip;<\/div><\/div><\/div>\t<\/div>\r\n<\/article>\r\n<article class=\"w-grid-item size_1x1 post-1572 post type-post status-publish format-standard has-post-thumbnail hentry category-autor tag-dennettdaniel\" data-id=\"1572\">\r\n\t<div class=\"w-grid-item-h\">\r\n\t\t\t\t<div class=\"w-hwrapper usg_hwrapper_1 align_left valign_top wrap\"><div class=\"w-post-elm post_image usg_post_image_1 as_circle has_width has_ratio\"><div style=\"padding-bottom:100.0000%\"><\/div><a href=\"https:\/\/europaeischeverlagsanstalt.de\/?p=1572\" aria-label=\"Daniel Dennett\"><img width=\"681\" height=\"475\" src=\"https:\/\/europaeischeverlagsanstalt.de\/wp-856ad-content\/uploads\/2021\/03\/dennett_daniel.jpg\" class=\"attachment-large size-large wp-post-image\" alt=\"\" loading=\"lazy\" srcset=\"https:\/\/europaeischeverlagsanstalt.de\/wp-856ad-content\/uploads\/2021\/03\/dennett_daniel.jpg 681w, https:\/\/europaeischeverlagsanstalt.de\/wp-856ad-content\/uploads\/2021\/03\/dennett_daniel-300x209.jpg 300w, https:\/\/europaeischeverlagsanstalt.de\/wp-856ad-content\/uploads\/2021\/03\/dennett_daniel-573x400.jpg 573w, https:\/\/europaeischeverlagsanstalt.de\/wp-856ad-content\/uploads\/2021\/03\/dennett_daniel-72x50.jpg 72w\" sizes=\"(max-width: 681px) 100vw, 681px\" \/><\/a><\/div><div class=\"w-vwrapper usg_vwrapper_1 align_left valign_top\"><h2 class=\"w-post-elm post_title usg_post_title_1 entry-title color_link_inherit has_text_color\"><a href=\"https:\/\/europaeischeverlagsanstalt.de\/?p=1572\">Daniel Dennett<\/a><\/h2><div class=\"w-post-elm post_content usg_post_content_1\">Daniel Clement Dennett, geboren 1942 in Boston, gestorben am 19. April 2024 in Portland, US-amerikanischer Philosoph und einer der f\u00fchrenden Vertreter in der Philosophie des Geistes. Er war Professor f\u00fcr&hellip;<\/div><\/div><\/div>\t<\/div>\r\n<\/article>\r\n<article class=\"w-grid-item size_1x1 post-1821 post type-post status-publish format-standard has-post-thumbnail hentry category-allgemein category-autor tag-dreierhorst\" data-id=\"1821\">\r\n\t<div class=\"w-grid-item-h\">\r\n\t\t\t\t<div class=\"w-hwrapper usg_hwrapper_1 align_left valign_top wrap\"><div class=\"w-post-elm post_image usg_post_image_1 as_circle has_width has_ratio\"><div style=\"padding-bottom:100.0000%\"><\/div><a href=\"https:\/\/europaeischeverlagsanstalt.de\/?p=1821\" aria-label=\"Horst Dreier\"><img width=\"137\" height=\"137\" src=\"https:\/\/europaeischeverlagsanstalt.de\/wp-856ad-content\/uploads\/2021\/03\/Horst-Dreier.jpg\" class=\"attachment-large size-large wp-post-image\" alt=\"\" loading=\"lazy\" srcset=\"https:\/\/europaeischeverlagsanstalt.de\/wp-856ad-content\/uploads\/2021\/03\/Horst-Dreier.jpg 137w, https:\/\/europaeischeverlagsanstalt.de\/wp-856ad-content\/uploads\/2021\/03\/Horst-Dreier-50x50.jpg 50w\" sizes=\"(max-width: 137px) 100vw, 137px\" \/><\/a><\/div><div class=\"w-vwrapper usg_vwrapper_1 align_left valign_top\"><h2 class=\"w-post-elm post_title usg_post_title_1 entry-title color_link_inherit has_text_color\"><a href=\"https:\/\/europaeischeverlagsanstalt.de\/?p=1821\">Horst Dreier<\/a><\/h2><div class=\"w-post-elm post_content usg_post_content_1\">Horst Dreier war bis zu seiner Emeritierung im September 2020 Inhaber des Lehrstuhls f\u00fcr Rechtsphilosophie, Staats- und Verwaltungsrecht an der Universit\u00e4t W\u00fcrzburg. Seine Dissertation von 1986 (&#8220;Rechtslehre, Staatssoziologie und Demokratietheorie&hellip;<\/div><\/div><\/div>\t<\/div>\r\n<\/article>\r\n<article class=\"w-grid-item size_1x1 post-4142 post type-post status-publish format-standard has-post-thumbnail hentry category-allgemein category-autor category-autoren tag-dreyermichael\" data-id=\"4142\">\r\n\t<div class=\"w-grid-item-h\">\r\n\t\t\t\t<div class=\"w-hwrapper usg_hwrapper_1 align_left valign_top wrap\"><div class=\"w-post-elm post_image usg_post_image_1 as_circle has_width has_ratio\"><div style=\"padding-bottom:100.0000%\"><\/div><a href=\"https:\/\/europaeischeverlagsanstalt.de\/?p=4142\" aria-label=\"Michael Dreyer\"><img width=\"130\" height=\"166\" src=\"https:\/\/europaeischeverlagsanstalt.de\/wp-856ad-content\/uploads\/2022\/04\/Bildschirmfoto-2022-04-19-um-09.37.13.png\" class=\"attachment-large size-large wp-post-image\" alt=\"\" loading=\"lazy\" srcset=\"https:\/\/europaeischeverlagsanstalt.de\/wp-856ad-content\/uploads\/2022\/04\/Bildschirmfoto-2022-04-19-um-09.37.13.png 130w, https:\/\/europaeischeverlagsanstalt.de\/wp-856ad-content\/uploads\/2022\/04\/Bildschirmfoto-2022-04-19-um-09.37.13-39x50.png 39w\" sizes=\"(max-width: 130px) 100vw, 130px\" \/><\/a><\/div><div class=\"w-vwrapper usg_vwrapper_1 align_left valign_top\"><h2 class=\"w-post-elm post_title usg_post_title_1 entry-title color_link_inherit has_text_color\"><a href=\"https:\/\/europaeischeverlagsanstalt.de\/?p=4142\">Michael Dreyer<\/a><\/h2><div class=\"w-post-elm post_content usg_post_content_1\">Michael Dreyer ist Leiter des Arbeitsbereichs Politische Theorie und Ideengeschichte an der Friedrich-Schiller-Universit\u00e4t Jena. Seine Forschungsschwerpunkte sind die Ideengeschichte des 19. und 20. Jahrhunderts in Deutschland und den USA, die&hellip;<\/div><\/div><\/div>\t<\/div>\r\n<\/article>\r\n<article class=\"w-grid-item size_1x1 post-4956 post type-post status-publish format-standard has-post-thumbnail hentry category-allgemein category-autor tag-drieschristian\" data-id=\"4956\">\r\n\t<div class=\"w-grid-item-h\">\r\n\t\t\t\t<div class=\"w-hwrapper usg_hwrapper_1 align_left valign_top wrap\"><div class=\"w-post-elm post_image usg_post_image_1 as_circle has_width has_ratio\"><div style=\"padding-bottom:100.0000%\"><\/div><a href=\"https:\/\/europaeischeverlagsanstalt.de\/?p=4956\" aria-label=\"Christian Dries\"><img width=\"392\" height=\"590\" src=\"https:\/\/europaeischeverlagsanstalt.de\/wp-856ad-content\/uploads\/2022\/12\/Christian-Dries-1.jpg\" class=\"attachment-large size-large wp-post-image\" alt=\"\" loading=\"lazy\" srcset=\"https:\/\/europaeischeverlagsanstalt.de\/wp-856ad-content\/uploads\/2022\/12\/Christian-Dries-1.jpg 392w, https:\/\/europaeischeverlagsanstalt.de\/wp-856ad-content\/uploads\/2022\/12\/Christian-Dries-1-199x300.jpg 199w, https:\/\/europaeischeverlagsanstalt.de\/wp-856ad-content\/uploads\/2022\/12\/Christian-Dries-1-266x400.jpg 266w, https:\/\/europaeischeverlagsanstalt.de\/wp-856ad-content\/uploads\/2022\/12\/Christian-Dries-1-33x50.jpg 33w\" sizes=\"(max-width: 392px) 100vw, 392px\" \/><\/a><\/div><div class=\"w-vwrapper usg_vwrapper_1 align_left valign_top\"><h2 class=\"w-post-elm post_title usg_post_title_1 entry-title color_link_inherit has_text_color\"><a href=\"https:\/\/europaeischeverlagsanstalt.de\/?p=4956\">Christian Dries<\/a><\/h2><div class=\"w-post-elm post_content usg_post_content_1\">Christian Dries, geb. 1976, promovierte u\u0308ber Gu\u0308nther Anders, Hannah Arendt und Hans Jonas. Als Wissenschaftler an den Universit\u00e4ten Freiburg und Basel sowie Vorstandsmitgliedder Internationalen Gu\u0308nther Anders-Gesellschaft (www.guenther-anders-gesellschaft. org) hat er&hellip;<\/div><\/div><\/div>\t<\/div>\r\n<\/article>\r\n<article class=\"w-grid-item size_1x1 post-1781 post type-post status-publish format-standard has-post-thumbnail hentry category-autor tag-durlachergerhard\" data-id=\"1781\">\r\n\t<div class=\"w-grid-item-h\">\r\n\t\t\t\t<div class=\"w-hwrapper usg_hwrapper_1 align_left valign_top wrap\"><div class=\"w-post-elm post_image usg_post_image_1 as_circle has_width has_ratio\"><div style=\"padding-bottom:100.0000%\"><\/div><a href=\"https:\/\/europaeischeverlagsanstalt.de\/?p=1781\" aria-label=\"Gerhard L. Durlacher\"><img width=\"212\" height=\"287\" src=\"https:\/\/europaeischeverlagsanstalt.de\/wp-856ad-content\/uploads\/2021\/03\/durlacher_gerd.jpg\" class=\"attachment-large size-large wp-post-image\" alt=\"\" loading=\"lazy\" srcset=\"https:\/\/europaeischeverlagsanstalt.de\/wp-856ad-content\/uploads\/2021\/03\/durlacher_gerd.jpg 212w, https:\/\/europaeischeverlagsanstalt.de\/wp-856ad-content\/uploads\/2021\/03\/durlacher_gerd-37x50.jpg 37w\" sizes=\"(max-width: 212px) 100vw, 212px\" \/><\/a><\/div><div class=\"w-vwrapper usg_vwrapper_1 align_left valign_top\"><h2 class=\"w-post-elm post_title usg_post_title_1 entry-title color_link_inherit has_text_color\"><a href=\"https:\/\/europaeischeverlagsanstalt.de\/?p=1781\">Gerhard L. Durlacher<\/a><\/h2><div class=\"w-post-elm post_content usg_post_content_1\">Gerhard L. Durlacher (1928-1996) wuchs in Baden-Baden auf. 1937 floh die Familie nach Holland. Von dort aus wurde er 1942 in das holl\u00e4ndische Transitlager Westerbork deportiert und 1944 \u00fcber Theresienstadt&hellip;<\/div><\/div><\/div>\t<\/div>\r\n<\/article>\r\n<article class=\"w-grid-item size_1x1 post-5989 post type-post status-publish format-standard hentry category-allgemein category-autor tag-durlacherjessica\" data-id=\"5989\">\r\n\t<div class=\"w-grid-item-h\">\r\n\t\t\t\t<div class=\"w-hwrapper usg_hwrapper_1 align_left valign_top wrap\"><div class=\"w-post-elm post_image usg_post_image_1 as_circle has_width has_ratio with_placeholder\"><div style=\"padding-bottom:100.0000%\"><\/div><a href=\"https:\/\/europaeischeverlagsanstalt.de\/?p=5989\" aria-label=\"Jessica Durlacher\"><img class=\"g-placeholder\" src=\"https:\/\/europaeischeverlagsanstalt.de\/wp-856ad-content\/plugins\/us-core\/assets\/images\/placeholder.svg\" width=\"1024\" height=\"1024\" alt=\"\"><\/a><\/div><div class=\"w-vwrapper usg_vwrapper_1 align_left valign_top\"><h2 class=\"w-post-elm post_title usg_post_title_1 entry-title color_link_inherit has_text_color\"><a href=\"https:\/\/europaeischeverlagsanstalt.de\/?p=5989\">Jessica Durlacher<\/a><\/h2><\/div><\/div>\t<\/div>\r\n<\/article>\r\n<article class=\"w-grid-item size_1x1 post-1436 post type-post status-publish format-standard has-post-thumbnail hentry category-autor tag-faberrichard\" data-id=\"1436\">\r\n\t<div class=\"w-grid-item-h\">\r\n\t\t\t\t<div class=\"w-hwrapper usg_hwrapper_1 align_left valign_top wrap\"><div class=\"w-post-elm post_image usg_post_image_1 as_circle has_width has_ratio\"><div style=\"padding-bottom:100.0000%\"><\/div><a href=\"https:\/\/europaeischeverlagsanstalt.de\/?p=1436\" aria-label=\"Richard Faber\"><img width=\"400\" height=\"266\" src=\"https:\/\/europaeischeverlagsanstalt.de\/wp-856ad-content\/uploads\/2021\/02\/04_faber_richard.jpg\" class=\"attachment-large size-large wp-post-image\" alt=\"\" loading=\"lazy\" srcset=\"https:\/\/europaeischeverlagsanstalt.de\/wp-856ad-content\/uploads\/2021\/02\/04_faber_richard.jpg 400w, https:\/\/europaeischeverlagsanstalt.de\/wp-856ad-content\/uploads\/2021\/02\/04_faber_richard-300x200.jpg 300w, https:\/\/europaeischeverlagsanstalt.de\/wp-856ad-content\/uploads\/2021\/02\/04_faber_richard-75x50.jpg 75w\" sizes=\"(max-width: 400px) 100vw, 400px\" \/><\/a><\/div><div class=\"w-vwrapper usg_vwrapper_1 align_left valign_top\"><h2 class=\"w-post-elm post_title usg_post_title_1 entry-title color_link_inherit has_text_color\"><a href=\"https:\/\/europaeischeverlagsanstalt.de\/?p=1436\">Richard Faber<\/a><\/h2><div class=\"w-post-elm post_content usg_post_content_1\">Richard Faber, geboren 1943, wurde mit \u00bbZur Kritik der Politischen Theologie\u00ab in Philosophie promoviert und habilitierte sich in Soziologie \u00fcber den \u00bbMythos des Abendlandes\u00ab. Er publizierte mehrere B\u00fccher und gab&hellip;<\/div><\/div><\/div>\t<\/div>\r\n<\/article>\r\n<article class=\"w-grid-item size_1x1 post-1576 post type-post status-publish format-standard has-post-thumbnail hentry category-autor tag-flickingerhansgeorg\" data-id=\"1576\">\r\n\t<div class=\"w-grid-item-h\">\r\n\t\t\t\t<div class=\"w-hwrapper usg_hwrapper_1 align_left valign_top wrap\"><div class=\"w-post-elm post_image usg_post_image_1 as_circle has_width has_ratio\"><div style=\"padding-bottom:100.0000%\"><\/div><a href=\"https:\/\/europaeischeverlagsanstalt.de\/?p=1576\" aria-label=\"Hans-Georg Flickinger\"><img width=\"480\" height=\"360\" src=\"https:\/\/europaeischeverlagsanstalt.de\/wp-856ad-content\/uploads\/2021\/03\/flickinger_hans-georg.jpg\" class=\"attachment-large size-large wp-post-image\" alt=\"\" loading=\"lazy\" srcset=\"https:\/\/europaeischeverlagsanstalt.de\/wp-856ad-content\/uploads\/2021\/03\/flickinger_hans-georg.jpg 480w, https:\/\/europaeischeverlagsanstalt.de\/wp-856ad-content\/uploads\/2021\/03\/flickinger_hans-georg-300x225.jpg 300w, https:\/\/europaeischeverlagsanstalt.de\/wp-856ad-content\/uploads\/2021\/03\/flickinger_hans-georg-67x50.jpg 67w\" sizes=\"(max-width: 480px) 100vw, 480px\" \/><\/a><\/div><div class=\"w-vwrapper usg_vwrapper_1 align_left valign_top\"><h2 class=\"w-post-elm post_title usg_post_title_1 entry-title color_link_inherit has_text_color\"><a href=\"https:\/\/europaeischeverlagsanstalt.de\/?p=1576\">Hans-Georg Flickinger<\/a><\/h2><div class=\"w-post-elm post_content usg_post_content_1\">Hans-Georg Flickinger, geboren 1944, ist pensionierter Hochschullehrer der Universit\u00e4t Kassel. Nach einem juristischen Studium und einem Studium der Philosophie an der Universit\u00e4t Heidelberg (1963\u20131971) ist er Leiter des Interdisziplin\u00e4ren Doktoranden-Kollegs&hellip;<\/div><\/div><\/div>\t<\/div>\r\n<\/article>\r\n<article class=\"w-grid-item size_1x1 post-1580 post type-post status-publish format-standard has-post-thumbnail hentry category-autor tag-flusservilem\" data-id=\"1580\">\r\n\t<div class=\"w-grid-item-h\">\r\n\t\t\t\t<div class=\"w-hwrapper usg_hwrapper_1 align_left valign_top wrap\"><div class=\"w-post-elm post_image usg_post_image_1 as_circle has_width has_ratio\"><div style=\"padding-bottom:100.0000%\"><\/div><a href=\"https:\/\/europaeischeverlagsanstalt.de\/?p=1580\" aria-label=\"Vil\u00e9m Flusser\"><img width=\"400\" height=\"277\" src=\"https:\/\/europaeischeverlagsanstalt.de\/wp-856ad-content\/uploads\/2021\/03\/flusser_vilem.jpg\" class=\"attachment-large size-large wp-post-image\" alt=\"\" loading=\"lazy\" srcset=\"https:\/\/europaeischeverlagsanstalt.de\/wp-856ad-content\/uploads\/2021\/03\/flusser_vilem.jpg 400w, https:\/\/europaeischeverlagsanstalt.de\/wp-856ad-content\/uploads\/2021\/03\/flusser_vilem-300x208.jpg 300w, https:\/\/europaeischeverlagsanstalt.de\/wp-856ad-content\/uploads\/2021\/03\/flusser_vilem-72x50.jpg 72w\" sizes=\"(max-width: 400px) 100vw, 400px\" \/><\/a><\/div><div class=\"w-vwrapper usg_vwrapper_1 align_left valign_top\"><h2 class=\"w-post-elm post_title usg_post_title_1 entry-title color_link_inherit has_text_color\"><a href=\"https:\/\/europaeischeverlagsanstalt.de\/?p=1580\">Vil\u00e9m Flusser<\/a><\/h2><div class=\"w-post-elm post_content usg_post_content_1\">Vil\u00e9m Flusser, geboren 1920 in Prag, war Kommunikations- und Medienphilosoph. 1940 floh er vor den Nazis nach London und wanderte kurze Zeit darauf nach Brasilien aus. Bis 1972 blieb er&hellip;<\/div><\/div><\/div>\t<\/div>\r\n<\/article>\r\n<article class=\"w-grid-item size_1x1 post-1779 post type-post status-publish format-standard has-post-thumbnail hentry category-autor tag-fraenkelernst\" data-id=\"1779\">\r\n\t<div class=\"w-grid-item-h\">\r\n\t\t\t\t<div class=\"w-hwrapper usg_hwrapper_1 align_left valign_top wrap\"><div class=\"w-post-elm post_image usg_post_image_1 as_circle has_width has_ratio\"><div style=\"padding-bottom:100.0000%\"><\/div><a href=\"https:\/\/europaeischeverlagsanstalt.de\/?p=1779\" aria-label=\"Ernst Fraenkel\"><img width=\"790\" height=\"527\" src=\"https:\/\/europaeischeverlagsanstalt.de\/wp-856ad-content\/uploads\/2021\/03\/fraenkel-ernst.jpg\" class=\"attachment-large size-large wp-post-image\" alt=\"\" loading=\"lazy\" srcset=\"https:\/\/europaeischeverlagsanstalt.de\/wp-856ad-content\/uploads\/2021\/03\/fraenkel-ernst.jpg 790w, https:\/\/europaeischeverlagsanstalt.de\/wp-856ad-content\/uploads\/2021\/03\/fraenkel-ernst-300x200.jpg 300w, https:\/\/europaeischeverlagsanstalt.de\/wp-856ad-content\/uploads\/2021\/03\/fraenkel-ernst-600x400.jpg 600w, https:\/\/europaeischeverlagsanstalt.de\/wp-856ad-content\/uploads\/2021\/03\/fraenkel-ernst-75x50.jpg 75w\" sizes=\"(max-width: 790px) 100vw, 790px\" \/><\/a><\/div><div class=\"w-vwrapper usg_vwrapper_1 align_left valign_top\"><h2 class=\"w-post-elm post_title usg_post_title_1 entry-title color_link_inherit has_text_color\"><a href=\"https:\/\/europaeischeverlagsanstalt.de\/?p=1779\">Ernst Fraenkel<\/a><\/h2><div class=\"w-post-elm post_content usg_post_content_1\">Ernst Fraenkel (1898-1975) war Jurist und Politikwissenschaftler. Von 1927 bis zu seiner Flucht aus Berlin 1938 war er als Anwalt t\u00e4tig. Nach verschiedenen T\u00e4tigkeiten in den USA und bei der&hellip;<\/div><\/div><\/div>\t<\/div>\r\n<\/article>\r\n<article class=\"w-grid-item size_1x1 post-1852 post type-post status-publish format-standard has-post-thumbnail hentry category-autor tag-fuchsjuergen\" data-id=\"1852\">\r\n\t<div class=\"w-grid-item-h\">\r\n\t\t\t\t<div class=\"w-hwrapper usg_hwrapper_1 align_left valign_top wrap\"><div class=\"w-post-elm post_image usg_post_image_1 as_circle has_width has_ratio\"><div style=\"padding-bottom:100.0000%\"><\/div><a href=\"https:\/\/europaeischeverlagsanstalt.de\/?p=1852\" aria-label=\"J\u00fcrgen Fuchs\"><img width=\"126\" height=\"117\" src=\"https:\/\/europaeischeverlagsanstalt.de\/wp-856ad-content\/uploads\/2021\/03\/170px-Juergenfuchs.jpg\" class=\"attachment-large size-large wp-post-image\" alt=\"\" loading=\"lazy\" srcset=\"https:\/\/europaeischeverlagsanstalt.de\/wp-856ad-content\/uploads\/2021\/03\/170px-Juergenfuchs.jpg 126w, https:\/\/europaeischeverlagsanstalt.de\/wp-856ad-content\/uploads\/2021\/03\/170px-Juergenfuchs-54x50.jpg 54w\" sizes=\"(max-width: 126px) 100vw, 126px\" \/><\/a><\/div><div class=\"w-vwrapper usg_vwrapper_1 align_left valign_top\"><h2 class=\"w-post-elm post_title usg_post_title_1 entry-title color_link_inherit has_text_color\"><a href=\"https:\/\/europaeischeverlagsanstalt.de\/?p=1852\">J\u00fcrgen Fuchs<\/a><\/h2><div class=\"w-post-elm post_content usg_post_content_1\">J\u00fcrgen Fuchs, geboren 1950 in Reichenbach (DDR), studierte von 1971 bis 1975 an der Friedrich-Schiller-Universit\u00e4t Jena Psychologie. Aufgrund seiner literarischen Ver\u00f6ffentlichungen und Freundschaften zu Wolf Biermann, Robert Havemann und Reiner&hellip;<\/div><\/div><\/div>\t<\/div>\r\n<\/article>\r\n<article class=\"w-grid-item size_1x1 post-2274 post type-post status-publish format-standard has-post-thumbnail hentry category-allgemein category-autor tag-gallusalexander\" data-id=\"2274\">\r\n\t<div class=\"w-grid-item-h\">\r\n\t\t\t\t<div class=\"w-hwrapper usg_hwrapper_1 align_left valign_top wrap\"><div class=\"w-post-elm post_image usg_post_image_1 as_circle has_width has_ratio\"><div style=\"padding-bottom:100.0000%\"><\/div><a href=\"https:\/\/europaeischeverlagsanstalt.de\/?p=2274\" aria-label=\"Alexander Gallus\"><img width=\"200\" height=\"233\" src=\"https:\/\/europaeischeverlagsanstalt.de\/wp-856ad-content\/uploads\/2021\/06\/gallus.jpg\" class=\"attachment-large size-large wp-post-image\" alt=\"\" loading=\"lazy\" srcset=\"https:\/\/europaeischeverlagsanstalt.de\/wp-856ad-content\/uploads\/2021\/06\/gallus.jpg 200w, https:\/\/europaeischeverlagsanstalt.de\/wp-856ad-content\/uploads\/2021\/06\/gallus-43x50.jpg 43w\" sizes=\"(max-width: 200px) 100vw, 200px\" \/><\/a><\/div><div class=\"w-vwrapper usg_vwrapper_1 align_left valign_top\"><h2 class=\"w-post-elm post_title usg_post_title_1 entry-title color_link_inherit has_text_color\"><a href=\"https:\/\/europaeischeverlagsanstalt.de\/?p=2274\">Alexander Gallus<\/a><\/h2><div class=\"w-post-elm post_content usg_post_content_1\">Alexander Gallus, geb. 1972, studierte Geschichte und Politikwissenschaft in Berlin und Oxford. Nach seiner Zeit als Juniorprofessor f\u00fcr Zeitgeschichte \u2013Geschichte des politischen Denkens an der Universit\u00e4t Rostock folgte er einem&hellip;<\/div><\/div><\/div>\t<\/div>\r\n<\/article>\r\n<article class=\"w-grid-item size_1x1 post-1976 post type-post status-publish format-standard has-post-thumbnail hentry category-autor tag-gnielkathomas\" data-id=\"1976\">\r\n\t<div class=\"w-grid-item-h\">\r\n\t\t\t\t<div class=\"w-hwrapper usg_hwrapper_1 align_left valign_top wrap\"><div class=\"w-post-elm post_image usg_post_image_1 as_circle has_width has_ratio\"><div style=\"padding-bottom:100.0000%\"><\/div><a href=\"https:\/\/europaeischeverlagsanstalt.de\/?p=1976\" aria-label=\"Thomas Gnielka\"><img width=\"1024\" height=\"693\" src=\"https:\/\/europaeischeverlagsanstalt.de\/wp-856ad-content\/uploads\/2021\/03\/Gnielka-1024x693.png\" class=\"attachment-large size-large wp-post-image\" alt=\"\" loading=\"lazy\" srcset=\"https:\/\/europaeischeverlagsanstalt.de\/wp-856ad-content\/uploads\/2021\/03\/Gnielka-1024x693.png 1024w, https:\/\/europaeischeverlagsanstalt.de\/wp-856ad-content\/uploads\/2021\/03\/Gnielka-300x203.png 300w, https:\/\/europaeischeverlagsanstalt.de\/wp-856ad-content\/uploads\/2021\/03\/Gnielka-591x400.png 591w, https:\/\/europaeischeverlagsanstalt.de\/wp-856ad-content\/uploads\/2021\/03\/Gnielka-74x50.png 74w, https:\/\/europaeischeverlagsanstalt.de\/wp-856ad-content\/uploads\/2021\/03\/Gnielka.png 1132w\" sizes=\"(max-width: 1024px) 100vw, 1024px\" \/><\/a><\/div><div class=\"w-vwrapper usg_vwrapper_1 align_left valign_top\"><h2 class=\"w-post-elm post_title usg_post_title_1 entry-title color_link_inherit has_text_color\"><a href=\"https:\/\/europaeischeverlagsanstalt.de\/?p=1976\">Thomas Gnielka<\/a><\/h2><div class=\"w-post-elm post_content usg_post_content_1\">Thomas Gnielka wurde 1928 in Berlin geboren. Im Sommer 1944 war er Sch\u00fcler des Kant-Gymnasiums in Berlin-Spandau, als seine Klasse als Luftwaffenhelfer dienstverpflichtet wurde. Nach ersten Wehr\u00fcbungen wurden sie zur&hellip;<\/div><\/div><\/div>\t<\/div>\r\n<\/article>\r\n<article class=\"w-grid-item size_1x1 post-3616 post type-post status-publish format-standard has-post-thumbnail hentry category-allgemein category-autor category-autoren tag-goodmanthaueveline\" data-id=\"3616\">\r\n\t<div class=\"w-grid-item-h\">\r\n\t\t\t\t<div class=\"w-hwrapper usg_hwrapper_1 align_left valign_top wrap\"><div class=\"w-post-elm post_image usg_post_image_1 as_circle has_width has_ratio\"><div style=\"padding-bottom:100.0000%\"><\/div><a href=\"https:\/\/europaeischeverlagsanstalt.de\/?p=3616\" aria-label=\"Eveline Goodman-Thau\"><img width=\"159\" height=\"213\" src=\"https:\/\/europaeischeverlagsanstalt.de\/wp-856ad-content\/uploads\/2021\/12\/Eveline_Goodman-Thau_Foto.png\" class=\"attachment-large size-large wp-post-image\" alt=\"\" loading=\"lazy\" srcset=\"https:\/\/europaeischeverlagsanstalt.de\/wp-856ad-content\/uploads\/2021\/12\/Eveline_Goodman-Thau_Foto.png 159w, https:\/\/europaeischeverlagsanstalt.de\/wp-856ad-content\/uploads\/2021\/12\/Eveline_Goodman-Thau_Foto-37x50.png 37w\" sizes=\"(max-width: 159px) 100vw, 159px\" \/><\/a><\/div><div class=\"w-vwrapper usg_vwrapper_1 align_left valign_top\"><h2 class=\"w-post-elm post_title usg_post_title_1 entry-title color_link_inherit has_text_color\"><a href=\"https:\/\/europaeischeverlagsanstalt.de\/?p=3616\">Eveline Goodman-Thau<\/a><\/h2><div class=\"w-post-elm post_content usg_post_content_1\">Eveline Goodman-Thau ist Professorin und Autorin zahlreicher Publikationen zur j\u00fcdischen Philosophie und Religionsgeschichte, Rabbinerin und Gr\u00fcndungsdirektorin der Hermann-Cohen-Akademie f\u00fcr Religion, Wissenschaft und Kultur.<\/div><\/div><\/div>\t<\/div>\r\n<\/article>\r\n<article class=\"w-grid-item size_1x1 post-4966 post type-post status-publish format-standard has-post-thumbnail hentry category-autor tag-grotheewald\" data-id=\"4966\">\r\n\t<div class=\"w-grid-item-h\">\r\n\t\t\t\t<div class=\"w-hwrapper usg_hwrapper_1 align_left valign_top wrap\"><div class=\"w-post-elm post_image usg_post_image_1 as_circle has_width has_ratio\"><div style=\"padding-bottom:100.0000%\"><\/div><a href=\"https:\/\/europaeischeverlagsanstalt.de\/?p=4966\" aria-label=\"Ewald Grothe\"><img width=\"453\" height=\"674\" src=\"https:\/\/europaeischeverlagsanstalt.de\/wp-856ad-content\/uploads\/2022\/12\/Ewald-Grothe.jpg\" class=\"attachment-large size-large wp-post-image\" alt=\"\" loading=\"lazy\" srcset=\"https:\/\/europaeischeverlagsanstalt.de\/wp-856ad-content\/uploads\/2022\/12\/Ewald-Grothe.jpg 453w, https:\/\/europaeischeverlagsanstalt.de\/wp-856ad-content\/uploads\/2022\/12\/Ewald-Grothe-202x300.jpg 202w, https:\/\/europaeischeverlagsanstalt.de\/wp-856ad-content\/uploads\/2022\/12\/Ewald-Grothe-269x400.jpg 269w, https:\/\/europaeischeverlagsanstalt.de\/wp-856ad-content\/uploads\/2022\/12\/Ewald-Grothe-34x50.jpg 34w\" sizes=\"(max-width: 453px) 100vw, 453px\" \/><\/a><\/div><div class=\"w-vwrapper usg_vwrapper_1 align_left valign_top\"><h2 class=\"w-post-elm post_title usg_post_title_1 entry-title color_link_inherit has_text_color\"><a href=\"https:\/\/europaeischeverlagsanstalt.de\/?p=4966\">Ewald Grothe<\/a><\/h2><div class=\"w-post-elm post_content usg_post_content_1\">Ewald Grothe, geboren 1961, Studium der Geschichte, des \u00d6ffentlichen Rechts und der Rechtsgeschichte an der Philipps-Universit\u00e4t Marburg, 1994 Promotion in Marburg,2004 Habilitation an der Bergischen Universit\u00e4t Wuppertal, seit 2007 Lehrbeauftragter&hellip;<\/div><\/div><\/div>\t<\/div>\r\n<\/article>\r\n<article class=\"w-grid-item size_1x1 post-1584 post type-post status-publish format-standard has-post-thumbnail hentry category-autor tag-hackejens\" data-id=\"1584\">\r\n\t<div class=\"w-grid-item-h\">\r\n\t\t\t\t<div class=\"w-hwrapper usg_hwrapper_1 align_left valign_top wrap\"><div class=\"w-post-elm post_image usg_post_image_1 as_circle has_width has_ratio\"><div style=\"padding-bottom:100.0000%\"><\/div><a href=\"https:\/\/europaeischeverlagsanstalt.de\/?p=1584\" aria-label=\"Jens Hacke\"><img width=\"454\" height=\"681\" src=\"https:\/\/europaeischeverlagsanstalt.de\/wp-856ad-content\/uploads\/2021\/03\/hacke_jens.jpg\" class=\"attachment-large size-large wp-post-image\" alt=\"\" loading=\"lazy\" srcset=\"https:\/\/europaeischeverlagsanstalt.de\/wp-856ad-content\/uploads\/2021\/03\/hacke_jens.jpg 454w, https:\/\/europaeischeverlagsanstalt.de\/wp-856ad-content\/uploads\/2021\/03\/hacke_jens-200x300.jpg 200w, https:\/\/europaeischeverlagsanstalt.de\/wp-856ad-content\/uploads\/2021\/03\/hacke_jens-267x400.jpg 267w, https:\/\/europaeischeverlagsanstalt.de\/wp-856ad-content\/uploads\/2021\/03\/hacke_jens-33x50.jpg 33w\" sizes=\"(max-width: 454px) 100vw, 454px\" \/><\/a><\/div><div class=\"w-vwrapper usg_vwrapper_1 align_left valign_top\"><h2 class=\"w-post-elm post_title usg_post_title_1 entry-title color_link_inherit has_text_color\"><a href=\"https:\/\/europaeischeverlagsanstalt.de\/?p=1584\">Jens Hacke<\/a><\/h2><div class=\"w-post-elm post_content usg_post_content_1\">Jens Hacke (Jahrgang 1973) lehrte bislang Politische Theorie in Berlin, Hamburg, Halle-Wittenberg und Greifswald. Er arbeitet momentan als Vertretungsprofessor f\u00fcr Vergleichende Politische Kulturforschung an der Universit\u00e4t der Bundeswehr M\u00fcnchen und&hellip;<\/div><\/div><\/div>\t<\/div>\r\n<\/article>\r\n<article class=\"w-grid-item size_1x1 post-1978 post type-post status-publish format-standard has-post-thumbnail hentry category-autor tag-hamacherwerner\" data-id=\"1978\">\r\n\t<div class=\"w-grid-item-h\">\r\n\t\t\t\t<div class=\"w-hwrapper usg_hwrapper_1 align_left valign_top wrap\"><div class=\"w-post-elm post_image usg_post_image_1 as_circle has_width has_ratio\"><div style=\"padding-bottom:100.0000%\"><\/div><a href=\"https:\/\/europaeischeverlagsanstalt.de\/?p=1978\" aria-label=\"Werner Hamacher\"><img width=\"467\" height=\"700\" src=\"https:\/\/europaeischeverlagsanstalt.de\/wp-856ad-content\/uploads\/2021\/03\/9783100324597_1005723.jpg\" class=\"attachment-large size-large wp-post-image\" alt=\"\" loading=\"lazy\" srcset=\"https:\/\/europaeischeverlagsanstalt.de\/wp-856ad-content\/uploads\/2021\/03\/9783100324597_1005723.jpg 467w, https:\/\/europaeischeverlagsanstalt.de\/wp-856ad-content\/uploads\/2021\/03\/9783100324597_1005723-200x300.jpg 200w, https:\/\/europaeischeverlagsanstalt.de\/wp-856ad-content\/uploads\/2021\/03\/9783100324597_1005723-267x400.jpg 267w, https:\/\/europaeischeverlagsanstalt.de\/wp-856ad-content\/uploads\/2021\/03\/9783100324597_1005723-33x50.jpg 33w\" sizes=\"(max-width: 467px) 100vw, 467px\" \/><\/a><\/div><div class=\"w-vwrapper usg_vwrapper_1 align_left valign_top\"><h2 class=\"w-post-elm post_title usg_post_title_1 entry-title color_link_inherit has_text_color\"><a href=\"https:\/\/europaeischeverlagsanstalt.de\/?p=1978\">Werner Hamacher<\/a><\/h2><div class=\"w-post-elm post_content usg_post_content_1\">Werner Hamacher (1948-2017), Literaturkritiker und Theoretiker der Dekonstruktion und Professor f\u00fcr Allgemeine und Vergleichende Literaturwissenschaft an der Johann Wolfgang Goethe-Universit\u00e4t in Frankfurt am Main. Seine Arbeiten liegen im Grenzgebiet zwischen&hellip;<\/div><\/div><\/div>\t<\/div>\r\n<\/article>\r\n<article class=\"w-grid-item size_1x1 post-5763 post type-post status-publish format-standard has-post-thumbnail hentry category-allgemein category-autor category-autoren tag-hayespeter\" data-id=\"5763\">\r\n\t<div class=\"w-grid-item-h\">\r\n\t\t\t\t<div class=\"w-hwrapper usg_hwrapper_1 align_left valign_top wrap\"><div class=\"w-post-elm post_image usg_post_image_1 as_circle has_width has_ratio\"><div style=\"padding-bottom:100.0000%\"><\/div><a href=\"https:\/\/europaeischeverlagsanstalt.de\/?p=5763\" aria-label=\"Peter Hayes\"><img width=\"302\" height=\"329\" src=\"https:\/\/europaeischeverlagsanstalt.de\/wp-856ad-content\/uploads\/2023\/09\/Hayes-Autorenbio.jpeg\" class=\"attachment-large size-large wp-post-image\" alt=\"\" loading=\"lazy\" srcset=\"https:\/\/europaeischeverlagsanstalt.de\/wp-856ad-content\/uploads\/2023\/09\/Hayes-Autorenbio.jpeg 302w, https:\/\/europaeischeverlagsanstalt.de\/wp-856ad-content\/uploads\/2023\/09\/Hayes-Autorenbio-275x300.jpeg 275w, https:\/\/europaeischeverlagsanstalt.de\/wp-856ad-content\/uploads\/2023\/09\/Hayes-Autorenbio-46x50.jpeg 46w\" sizes=\"(max-width: 302px) 100vw, 302px\" \/><\/a><\/div><div class=\"w-vwrapper usg_vwrapper_1 align_left valign_top\"><h2 class=\"w-post-elm post_title usg_post_title_1 entry-title color_link_inherit has_text_color\"><a href=\"https:\/\/europaeischeverlagsanstalt.de\/?p=5763\">Peter Hayes<\/a><\/h2><div class=\"w-post-elm post_content usg_post_content_1\">Peter Francis Hayes, geb. 7. September 1946 in Boston, ist ein US-amerikanischer Historiker. Sein Forschungsschwerpunkt ist die deutsche Geschichte im 20. Jahrhundert, insbesondere die Zeit des Nationalsozialismus. Sein Spezialgebiet ist&hellip;<\/div><\/div><\/div>\t<\/div>\r\n<\/article>\r\n<article class=\"w-grid-item size_1x1 post-2229 post type-post status-publish format-standard has-post-thumbnail hentry category-autor tag-heinsohnkirsten\" data-id=\"2229\">\r\n\t<div class=\"w-grid-item-h\">\r\n\t\t\t\t<div class=\"w-hwrapper usg_hwrapper_1 align_left valign_top wrap\"><div class=\"w-post-elm post_image usg_post_image_1 as_circle has_width has_ratio\"><div style=\"padding-bottom:100.0000%\"><\/div><a href=\"https:\/\/europaeischeverlagsanstalt.de\/?p=2229\" aria-label=\"Kirsten Heinsohn\"><img width=\"200\" height=\"280\" src=\"https:\/\/europaeischeverlagsanstalt.de\/wp-856ad-content\/uploads\/2021\/06\/heinsohnK.jpg\" class=\"attachment-large size-large wp-post-image\" alt=\"\" loading=\"lazy\" srcset=\"https:\/\/europaeischeverlagsanstalt.de\/wp-856ad-content\/uploads\/2021\/06\/heinsohnK.jpg 200w, https:\/\/europaeischeverlagsanstalt.de\/wp-856ad-content\/uploads\/2021\/06\/heinsohnK-36x50.jpg 36w\" sizes=\"(max-width: 200px) 100vw, 200px\" \/><\/a><\/div><div class=\"w-vwrapper usg_vwrapper_1 align_left valign_top\"><h2 class=\"w-post-elm post_title usg_post_title_1 entry-title color_link_inherit has_text_color\"><a href=\"https:\/\/europaeischeverlagsanstalt.de\/?p=2229\">Kirsten Heinsohn<\/a><\/h2><div class=\"w-post-elm post_content usg_post_content_1\">Kirsten Heinsohn ist stellvertretende Direktorin an der Forschungsstelle f\u00fcr Zeitgeschichte in Hamburg und Professorin an der Universit\u00e4t Hamburg. Sie hat zu Eva Reichmann geforscht und Artikel zu Werk und Person&hellip;<\/div><\/div><\/div>\t<\/div>\r\n<\/article>\r\n<article class=\"w-grid-item size_1x1 post-1588 post type-post status-publish format-standard has-post-thumbnail hentry category-autor tag-hermandjost\" data-id=\"1588\">\r\n\t<div class=\"w-grid-item-h\">\r\n\t\t\t\t<div class=\"w-hwrapper usg_hwrapper_1 align_left valign_top wrap\"><div class=\"w-post-elm post_image usg_post_image_1 as_circle has_width has_ratio\"><div style=\"padding-bottom:100.0000%\"><\/div><a href=\"https:\/\/europaeischeverlagsanstalt.de\/?p=1588\" aria-label=\"Jost Hermand\"><img width=\"300\" height=\"262\" src=\"https:\/\/europaeischeverlagsanstalt.de\/wp-856ad-content\/uploads\/2021\/03\/hermand_jost.jpg\" class=\"attachment-large size-large wp-post-image\" alt=\"\" loading=\"lazy\" srcset=\"https:\/\/europaeischeverlagsanstalt.de\/wp-856ad-content\/uploads\/2021\/03\/hermand_jost.jpg 300w, https:\/\/europaeischeverlagsanstalt.de\/wp-856ad-content\/uploads\/2021\/03\/hermand_jost-57x50.jpg 57w\" sizes=\"(max-width: 300px) 100vw, 300px\" \/><\/a><\/div><div class=\"w-vwrapper usg_vwrapper_1 align_left valign_top\"><h2 class=\"w-post-elm post_title usg_post_title_1 entry-title color_link_inherit has_text_color\"><a href=\"https:\/\/europaeischeverlagsanstalt.de\/?p=1588\">Jost Hermand<\/a><\/h2><div class=\"w-post-elm post_content usg_post_content_1\">Jost Hermand (1930-2021) war Professor f\u00fcr deutsche Literatur an der Universit\u00e4t Wisconsin\/USA und Honorarprofessor an der HU zu Berlin. Er verfasste zahlreiche grundlegende B\u00fccher zur deutschen Literatur- und Kulturgeschichte. Zusammen&hellip;<\/div><\/div><\/div>\t<\/div>\r\n<\/article>\r\n<article class=\"w-grid-item size_1x1 post-1592 post type-post status-publish format-standard has-post-thumbnail hentry category-autor tag-hertzdeborah\" data-id=\"1592\">\r\n\t<div class=\"w-grid-item-h\">\r\n\t\t\t\t<div class=\"w-hwrapper usg_hwrapper_1 align_left valign_top wrap\"><div class=\"w-post-elm post_image usg_post_image_1 as_circle has_width has_ratio\"><div style=\"padding-bottom:100.0000%\"><\/div><a href=\"https:\/\/europaeischeverlagsanstalt.de\/?p=1592\" aria-label=\"Deborah Hertz\"><img width=\"400\" height=\"218\" src=\"https:\/\/europaeischeverlagsanstalt.de\/wp-856ad-content\/uploads\/2021\/03\/hertz_deborah.jpg\" class=\"attachment-large size-large wp-post-image\" alt=\"\" loading=\"lazy\" srcset=\"https:\/\/europaeischeverlagsanstalt.de\/wp-856ad-content\/uploads\/2021\/03\/hertz_deborah.jpg 400w, https:\/\/europaeischeverlagsanstalt.de\/wp-856ad-content\/uploads\/2021\/03\/hertz_deborah-300x164.jpg 300w, https:\/\/europaeischeverlagsanstalt.de\/wp-856ad-content\/uploads\/2021\/03\/hertz_deborah-92x50.jpg 92w\" sizes=\"(max-width: 400px) 100vw, 400px\" \/><\/a><\/div><div class=\"w-vwrapper usg_vwrapper_1 align_left valign_top\"><h2 class=\"w-post-elm post_title usg_post_title_1 entry-title color_link_inherit has_text_color\"><a href=\"https:\/\/europaeischeverlagsanstalt.de\/?p=1592\">Deborah Hertz<\/a><\/h2><div class=\"w-post-elm post_content usg_post_content_1\">Deborah Hertz, geboren 1949 in Saint Paul, Minnesota, lehrt Modern Jewish Studies an der University of California, San Diego, und erhielt Gastprofessuren an der Hebrew University, Tel Aviv University, der&hellip;<\/div><\/div><\/div>\t<\/div>\r\n<\/article>\r\n<article class=\"w-grid-item size_1x1 post-1970 post type-post status-publish format-standard has-post-thumbnail hentry category-autor tag-homolkawalter\" data-id=\"1970\">\r\n\t<div class=\"w-grid-item-h\">\r\n\t\t\t\t<div class=\"w-hwrapper usg_hwrapper_1 align_left valign_top wrap\"><div class=\"w-post-elm post_image usg_post_image_1 as_circle has_width has_ratio\"><div style=\"padding-bottom:100.0000%\"><\/div><a href=\"https:\/\/europaeischeverlagsanstalt.de\/?p=1970\" aria-label=\"Walter Homolka\"><img width=\"128\" height=\"124\" src=\"https:\/\/europaeischeverlagsanstalt.de\/wp-856ad-content\/uploads\/2021\/03\/220px-Rabbiner_W_Homolka_vor_dem_Landtag_Brandenburg.jpg\" class=\"attachment-large size-large wp-post-image\" alt=\"\" loading=\"lazy\" srcset=\"https:\/\/europaeischeverlagsanstalt.de\/wp-856ad-content\/uploads\/2021\/03\/220px-Rabbiner_W_Homolka_vor_dem_Landtag_Brandenburg.jpg 128w, https:\/\/europaeischeverlagsanstalt.de\/wp-856ad-content\/uploads\/2021\/03\/220px-Rabbiner_W_Homolka_vor_dem_Landtag_Brandenburg-52x50.jpg 52w\" sizes=\"(max-width: 128px) 100vw, 128px\" \/><\/a><\/div><div class=\"w-vwrapper usg_vwrapper_1 align_left valign_top\"><h2 class=\"w-post-elm post_title usg_post_title_1 entry-title color_link_inherit has_text_color\"><a href=\"https:\/\/europaeischeverlagsanstalt.de\/?p=1970\">Walter Homolka<\/a><\/h2><div class=\"w-post-elm post_content usg_post_content_1\">Rabbiner Walter Homolka (PhD King\u2019s College London; PhD University of Wales Trinity St. David, DHL Hebrew Union College New York), 1964, ist ordentlicher Universit\u00e4tsprofessor f\u00fcr J\u00fcdische Religionsphilosophie der Neuzeit &#8211;&hellip;<\/div><\/div><\/div>\t<\/div>\r\n<\/article>\r\n<article class=\"w-grid-item size_1x1 post-1940 post type-post status-publish format-standard has-post-thumbnail hentry category-autor tag-huhlerainer\" data-id=\"1940\">\r\n\t<div class=\"w-grid-item-h\">\r\n\t\t\t\t<div class=\"w-hwrapper usg_hwrapper_1 align_left valign_top wrap\"><div class=\"w-post-elm post_image usg_post_image_1 as_circle has_width has_ratio\"><div style=\"padding-bottom:100.0000%\"><\/div><a href=\"https:\/\/europaeischeverlagsanstalt.de\/?p=1940\" aria-label=\"Rainer Huhle\"><img width=\"320\" height=\"480\" src=\"https:\/\/europaeischeverlagsanstalt.de\/wp-856ad-content\/uploads\/2021\/03\/csm_huhle_rainer_0832cbc91d.jpg\" class=\"attachment-large size-large wp-post-image\" alt=\"\" loading=\"lazy\" srcset=\"https:\/\/europaeischeverlagsanstalt.de\/wp-856ad-content\/uploads\/2021\/03\/csm_huhle_rainer_0832cbc91d.jpg 320w, https:\/\/europaeischeverlagsanstalt.de\/wp-856ad-content\/uploads\/2021\/03\/csm_huhle_rainer_0832cbc91d-200x300.jpg 200w, https:\/\/europaeischeverlagsanstalt.de\/wp-856ad-content\/uploads\/2021\/03\/csm_huhle_rainer_0832cbc91d-267x400.jpg 267w, https:\/\/europaeischeverlagsanstalt.de\/wp-856ad-content\/uploads\/2021\/03\/csm_huhle_rainer_0832cbc91d-33x50.jpg 33w\" sizes=\"(max-width: 320px) 100vw, 320px\" \/><\/a><\/div><div class=\"w-vwrapper usg_vwrapper_1 align_left valign_top\"><h2 class=\"w-post-elm post_title usg_post_title_1 entry-title color_link_inherit has_text_color\"><a href=\"https:\/\/europaeischeverlagsanstalt.de\/?p=1940\">Rainer Huhle<\/a><\/h2><div class=\"w-post-elm post_content usg_post_content_1\">Rainer Huhle hat zahlreiche Ver\u00f6ffentlichungen zu Menschenrechten, Erinnerungspolitik und internationaler Strafgerichtsbarkeit vorgelegt und ist zusammen mit Otto B\u00f6hm im N\u00fcrnberger Menschenrechtszentrum, das sich mit den N\u00fcrnberger Prozessen und allen Fragen&hellip;<\/div><\/div><\/div>\t<\/div>\r\n<\/article>\r\n<article class=\"w-grid-item size_1x1 post-1757 post type-post status-publish format-standard has-post-thumbnail hentry category-autor tag-husserledmund\" data-id=\"1757\">\r\n\t<div class=\"w-grid-item-h\">\r\n\t\t\t\t<div class=\"w-hwrapper usg_hwrapper_1 align_left valign_top wrap\"><div class=\"w-post-elm post_image usg_post_image_1 as_circle has_width has_ratio\"><div style=\"padding-bottom:100.0000%\"><\/div><a href=\"https:\/\/europaeischeverlagsanstalt.de\/?p=1757\" aria-label=\"Edmund Husserl\"><img width=\"157\" height=\"139\" src=\"https:\/\/europaeischeverlagsanstalt.de\/wp-856ad-content\/uploads\/2021\/03\/170px-Edmund_Husserl_1900.jpg\" class=\"attachment-large size-large wp-post-image\" alt=\"\" loading=\"lazy\" srcset=\"https:\/\/europaeischeverlagsanstalt.de\/wp-856ad-content\/uploads\/2021\/03\/170px-Edmund_Husserl_1900.jpg 157w, https:\/\/europaeischeverlagsanstalt.de\/wp-856ad-content\/uploads\/2021\/03\/170px-Edmund_Husserl_1900-56x50.jpg 56w\" sizes=\"(max-width: 157px) 100vw, 157px\" \/><\/a><\/div><div class=\"w-vwrapper usg_vwrapper_1 align_left valign_top\"><h2 class=\"w-post-elm post_title usg_post_title_1 entry-title color_link_inherit has_text_color\"><a href=\"https:\/\/europaeischeverlagsanstalt.de\/?p=1757\">Edmund Husserl<\/a><\/h2><div class=\"w-post-elm post_content usg_post_content_1\">Edmund Husserl, geboren 1859 in M\u00e4hren, gestorben 1938 in Freiburg im Breisgau, Philosoph und Mathematiker, Begr\u00fcnder der Ph\u00e4nomenologie und einer der einflussreichsten Denker des 20. Jahrhunderts.<\/div><\/div><\/div>\t<\/div>\r\n<\/article>\r\n<article class=\"w-grid-item size_1x1 post-1858 post type-post status-publish format-standard has-post-thumbnail hentry category-autor tag-ignatieffmichael\" data-id=\"1858\">\r\n\t<div class=\"w-grid-item-h\">\r\n\t\t\t\t<div class=\"w-hwrapper usg_hwrapper_1 align_left valign_top wrap\"><div class=\"w-post-elm post_image usg_post_image_1 as_circle has_width has_ratio\"><div style=\"padding-bottom:100.0000%\"><\/div><a href=\"https:\/\/europaeischeverlagsanstalt.de\/?p=1858\" aria-label=\"Michael Ignatieff\"><img width=\"220\" height=\"320\" src=\"https:\/\/europaeischeverlagsanstalt.de\/wp-856ad-content\/uploads\/2021\/03\/Michael-Ignatieff.jpg\" class=\"attachment-large size-large wp-post-image\" alt=\"\" loading=\"lazy\" srcset=\"https:\/\/europaeischeverlagsanstalt.de\/wp-856ad-content\/uploads\/2021\/03\/Michael-Ignatieff.jpg 220w, https:\/\/europaeischeverlagsanstalt.de\/wp-856ad-content\/uploads\/2021\/03\/Michael-Ignatieff-206x300.jpg 206w, https:\/\/europaeischeverlagsanstalt.de\/wp-856ad-content\/uploads\/2021\/03\/Michael-Ignatieff-34x50.jpg 34w\" sizes=\"(max-width: 220px) 100vw, 220px\" \/><\/a><\/div><div class=\"w-vwrapper usg_vwrapper_1 align_left valign_top\"><h2 class=\"w-post-elm post_title usg_post_title_1 entry-title color_link_inherit has_text_color\"><a href=\"https:\/\/europaeischeverlagsanstalt.de\/?p=1858\">Michael Ignatieff<\/a><\/h2><div class=\"w-post-elm post_content usg_post_content_1\">Michael Ignatieff (geb. 1947 in Kanada), Professor f\u00fcr Menschenrechtspolitik am Carr Centre der Kennedy School of Government in Harvard. Studium der Geschichte und Philosophie in Cambridge, danach viele Jahre Arbeit&hellip;<\/div><\/div><\/div>\t<\/div>\r\n<\/article>\r\n<article class=\"w-grid-item size_1x1 post-5287 post type-post status-publish format-standard has-post-thumbnail hentry category-allgemein category-autor tag-joerkedirk\" data-id=\"5287\">\r\n\t<div class=\"w-grid-item-h\">\r\n\t\t\t\t<div class=\"w-hwrapper usg_hwrapper_1 align_left valign_top wrap\"><div class=\"w-post-elm post_image usg_post_image_1 as_circle has_width has_ratio\"><div style=\"padding-bottom:100.0000%\"><\/div><a href=\"https:\/\/europaeischeverlagsanstalt.de\/?p=5287\" aria-label=\"Dirk J\u00f6rke\"><img width=\"500\" height=\"500\" src=\"https:\/\/europaeischeverlagsanstalt.de\/wp-856ad-content\/uploads\/2023\/05\/Foto-Dirk-Joerke.jpg\" class=\"attachment-large size-large wp-post-image\" alt=\"\" loading=\"lazy\" srcset=\"https:\/\/europaeischeverlagsanstalt.de\/wp-856ad-content\/uploads\/2023\/05\/Foto-Dirk-Joerke.jpg 500w, https:\/\/europaeischeverlagsanstalt.de\/wp-856ad-content\/uploads\/2023\/05\/Foto-Dirk-Joerke-300x300.jpg 300w, https:\/\/europaeischeverlagsanstalt.de\/wp-856ad-content\/uploads\/2023\/05\/Foto-Dirk-Joerke-150x150.jpg 150w, https:\/\/europaeischeverlagsanstalt.de\/wp-856ad-content\/uploads\/2023\/05\/Foto-Dirk-Joerke-400x400.jpg 400w, https:\/\/europaeischeverlagsanstalt.de\/wp-856ad-content\/uploads\/2023\/05\/Foto-Dirk-Joerke-50x50.jpg 50w\" sizes=\"(max-width: 500px) 100vw, 500px\" \/><\/a><\/div><div class=\"w-vwrapper usg_vwrapper_1 align_left valign_top\"><h2 class=\"w-post-elm post_title usg_post_title_1 entry-title color_link_inherit has_text_color\"><a href=\"https:\/\/europaeischeverlagsanstalt.de\/?p=5287\">Dirk J\u00f6rke<\/a><\/h2><div class=\"w-post-elm post_content usg_post_content_1\">geb. 1971, seit 2014 Professor f\u00fcr Politische Theorie und Ideengeschichte an der Technischen Universit\u00e4t Darmstadt. Er forscht u.a. \u00fcber Demokratietheorie, Populismus, Politische Anthropologie sowie John Dewey. Zu seinen wichtigsten Ver\u00f6ffentlichungen&hellip;<\/div><\/div><\/div>\t<\/div>\r\n<\/article>\r\n<article class=\"w-grid-item size_1x1 post-4023 post type-post status-publish format-standard has-post-thumbnail hentry category-allgemein category-autor category-autoren tag-kantorowiczhermann\" data-id=\"4023\">\r\n\t<div class=\"w-grid-item-h\">\r\n\t\t\t\t<div class=\"w-hwrapper usg_hwrapper_1 align_left valign_top wrap\"><div class=\"w-post-elm post_image usg_post_image_1 as_circle has_width has_ratio\"><div style=\"padding-bottom:100.0000%\"><\/div><a href=\"https:\/\/europaeischeverlagsanstalt.de\/?p=4023\" aria-label=\"Hermann Kantorowicz\"><img width=\"179\" height=\"236\" src=\"https:\/\/europaeischeverlagsanstalt.de\/wp-856ad-content\/uploads\/2022\/04\/Bildschirmfoto-2022-04-06-um-12.20.23.png\" class=\"attachment-large size-large wp-post-image\" alt=\"\" loading=\"lazy\" srcset=\"https:\/\/europaeischeverlagsanstalt.de\/wp-856ad-content\/uploads\/2022\/04\/Bildschirmfoto-2022-04-06-um-12.20.23.png 179w, https:\/\/europaeischeverlagsanstalt.de\/wp-856ad-content\/uploads\/2022\/04\/Bildschirmfoto-2022-04-06-um-12.20.23-38x50.png 38w\" sizes=\"(max-width: 179px) 100vw, 179px\" \/><\/a><\/div><div class=\"w-vwrapper usg_vwrapper_1 align_left valign_top\"><h2 class=\"w-post-elm post_title usg_post_title_1 entry-title color_link_inherit has_text_color\"><a href=\"https:\/\/europaeischeverlagsanstalt.de\/?p=4023\">Hermann Kantorowicz<\/a><\/h2><div class=\"w-post-elm post_content usg_post_content_1\">Hermann Kantorowicz (Pseudonym: Gnaeus Flavius), geboren am 18. November 1877 in Posen, gestorben am 12. Februar 1940 in Cambridge, war ein deutscher Rechtswissenschaftler. Kantorowicz studierte in Berlin und Genf, promovierte&hellip;<\/div><\/div><\/div>\t<\/div>\r\n<\/article>\r\n<article class=\"w-grid-item size_1x1 post-1857 post type-post status-publish format-standard has-post-thumbnail hentry category-autor tag-kaessmannmargot\" data-id=\"1857\">\r\n\t<div class=\"w-grid-item-h\">\r\n\t\t\t\t<div class=\"w-hwrapper usg_hwrapper_1 align_left valign_top wrap\"><div class=\"w-post-elm post_image usg_post_image_1 as_circle has_width has_ratio\"><div style=\"padding-bottom:100.0000%\"><\/div><a href=\"https:\/\/europaeischeverlagsanstalt.de\/?p=1857\" aria-label=\"Margot K\u00e4\u00dfmann\"><img width=\"170\" height=\"255\" src=\"https:\/\/europaeischeverlagsanstalt.de\/wp-856ad-content\/uploads\/2021\/03\/Margot_Kaessmann_Saint_Thomas_Strasbourg_31_octobre_2015.jpg\" class=\"attachment-large size-large wp-post-image\" alt=\"\" loading=\"lazy\" srcset=\"https:\/\/europaeischeverlagsanstalt.de\/wp-856ad-content\/uploads\/2021\/03\/Margot_Kaessmann_Saint_Thomas_Strasbourg_31_octobre_2015.jpg 170w, https:\/\/europaeischeverlagsanstalt.de\/wp-856ad-content\/uploads\/2021\/03\/Margot_Kaessmann_Saint_Thomas_Strasbourg_31_octobre_2015-33x50.jpg 33w\" sizes=\"(max-width: 170px) 100vw, 170px\" \/><\/a><\/div><div class=\"w-vwrapper usg_vwrapper_1 align_left valign_top\"><h2 class=\"w-post-elm post_title usg_post_title_1 entry-title color_link_inherit has_text_color\"><a href=\"https:\/\/europaeischeverlagsanstalt.de\/?p=1857\">Margot K\u00e4\u00dfmann<\/a><\/h2><div class=\"w-post-elm post_content usg_post_content_1\">Margot K\u00e4\u00dfmann, Prof. Dr. theol., Dr. h. c., geb. 1958, ist evangelisch-lutherische Theologin und Pfarrerin. Sie war von 1999 bis 2010 Bisch\u00f6fin der gr\u00f6\u00dften evangelischen Landeskirche in Hannover und 2009\/2010&hellip;<\/div><\/div><\/div>\t<\/div>\r\n<\/article>\r\n<article class=\"w-grid-item size_1x1 post-1751 post type-post status-publish format-standard has-post-thumbnail hentry category-autor tag-kastenchristoph\" data-id=\"1751\">\r\n\t<div class=\"w-grid-item-h\">\r\n\t\t\t\t<div class=\"w-hwrapper usg_hwrapper_1 align_left valign_top wrap\"><div class=\"w-post-elm post_image usg_post_image_1 as_circle has_width has_ratio\"><div style=\"padding-bottom:100.0000%\"><\/div><a href=\"https:\/\/europaeischeverlagsanstalt.de\/?p=1751\" aria-label=\"Christoph Kasten\"><img width=\"768\" height=\"886\" src=\"https:\/\/europaeischeverlagsanstalt.de\/wp-856ad-content\/uploads\/2021\/03\/Kasten.jpeg\" class=\"attachment-large size-large wp-post-image\" alt=\"\" loading=\"lazy\" srcset=\"https:\/\/europaeischeverlagsanstalt.de\/wp-856ad-content\/uploads\/2021\/03\/Kasten.jpeg 768w, https:\/\/europaeischeverlagsanstalt.de\/wp-856ad-content\/uploads\/2021\/03\/Kasten-260x300.jpeg 260w, https:\/\/europaeischeverlagsanstalt.de\/wp-856ad-content\/uploads\/2021\/03\/Kasten-347x400.jpeg 347w, https:\/\/europaeischeverlagsanstalt.de\/wp-856ad-content\/uploads\/2021\/03\/Kasten-43x50.jpeg 43w\" sizes=\"(max-width: 768px) 100vw, 768px\" \/><\/a><\/div><div class=\"w-vwrapper usg_vwrapper_1 align_left valign_top\"><h2 class=\"w-post-elm post_title usg_post_title_1 entry-title color_link_inherit has_text_color\"><a href=\"https:\/\/europaeischeverlagsanstalt.de\/?p=1751\">Christoph Kasten<\/a><\/h2><div class=\"w-post-elm post_content usg_post_content_1\">Christoph Kasten studierte J\u00fcdische Studien, Religionswissenschaften und Neuere und Neuste Geschichte in Berlin, Potsdam, Jerusalem und Berkeley. Seit 2015 arbeitet er an der Johann Wolfgang-Goethe-Universit\u00e4t Frankfurt a.M. und am Zentrum&hellip;<\/div><\/div><\/div>\t<\/div>\r\n<\/article>\r\n<article class=\"w-grid-item size_1x1 post-2106 post type-post status-publish format-standard has-post-thumbnail hentry category-autor tag-kesslermario\" data-id=\"2106\">\r\n\t<div class=\"w-grid-item-h\">\r\n\t\t\t\t<div class=\"w-hwrapper usg_hwrapper_1 align_left valign_top wrap\"><div class=\"w-post-elm post_image usg_post_image_1 as_circle has_width has_ratio\"><div style=\"padding-bottom:100.0000%\"><\/div><a href=\"https:\/\/europaeischeverlagsanstalt.de\/?p=2106\" aria-label=\"Mario Ke\u00dfler\"><img width=\"300\" height=\"250\" src=\"https:\/\/europaeischeverlagsanstalt.de\/wp-856ad-content\/uploads\/2021\/04\/mario_kessler_2015_1.jpg\" class=\"attachment-large size-large wp-post-image\" alt=\"\" loading=\"lazy\" srcset=\"https:\/\/europaeischeverlagsanstalt.de\/wp-856ad-content\/uploads\/2021\/04\/mario_kessler_2015_1.jpg 300w, https:\/\/europaeischeverlagsanstalt.de\/wp-856ad-content\/uploads\/2021\/04\/mario_kessler_2015_1-60x50.jpg 60w\" sizes=\"(max-width: 300px) 100vw, 300px\" \/><\/a><\/div><div class=\"w-vwrapper usg_vwrapper_1 align_left valign_top\"><h2 class=\"w-post-elm post_title usg_post_title_1 entry-title color_link_inherit has_text_color\"><a href=\"https:\/\/europaeischeverlagsanstalt.de\/?p=2106\">Mario Ke\u00dfler<\/a><\/h2><div class=\"w-post-elm post_content usg_post_content_1\">Mario Ke\u00dfler, geb. 1955, Prof. Dr. phil., arbeitete bis zu seinem Eintritt in den Ruhestand 2021 am Leibniz-Zentrum f\u00fcr Zeithistorische Forschung in Potsdam und lehrte u. a. in Potsdam sowie&hellip;<\/div><\/div><\/div>\t<\/div>\r\n<\/article>\r\n<article class=\"w-grid-item size_1x1 post-1596 post type-post status-publish format-standard has-post-thumbnail hentry category-autor tag-khosrokhavarfarhard\" data-id=\"1596\">\r\n\t<div class=\"w-grid-item-h\">\r\n\t\t\t\t<div class=\"w-hwrapper usg_hwrapper_1 align_left valign_top wrap\"><div class=\"w-post-elm post_image usg_post_image_1 as_circle has_width has_ratio\"><div style=\"padding-bottom:100.0000%\"><\/div><a href=\"https:\/\/europaeischeverlagsanstalt.de\/?p=1596\" aria-label=\"Farhad Khosrokhavar\"><img width=\"474\" height=\"316\" src=\"https:\/\/europaeischeverlagsanstalt.de\/wp-856ad-content\/uploads\/2021\/03\/khosrokhavar_farhad.jpg\" class=\"attachment-large size-large wp-post-image\" alt=\"\" loading=\"lazy\" srcset=\"https:\/\/europaeischeverlagsanstalt.de\/wp-856ad-content\/uploads\/2021\/03\/khosrokhavar_farhad.jpg 474w, https:\/\/europaeischeverlagsanstalt.de\/wp-856ad-content\/uploads\/2021\/03\/khosrokhavar_farhad-300x200.jpg 300w, https:\/\/europaeischeverlagsanstalt.de\/wp-856ad-content\/uploads\/2021\/03\/khosrokhavar_farhad-75x50.jpg 75w\" sizes=\"(max-width: 474px) 100vw, 474px\" \/><\/a><\/div><div class=\"w-vwrapper usg_vwrapper_1 align_left valign_top\"><h2 class=\"w-post-elm post_title usg_post_title_1 entry-title color_link_inherit has_text_color\"><a href=\"https:\/\/europaeischeverlagsanstalt.de\/?p=1596\">Farhad Khosrokhavar<\/a><\/h2><div class=\"w-post-elm post_content usg_post_content_1\">Farhad Khosrokhavar, geboren 1948 in Teheran, franz\u00f6sisch-iranischer Soziologe, ist Studienleiter an der EHESS und Forscher am Zentrum f\u00fcr soziologische Analyse und Lehre. Seine Forschung konzentriert sich auf die Soziologie des&hellip;<\/div><\/div><\/div>\t<\/div>\r\n<\/article>\r\n<article class=\"w-grid-item size_1x1 post-3984 post type-post status-publish format-standard has-post-thumbnail hentry category-allgemein category-autor category-autoren tag-kierkegaardsoeren\" data-id=\"3984\">\r\n\t<div class=\"w-grid-item-h\">\r\n\t\t\t\t<div class=\"w-hwrapper usg_hwrapper_1 align_left valign_top wrap\"><div class=\"w-post-elm post_image usg_post_image_1 as_circle has_width has_ratio\"><div style=\"padding-bottom:100.0000%\"><\/div><a href=\"https:\/\/europaeischeverlagsanstalt.de\/?p=3984\" aria-label=\"S\u00f8ren Kierkegaard\"><img width=\"226\" height=\"331\" src=\"https:\/\/europaeischeverlagsanstalt.de\/wp-856ad-content\/uploads\/2022\/04\/Bildschirmfoto-2022-04-06-um-10.33.45.png\" class=\"attachment-large size-large wp-post-image\" alt=\"\" loading=\"lazy\" srcset=\"https:\/\/europaeischeverlagsanstalt.de\/wp-856ad-content\/uploads\/2022\/04\/Bildschirmfoto-2022-04-06-um-10.33.45.png 226w, https:\/\/europaeischeverlagsanstalt.de\/wp-856ad-content\/uploads\/2022\/04\/Bildschirmfoto-2022-04-06-um-10.33.45-205x300.png 205w, https:\/\/europaeischeverlagsanstalt.de\/wp-856ad-content\/uploads\/2022\/04\/Bildschirmfoto-2022-04-06-um-10.33.45-34x50.png 34w\" sizes=\"(max-width: 226px) 100vw, 226px\" \/><\/a><\/div><div class=\"w-vwrapper usg_vwrapper_1 align_left valign_top\"><h2 class=\"w-post-elm post_title usg_post_title_1 entry-title color_link_inherit has_text_color\"><a href=\"https:\/\/europaeischeverlagsanstalt.de\/?p=3984\">S\u00f8ren Kierkegaard<\/a><\/h2><div class=\"w-post-elm post_content usg_post_content_1\">S\u00f8ren Kierkegaard, geboren am 5. Mai 1813 in Kopenhagen, gestorben am 11. November 1855 ebendort war ein d\u00e4nischer Theologe und Philosoph. Scharfz\u00fcngiger Polemiker, vehementer Kritiker des offiziellen Kirchenchristentums sowie der&hellip;<\/div><\/div><\/div>\t<\/div>\r\n<\/article>\r\n<article class=\"w-grid-item size_1x1 post-1935 post type-post status-publish format-standard has-post-thumbnail hentry category-autor tag-kirchheimerotto\" data-id=\"1935\">\r\n\t<div class=\"w-grid-item-h\">\r\n\t\t\t\t<div class=\"w-hwrapper usg_hwrapper_1 align_left valign_top wrap\"><div class=\"w-post-elm post_image usg_post_image_1 as_circle has_width has_ratio\"><div style=\"padding-bottom:100.0000%\"><\/div><a href=\"https:\/\/europaeischeverlagsanstalt.de\/?p=1935\" aria-label=\"Otto Kirchheimer\"><img width=\"148\" height=\"200\" src=\"https:\/\/europaeischeverlagsanstalt.de\/wp-856ad-content\/uploads\/2021\/03\/kircheimer_otto.jpg\" class=\"attachment-large size-large wp-post-image\" alt=\"\" loading=\"lazy\" srcset=\"https:\/\/europaeischeverlagsanstalt.de\/wp-856ad-content\/uploads\/2021\/03\/kircheimer_otto.jpg 148w, https:\/\/europaeischeverlagsanstalt.de\/wp-856ad-content\/uploads\/2021\/03\/kircheimer_otto-37x50.jpg 37w\" sizes=\"(max-width: 148px) 100vw, 148px\" \/><\/a><\/div><div class=\"w-vwrapper usg_vwrapper_1 align_left valign_top\"><h2 class=\"w-post-elm post_title usg_post_title_1 entry-title color_link_inherit has_text_color\"><a href=\"https:\/\/europaeischeverlagsanstalt.de\/?p=1935\">Otto Kirchheimer<\/a><\/h2><div class=\"w-post-elm post_content usg_post_content_1\">Otto Kirchheimer (1905-1965), Politikwissenschaftler und Jurist, war in der Weimarer Republik als kritischer Verfassungstheoretiker bekannt. Er besch\u00e4ftigte sich im Exil als Mitarbeiter am von Adorno und Horkheimer gef\u00fchrten Institut f\u00fcr&hellip;<\/div><\/div><\/div>\t<\/div>\r\n<\/article>\r\n<article class=\"w-grid-item size_1x1 post-1600 post type-post status-publish format-standard has-post-thumbnail hentry category-allgemein category-autor tag-kittsteinerheinz\" data-id=\"1600\">\r\n\t<div class=\"w-grid-item-h\">\r\n\t\t\t\t<div class=\"w-hwrapper usg_hwrapper_1 align_left valign_top wrap\"><div class=\"w-post-elm post_image usg_post_image_1 as_circle has_width has_ratio\"><div style=\"padding-bottom:100.0000%\"><\/div><a href=\"https:\/\/europaeischeverlagsanstalt.de\/?p=1600\" aria-label=\"H. D. Kittsteiner\"><img width=\"190\" height=\"263\" src=\"https:\/\/europaeischeverlagsanstalt.de\/wp-856ad-content\/uploads\/2021\/03\/kittsteiner_heinz.jpg\" class=\"attachment-large size-large wp-post-image\" alt=\"\" loading=\"lazy\" srcset=\"https:\/\/europaeischeverlagsanstalt.de\/wp-856ad-content\/uploads\/2021\/03\/kittsteiner_heinz.jpg 190w, https:\/\/europaeischeverlagsanstalt.de\/wp-856ad-content\/uploads\/2021\/03\/kittsteiner_heinz-36x50.jpg 36w\" sizes=\"(max-width: 190px) 100vw, 190px\" \/><\/a><\/div><div class=\"w-vwrapper usg_vwrapper_1 align_left valign_top\"><h2 class=\"w-post-elm post_title usg_post_title_1 entry-title color_link_inherit has_text_color\"><a href=\"https:\/\/europaeischeverlagsanstalt.de\/?p=1600\">H. D. Kittsteiner<\/a><\/h2><div class=\"w-post-elm post_content usg_post_content_1\">H. D. Kittsteiner (1942-2008) promovierte nach einem Studium der Geschichte, Germanistik und Philosophie 1978 bei Jacob Taubes \u00fcber das Thema Naturabsicht und Unsichtbare Hand. Von 1980 bis 1983 arbeitete er&hellip;<\/div><\/div><\/div>\t<\/div>\r\n<\/article>\r\n<article class=\"w-grid-item size_1x1 post-1604 post type-post status-publish format-standard has-post-thumbnail hentry category-autor tag-klapheckelisa\" data-id=\"1604\">\r\n\t<div class=\"w-grid-item-h\">\r\n\t\t\t\t<div class=\"w-hwrapper usg_hwrapper_1 align_left valign_top wrap\"><div class=\"w-post-elm post_image usg_post_image_1 as_circle has_width has_ratio\"><div style=\"padding-bottom:100.0000%\"><\/div><a href=\"https:\/\/europaeischeverlagsanstalt.de\/?p=1604\" aria-label=\"Elisa Klapheck\"><img width=\"240\" height=\"322\" src=\"https:\/\/europaeischeverlagsanstalt.de\/wp-856ad-content\/uploads\/2021\/03\/klapheck_elisa.jpg\" class=\"attachment-large size-large wp-post-image\" alt=\"\" loading=\"lazy\" srcset=\"https:\/\/europaeischeverlagsanstalt.de\/wp-856ad-content\/uploads\/2021\/03\/klapheck_elisa.jpg 240w, https:\/\/europaeischeverlagsanstalt.de\/wp-856ad-content\/uploads\/2021\/03\/klapheck_elisa-224x300.jpg 224w, https:\/\/europaeischeverlagsanstalt.de\/wp-856ad-content\/uploads\/2021\/03\/klapheck_elisa-37x50.jpg 37w\" sizes=\"(max-width: 240px) 100vw, 240px\" \/><\/a><\/div><div class=\"w-vwrapper usg_vwrapper_1 align_left valign_top\"><h2 class=\"w-post-elm post_title usg_post_title_1 entry-title color_link_inherit has_text_color\"><a href=\"https:\/\/europaeischeverlagsanstalt.de\/?p=1604\">Elisa Klapheck<\/a><\/h2><div class=\"w-post-elm post_content usg_post_content_1\">Prof. Dr. Elisa Klapheck, geboren 1962 in D\u00fcsseldorf, ist Rabbinerin der liberalen Synagogengemeinschaft \u201eEgalit\u00e4rer Minjan\u201c in der J\u00fcdischen Gemeinde Frankfurt a. M. und Professorin f\u00fcr J\u00fcdische Studien an der Universit\u00e4t&hellip;<\/div><\/div><\/div>\t<\/div>\r\n<\/article>\r\n<article class=\"w-grid-item size_1x1 post-1608 post type-post status-publish format-standard has-post-thumbnail hentry category-autor tag-koglinmichael\" data-id=\"1608\">\r\n\t<div class=\"w-grid-item-h\">\r\n\t\t\t\t<div class=\"w-hwrapper usg_hwrapper_1 align_left valign_top wrap\"><div class=\"w-post-elm post_image usg_post_image_1 as_circle has_width has_ratio\"><div style=\"padding-bottom:100.0000%\"><\/div><a href=\"https:\/\/europaeischeverlagsanstalt.de\/?p=1608\" aria-label=\"Michael Koglin\"><img width=\"150\" height=\"184\" src=\"https:\/\/europaeischeverlagsanstalt.de\/wp-856ad-content\/uploads\/2021\/03\/koglin_michael.jpg\" class=\"attachment-large size-large wp-post-image\" alt=\"\" loading=\"lazy\" srcset=\"https:\/\/europaeischeverlagsanstalt.de\/wp-856ad-content\/uploads\/2021\/03\/koglin_michael.jpg 150w, https:\/\/europaeischeverlagsanstalt.de\/wp-856ad-content\/uploads\/2021\/03\/koglin_michael-41x50.jpg 41w\" sizes=\"(max-width: 150px) 100vw, 150px\" \/><\/a><\/div><div class=\"w-vwrapper usg_vwrapper_1 align_left valign_top\"><h2 class=\"w-post-elm post_title usg_post_title_1 entry-title color_link_inherit has_text_color\"><a href=\"https:\/\/europaeischeverlagsanstalt.de\/?p=1608\">Michael Koglin<\/a><\/h2><div class=\"w-post-elm post_content usg_post_content_1\">Michael Koglin, geboren 1955 in B\u00fcdelsdorf, ist ein deutscher Journalist und Schriftsteller. Seit 1982 arbeitet er f\u00fcr verschiedene Medien (u. a. \u201eMare\u201c, NDR, \u201eBrigitte\u201c, \u201cStern\u201d, \u201cDie Zeit\u201d).Neben Theaterst\u00fccken, Drehb\u00fcchern und&hellip;<\/div><\/div><\/div>\t<\/div>\r\n<\/article>\r\n<article class=\"w-grid-item size_1x1 post-4327 post type-post status-publish format-standard has-post-thumbnail hentry category-allgemein category-autor tag-kohlergeorg\" data-id=\"4327\">\r\n\t<div class=\"w-grid-item-h\">\r\n\t\t\t\t<div class=\"w-hwrapper usg_hwrapper_1 align_left valign_top wrap\"><div class=\"w-post-elm post_image usg_post_image_1 as_circle has_width has_ratio\"><div style=\"padding-bottom:100.0000%\"><\/div><a href=\"https:\/\/europaeischeverlagsanstalt.de\/?p=4327\" aria-label=\"Georg Kohler\"><img width=\"172\" height=\"174\" src=\"https:\/\/europaeischeverlagsanstalt.de\/wp-856ad-content\/uploads\/2022\/05\/Bildschirmfoto-2022-05-09-um-12.51.39.png\" class=\"attachment-large size-large wp-post-image\" alt=\"\" loading=\"lazy\" srcset=\"https:\/\/europaeischeverlagsanstalt.de\/wp-856ad-content\/uploads\/2022\/05\/Bildschirmfoto-2022-05-09-um-12.51.39.png 172w, https:\/\/europaeischeverlagsanstalt.de\/wp-856ad-content\/uploads\/2022\/05\/Bildschirmfoto-2022-05-09-um-12.51.39-49x50.png 49w\" sizes=\"(max-width: 172px) 100vw, 172px\" \/><\/a><\/div><div class=\"w-vwrapper usg_vwrapper_1 align_left valign_top\"><h2 class=\"w-post-elm post_title usg_post_title_1 entry-title color_link_inherit has_text_color\"><a href=\"https:\/\/europaeischeverlagsanstalt.de\/?p=4327\">Georg Kohler<\/a><\/h2><div class=\"w-post-elm post_content usg_post_content_1\">Georg Kohler, geb. 1945, ist ein Schweizer Philosoph, Publizist und Professor em. f\u00fcr politische Philosophie an der Universit\u00e4t Z\u00fcrich. Nach einer Lehrstuhlvertretung an der Universit\u00e4t M\u00fcnchen wurde er 1994 als&hellip;<\/div><\/div><\/div>\t<\/div>\r\n<\/article>\r\n<article class=\"w-grid-item size_1x1 post-4943 post type-post status-publish format-standard has-post-thumbnail hentry category-allgemein category-autor tag-koppoberstebrinkherbert\" data-id=\"4943\">\r\n\t<div class=\"w-grid-item-h\">\r\n\t\t\t\t<div class=\"w-hwrapper usg_hwrapper_1 align_left valign_top wrap\"><div class=\"w-post-elm post_image usg_post_image_1 as_circle has_width has_ratio\"><div style=\"padding-bottom:100.0000%\"><\/div><a href=\"https:\/\/europaeischeverlagsanstalt.de\/?p=4943\" aria-label=\"Herbert Kopp-Oberstebrink\"><img width=\"690\" height=\"936\" src=\"https:\/\/europaeischeverlagsanstalt.de\/wp-856ad-content\/uploads\/2022\/12\/Kopp-Oberstebrinck.jpg\" class=\"attachment-large size-large wp-post-image\" alt=\"\" loading=\"lazy\" srcset=\"https:\/\/europaeischeverlagsanstalt.de\/wp-856ad-content\/uploads\/2022\/12\/Kopp-Oberstebrinck.jpg 690w, https:\/\/europaeischeverlagsanstalt.de\/wp-856ad-content\/uploads\/2022\/12\/Kopp-Oberstebrinck-221x300.jpg 221w, https:\/\/europaeischeverlagsanstalt.de\/wp-856ad-content\/uploads\/2022\/12\/Kopp-Oberstebrinck-295x400.jpg 295w, https:\/\/europaeischeverlagsanstalt.de\/wp-856ad-content\/uploads\/2022\/12\/Kopp-Oberstebrinck-37x50.jpg 37w\" sizes=\"(max-width: 690px) 100vw, 690px\" \/><\/a><\/div><div class=\"w-vwrapper usg_vwrapper_1 align_left valign_top\"><h2 class=\"w-post-elm post_title usg_post_title_1 entry-title color_link_inherit has_text_color\"><a href=\"https:\/\/europaeischeverlagsanstalt.de\/?p=4943\">Herbert Kopp-Oberstebrink<\/a><\/h2><div class=\"w-post-elm post_content usg_post_content_1\">Herbert Kopp-Oberstebrink, geb. 1960, studierte Philosophie, Germanistik und Geschichte in Stuttgart, Tu\u0308bingen und Berlin. Promoviert wurde er mit einer Arbeit zu Ernst Cassirers Philosophie- und Wissenschaftsgeschichtsschreibung; nach T\u00e4tigkeiten an der&hellip;<\/div><\/div><\/div>\t<\/div>\r\n<\/article>\r\n<article class=\"w-grid-item size_1x1 post-4350 post type-post status-publish format-standard has-post-thumbnail hentry category-allgemein category-autor tag-kraushaarwolfgang\" data-id=\"4350\">\r\n\t<div class=\"w-grid-item-h\">\r\n\t\t\t\t<div class=\"w-hwrapper usg_hwrapper_1 align_left valign_top wrap\"><div class=\"w-post-elm post_image usg_post_image_1 as_circle has_width has_ratio\"><div style=\"padding-bottom:100.0000%\"><\/div><a href=\"https:\/\/europaeischeverlagsanstalt.de\/?p=4350\" aria-label=\"Wolfgang Kraushaar\"><img width=\"218\" height=\"269\" src=\"https:\/\/europaeischeverlagsanstalt.de\/wp-856ad-content\/uploads\/2022\/05\/Bildschirmfoto-2022-05-10-um-10.32.57.png\" class=\"attachment-large size-large wp-post-image\" alt=\"\" loading=\"lazy\" srcset=\"https:\/\/europaeischeverlagsanstalt.de\/wp-856ad-content\/uploads\/2022\/05\/Bildschirmfoto-2022-05-10-um-10.32.57.png 218w, https:\/\/europaeischeverlagsanstalt.de\/wp-856ad-content\/uploads\/2022\/05\/Bildschirmfoto-2022-05-10-um-10.32.57-41x50.png 41w\" sizes=\"(max-width: 218px) 100vw, 218px\" \/><\/a><\/div><div class=\"w-vwrapper usg_vwrapper_1 align_left valign_top\"><h2 class=\"w-post-elm post_title usg_post_title_1 entry-title color_link_inherit has_text_color\"><a href=\"https:\/\/europaeischeverlagsanstalt.de\/?p=4350\">Wolfgang Kraushaar<\/a><\/h2><div class=\"w-post-elm post_content usg_post_content_1\">Wolfgang Kraushaar, geb. 1948, arbeitete bis 2015 als Politikwissenschaftler am Hamburger Institut f\u00fcr Sozialforschung und forscht seitdem an der Hamburger Stiftung zur F\u00f6rderung von Wissenschaft und Kultur \u00fcber Protestbewegungen sowie&hellip;<\/div><\/div><\/div>\t<\/div>\r\n<\/article>\r\n<article class=\"w-grid-item size_1x1 post-1612 post type-post status-publish format-standard has-post-thumbnail hentry category-autor tag-kristevakjulia\" data-id=\"1612\">\r\n\t<div class=\"w-grid-item-h\">\r\n\t\t\t\t<div class=\"w-hwrapper usg_hwrapper_1 align_left valign_top wrap\"><div class=\"w-post-elm post_image usg_post_image_1 as_circle has_width has_ratio\"><div style=\"padding-bottom:100.0000%\"><\/div><a href=\"https:\/\/europaeischeverlagsanstalt.de\/?p=1612\" aria-label=\"Julia Kristeva\"><img width=\"474\" height=\"316\" src=\"https:\/\/europaeischeverlagsanstalt.de\/wp-856ad-content\/uploads\/2021\/03\/kristeva_julia.jpg\" class=\"attachment-large size-large wp-post-image\" alt=\"\" loading=\"lazy\" srcset=\"https:\/\/europaeischeverlagsanstalt.de\/wp-856ad-content\/uploads\/2021\/03\/kristeva_julia.jpg 474w, https:\/\/europaeischeverlagsanstalt.de\/wp-856ad-content\/uploads\/2021\/03\/kristeva_julia-300x200.jpg 300w, https:\/\/europaeischeverlagsanstalt.de\/wp-856ad-content\/uploads\/2021\/03\/kristeva_julia-75x50.jpg 75w\" sizes=\"(max-width: 474px) 100vw, 474px\" \/><\/a><\/div><div class=\"w-vwrapper usg_vwrapper_1 align_left valign_top\"><h2 class=\"w-post-elm post_title usg_post_title_1 entry-title color_link_inherit has_text_color\"><a href=\"https:\/\/europaeischeverlagsanstalt.de\/?p=1612\">Julia Kristeva<\/a><\/h2><div class=\"w-post-elm post_content usg_post_content_1\">Julia Kristeva, 1941 in Bulgarien geboren, emigrierte 1965 nach Paris und wurde 1969 Mitglied der strukturalistischen Tel Quel-Gruppe, der u. a. Foucault und Barthes angeh\u00f6rten. Seit 1973 hat sie einen&hellip;<\/div><\/div><\/div>\t<\/div>\r\n<\/article>\r\n<article class=\"w-grid-item size_1x1 post-1820 post type-post status-publish format-standard has-post-thumbnail hentry category-autor tag-langbeinhermann\" data-id=\"1820\">\r\n\t<div class=\"w-grid-item-h\">\r\n\t\t\t\t<div class=\"w-hwrapper usg_hwrapper_1 align_left valign_top wrap\"><div class=\"w-post-elm post_image usg_post_image_1 as_circle has_width has_ratio\"><div style=\"padding-bottom:100.0000%\"><\/div><a href=\"https:\/\/europaeischeverlagsanstalt.de\/?p=1820\" aria-label=\"Hermann Langbein\"><img width=\"616\" height=\"415\" src=\"https:\/\/europaeischeverlagsanstalt.de\/wp-856ad-content\/uploads\/2021\/03\/langbein_hermann.jpg\" class=\"attachment-large size-large wp-post-image\" alt=\"\" loading=\"lazy\" srcset=\"https:\/\/europaeischeverlagsanstalt.de\/wp-856ad-content\/uploads\/2021\/03\/langbein_hermann.jpg 616w, https:\/\/europaeischeverlagsanstalt.de\/wp-856ad-content\/uploads\/2021\/03\/langbein_hermann-300x202.jpg 300w, https:\/\/europaeischeverlagsanstalt.de\/wp-856ad-content\/uploads\/2021\/03\/langbein_hermann-594x400.jpg 594w, https:\/\/europaeischeverlagsanstalt.de\/wp-856ad-content\/uploads\/2021\/03\/langbein_hermann-74x50.jpg 74w\" sizes=\"(max-width: 616px) 100vw, 616px\" \/><\/a><\/div><div class=\"w-vwrapper usg_vwrapper_1 align_left valign_top\"><h2 class=\"w-post-elm post_title usg_post_title_1 entry-title color_link_inherit has_text_color\"><a href=\"https:\/\/europaeischeverlagsanstalt.de\/?p=1820\">Hermann Langbein<\/a><\/h2><div class=\"w-post-elm post_content usg_post_content_1\">Hermann Langbein, 1912-1995, Schriftsteller und Publizist, war in den Konzentrationslagern Dachau, Auschwitz und Neuengamme inhaftiert. 1954 Mitbegr\u00fcnder des Internationalen Auschwitzkomitees (IAK) und Sekret\u00e4r der \u00f6sterreichischen Lagergemeinschaft Auschwitz. Er trat als&hellip;<\/div><\/div><\/div>\t<\/div>\r\n<\/article>\r\n<article class=\"w-grid-item size_1x1 post-1818 post type-post status-publish format-standard hentry category-autor tag-lefebvrehenri\" data-id=\"1818\">\r\n\t<div class=\"w-grid-item-h\">\r\n\t\t\t\t<div class=\"w-hwrapper usg_hwrapper_1 align_left valign_top wrap\"><div class=\"w-post-elm post_image usg_post_image_1 as_circle has_width has_ratio with_placeholder\"><div style=\"padding-bottom:100.0000%\"><\/div><a href=\"https:\/\/europaeischeverlagsanstalt.de\/?p=1818\" aria-label=\"Henri Lefebvre\"><img class=\"g-placeholder\" src=\"https:\/\/europaeischeverlagsanstalt.de\/wp-856ad-content\/plugins\/us-core\/assets\/images\/placeholder.svg\" width=\"1024\" height=\"1024\" alt=\"\"><\/a><\/div><div class=\"w-vwrapper usg_vwrapper_1 align_left valign_top\"><h2 class=\"w-post-elm post_title usg_post_title_1 entry-title color_link_inherit has_text_color\"><a href=\"https:\/\/europaeischeverlagsanstalt.de\/?p=1818\">Henri Lefebvre<\/a><\/h2><div class=\"w-post-elm post_content usg_post_content_1\">Henri Lefebvre (1901 &#8211; 1991) war Professor f\u00fcr Soziologie an den Universit\u00e4ten von Stra\u00dfburg und Nanterre. Er galt als einer der \u00bbV\u00e4ter\u00ab der Pariser Studentenunruhen im Mai 1968.<\/div><\/div><\/div>\t<\/div>\r\n<\/article>\r\n<article class=\"w-grid-item size_1x1 post-4961 post type-post status-publish format-standard has-post-thumbnail hentry category-allgemein category-autor tag-lindenaumathias\" data-id=\"4961\">\r\n\t<div class=\"w-grid-item-h\">\r\n\t\t\t\t<div class=\"w-hwrapper usg_hwrapper_1 align_left valign_top wrap\"><div class=\"w-post-elm post_image usg_post_image_1 as_circle has_width has_ratio\"><div style=\"padding-bottom:100.0000%\"><\/div><a href=\"https:\/\/europaeischeverlagsanstalt.de\/?p=4961\" aria-label=\"Mathias Lindenau\"><img width=\"388\" height=\"600\" src=\"https:\/\/europaeischeverlagsanstalt.de\/wp-856ad-content\/uploads\/2022\/12\/Mathias-Lindenau.jpg\" class=\"attachment-large size-large wp-post-image\" alt=\"\" loading=\"lazy\" srcset=\"https:\/\/europaeischeverlagsanstalt.de\/wp-856ad-content\/uploads\/2022\/12\/Mathias-Lindenau.jpg 388w, https:\/\/europaeischeverlagsanstalt.de\/wp-856ad-content\/uploads\/2022\/12\/Mathias-Lindenau-194x300.jpg 194w, https:\/\/europaeischeverlagsanstalt.de\/wp-856ad-content\/uploads\/2022\/12\/Mathias-Lindenau-259x400.jpg 259w, https:\/\/europaeischeverlagsanstalt.de\/wp-856ad-content\/uploads\/2022\/12\/Mathias-Lindenau-32x50.jpg 32w\" sizes=\"(max-width: 388px) 100vw, 388px\" \/><\/a><\/div><div class=\"w-vwrapper usg_vwrapper_1 align_left valign_top\"><h2 class=\"w-post-elm post_title usg_post_title_1 entry-title color_link_inherit has_text_color\"><a href=\"https:\/\/europaeischeverlagsanstalt.de\/?p=4961\">Mathias Lindenau<\/a><\/h2><div class=\"w-post-elm post_content usg_post_content_1\">Mathias Lindenau, Jg. 1970, studierte (nach einer Tischlerlehre in der DDR) Sozialarbeit und Sozialp\u00e4dagogik. Als Sozialarbeiter im Drogennotdienst und in der Behindertenbetreuung studierte er Sozialwissenschaften an der Humboldt Universit\u00e4t zu&hellip;<\/div><\/div><\/div>\t<\/div>\r\n<\/article>\r\n<article class=\"w-grid-item size_1x1 post-1758 post type-post status-publish format-standard hentry category-autor tag-lingensreinerella\" data-id=\"1758\">\r\n\t<div class=\"w-grid-item-h\">\r\n\t\t\t\t<div class=\"w-hwrapper usg_hwrapper_1 align_left valign_top wrap\"><div class=\"w-post-elm post_image usg_post_image_1 as_circle has_width has_ratio with_placeholder\"><div style=\"padding-bottom:100.0000%\"><\/div><a href=\"https:\/\/europaeischeverlagsanstalt.de\/?p=1758\" aria-label=\"Ella Lingens-Reiner\"><img class=\"g-placeholder\" src=\"https:\/\/europaeischeverlagsanstalt.de\/wp-856ad-content\/plugins\/us-core\/assets\/images\/placeholder.svg\" width=\"1024\" height=\"1024\" alt=\"\"><\/a><\/div><div class=\"w-vwrapper usg_vwrapper_1 align_left valign_top\"><h2 class=\"w-post-elm post_title usg_post_title_1 entry-title color_link_inherit has_text_color\"><a href=\"https:\/\/europaeischeverlagsanstalt.de\/?p=1758\">Ella Lingens-Reiner<\/a><\/h2><div class=\"w-post-elm post_content usg_post_content_1\">Ella Lingens-Reiner, 1908-2002, war Juristin und \u00c4rztin. Versteckte j\u00fcdische B\u00fcrger vor der Gestapo, wurde denunziert und in das KZ Auschwitz deportiert. Ver\u00f6ffentlichte 1947 und 2003 einen Bericht \u00fcber ihre Lagererfahrungen.&hellip;<\/div><\/div><\/div>\t<\/div>\r\n<\/article>\r\n<article class=\"w-grid-item size_1x1 post-1621 post type-post status-publish format-standard has-post-thumbnail hentry category-autor tag-loewymichael\" data-id=\"1621\">\r\n\t<div class=\"w-grid-item-h\">\r\n\t\t\t\t<div class=\"w-hwrapper usg_hwrapper_1 align_left valign_top wrap\"><div class=\"w-post-elm post_image usg_post_image_1 as_circle has_width has_ratio\"><div style=\"padding-bottom:100.0000%\"><\/div><a href=\"https:\/\/europaeischeverlagsanstalt.de\/?p=1621\" aria-label=\"Michael L\u00f6wy\"><img width=\"600\" height=\"450\" src=\"https:\/\/europaeischeverlagsanstalt.de\/wp-856ad-content\/uploads\/2021\/03\/loewy_michael.jpg\" class=\"attachment-large size-large wp-post-image\" alt=\"\" loading=\"lazy\" srcset=\"https:\/\/europaeischeverlagsanstalt.de\/wp-856ad-content\/uploads\/2021\/03\/loewy_michael.jpg 600w, https:\/\/europaeischeverlagsanstalt.de\/wp-856ad-content\/uploads\/2021\/03\/loewy_michael-300x225.jpg 300w, https:\/\/europaeischeverlagsanstalt.de\/wp-856ad-content\/uploads\/2021\/03\/loewy_michael-533x400.jpg 533w, https:\/\/europaeischeverlagsanstalt.de\/wp-856ad-content\/uploads\/2021\/03\/loewy_michael-67x50.jpg 67w\" sizes=\"(max-width: 600px) 100vw, 600px\" \/><\/a><\/div><div class=\"w-vwrapper usg_vwrapper_1 align_left valign_top\"><h2 class=\"w-post-elm post_title usg_post_title_1 entry-title color_link_inherit has_text_color\"><a href=\"https:\/\/europaeischeverlagsanstalt.de\/?p=1621\">Michael L\u00f6wy<\/a><\/h2><div class=\"w-post-elm post_content usg_post_content_1\">Michael L\u00f6wy wurde 1938 als Sohn Wiener Juden in S\u00e3o Paulo, Brasilien, geboren. Seit 1969 lebt er in Paris. Er war Direktor der Sektion Soziologie der franz\u00f6sischen wissenschaftlichen Forschungsgemeinschaft C.N.R.S.&hellip;<\/div><\/div><\/div>\t<\/div>\r\n<\/article>\r\n<article class=\"w-grid-item size_1x1 post-2390 post type-post status-publish format-standard has-post-thumbnail hentry category-allgemein category-autor tag-massing\" data-id=\"2390\">\r\n\t<div class=\"w-grid-item-h\">\r\n\t\t\t\t<div class=\"w-hwrapper usg_hwrapper_1 align_left valign_top wrap\"><div class=\"w-post-elm post_image usg_post_image_1 as_circle has_width has_ratio\"><div style=\"padding-bottom:100.0000%\"><\/div><a href=\"https:\/\/europaeischeverlagsanstalt.de\/?p=2390\" aria-label=\"Paul W. Massing\"><img width=\"138\" height=\"204\" src=\"https:\/\/europaeischeverlagsanstalt.de\/wp-856ad-content\/uploads\/2021\/06\/00massingP.jpg\" class=\"attachment-large size-large wp-post-image\" alt=\"\" loading=\"lazy\" srcset=\"https:\/\/europaeischeverlagsanstalt.de\/wp-856ad-content\/uploads\/2021\/06\/00massingP.jpg 138w, https:\/\/europaeischeverlagsanstalt.de\/wp-856ad-content\/uploads\/2021\/06\/00massingP-34x50.jpg 34w\" sizes=\"(max-width: 138px) 100vw, 138px\" \/><\/a><\/div><div class=\"w-vwrapper usg_vwrapper_1 align_left valign_top\"><h2 class=\"w-post-elm post_title usg_post_title_1 entry-title color_link_inherit has_text_color\"><a href=\"https:\/\/europaeischeverlagsanstalt.de\/?p=2390\">Paul W. Massing<\/a><\/h2><div class=\"w-post-elm post_content usg_post_content_1\">Paul W. Massing (1902-1979) in der Pfalz geboren, wurde er 1933 in Berlin als Kommunist verhaftet. (\u00dcber diese Zeit verfasste er unter dem Pseudonym Karl Billinger einen Erfahrungsbericht mit dem&hellip;<\/div><\/div><\/div>\t<\/div>\r\n<\/article>\r\n<article class=\"w-grid-item size_1x1 post-1625 post type-post status-publish format-standard has-post-thumbnail hentry category-autor tag-mehringreinhard\" data-id=\"1625\">\r\n\t<div class=\"w-grid-item-h\">\r\n\t\t\t\t<div class=\"w-hwrapper usg_hwrapper_1 align_left valign_top wrap\"><div class=\"w-post-elm post_image usg_post_image_1 as_circle has_width has_ratio\"><div style=\"padding-bottom:100.0000%\"><\/div><a href=\"https:\/\/europaeischeverlagsanstalt.de\/?p=1625\" aria-label=\"Reinhard Mehring\"><img width=\"244\" height=\"224\" src=\"https:\/\/europaeischeverlagsanstalt.de\/wp-856ad-content\/uploads\/2021\/03\/mehring_reinhard_klein.jpg\" class=\"attachment-large size-large wp-post-image\" alt=\"\" loading=\"lazy\" srcset=\"https:\/\/europaeischeverlagsanstalt.de\/wp-856ad-content\/uploads\/2021\/03\/mehring_reinhard_klein.jpg 244w, https:\/\/europaeischeverlagsanstalt.de\/wp-856ad-content\/uploads\/2021\/03\/mehring_reinhard_klein-54x50.jpg 54w\" sizes=\"(max-width: 244px) 100vw, 244px\" \/><\/a><\/div><div class=\"w-vwrapper usg_vwrapper_1 align_left valign_top\"><h2 class=\"w-post-elm post_title usg_post_title_1 entry-title color_link_inherit has_text_color\"><a href=\"https:\/\/europaeischeverlagsanstalt.de\/?p=1625\">Reinhard Mehring<\/a><\/h2><div class=\"w-post-elm post_content usg_post_content_1\">Reinhard Mehring, Jg. 1959, promovierte 1988 \u00fcber Carl Schmitt. Als Assistent bei Volker Gerhardt an die Humboldt-Universit\u00e4t habilitierte dort in der Philosophie mit einer Arbeit \u00fcber Thomas Mann h. Seit&hellip;<\/div><\/div><\/div>\t<\/div>\r\n<\/article>\r\n<article class=\"w-grid-item size_1x1 post-1724 post type-post status-publish format-standard has-post-thumbnail hentry category-autor tag-memmialbert\" data-id=\"1724\">\r\n\t<div class=\"w-grid-item-h\">\r\n\t\t\t\t<div class=\"w-hwrapper usg_hwrapper_1 align_left valign_top wrap\"><div class=\"w-post-elm post_image usg_post_image_1 as_circle has_width has_ratio\"><div style=\"padding-bottom:100.0000%\"><\/div><a href=\"https:\/\/europaeischeverlagsanstalt.de\/?p=1724\" aria-label=\"Albert Memmi\"><img width=\"275\" height=\"188\" src=\"https:\/\/europaeischeverlagsanstalt.de\/wp-856ad-content\/uploads\/2021\/03\/memmi_albert.jpg\" class=\"attachment-large size-large wp-post-image\" alt=\"\" loading=\"lazy\" srcset=\"https:\/\/europaeischeverlagsanstalt.de\/wp-856ad-content\/uploads\/2021\/03\/memmi_albert.jpg 275w, https:\/\/europaeischeverlagsanstalt.de\/wp-856ad-content\/uploads\/2021\/03\/memmi_albert-73x50.jpg 73w\" sizes=\"(max-width: 275px) 100vw, 275px\" \/><\/a><\/div><div class=\"w-vwrapper usg_vwrapper_1 align_left valign_top\"><h2 class=\"w-post-elm post_title usg_post_title_1 entry-title color_link_inherit has_text_color\"><a href=\"https:\/\/europaeischeverlagsanstalt.de\/?p=1724\">Albert Memmi<\/a><\/h2><div class=\"w-post-elm post_content usg_post_content_1\">Albert Memmi, geboren 1920 in Tunis, verstorben 2020 in Paris, Schriftsteller, Soziologe und Literatursoziologe. Professor Emeritus der Universit\u00e4t Paris, Professor der Universit\u00e4t Washington D.C. In Deutschland wurde Memmi vor allem&hellip;<\/div><\/div><\/div>\t<\/div>\r\n<\/article>\r\n<article class=\"w-grid-item size_1x1 post-1629 post type-post status-publish format-standard has-post-thumbnail hentry category-autor tag-michelsonfrida\" data-id=\"1629\">\r\n\t<div class=\"w-grid-item-h\">\r\n\t\t\t\t<div class=\"w-hwrapper usg_hwrapper_1 align_left valign_top wrap\"><div class=\"w-post-elm post_image usg_post_image_1 as_circle has_width has_ratio\"><div style=\"padding-bottom:100.0000%\"><\/div><a href=\"https:\/\/europaeischeverlagsanstalt.de\/?p=1629\" aria-label=\"Frida Michelson\"><img width=\"400\" height=\"286\" src=\"https:\/\/europaeischeverlagsanstalt.de\/wp-856ad-content\/uploads\/2021\/03\/michelson_frida.jpg\" class=\"attachment-large size-large wp-post-image\" alt=\"\" loading=\"lazy\" srcset=\"https:\/\/europaeischeverlagsanstalt.de\/wp-856ad-content\/uploads\/2021\/03\/michelson_frida.jpg 400w, https:\/\/europaeischeverlagsanstalt.de\/wp-856ad-content\/uploads\/2021\/03\/michelson_frida-300x215.jpg 300w, https:\/\/europaeischeverlagsanstalt.de\/wp-856ad-content\/uploads\/2021\/03\/michelson_frida-70x50.jpg 70w\" sizes=\"(max-width: 400px) 100vw, 400px\" \/><\/a><\/div><div class=\"w-vwrapper usg_vwrapper_1 align_left valign_top\"><h2 class=\"w-post-elm post_title usg_post_title_1 entry-title color_link_inherit has_text_color\"><a href=\"https:\/\/europaeischeverlagsanstalt.de\/?p=1629\">Frida Michelson<\/a><\/h2><div class=\"w-post-elm post_content usg_post_content_1\">Frida Michelson, geb. 1906, lebte und arbeitete zur Zeit der deutschen Besetzung als Schneiderin in Riga. Ihr unglaublicher Bericht \u00fcber das Schicksal der j\u00fcdischen Bev\u00f6lkerung, \u00fcber Zwangsarbeit, Ghettoisierung und den&hellip;<\/div><\/div><\/div>\t<\/div>\r\n<\/article>\r\n<article class=\"w-grid-item size_1x1 post-1850 post type-post status-publish format-standard has-post-thumbnail hentry category-autor tag-milljohnstuart\" data-id=\"1850\">\r\n\t<div class=\"w-grid-item-h\">\r\n\t\t\t\t<div class=\"w-hwrapper usg_hwrapper_1 align_left valign_top wrap\"><div class=\"w-post-elm post_image usg_post_image_1 as_circle has_width has_ratio\"><div style=\"padding-bottom:100.0000%\"><\/div><a href=\"https:\/\/europaeischeverlagsanstalt.de\/?p=1850\" aria-label=\"John Stuart Mill\"><img width=\"885\" height=\"1024\" src=\"https:\/\/europaeischeverlagsanstalt.de\/wp-856ad-content\/uploads\/2021\/03\/mill_john-stuart-885x1024.jpg\" class=\"attachment-large size-large wp-post-image\" alt=\"\" loading=\"lazy\" srcset=\"https:\/\/europaeischeverlagsanstalt.de\/wp-856ad-content\/uploads\/2021\/03\/mill_john-stuart-885x1024.jpg 885w, https:\/\/europaeischeverlagsanstalt.de\/wp-856ad-content\/uploads\/2021\/03\/mill_john-stuart-259x300.jpg 259w, https:\/\/europaeischeverlagsanstalt.de\/wp-856ad-content\/uploads\/2021\/03\/mill_john-stuart-346x400.jpg 346w, https:\/\/europaeischeverlagsanstalt.de\/wp-856ad-content\/uploads\/2021\/03\/mill_john-stuart-43x50.jpg 43w, https:\/\/europaeischeverlagsanstalt.de\/wp-856ad-content\/uploads\/2021\/03\/mill_john-stuart.jpg 926w\" sizes=\"(max-width: 885px) 100vw, 885px\" \/><\/a><\/div><div class=\"w-vwrapper usg_vwrapper_1 align_left valign_top\"><h2 class=\"w-post-elm post_title usg_post_title_1 entry-title color_link_inherit has_text_color\"><a href=\"https:\/\/europaeischeverlagsanstalt.de\/?p=1850\">John Stuart Mill<\/a><\/h2><div class=\"w-post-elm post_content usg_post_content_1\">John Stuart Mill (1806-1873), britischer Philosoph, Politiker und \u00d6konom, gilt als wichtiger Vertreter liberalen politischen Denkens. Dass sich bei ihm aber auch wesentliche Motive republikanischen, ja sogar sozialistischen Denkens finden,&hellip;<\/div><\/div><\/div>\t<\/div>\r\n<\/article>\r\n<article class=\"w-grid-item size_1x1 post-4078 post type-post status-publish format-standard has-post-thumbnail hentry category-allgemein category-autor category-autoren tag-mossegeorgel\" data-id=\"4078\">\r\n\t<div class=\"w-grid-item-h\">\r\n\t\t\t\t<div class=\"w-hwrapper usg_hwrapper_1 align_left valign_top wrap\"><div class=\"w-post-elm post_image usg_post_image_1 as_circle has_width has_ratio\"><div style=\"padding-bottom:100.0000%\"><\/div><a href=\"https:\/\/europaeischeverlagsanstalt.de\/?p=4078\" aria-label=\"George L. Mosse\"><img width=\"200\" height=\"255\" src=\"https:\/\/europaeischeverlagsanstalt.de\/wp-856ad-content\/uploads\/2022\/04\/Bildschirmfoto-2022-04-12-um-11.02.44.png\" class=\"attachment-large size-large wp-post-image\" alt=\"\" loading=\"lazy\" srcset=\"https:\/\/europaeischeverlagsanstalt.de\/wp-856ad-content\/uploads\/2022\/04\/Bildschirmfoto-2022-04-12-um-11.02.44.png 200w, https:\/\/europaeischeverlagsanstalt.de\/wp-856ad-content\/uploads\/2022\/04\/Bildschirmfoto-2022-04-12-um-11.02.44-39x50.png 39w\" sizes=\"(max-width: 200px) 100vw, 200px\" \/><\/a><\/div><div class=\"w-vwrapper usg_vwrapper_1 align_left valign_top\"><h2 class=\"w-post-elm post_title usg_post_title_1 entry-title color_link_inherit has_text_color\"><a href=\"https:\/\/europaeischeverlagsanstalt.de\/?p=4078\">George L. Mosse<\/a><\/h2><div class=\"w-post-elm post_content usg_post_content_1\">George L. Mosse (1918 \u2013 1999) war ein Enkel des Berliner Zeitungsverlegers Rudolf Mosse. In der Emigration studierte er erst in Cambridge, sp\u00e4ter am Haverford College, Pennsylvania. \u00a0In dieser Zeit&hellip;<\/div><\/div><\/div>\t<\/div>\r\n<\/article>\r\n<article class=\"w-grid-item size_1x1 post-2435 post type-post status-publish format-standard has-post-thumbnail hentry category-allgemein category-autor tag-muellerchristoph\" data-id=\"2435\">\r\n\t<div class=\"w-grid-item-h\">\r\n\t\t\t\t<div class=\"w-hwrapper usg_hwrapper_1 align_left valign_top wrap\"><div class=\"w-post-elm post_image usg_post_image_1 as_circle has_width has_ratio\"><div style=\"padding-bottom:100.0000%\"><\/div><a href=\"https:\/\/europaeischeverlagsanstalt.de\/?p=2435\" aria-label=\"Christoph M\u00fcller\"><img width=\"350\" height=\"487\" src=\"https:\/\/europaeischeverlagsanstalt.de\/wp-856ad-content\/uploads\/2021\/06\/foto-Mu\u0308ller.jpg\" class=\"attachment-large size-large wp-post-image\" alt=\"\" loading=\"lazy\" srcset=\"https:\/\/europaeischeverlagsanstalt.de\/wp-856ad-content\/uploads\/2021\/06\/foto-Mu\u0308ller.jpg 350w, https:\/\/europaeischeverlagsanstalt.de\/wp-856ad-content\/uploads\/2021\/06\/foto-Mu\u0308ller-216x300.jpg 216w, https:\/\/europaeischeverlagsanstalt.de\/wp-856ad-content\/uploads\/2021\/06\/foto-Mu\u0308ller-287x400.jpg 287w, https:\/\/europaeischeverlagsanstalt.de\/wp-856ad-content\/uploads\/2021\/06\/foto-Mu\u0308ller-36x50.jpg 36w\" sizes=\"(max-width: 350px) 100vw, 350px\" \/><\/a><\/div><div class=\"w-vwrapper usg_vwrapper_1 align_left valign_top\"><h2 class=\"w-post-elm post_title usg_post_title_1 entry-title color_link_inherit has_text_color\"><a href=\"https:\/\/europaeischeverlagsanstalt.de\/?p=2435\">Christoph M\u00fcller<\/a><\/h2><div class=\"w-post-elm post_content usg_post_content_1\">Christoph M\u00fcller, geboren 1927, Promotion an der Universit\u00e4t Bonn 1965; nach einem Studienaufenthalt an der Harvard University 1972 Habilitation der Universit\u00e4t Gie\u00dfen; 1973 Wechsel an die Freie Universit\u00e4t Berlin auf&hellip;<\/div><\/div><\/div>\t<\/div>\r\n<\/article>\r\n<article class=\"w-grid-item size_1x1 post-1819 post type-post status-publish format-standard has-post-thumbnail hentry category-autor tag-muenklerherfried\" data-id=\"1819\">\r\n\t<div class=\"w-grid-item-h\">\r\n\t\t\t\t<div class=\"w-hwrapper usg_hwrapper_1 align_left valign_top wrap\"><div class=\"w-post-elm post_image usg_post_image_1 as_circle has_width has_ratio\"><div style=\"padding-bottom:100.0000%\"><\/div><a href=\"https:\/\/europaeischeverlagsanstalt.de\/?p=1819\" aria-label=\"Herfried M\u00fcnkler\"><img width=\"125\" height=\"125\" src=\"https:\/\/europaeischeverlagsanstalt.de\/wp-856ad-content\/uploads\/2021\/03\/muenkler_herfried.jpg\" class=\"attachment-large size-large wp-post-image\" alt=\"\" loading=\"lazy\" srcset=\"https:\/\/europaeischeverlagsanstalt.de\/wp-856ad-content\/uploads\/2021\/03\/muenkler_herfried.jpg 125w, https:\/\/europaeischeverlagsanstalt.de\/wp-856ad-content\/uploads\/2021\/03\/muenkler_herfried-50x50.jpg 50w\" sizes=\"(max-width: 125px) 100vw, 125px\" \/><\/a><\/div><div class=\"w-vwrapper usg_vwrapper_1 align_left valign_top\"><h2 class=\"w-post-elm post_title usg_post_title_1 entry-title color_link_inherit has_text_color\"><a href=\"https:\/\/europaeischeverlagsanstalt.de\/?p=1819\">Herfried M\u00fcnkler<\/a><\/h2><div class=\"w-post-elm post_content usg_post_content_1\">Herfried M\u00fcnkler, geboren 1951, ist ein vielfach ausgezeichneter Professor em. f\u00fcr Politikwissenschaft an der Berliner Humboldt-Universit\u00e4t. Viele seiner B\u00fccher gelten als Standardwerke, etwa \u00bbDie Deutschen und ihre Mythen\u00ab (2009), \u00bbDer&hellip;<\/div><\/div><\/div>\t<\/div>\r\n<\/article>\r\n<article class=\"w-grid-item size_1x1 post-1737 post type-post status-publish format-standard hentry category-autor tag-muensterarno\" data-id=\"1737\">\r\n\t<div class=\"w-grid-item-h\">\r\n\t\t\t\t<div class=\"w-hwrapper usg_hwrapper_1 align_left valign_top wrap\"><div class=\"w-post-elm post_image usg_post_image_1 as_circle has_width has_ratio with_placeholder\"><div style=\"padding-bottom:100.0000%\"><\/div><a href=\"https:\/\/europaeischeverlagsanstalt.de\/?p=1737\" aria-label=\"Arno M\u00fcnster\"><img class=\"g-placeholder\" src=\"https:\/\/europaeischeverlagsanstalt.de\/wp-856ad-content\/plugins\/us-core\/assets\/images\/placeholder.svg\" width=\"1024\" height=\"1024\" alt=\"\"><\/a><\/div><div class=\"w-vwrapper usg_vwrapper_1 align_left valign_top\"><h2 class=\"w-post-elm post_title usg_post_title_1 entry-title color_link_inherit has_text_color\"><a href=\"https:\/\/europaeischeverlagsanstalt.de\/?p=1737\">Arno M\u00fcnster<\/a><\/h2><div class=\"w-post-elm post_content usg_post_content_1\">Arno M\u00fcnster, geboren 1942, studierte Philosophie und Romanistik und habilitierte 1982 mit einer Arbeit zu Ernst Bloch. Seit 1994 lehrt M\u00fcnster deutsche Philosophiegeschichte an der Universit\u00e4t Amiens. Zahlreiche Ver\u00f6ffentlichungen zum&hellip;<\/div><\/div><\/div>\t<\/div>\r\n<\/article>\r\n<article class=\"w-grid-item size_1x1 post-1633 post type-post status-publish format-standard has-post-thumbnail hentry category-autor tag-nagelthomas\" data-id=\"1633\">\r\n\t<div class=\"w-grid-item-h\">\r\n\t\t\t\t<div class=\"w-hwrapper usg_hwrapper_1 align_left valign_top wrap\"><div class=\"w-post-elm post_image usg_post_image_1 as_circle has_width has_ratio\"><div style=\"padding-bottom:100.0000%\"><\/div><a href=\"https:\/\/europaeischeverlagsanstalt.de\/?p=1633\" aria-label=\"Thomas Nagel\"><img width=\"341\" height=\"400\" src=\"https:\/\/europaeischeverlagsanstalt.de\/wp-856ad-content\/uploads\/2021\/03\/nagel_thomas.jpg\" class=\"attachment-large size-large wp-post-image\" alt=\"\" loading=\"lazy\" srcset=\"https:\/\/europaeischeverlagsanstalt.de\/wp-856ad-content\/uploads\/2021\/03\/nagel_thomas.jpg 341w, https:\/\/europaeischeverlagsanstalt.de\/wp-856ad-content\/uploads\/2021\/03\/nagel_thomas-256x300.jpg 256w, https:\/\/europaeischeverlagsanstalt.de\/wp-856ad-content\/uploads\/2021\/03\/nagel_thomas-43x50.jpg 43w\" sizes=\"(max-width: 341px) 100vw, 341px\" \/><\/a><\/div><div class=\"w-vwrapper usg_vwrapper_1 align_left valign_top\"><h2 class=\"w-post-elm post_title usg_post_title_1 entry-title color_link_inherit has_text_color\"><a href=\"https:\/\/europaeischeverlagsanstalt.de\/?p=1633\">Thomas Nagel<\/a><\/h2><div class=\"w-post-elm post_content usg_post_content_1\">Thomas Nagel, geboren 1937, viele Jahre Philosophieprofessor in Princeton, heute an der New York University School of Law, geh\u00f6rt zu den bedeutendsten lebenden Philosophen der Vereinigten Staaten. Seine Forschungsschwerpunkte liegen&hellip;<\/div><\/div><\/div>\t<\/div>\r\n<\/article>\r\n<article class=\"w-grid-item size_1x1 post-2919 post type-post status-publish format-standard hentry category-autor tag-naumannbernd\" data-id=\"2919\">\r\n\t<div class=\"w-grid-item-h\">\r\n\t\t\t\t<div class=\"w-hwrapper usg_hwrapper_1 align_left valign_top wrap\"><div class=\"w-post-elm post_image usg_post_image_1 as_circle has_width has_ratio with_placeholder\"><div style=\"padding-bottom:100.0000%\"><\/div><a href=\"https:\/\/europaeischeverlagsanstalt.de\/?p=2919\" aria-label=\"Bernd Naumann\"><img class=\"g-placeholder\" src=\"https:\/\/europaeischeverlagsanstalt.de\/wp-856ad-content\/plugins\/us-core\/assets\/images\/placeholder.svg\" width=\"1024\" height=\"1024\" alt=\"\"><\/a><\/div><div class=\"w-vwrapper usg_vwrapper_1 align_left valign_top\"><h2 class=\"w-post-elm post_title usg_post_title_1 entry-title color_link_inherit has_text_color\"><a href=\"https:\/\/europaeischeverlagsanstalt.de\/?p=2919\">Bernd Naumann<\/a><\/h2><div class=\"w-post-elm post_content usg_post_content_1\">Bernd Naumann (1922-1971) geh\u00f6rte zur Redaktion der Frankfurter Allgemeinen Zeitung, in deren Auftrag er 20 Monate lang \u00fcber den Auschwitz-Prozess berichtete.<\/div><\/div><\/div>\t<\/div>\r\n<\/article>\r\n<article class=\"w-grid-item size_1x1 post-1780 post type-post status-publish format-standard hentry category-autor tag-neumannfranz\" data-id=\"1780\">\r\n\t<div class=\"w-grid-item-h\">\r\n\t\t\t\t<div class=\"w-hwrapper usg_hwrapper_1 align_left valign_top wrap\"><div class=\"w-post-elm post_image usg_post_image_1 as_circle has_width has_ratio with_placeholder\"><div style=\"padding-bottom:100.0000%\"><\/div><a href=\"https:\/\/europaeischeverlagsanstalt.de\/?p=1780\" aria-label=\"Franz Neumann\"><img class=\"g-placeholder\" src=\"https:\/\/europaeischeverlagsanstalt.de\/wp-856ad-content\/plugins\/us-core\/assets\/images\/placeholder.svg\" width=\"1024\" height=\"1024\" alt=\"\"><\/a><\/div><div class=\"w-vwrapper usg_vwrapper_1 align_left valign_top\"><h2 class=\"w-post-elm post_title usg_post_title_1 entry-title color_link_inherit has_text_color\"><a href=\"https:\/\/europaeischeverlagsanstalt.de\/?p=1780\">Franz Neumann<\/a><\/h2><div class=\"w-post-elm post_content usg_post_content_1\">Franz L. Neumann, geboren 1900 in Kattowitz. 1918 Studium der \u00d6konomie und Jurisprudenz. 1919 Beitritt zur SPD. 1923 Dr. jur. in Frankfurt\/Main, Assistent von Hugo Sinzheimer. 1925 \u2013 27 Dozent&hellip;<\/div><\/div><\/div>\t<\/div>\r\n<\/article>\r\n<article class=\"w-grid-item size_1x1 post-3194 post type-post status-publish format-standard hentry category-allgemein category-autor tag-neumannbernd\" data-id=\"3194\">\r\n\t<div class=\"w-grid-item-h\">\r\n\t\t\t\t<div class=\"w-hwrapper usg_hwrapper_1 align_left valign_top wrap\"><div class=\"w-post-elm post_image usg_post_image_1 as_circle has_width has_ratio with_placeholder\"><div style=\"padding-bottom:100.0000%\"><\/div><a href=\"https:\/\/europaeischeverlagsanstalt.de\/?p=3194\" aria-label=\"Bernd Neumann\"><img class=\"g-placeholder\" src=\"https:\/\/europaeischeverlagsanstalt.de\/wp-856ad-content\/plugins\/us-core\/assets\/images\/placeholder.svg\" width=\"1024\" height=\"1024\" alt=\"\"><\/a><\/div><div class=\"w-vwrapper usg_vwrapper_1 align_left valign_top\"><h2 class=\"w-post-elm post_title usg_post_title_1 entry-title color_link_inherit has_text_color\"><a href=\"https:\/\/europaeischeverlagsanstalt.de\/?p=3194\">Bernd Neumann<\/a><\/h2><div class=\"w-post-elm post_content usg_post_content_1\">Bernd Neumann, geboren 1943 in Wien, Professor f\u00fcr deutsche Literatur an der Universit\u00e4t Trondheim, Norwegen. Autor und Herausgeber zahlreicher Schriften \u00fcber Uwe Johnson.<\/div><\/div><\/div>\t<\/div>\r\n<\/article>\r\n<article class=\"w-grid-item size_1x1 post-5281 post type-post status-publish format-standard has-post-thumbnail hentry category-allgemein category-autor tag-nippelwilfried\" data-id=\"5281\">\r\n\t<div class=\"w-grid-item-h\">\r\n\t\t\t\t<div class=\"w-hwrapper usg_hwrapper_1 align_left valign_top wrap\"><div class=\"w-post-elm post_image usg_post_image_1 as_circle has_width has_ratio\"><div style=\"padding-bottom:100.0000%\"><\/div><a href=\"https:\/\/europaeischeverlagsanstalt.de\/?p=5281\" aria-label=\"Wilfried Nippel\"><img width=\"878\" height=\"1024\" src=\"https:\/\/europaeischeverlagsanstalt.de\/wp-856ad-content\/uploads\/2023\/05\/Foto_Nippel-878x1024.jpg\" class=\"attachment-large size-large wp-post-image\" alt=\"\" loading=\"lazy\" srcset=\"https:\/\/europaeischeverlagsanstalt.de\/wp-856ad-content\/uploads\/2023\/05\/Foto_Nippel-878x1024.jpg 878w, https:\/\/europaeischeverlagsanstalt.de\/wp-856ad-content\/uploads\/2023\/05\/Foto_Nippel-257x300.jpg 257w, https:\/\/europaeischeverlagsanstalt.de\/wp-856ad-content\/uploads\/2023\/05\/Foto_Nippel-343x400.jpg 343w, https:\/\/europaeischeverlagsanstalt.de\/wp-856ad-content\/uploads\/2023\/05\/Foto_Nippel-43x50.jpg 43w, https:\/\/europaeischeverlagsanstalt.de\/wp-856ad-content\/uploads\/2023\/05\/Foto_Nippel.jpg 961w\" sizes=\"(max-width: 878px) 100vw, 878px\" \/><\/a><\/div><div class=\"w-vwrapper usg_vwrapper_1 align_left valign_top\"><h2 class=\"w-post-elm post_title usg_post_title_1 entry-title color_link_inherit has_text_color\"><a href=\"https:\/\/europaeischeverlagsanstalt.de\/?p=5281\">Wilfried Nippel<\/a><\/h2><div class=\"w-post-elm post_content usg_post_content_1\">Wilfried Nippel (Jg. 1950) war 1983\u20131992 Professor f\u00fcr Alte Geschichte in Bielefeld und lehrte anschlie\u00dfend bis zu seiner Pensionierung 2015 an der Berliner Humboldt-Universit\u00e4t. Er ist Mitglied der Berlin-Brandenburgischen Akademie&hellip;<\/div><\/div><\/div>\t<\/div>\r\n<\/article>\r\n<article class=\"w-grid-item size_1x1 post-5746 post type-post status-publish format-standard has-post-thumbnail hentry category-allgemein category-autor tag-oberschlickgerhard\" data-id=\"5746\">\r\n\t<div class=\"w-grid-item-h\">\r\n\t\t\t\t<div class=\"w-hwrapper usg_hwrapper_1 align_left valign_top wrap\"><div class=\"w-post-elm post_image usg_post_image_1 as_circle has_width has_ratio\"><div style=\"padding-bottom:100.0000%\"><\/div><a href=\"https:\/\/europaeischeverlagsanstalt.de\/?p=5746\" aria-label=\"Gerhard Oberschlick\"><img width=\"583\" height=\"1024\" src=\"https:\/\/europaeischeverlagsanstalt.de\/wp-856ad-content\/uploads\/2023\/05\/9783863931704-583x1024.jpg\" class=\"attachment-large size-large wp-post-image\" alt=\"\" loading=\"lazy\" srcset=\"https:\/\/europaeischeverlagsanstalt.de\/wp-856ad-content\/uploads\/2023\/05\/9783863931704-583x1024.jpg 583w, https:\/\/europaeischeverlagsanstalt.de\/wp-856ad-content\/uploads\/2023\/05\/9783863931704-171x300.jpg 171w, https:\/\/europaeischeverlagsanstalt.de\/wp-856ad-content\/uploads\/2023\/05\/9783863931704-228x400.jpg 228w, https:\/\/europaeischeverlagsanstalt.de\/wp-856ad-content\/uploads\/2023\/05\/9783863931704-28x50.jpg 28w, https:\/\/europaeischeverlagsanstalt.de\/wp-856ad-content\/uploads\/2023\/05\/9783863931704-scaled.jpg 1457w\" sizes=\"(max-width: 583px) 100vw, 583px\" \/><\/a><\/div><div class=\"w-vwrapper usg_vwrapper_1 align_left valign_top\"><h2 class=\"w-post-elm post_title usg_post_title_1 entry-title color_link_inherit has_text_color\"><a href=\"https:\/\/europaeischeverlagsanstalt.de\/?p=5746\">Gerhard Oberschlick<\/a><\/h2><div class=\"w-post-elm post_content usg_post_content_1\">Gerhard Oberschlick ist ein \u00f6sterreichischer Publizist und war Herausgeber der Zeitschrift FORVM,in der G\u00fcnther Anders viel publiziert hat. Er verwaltet den Nachlass von G\u00fcnther Anders.<\/div><\/div><\/div>\t<\/div>\r\n<\/article>\r\n<article class=\"w-grid-item size_1x1 post-1637 post type-post status-publish format-standard has-post-thumbnail hentry category-autor tag-palmergesine\" data-id=\"1637\">\r\n\t<div class=\"w-grid-item-h\">\r\n\t\t\t\t<div class=\"w-hwrapper usg_hwrapper_1 align_left valign_top wrap\"><div class=\"w-post-elm post_image usg_post_image_1 as_circle has_width has_ratio\"><div style=\"padding-bottom:100.0000%\"><\/div><a href=\"https:\/\/europaeischeverlagsanstalt.de\/?p=1637\" aria-label=\"Gesine Palmer\"><img width=\"401\" height=\"292\" src=\"https:\/\/europaeischeverlagsanstalt.de\/wp-856ad-content\/uploads\/2021\/03\/palmer_gesine.jpg\" class=\"attachment-large size-large wp-post-image\" alt=\"\" loading=\"lazy\" srcset=\"https:\/\/europaeischeverlagsanstalt.de\/wp-856ad-content\/uploads\/2021\/03\/palmer_gesine.jpg 401w, https:\/\/europaeischeverlagsanstalt.de\/wp-856ad-content\/uploads\/2021\/03\/palmer_gesine-300x218.jpg 300w, https:\/\/europaeischeverlagsanstalt.de\/wp-856ad-content\/uploads\/2021\/03\/palmer_gesine-69x50.jpg 69w\" sizes=\"(max-width: 401px) 100vw, 401px\" \/><\/a><\/div><div class=\"w-vwrapper usg_vwrapper_1 align_left valign_top\"><h2 class=\"w-post-elm post_title usg_post_title_1 entry-title color_link_inherit has_text_color\"><a href=\"https:\/\/europaeischeverlagsanstalt.de\/?p=1637\">Gesine Palmer<\/a><\/h2><div class=\"w-post-elm post_content usg_post_content_1\">Dr. phil. Gesine Palmer, seit 2007 als freie Autorin, Publizistin, Rednerin und Beraterin selbst\u00e4ndig mit dem B\u00fcro f\u00fcr besondere Texte. 1996 Promotion zur Dr. phil. in historischer Theologie mit Ein&hellip;<\/div><\/div><\/div>\t<\/div>\r\n<\/article>\r\n<article class=\"w-grid-item size_1x1 post-2235 post type-post status-publish format-standard hentry category-autor tag-perelsjoachim\" data-id=\"2235\">\r\n\t<div class=\"w-grid-item-h\">\r\n\t\t\t\t<div class=\"w-hwrapper usg_hwrapper_1 align_left valign_top wrap\"><div class=\"w-post-elm post_image usg_post_image_1 as_circle has_width has_ratio with_placeholder\"><div style=\"padding-bottom:100.0000%\"><\/div><a href=\"https:\/\/europaeischeverlagsanstalt.de\/?p=2235\" aria-label=\"Joachim Perels\"><img class=\"g-placeholder\" src=\"https:\/\/europaeischeverlagsanstalt.de\/wp-856ad-content\/plugins\/us-core\/assets\/images\/placeholder.svg\" width=\"1024\" height=\"1024\" alt=\"\"><\/a><\/div><div class=\"w-vwrapper usg_vwrapper_1 align_left valign_top\"><h2 class=\"w-post-elm post_title usg_post_title_1 entry-title color_link_inherit has_text_color\"><a href=\"https:\/\/europaeischeverlagsanstalt.de\/?p=2235\">Joachim Perels<\/a><\/h2><div class=\"w-post-elm post_content usg_post_content_1\">Joachim Perels, geb. 1942 in Berlin, ist ein deutscher Politikwissenschaftler, Mitbegr\u00fcnder der Zeitschrift &#8220;Kritische Justiz&#8221; und Professor em. f\u00fcr Politische Wissenschaft an der Universit\u00e4t Hannover. Zahlreiche Ver\u00f6ffentlichungen u.a. zur demokratischen&hellip;<\/div><\/div><\/div>\t<\/div>\r\n<\/article>\r\n<article class=\"w-grid-item size_1x1 post-1893 post type-post status-publish format-standard hentry category-autor tag-plessnermonika\" data-id=\"1893\">\r\n\t<div class=\"w-grid-item-h\">\r\n\t\t\t\t<div class=\"w-hwrapper usg_hwrapper_1 align_left valign_top wrap\"><div class=\"w-post-elm post_image usg_post_image_1 as_circle has_width has_ratio with_placeholder\"><div style=\"padding-bottom:100.0000%\"><\/div><a href=\"https:\/\/europaeischeverlagsanstalt.de\/?p=1893\" aria-label=\"Monika Plessner\"><img class=\"g-placeholder\" src=\"https:\/\/europaeischeverlagsanstalt.de\/wp-856ad-content\/plugins\/us-core\/assets\/images\/placeholder.svg\" width=\"1024\" height=\"1024\" alt=\"\"><\/a><\/div><div class=\"w-vwrapper usg_vwrapper_1 align_left valign_top\"><h2 class=\"w-post-elm post_title usg_post_title_1 entry-title color_link_inherit has_text_color\"><a href=\"https:\/\/europaeischeverlagsanstalt.de\/?p=1893\">Monika Plessner<\/a><\/h2><div class=\"w-post-elm post_content usg_post_content_1\">Monika Plessner (1913\u20132008), Studium der Kunst- und Literaturwissenschaft, war nach dem Krieg in der Erwachsenbildung t\u00e4tig. In den Jahren 1952\/53 Assistentin am Frankfurter Institut f\u00fcr Sozialforschung. Weitere Werke: &#8220;Onkel Tom&hellip;<\/div><\/div><\/div>\t<\/div>\r\n<\/article>\r\n<article class=\"w-grid-item size_1x1 post-1641 post type-post status-publish format-standard has-post-thumbnail hentry category-autor tag-prosschristian\" data-id=\"1641\">\r\n\t<div class=\"w-grid-item-h\">\r\n\t\t\t\t<div class=\"w-hwrapper usg_hwrapper_1 align_left valign_top wrap\"><div class=\"w-post-elm post_image usg_post_image_1 as_circle has_width has_ratio\"><div style=\"padding-bottom:100.0000%\"><\/div><a href=\"https:\/\/europaeischeverlagsanstalt.de\/?p=1641\" aria-label=\"Christian Pross\"><img width=\"293\" height=\"404\" src=\"https:\/\/europaeischeverlagsanstalt.de\/wp-856ad-content\/uploads\/2021\/03\/pross_christian.jpg\" class=\"attachment-large size-large wp-post-image\" alt=\"\" loading=\"lazy\" srcset=\"https:\/\/europaeischeverlagsanstalt.de\/wp-856ad-content\/uploads\/2021\/03\/pross_christian.jpg 293w, https:\/\/europaeischeverlagsanstalt.de\/wp-856ad-content\/uploads\/2021\/03\/pross_christian-218x300.jpg 218w, https:\/\/europaeischeverlagsanstalt.de\/wp-856ad-content\/uploads\/2021\/03\/pross_christian-290x400.jpg 290w, https:\/\/europaeischeverlagsanstalt.de\/wp-856ad-content\/uploads\/2021\/03\/pross_christian-36x50.jpg 36w\" sizes=\"(max-width: 293px) 100vw, 293px\" \/><\/a><\/div><div class=\"w-vwrapper usg_vwrapper_1 align_left valign_top\"><h2 class=\"w-post-elm post_title usg_post_title_1 entry-title color_link_inherit has_text_color\"><a href=\"https:\/\/europaeischeverlagsanstalt.de\/?p=1641\">Christian Pross<\/a><\/h2><div class=\"w-post-elm post_content usg_post_content_1\">Christian Pross, geb. 1948, ist Arzt f\u00fcr Allgemeinmedizin und Psychotherapie, Medizinhistoriker und Honorarprofessor an der Charit\u00e9. Er ist Mitbegr\u00fcnder und war von 1992 bis 2003 Leiter des Behandlungszentrums f\u00fcr Folteropfer&hellip;<\/div><\/div><\/div>\t<\/div>\r\n<\/article>\r\n<article class=\"w-grid-item size_1x1 post-1977 post type-post status-publish format-standard has-post-thumbnail hentry category-autor tag-rathenauwalther\" data-id=\"1977\">\r\n\t<div class=\"w-grid-item-h\">\r\n\t\t\t\t<div class=\"w-hwrapper usg_hwrapper_1 align_left valign_top wrap\"><div class=\"w-post-elm post_image usg_post_image_1 as_circle has_width has_ratio\"><div style=\"padding-bottom:100.0000%\"><\/div><a href=\"https:\/\/europaeischeverlagsanstalt.de\/?p=1977\" aria-label=\"Walther Rathenau\"><img width=\"600\" height=\"648\" src=\"https:\/\/europaeischeverlagsanstalt.de\/wp-856ad-content\/uploads\/2021\/03\/rathenau_walther.jpg\" class=\"attachment-large size-large wp-post-image\" alt=\"\" loading=\"lazy\" srcset=\"https:\/\/europaeischeverlagsanstalt.de\/wp-856ad-content\/uploads\/2021\/03\/rathenau_walther.jpg 600w, https:\/\/europaeischeverlagsanstalt.de\/wp-856ad-content\/uploads\/2021\/03\/rathenau_walther-278x300.jpg 278w, https:\/\/europaeischeverlagsanstalt.de\/wp-856ad-content\/uploads\/2021\/03\/rathenau_walther-370x400.jpg 370w, https:\/\/europaeischeverlagsanstalt.de\/wp-856ad-content\/uploads\/2021\/03\/rathenau_walther-46x50.jpg 46w\" sizes=\"(max-width: 600px) 100vw, 600px\" \/><\/a><\/div><div class=\"w-vwrapper usg_vwrapper_1 align_left valign_top\"><h2 class=\"w-post-elm post_title usg_post_title_1 entry-title color_link_inherit has_text_color\"><a href=\"https:\/\/europaeischeverlagsanstalt.de\/?p=1977\">Walther Rathenau<\/a><\/h2><div class=\"w-post-elm post_content usg_post_content_1\">Walther Rathenau (1867-1922), Sohn des Begr\u00fcnders der \u00bbAllgemeinen Elektrizit\u00e4ts-Gesellschaft\u00ab (AEG), fungierte nach dem Tod seines Vaters 1915 als Vorsitzender des Aufsichtsrates der AEG. Neben seiner beruflichen T\u00e4tigkeit war er vielf\u00e4ltig&hellip;<\/div><\/div><\/div>\t<\/div>\r\n<\/article>\r\n<article class=\"w-grid-item size_1x1 post-2226 post type-post status-publish format-standard has-post-thumbnail hentry category-autor tag-reichmanneva\" data-id=\"2226\">\r\n\t<div class=\"w-grid-item-h\">\r\n\t\t\t\t<div class=\"w-hwrapper usg_hwrapper_1 align_left valign_top wrap\"><div class=\"w-post-elm post_image usg_post_image_1 as_circle has_width has_ratio\"><div style=\"padding-bottom:100.0000%\"><\/div><a href=\"https:\/\/europaeischeverlagsanstalt.de\/?p=2226\" aria-label=\"Eva G. Reichmann\"><img width=\"512\" height=\"288\" src=\"https:\/\/europaeischeverlagsanstalt.de\/wp-856ad-content\/uploads\/2021\/06\/Eva-Reichmann.jpg\" class=\"attachment-large size-large wp-post-image\" alt=\"\" loading=\"lazy\" srcset=\"https:\/\/europaeischeverlagsanstalt.de\/wp-856ad-content\/uploads\/2021\/06\/Eva-Reichmann.jpg 512w, https:\/\/europaeischeverlagsanstalt.de\/wp-856ad-content\/uploads\/2021\/06\/Eva-Reichmann-300x169.jpg 300w, https:\/\/europaeischeverlagsanstalt.de\/wp-856ad-content\/uploads\/2021\/06\/Eva-Reichmann-89x50.jpg 89w\" sizes=\"(max-width: 512px) 100vw, 512px\" \/><\/a><\/div><div class=\"w-vwrapper usg_vwrapper_1 align_left valign_top\"><h2 class=\"w-post-elm post_title usg_post_title_1 entry-title color_link_inherit has_text_color\"><a href=\"https:\/\/europaeischeverlagsanstalt.de\/?p=2226\">Eva G. Reichmann<\/a><\/h2><div class=\"w-post-elm post_content usg_post_content_1\">Eva Gabriele Reichmann, in Oberschlesien 1897 geborene, in Heidelberg promovierte Soziologin, die von 1924 bis 1938 kulturpolitische Referentin des Centralvereins deutscher Staatsb\u00fcrger j\u00fcdischen Glaubens war. Zusammen mit ihrem Mann, dem&hellip;<\/div><\/div><\/div>\t<\/div>\r\n<\/article>\r\n<article class=\"w-grid-item size_1x1 post-1979 post type-post status-publish format-standard has-post-thumbnail hentry category-autor tag-renzwerner\" data-id=\"1979\">\r\n\t<div class=\"w-grid-item-h\">\r\n\t\t\t\t<div class=\"w-hwrapper usg_hwrapper_1 align_left valign_top wrap\"><div class=\"w-post-elm post_image usg_post_image_1 as_circle has_width has_ratio\"><div style=\"padding-bottom:100.0000%\"><\/div><a href=\"https:\/\/europaeischeverlagsanstalt.de\/?p=1979\" aria-label=\"Werner Renz\"><img width=\"1024\" height=\"1001\" src=\"https:\/\/europaeischeverlagsanstalt.de\/wp-856ad-content\/uploads\/2021\/03\/renz_werner.jpg\" class=\"attachment-large size-large wp-post-image\" alt=\"\" loading=\"lazy\" srcset=\"https:\/\/europaeischeverlagsanstalt.de\/wp-856ad-content\/uploads\/2021\/03\/renz_werner.jpg 1024w, https:\/\/europaeischeverlagsanstalt.de\/wp-856ad-content\/uploads\/2021\/03\/renz_werner-300x293.jpg 300w, https:\/\/europaeischeverlagsanstalt.de\/wp-856ad-content\/uploads\/2021\/03\/renz_werner-409x400.jpg 409w, https:\/\/europaeischeverlagsanstalt.de\/wp-856ad-content\/uploads\/2021\/03\/renz_werner-51x50.jpg 51w\" sizes=\"(max-width: 1024px) 100vw, 1024px\" \/><\/a><\/div><div class=\"w-vwrapper usg_vwrapper_1 align_left valign_top\"><h2 class=\"w-post-elm post_title usg_post_title_1 entry-title color_link_inherit has_text_color\"><a href=\"https:\/\/europaeischeverlagsanstalt.de\/?p=1979\">Werner Renz<\/a><\/h2><div class=\"w-post-elm post_content usg_post_content_1\">Werner Renz, geboren 1950, schloss mit dem Grad eines Magister Artium ein Studium der Germanistik, Linguistik und Philosophie an der Johann Wolfgang Goethe-Universit\u00e4t in Frankfurt am Main ab. Von 1995&hellip;<\/div><\/div><\/div>\t<\/div>\r\n<\/article>\r\n<article class=\"w-grid-item size_1x1 post-1854 post type-post status-publish format-standard has-post-thumbnail hentry category-autor tag-ronnebergerklaus\" data-id=\"1854\">\r\n\t<div class=\"w-grid-item-h\">\r\n\t\t\t\t<div class=\"w-hwrapper usg_hwrapper_1 align_left valign_top wrap\"><div class=\"w-post-elm post_image usg_post_image_1 as_circle has_width has_ratio\"><div style=\"padding-bottom:100.0000%\"><\/div><a href=\"https:\/\/europaeischeverlagsanstalt.de\/?p=1854\" aria-label=\"Klaus Ronneberger\"><img width=\"270\" height=\"263\" src=\"https:\/\/europaeischeverlagsanstalt.de\/wp-856ad-content\/uploads\/2021\/03\/ronneberger_klaus.jpg\" class=\"attachment-large size-large wp-post-image\" alt=\"\" loading=\"lazy\" srcset=\"https:\/\/europaeischeverlagsanstalt.de\/wp-856ad-content\/uploads\/2021\/03\/ronneberger_klaus.jpg 270w, https:\/\/europaeischeverlagsanstalt.de\/wp-856ad-content\/uploads\/2021\/03\/ronneberger_klaus-51x50.jpg 51w\" sizes=\"(max-width: 270px) 100vw, 270px\" \/><\/a><\/div><div class=\"w-vwrapper usg_vwrapper_1 align_left valign_top\"><h2 class=\"w-post-elm post_title usg_post_title_1 entry-title color_link_inherit has_text_color\"><a href=\"https:\/\/europaeischeverlagsanstalt.de\/?p=1854\">Klaus Ronneberger<\/a><\/h2><div class=\"w-post-elm post_content usg_post_content_1\">Klaus Ronneberger, geboren 1950, studierte Sozialp\u00e4dagogik, Kulturwissenschaft und Soziologie. Er war langj\u00e4hriger Mitarbeiter des Instituts f\u00fcr Sozialforschung in Frankfurt a. M. und arbeitet dort heute als freier Publizist. Er ist&hellip;<\/div><\/div><\/div>\t<\/div>\r\n<\/article>\r\n<article class=\"w-grid-item size_1x1 post-1738 post type-post status-publish format-standard has-post-thumbnail hentry category-autor tag-rosenbergarthur\" data-id=\"1738\">\r\n\t<div class=\"w-grid-item-h\">\r\n\t\t\t\t<div class=\"w-hwrapper usg_hwrapper_1 align_left valign_top wrap\"><div class=\"w-post-elm post_image usg_post_image_1 as_circle has_width has_ratio\"><div style=\"padding-bottom:100.0000%\"><\/div><a href=\"https:\/\/europaeischeverlagsanstalt.de\/?p=1738\" aria-label=\"Arthur Rosenberg\"><img width=\"150\" height=\"200\" src=\"https:\/\/europaeischeverlagsanstalt.de\/wp-856ad-content\/uploads\/2021\/03\/rosenberg_arthur.jpg\" class=\"attachment-large size-large wp-post-image\" alt=\"\" loading=\"lazy\" srcset=\"https:\/\/europaeischeverlagsanstalt.de\/wp-856ad-content\/uploads\/2021\/03\/rosenberg_arthur.jpg 150w, https:\/\/europaeischeverlagsanstalt.de\/wp-856ad-content\/uploads\/2021\/03\/rosenberg_arthur-38x50.jpg 38w\" sizes=\"(max-width: 150px) 100vw, 150px\" \/><\/a><\/div><div class=\"w-vwrapper usg_vwrapper_1 align_left valign_top\"><h2 class=\"w-post-elm post_title usg_post_title_1 entry-title color_link_inherit has_text_color\"><a href=\"https:\/\/europaeischeverlagsanstalt.de\/?p=1738\">Arthur Rosenberg<\/a><\/h2><div class=\"w-post-elm post_content usg_post_content_1\">Arthur Rosenberg (1889\u20131943) war Althistoriker und hatte mit einer Arbeit &#8220;Der Staat der alten Italiker&#8221; (1913) promoviert. Von 1924 bis 1928 war er Reichstagsabgeordneter, zun\u00e4chst der KPD, seit Ende 1927&hellip;<\/div><\/div><\/div>\t<\/div>\r\n<\/article>\r\n<article class=\"w-grid-item size_1x1 post-1782 post type-post status-publish format-standard has-post-thumbnail hentry category-autor tag-rosenzweigfranz\" data-id=\"1782\">\r\n\t<div class=\"w-grid-item-h\">\r\n\t\t\t\t<div class=\"w-hwrapper usg_hwrapper_1 align_left valign_top wrap\"><div class=\"w-post-elm post_image usg_post_image_1 as_circle has_width has_ratio\"><div style=\"padding-bottom:100.0000%\"><\/div><a href=\"https:\/\/europaeischeverlagsanstalt.de\/?p=1782\" aria-label=\"Franz Rosenzweig\"><img width=\"151\" height=\"228\" src=\"https:\/\/europaeischeverlagsanstalt.de\/wp-856ad-content\/uploads\/2021\/03\/rosenzweig_franz.jpg\" class=\"attachment-large size-large wp-post-image\" alt=\"\" loading=\"lazy\" srcset=\"https:\/\/europaeischeverlagsanstalt.de\/wp-856ad-content\/uploads\/2021\/03\/rosenzweig_franz.jpg 151w, https:\/\/europaeischeverlagsanstalt.de\/wp-856ad-content\/uploads\/2021\/03\/rosenzweig_franz-33x50.jpg 33w\" sizes=\"(max-width: 151px) 100vw, 151px\" \/><\/a><\/div><div class=\"w-vwrapper usg_vwrapper_1 align_left valign_top\"><h2 class=\"w-post-elm post_title usg_post_title_1 entry-title color_link_inherit has_text_color\"><a href=\"https:\/\/europaeischeverlagsanstalt.de\/?p=1782\">Franz Rosenzweig<\/a><\/h2><div class=\"w-post-elm post_content usg_post_content_1\">Franz Rosenzweig (1886\u20131929) war ein j\u00fcdischer Religionsphilosoph und P\u00e4dagoge. Durch sein entschiedenes Bekenntnis zum Judesein, durch seine Glaubensphilosophie und seine Werke, durch seine Gr\u00fcndung des Freien J\u00fcdischen Lehrhauses in Frankfurt&hellip;<\/div><\/div><\/div>\t<\/div>\r\n<\/article>\r\n<article class=\"w-grid-item size_1x1 post-5749 post type-post status-publish format-standard hentry category-allgemein category-autor tag-rottmannmike\" data-id=\"5749\">\r\n\t<div class=\"w-grid-item-h\">\r\n\t\t\t\t<div class=\"w-hwrapper usg_hwrapper_1 align_left valign_top wrap\"><div class=\"w-post-elm post_image usg_post_image_1 as_circle has_width has_ratio with_placeholder\"><div style=\"padding-bottom:100.0000%\"><\/div><a href=\"https:\/\/europaeischeverlagsanstalt.de\/?p=5749\" aria-label=\"Mike Rottmann\"><img class=\"g-placeholder\" src=\"https:\/\/europaeischeverlagsanstalt.de\/wp-856ad-content\/plugins\/us-core\/assets\/images\/placeholder.svg\" width=\"1024\" height=\"1024\" alt=\"\"><\/a><\/div><div class=\"w-vwrapper usg_vwrapper_1 align_left valign_top\"><h2 class=\"w-post-elm post_title usg_post_title_1 entry-title color_link_inherit has_text_color\"><a href=\"https:\/\/europaeischeverlagsanstalt.de\/?p=5749\">Mike Rottmann<\/a><\/h2><div class=\"w-post-elm post_content usg_post_content_1\">Mike Rottmann ist Wissenschaftlicher Mitarbeiter am Institut f\u00fcr Germanistik der Heinrich-Heine-Universit\u00e4t D\u00fcsseldorf.<\/div><\/div><\/div>\t<\/div>\r\n<\/article>\r\n<article class=\"w-grid-item size_1x1 post-1759 post type-post status-publish format-standard has-post-thumbnail hentry category-autor tag-rueteemily\" data-id=\"1759\">\r\n\t<div class=\"w-grid-item-h\">\r\n\t\t\t\t<div class=\"w-hwrapper usg_hwrapper_1 align_left valign_top wrap\"><div class=\"w-post-elm post_image usg_post_image_1 as_circle has_width has_ratio\"><div style=\"padding-bottom:100.0000%\"><\/div><a href=\"https:\/\/europaeischeverlagsanstalt.de\/?p=1759\" aria-label=\"Emily Ruete\"><img width=\"178\" height=\"228\" src=\"https:\/\/europaeischeverlagsanstalt.de\/wp-856ad-content\/uploads\/2021\/03\/Ruete.jpg\" class=\"attachment-large size-large wp-post-image\" alt=\"\" loading=\"lazy\" srcset=\"https:\/\/europaeischeverlagsanstalt.de\/wp-856ad-content\/uploads\/2021\/03\/Ruete.jpg 178w, https:\/\/europaeischeverlagsanstalt.de\/wp-856ad-content\/uploads\/2021\/03\/Ruete-39x50.jpg 39w\" sizes=\"(max-width: 178px) 100vw, 178px\" \/><\/a><\/div><div class=\"w-vwrapper usg_vwrapper_1 align_left valign_top\"><h2 class=\"w-post-elm post_title usg_post_title_1 entry-title color_link_inherit has_text_color\"><a href=\"https:\/\/europaeischeverlagsanstalt.de\/?p=1759\">Emily Ruete<\/a><\/h2><div class=\"w-post-elm post_content usg_post_content_1\">Emily Ruete wurde geboren als Salme, Prinzessin von Oman und Sansibar. Sie war Tochter des Sultans von Oman und Sansibar und einer tscherkessischen Sklavin. 1866 verlie\u00df sie heimlich die Insel&hellip;<\/div><\/div><\/div>\t<\/div>\r\n<\/article>\r\n<article class=\"w-grid-item size_1x1 post-1756 post type-post status-publish format-standard has-post-thumbnail hentry category-autor tag-schefolddian\" data-id=\"1756\">\r\n\t<div class=\"w-grid-item-h\">\r\n\t\t\t\t<div class=\"w-hwrapper usg_hwrapper_1 align_left valign_top wrap\"><div class=\"w-post-elm post_image usg_post_image_1 as_circle has_width has_ratio\"><div style=\"padding-bottom:100.0000%\"><\/div><a href=\"https:\/\/europaeischeverlagsanstalt.de\/?p=1756\" aria-label=\"Dian Schefold\"><img width=\"330\" height=\"440\" src=\"https:\/\/europaeischeverlagsanstalt.de\/wp-856ad-content\/uploads\/2021\/03\/Dian_Schefold.jpg\" class=\"attachment-large size-large wp-post-image\" alt=\"\" loading=\"lazy\" srcset=\"https:\/\/europaeischeverlagsanstalt.de\/wp-856ad-content\/uploads\/2021\/03\/Dian_Schefold.jpg 330w, https:\/\/europaeischeverlagsanstalt.de\/wp-856ad-content\/uploads\/2021\/03\/Dian_Schefold-225x300.jpg 225w, https:\/\/europaeischeverlagsanstalt.de\/wp-856ad-content\/uploads\/2021\/03\/Dian_Schefold-300x400.jpg 300w, https:\/\/europaeischeverlagsanstalt.de\/wp-856ad-content\/uploads\/2021\/03\/Dian_Schefold-38x50.jpg 38w\" sizes=\"(max-width: 330px) 100vw, 330px\" \/><\/a><\/div><div class=\"w-vwrapper usg_vwrapper_1 align_left valign_top\"><h2 class=\"w-post-elm post_title usg_post_title_1 entry-title color_link_inherit has_text_color\"><a href=\"https:\/\/europaeischeverlagsanstalt.de\/?p=1756\">Dian Schefold<\/a><\/h2><div class=\"w-post-elm post_content usg_post_content_1\">Dian Schefold, geboren 1936, Schulen und Studium bis zur Promotion (Dr. jur.) in Basel, mit Aufenthalten an der Freien Universit\u00e4t Berlin und am Schweizerischen Institut in Rom. Ab 1964 an&hellip;<\/div><\/div><\/div>\t<\/div>\r\n<\/article>\r\n<article class=\"w-grid-item size_1x1 post-1730 post type-post status-publish format-standard has-post-thumbnail hentry category-autor tag-schmidtalfred\" data-id=\"1730\">\r\n\t<div class=\"w-grid-item-h\">\r\n\t\t\t\t<div class=\"w-hwrapper usg_hwrapper_1 align_left valign_top wrap\"><div class=\"w-post-elm post_image usg_post_image_1 as_circle has_width has_ratio\"><div style=\"padding-bottom:100.0000%\"><\/div><a href=\"https:\/\/europaeischeverlagsanstalt.de\/?p=1730\" aria-label=\"Alfred Schmidt\"><img width=\"300\" height=\"437\" src=\"https:\/\/europaeischeverlagsanstalt.de\/wp-856ad-content\/uploads\/2021\/03\/schmidt_alfred.jpg\" class=\"attachment-large size-large wp-post-image\" alt=\"\" loading=\"lazy\" srcset=\"https:\/\/europaeischeverlagsanstalt.de\/wp-856ad-content\/uploads\/2021\/03\/schmidt_alfred.jpg 300w, https:\/\/europaeischeverlagsanstalt.de\/wp-856ad-content\/uploads\/2021\/03\/schmidt_alfred-206x300.jpg 206w, https:\/\/europaeischeverlagsanstalt.de\/wp-856ad-content\/uploads\/2021\/03\/schmidt_alfred-275x400.jpg 275w, https:\/\/europaeischeverlagsanstalt.de\/wp-856ad-content\/uploads\/2021\/03\/schmidt_alfred-34x50.jpg 34w\" sizes=\"(max-width: 300px) 100vw, 300px\" \/><\/a><\/div><div class=\"w-vwrapper usg_vwrapper_1 align_left valign_top\"><h2 class=\"w-post-elm post_title usg_post_title_1 entry-title color_link_inherit has_text_color\"><a href=\"https:\/\/europaeischeverlagsanstalt.de\/?p=1730\">Alfred Schmidt<\/a><\/h2><div class=\"w-post-elm post_content usg_post_content_1\">Alfred Schmidt (1931\u20132012), war Professor f\u00fcr Philosophie an der Johann Wolfgang. Johann Wolfgang Goethe-Universit\u00e4t Frankfurt a.M.; Ver\u00f6ffentlichungen u.a.: \u00bbDie Kritische Theorie als Geschichtsphilosophie\u00ab (1976), \u00bbKritische Theorie, Humanismus, Aufkl\u00e4rung\u00ab (1981), \u00bbTugend&hellip;<\/div><\/div><\/div>\t<\/div>\r\n<\/article>\r\n<article class=\"w-grid-item size_1x1 post-3503 post type-post status-publish format-standard has-post-thumbnail hentry category-allgemein category-autor category-autoren tag-schmidteberhard\" data-id=\"3503\">\r\n\t<div class=\"w-grid-item-h\">\r\n\t\t\t\t<div class=\"w-hwrapper usg_hwrapper_1 align_left valign_top wrap\"><div class=\"w-post-elm post_image usg_post_image_1 as_circle has_width has_ratio\"><div style=\"padding-bottom:100.0000%\"><\/div><a href=\"https:\/\/europaeischeverlagsanstalt.de\/?p=3503\" aria-label=\"Eberhard Schmidt\"><img width=\"591\" height=\"807\" src=\"https:\/\/europaeischeverlagsanstalt.de\/wp-856ad-content\/uploads\/2021\/12\/292_schmidt-eberhard.jpg\" class=\"attachment-large size-large wp-post-image\" alt=\"\" loading=\"lazy\" srcset=\"https:\/\/europaeischeverlagsanstalt.de\/wp-856ad-content\/uploads\/2021\/12\/292_schmidt-eberhard.jpg 591w, https:\/\/europaeischeverlagsanstalt.de\/wp-856ad-content\/uploads\/2021\/12\/292_schmidt-eberhard-220x300.jpg 220w, https:\/\/europaeischeverlagsanstalt.de\/wp-856ad-content\/uploads\/2021\/12\/292_schmidt-eberhard-293x400.jpg 293w, https:\/\/europaeischeverlagsanstalt.de\/wp-856ad-content\/uploads\/2021\/12\/292_schmidt-eberhard-37x50.jpg 37w\" sizes=\"(max-width: 591px) 100vw, 591px\" \/><\/a><\/div><div class=\"w-vwrapper usg_vwrapper_1 align_left valign_top\"><h2 class=\"w-post-elm post_title usg_post_title_1 entry-title color_link_inherit has_text_color\"><a href=\"https:\/\/europaeischeverlagsanstalt.de\/?p=3503\">Eberhard Schmidt<\/a><\/h2><div class=\"w-post-elm post_content usg_post_content_1\">Eberhard Schmidt, Jahrgang 1939, von 1974 bis 2004 Professor f\u00fcr Politikwissenschaft an der Carl von Ossietzky Universit\u00e4t Oldenburg.<\/div><\/div><\/div>\t<\/div>\r\n<\/article>\r\n<article class=\"w-grid-item size_1x1 post-3952 post type-post status-publish format-standard has-post-thumbnail hentry category-allgemein category-autor category-autoren tag-schmidtpaul\" data-id=\"3952\">\r\n\t<div class=\"w-grid-item-h\">\r\n\t\t\t\t<div class=\"w-hwrapper usg_hwrapper_1 align_left valign_top wrap\"><div class=\"w-post-elm post_image usg_post_image_1 as_circle has_width has_ratio\"><div style=\"padding-bottom:100.0000%\"><\/div><a href=\"https:\/\/europaeischeverlagsanstalt.de\/?p=3952\" aria-label=\"Paul Schmidt\"><img width=\"216\" height=\"270\" src=\"https:\/\/europaeischeverlagsanstalt.de\/wp-856ad-content\/uploads\/2022\/04\/Bildschirmfoto-2022-04-06-um-09.13.38.png\" class=\"attachment-large size-large wp-post-image\" alt=\"\" loading=\"lazy\" srcset=\"https:\/\/europaeischeverlagsanstalt.de\/wp-856ad-content\/uploads\/2022\/04\/Bildschirmfoto-2022-04-06-um-09.13.38.png 216w, https:\/\/europaeischeverlagsanstalt.de\/wp-856ad-content\/uploads\/2022\/04\/Bildschirmfoto-2022-04-06-um-09.13.38-40x50.png 40w\" sizes=\"(max-width: 216px) 100vw, 216px\" \/><\/a><\/div><div class=\"w-vwrapper usg_vwrapper_1 align_left valign_top\"><h2 class=\"w-post-elm post_title usg_post_title_1 entry-title color_link_inherit has_text_color\"><a href=\"https:\/\/europaeischeverlagsanstalt.de\/?p=3952\">Paul Schmidt<\/a><\/h2><div class=\"w-post-elm post_content usg_post_content_1\">Paul Schmidt war als Dolmetscher der Au\u00dfenminister von Stresemann bis Ribbentrop, sp\u00e4ter auch von Hitler Zeuge der wichtigsten und weitreichendsten Stationen deutscher Au\u00dfenpolitik im 20 Jahrhundert. In seinen Memoiren vermittelt&hellip;<\/div><\/div><\/div>\t<\/div>\r\n<\/article>\r\n<article class=\"w-grid-item size_1x1 post-5307 post type-post status-publish format-standard has-post-thumbnail hentry category-allgemein category-autor tag-schmidtchristoph\" data-id=\"5307\">\r\n\t<div class=\"w-grid-item-h\">\r\n\t\t\t\t<div class=\"w-hwrapper usg_hwrapper_1 align_left valign_top wrap\"><div class=\"w-post-elm post_image usg_post_image_1 as_circle has_width has_ratio\"><div style=\"padding-bottom:100.0000%\"><\/div><a href=\"https:\/\/europaeischeverlagsanstalt.de\/?p=5307\" aria-label=\"Christoph Schmidt\"><img width=\"190\" height=\"250\" src=\"https:\/\/europaeischeverlagsanstalt.de\/wp-856ad-content\/uploads\/2023\/05\/Foto_Universitaetshomepage_Christoph-Schmidt.jpg\" class=\"attachment-large size-large wp-post-image\" alt=\"\" loading=\"lazy\" srcset=\"https:\/\/europaeischeverlagsanstalt.de\/wp-856ad-content\/uploads\/2023\/05\/Foto_Universitaetshomepage_Christoph-Schmidt.jpg 190w, https:\/\/europaeischeverlagsanstalt.de\/wp-856ad-content\/uploads\/2023\/05\/Foto_Universitaetshomepage_Christoph-Schmidt-38x50.jpg 38w\" sizes=\"(max-width: 190px) 100vw, 190px\" \/><\/a><\/div><div class=\"w-vwrapper usg_vwrapper_1 align_left valign_top\"><h2 class=\"w-post-elm post_title usg_post_title_1 entry-title color_link_inherit has_text_color\"><a href=\"https:\/\/europaeischeverlagsanstalt.de\/?p=5307\">Christoph Schmidt<\/a><\/h2><div class=\"w-post-elm post_content usg_post_content_1\">Christoph Schmidt ist ordentlicher Professor f\u00fcr Philosophie, Religionswissenschaft und Germanistik an der Hebr\u00e4ischen Universit\u00e4t in Jerusalem. Seine Ver\u00f6ffentlichungen besch\u00e4ftigen sich mit der Politischen Theologie im Kontext der christlichen, j\u00fcdischen und&hellip;<\/div><\/div><\/div>\t<\/div>\r\n<\/article>\r\n<article class=\"w-grid-item size_1x1 post-3451 post type-post status-publish format-standard has-post-thumbnail hentry category-allgemein category-autor category-autoren tag-schoepsjulius\" data-id=\"3451\">\r\n\t<div class=\"w-grid-item-h\">\r\n\t\t\t\t<div class=\"w-hwrapper usg_hwrapper_1 align_left valign_top wrap\"><div class=\"w-post-elm post_image usg_post_image_1 as_circle has_width has_ratio\"><div style=\"padding-bottom:100.0000%\"><\/div><a href=\"https:\/\/europaeischeverlagsanstalt.de\/?p=3451\" aria-label=\"Julius H. Schoeps\"><img width=\"211\" height=\"314\" src=\"https:\/\/europaeischeverlagsanstalt.de\/wp-856ad-content\/uploads\/2021\/12\/Portrait_von_Julius_H._Schoeps.jpg\" class=\"attachment-large size-large wp-post-image\" alt=\"\" loading=\"lazy\" srcset=\"https:\/\/europaeischeverlagsanstalt.de\/wp-856ad-content\/uploads\/2021\/12\/Portrait_von_Julius_H._Schoeps.jpg 211w, https:\/\/europaeischeverlagsanstalt.de\/wp-856ad-content\/uploads\/2021\/12\/Portrait_von_Julius_H._Schoeps-202x300.jpg 202w, https:\/\/europaeischeverlagsanstalt.de\/wp-856ad-content\/uploads\/2021\/12\/Portrait_von_Julius_H._Schoeps-34x50.jpg 34w\" sizes=\"(max-width: 211px) 100vw, 211px\" \/><\/a><\/div><div class=\"w-vwrapper usg_vwrapper_1 align_left valign_top\"><h2 class=\"w-post-elm post_title usg_post_title_1 entry-title color_link_inherit has_text_color\"><a href=\"https:\/\/europaeischeverlagsanstalt.de\/?p=3451\">Julius H. Schoeps<\/a><\/h2><div class=\"w-post-elm post_content usg_post_content_1\">Julius H. Schoeps, geb. 1942 in Djursholm\/Schweden;1948 R\u00fcckkehr mit den Eltern aus dem Exil in das Nachkriegsdeutschland. Studium der Geschichte, Geistesgeschichte, Politik- und Theaterwissenschaft in Erlangen und Berlin. 1974-1991 Professor&hellip;<\/div><\/div><\/div>\t<\/div>\r\n<\/article>\r\n<article class=\"w-grid-item size_1x1 post-1645 post type-post status-publish format-standard has-post-thumbnail hentry category-autor tag-schuldtchristian\" data-id=\"1645\">\r\n\t<div class=\"w-grid-item-h\">\r\n\t\t\t\t<div class=\"w-hwrapper usg_hwrapper_1 align_left valign_top wrap\"><div class=\"w-post-elm post_image usg_post_image_1 as_circle has_width has_ratio\"><div style=\"padding-bottom:100.0000%\"><\/div><a href=\"https:\/\/europaeischeverlagsanstalt.de\/?p=1645\" aria-label=\"Christian Schuldt\"><img width=\"250\" height=\"340\" src=\"https:\/\/europaeischeverlagsanstalt.de\/wp-856ad-content\/uploads\/2021\/03\/schuldt_christian.jpg\" class=\"attachment-large size-large wp-post-image\" alt=\"\" loading=\"lazy\" srcset=\"https:\/\/europaeischeverlagsanstalt.de\/wp-856ad-content\/uploads\/2021\/03\/schuldt_christian.jpg 250w, https:\/\/europaeischeverlagsanstalt.de\/wp-856ad-content\/uploads\/2021\/03\/schuldt_christian-221x300.jpg 221w, https:\/\/europaeischeverlagsanstalt.de\/wp-856ad-content\/uploads\/2021\/03\/schuldt_christian-37x50.jpg 37w\" sizes=\"(max-width: 250px) 100vw, 250px\" \/><\/a><\/div><div class=\"w-vwrapper usg_vwrapper_1 align_left valign_top\"><h2 class=\"w-post-elm post_title usg_post_title_1 entry-title color_link_inherit has_text_color\"><a href=\"https:\/\/europaeischeverlagsanstalt.de\/?p=1645\">Christian Schuldt<\/a><\/h2><div class=\"w-post-elm post_content usg_post_content_1\">Christian Schuldt, geboren 1970, studierte Literaturwissenschaft und Soziologie in Hamburg und Newcastle. Nach rund 15 Jahren in leitenden Positionen im digitalen Mediengesch\u00e4ft war er zehn Jahre als Studienleiter, Autor und&hellip;<\/div><\/div><\/div>\t<\/div>\r\n<\/article>\r\n<article class=\"w-grid-item size_1x1 post-1973 post type-post status-publish format-standard hentry category-autor tag-seubertsandra\" data-id=\"1973\">\r\n\t<div class=\"w-grid-item-h\">\r\n\t\t\t\t<div class=\"w-hwrapper usg_hwrapper_1 align_left valign_top wrap\"><div class=\"w-post-elm post_image usg_post_image_1 as_circle has_width has_ratio with_placeholder\"><div style=\"padding-bottom:100.0000%\"><\/div><a href=\"https:\/\/europaeischeverlagsanstalt.de\/?p=1973\" aria-label=\"Sandra Seubert\"><img class=\"g-placeholder\" src=\"https:\/\/europaeischeverlagsanstalt.de\/wp-856ad-content\/plugins\/us-core\/assets\/images\/placeholder.svg\" width=\"1024\" height=\"1024\" alt=\"\"><\/a><\/div><div class=\"w-vwrapper usg_vwrapper_1 align_left valign_top\"><h2 class=\"w-post-elm post_title usg_post_title_1 entry-title color_link_inherit has_text_color\"><a href=\"https:\/\/europaeischeverlagsanstalt.de\/?p=1973\">Sandra Seubert<\/a><\/h2><div class=\"w-post-elm post_content usg_post_content_1\">Sandra Seubert, seit 2009 Professorin f\u00fcr Politikwissenschaft mit dem Schwerpunkt Politische Theorie an der Goethe Universit\u00e4t Frankfurt a. M. 2000\/2001 Gastwissenschaftlerin an der New School for Social Research in New&hellip;<\/div><\/div><\/div>\t<\/div>\r\n<\/article>\r\n<article class=\"w-grid-item size_1x1 post-3445 post type-post status-publish format-standard has-post-thumbnail hentry category-allgemein category-autor category-autoren tag-siegulrich\" data-id=\"3445\">\r\n\t<div class=\"w-grid-item-h\">\r\n\t\t\t\t<div class=\"w-hwrapper usg_hwrapper_1 align_left valign_top wrap\"><div class=\"w-post-elm post_image usg_post_image_1 as_circle has_width has_ratio\"><div style=\"padding-bottom:100.0000%\"><\/div><a href=\"https:\/\/europaeischeverlagsanstalt.de\/?p=3445\" aria-label=\"Ulrich Sieg\"><img width=\"716\" height=\"1024\" src=\"https:\/\/europaeischeverlagsanstalt.de\/wp-856ad-content\/uploads\/2021\/12\/Ulrich_Sieg-716x1024.jpg\" class=\"attachment-large size-large wp-post-image\" alt=\"\" loading=\"lazy\" srcset=\"https:\/\/europaeischeverlagsanstalt.de\/wp-856ad-content\/uploads\/2021\/12\/Ulrich_Sieg-716x1024.jpg 716w, https:\/\/europaeischeverlagsanstalt.de\/wp-856ad-content\/uploads\/2021\/12\/Ulrich_Sieg-210x300.jpg 210w, https:\/\/europaeischeverlagsanstalt.de\/wp-856ad-content\/uploads\/2021\/12\/Ulrich_Sieg-280x400.jpg 280w, https:\/\/europaeischeverlagsanstalt.de\/wp-856ad-content\/uploads\/2021\/12\/Ulrich_Sieg-35x50.jpg 35w, https:\/\/europaeischeverlagsanstalt.de\/wp-856ad-content\/uploads\/2021\/12\/Ulrich_Sieg.jpg 763w\" sizes=\"(max-width: 716px) 100vw, 716px\" \/><\/a><\/div><div class=\"w-vwrapper usg_vwrapper_1 align_left valign_top\"><h2 class=\"w-post-elm post_title usg_post_title_1 entry-title color_link_inherit has_text_color\"><a href=\"https:\/\/europaeischeverlagsanstalt.de\/?p=3445\">Ulrich Sieg<\/a><\/h2><div class=\"w-post-elm post_content usg_post_content_1\">Ulrich Sieg lehrt als au\u00dferplanm\u00e4\u00dfiger Professor Neueste Geschichte an der Philipps-Universit\u00e4t Marburg. Wissenschaftliche T\u00e4tigkeit in Asunc\u00edon, Jerusalem, Montreal, Oxford, Tokio und Washington. Buchver\u00f6ffentlichungen u.a.: Aufstieg und Niedergang des Marburger Neukantianismus.&hellip;<\/div><\/div><\/div>\t<\/div>\r\n<\/article>\r\n<article class=\"w-grid-item size_1x1 post-1939 post type-post status-publish format-standard has-post-thumbnail hentry category-autor tag-sikorskiradoslaw\" data-id=\"1939\">\r\n\t<div class=\"w-grid-item-h\">\r\n\t\t\t\t<div class=\"w-hwrapper usg_hwrapper_1 align_left valign_top wrap\"><div class=\"w-post-elm post_image usg_post_image_1 as_circle has_width has_ratio\"><div style=\"padding-bottom:100.0000%\"><\/div><a href=\"https:\/\/europaeischeverlagsanstalt.de\/?p=1939\" aria-label=\"Rados\u0142aw Sikorski\"><img width=\"363\" height=\"241\" src=\"https:\/\/europaeischeverlagsanstalt.de\/wp-856ad-content\/uploads\/2021\/03\/sikorski_radoslaw.jpg\" class=\"attachment-large size-large wp-post-image\" alt=\"\" loading=\"lazy\" srcset=\"https:\/\/europaeischeverlagsanstalt.de\/wp-856ad-content\/uploads\/2021\/03\/sikorski_radoslaw.jpg 363w, https:\/\/europaeischeverlagsanstalt.de\/wp-856ad-content\/uploads\/2021\/03\/sikorski_radoslaw-300x199.jpg 300w, https:\/\/europaeischeverlagsanstalt.de\/wp-856ad-content\/uploads\/2021\/03\/sikorski_radoslaw-75x50.jpg 75w\" sizes=\"(max-width: 363px) 100vw, 363px\" \/><\/a><\/div><div class=\"w-vwrapper usg_vwrapper_1 align_left valign_top\"><h2 class=\"w-post-elm post_title usg_post_title_1 entry-title color_link_inherit has_text_color\"><a href=\"https:\/\/europaeischeverlagsanstalt.de\/?p=1939\">Rados\u0142aw Sikorski<\/a><\/h2><div class=\"w-post-elm post_content usg_post_content_1\">Rados\u0142aw Sikorski ist ehemaliger Au\u00dfenminister Polens, geboren 1963, emigrierte als achtzehnj\u00e4hriger Solidarno\u015b\u0107-Sympathisant nach England. Er studierte in Oxford und arbeitete als Journalist f\u00fcr den Spectator und den Observer unter u.&hellip;<\/div><\/div><\/div>\t<\/div>\r\n<\/article>\r\n<article class=\"w-grid-item size_1x1 post-1650 post type-post status-publish format-standard has-post-thumbnail hentry category-autor tag-soellneralfons\" data-id=\"1650\">\r\n\t<div class=\"w-grid-item-h\">\r\n\t\t\t\t<div class=\"w-hwrapper usg_hwrapper_1 align_left valign_top wrap\"><div class=\"w-post-elm post_image usg_post_image_1 as_circle has_width has_ratio\"><div style=\"padding-bottom:100.0000%\"><\/div><a href=\"https:\/\/europaeischeverlagsanstalt.de\/?p=1650\" aria-label=\"Alfons S\u00f6llner\"><img width=\"125\" height=\"200\" src=\"https:\/\/europaeischeverlagsanstalt.de\/wp-856ad-content\/uploads\/2021\/03\/soellner_alfons.jpg\" class=\"attachment-large size-large wp-post-image\" alt=\"\" loading=\"lazy\" srcset=\"https:\/\/europaeischeverlagsanstalt.de\/wp-856ad-content\/uploads\/2021\/03\/soellner_alfons.jpg 125w, https:\/\/europaeischeverlagsanstalt.de\/wp-856ad-content\/uploads\/2021\/03\/soellner_alfons-31x50.jpg 31w\" sizes=\"(max-width: 125px) 100vw, 125px\" \/><\/a><\/div><div class=\"w-vwrapper usg_vwrapper_1 align_left valign_top\"><h2 class=\"w-post-elm post_title usg_post_title_1 entry-title color_link_inherit has_text_color\"><a href=\"https:\/\/europaeischeverlagsanstalt.de\/?p=1650\">Alfons S\u00f6llner<\/a><\/h2><div class=\"w-post-elm post_content usg_post_content_1\">Alfons S\u00f6llner (Jahrgang 1947) ist Professor f\u00fcr Politische Theorie und Ideengeschichte und lehrte bis 2012 an der Technischen Universit\u00e4t Chemnitz. Seine Forschungsschwerpunkte liegen in der Wirkungsgeschichte der intellektuellen Hitler-Fl\u00fcchtlinge (besonders&hellip;<\/div><\/div><\/div>\t<\/div>\r\n<\/article>\r\n<article class=\"w-grid-item size_1x1 post-1859 post type-post status-publish format-standard hentry category-autor tag-sontheimermichael\" data-id=\"1859\">\r\n\t<div class=\"w-grid-item-h\">\r\n\t\t\t\t<div class=\"w-hwrapper usg_hwrapper_1 align_left valign_top wrap\"><div class=\"w-post-elm post_image usg_post_image_1 as_circle has_width has_ratio with_placeholder\"><div style=\"padding-bottom:100.0000%\"><\/div><a href=\"https:\/\/europaeischeverlagsanstalt.de\/?p=1859\" aria-label=\"Michael Sontheimer\"><img class=\"g-placeholder\" src=\"https:\/\/europaeischeverlagsanstalt.de\/wp-856ad-content\/plugins\/us-core\/assets\/images\/placeholder.svg\" width=\"1024\" height=\"1024\" alt=\"\"><\/a><\/div><div class=\"w-vwrapper usg_vwrapper_1 align_left valign_top\"><h2 class=\"w-post-elm post_title usg_post_title_1 entry-title color_link_inherit has_text_color\"><a href=\"https:\/\/europaeischeverlagsanstalt.de\/?p=1859\">Michael Sontheimer<\/a><\/h2><div class=\"w-post-elm post_content usg_post_content_1\">Michael Sontheimer, geboren 1955 in Freiburg i. B., Studium der Geschichte, Politologie und Publizistik. Mitbegr\u00fcnder und Chefredakteur der tageszeitung (taz), Redakteur und Autor bei der ZEIT und dem SPIEGEL.<\/div><\/div><\/div>\t<\/div>\r\n<\/article>\r\n<article class=\"w-grid-item size_1x1 post-1975 post type-post status-publish format-standard has-post-thumbnail hentry category-autor tag-steckmestsylvia\" data-id=\"1975\">\r\n\t<div class=\"w-grid-item-h\">\r\n\t\t\t\t<div class=\"w-hwrapper usg_hwrapper_1 align_left valign_top wrap\"><div class=\"w-post-elm post_image usg_post_image_1 as_circle has_width has_ratio\"><div style=\"padding-bottom:100.0000%\"><\/div><a href=\"https:\/\/europaeischeverlagsanstalt.de\/?p=1975\" aria-label=\"Sylvia Steckmest\"><img width=\"377\" height=\"376\" src=\"https:\/\/europaeischeverlagsanstalt.de\/wp-856ad-content\/uploads\/2021\/03\/Steckmest_neu.png\" class=\"attachment-large size-large wp-post-image\" alt=\"\" loading=\"lazy\" srcset=\"https:\/\/europaeischeverlagsanstalt.de\/wp-856ad-content\/uploads\/2021\/03\/Steckmest_neu.png 377w, https:\/\/europaeischeverlagsanstalt.de\/wp-856ad-content\/uploads\/2021\/03\/Steckmest_neu-300x300.png 300w, https:\/\/europaeischeverlagsanstalt.de\/wp-856ad-content\/uploads\/2021\/03\/Steckmest_neu-150x150.png 150w, https:\/\/europaeischeverlagsanstalt.de\/wp-856ad-content\/uploads\/2021\/03\/Steckmest_neu-50x50.png 50w\" sizes=\"(max-width: 377px) 100vw, 377px\" \/><\/a><\/div><div class=\"w-vwrapper usg_vwrapper_1 align_left valign_top\"><h2 class=\"w-post-elm post_title usg_post_title_1 entry-title color_link_inherit has_text_color\"><a href=\"https:\/\/europaeischeverlagsanstalt.de\/?p=1975\">Sylvia Steckmest<\/a><\/h2><div class=\"w-post-elm post_content usg_post_content_1\">Sylvia Steckmest forscht seit vielen Jahren als Genealogin zu j\u00fcdischen Familien Hamburgs des 19. Jahrhunderts und besonders intensiv zur Familie Heine. Viele ihrer Texte und Recherchen wurden im Heine-Jahrbuch, der&hellip;<\/div><\/div><\/div>\t<\/div>\r\n<\/article>\r\n<article class=\"w-grid-item size_1x1 post-1853 post type-post status-publish format-standard hentry category-autor tag-stengelkatharina\" data-id=\"1853\">\r\n\t<div class=\"w-grid-item-h\">\r\n\t\t\t\t<div class=\"w-hwrapper usg_hwrapper_1 align_left valign_top wrap\"><div class=\"w-post-elm post_image usg_post_image_1 as_circle has_width has_ratio with_placeholder\"><div style=\"padding-bottom:100.0000%\"><\/div><a href=\"https:\/\/europaeischeverlagsanstalt.de\/?p=1853\" aria-label=\"Katharina Stengel\"><img class=\"g-placeholder\" src=\"https:\/\/europaeischeverlagsanstalt.de\/wp-856ad-content\/plugins\/us-core\/assets\/images\/placeholder.svg\" width=\"1024\" height=\"1024\" alt=\"\"><\/a><\/div><div class=\"w-vwrapper usg_vwrapper_1 align_left valign_top\"><h2 class=\"w-post-elm post_title usg_post_title_1 entry-title color_link_inherit has_text_color\"><a href=\"https:\/\/europaeischeverlagsanstalt.de\/?p=1853\">Katharina Stengel<\/a><\/h2><div class=\"w-post-elm post_content usg_post_content_1\">Katharina Stengel arbeitet seit 2021 an dem von der Alfred Landecker Stiftung finanzierten Forschungsprojekt \u00bbSt\u00f6rfaktor des Wiederaufbaus. Die Vereinigung der Verfolgten des Naziregimes\u00ab. Zuvor war sie wissenschaftliche Mitarbeiterin am Leibniz-Institut&hellip;<\/div><\/div><\/div>\t<\/div>\r\n<\/article>\r\n<article class=\"w-grid-item size_1x1 post-4340 post type-post status-publish format-standard has-post-thumbnail hentry category-allgemein category-autor tag-sternbergerdolf\" data-id=\"4340\">\r\n\t<div class=\"w-grid-item-h\">\r\n\t\t\t\t<div class=\"w-hwrapper usg_hwrapper_1 align_left valign_top wrap\"><div class=\"w-post-elm post_image usg_post_image_1 as_circle has_width has_ratio\"><div style=\"padding-bottom:100.0000%\"><\/div><a href=\"https:\/\/europaeischeverlagsanstalt.de\/?p=4340\" aria-label=\"Dolf Sternberger\"><img width=\"197\" height=\"261\" src=\"https:\/\/europaeischeverlagsanstalt.de\/wp-856ad-content\/uploads\/2022\/05\/Bildschirmfoto-2022-05-10-um-10.16.18.png\" class=\"attachment-large size-large wp-post-image\" alt=\"\" loading=\"lazy\" srcset=\"https:\/\/europaeischeverlagsanstalt.de\/wp-856ad-content\/uploads\/2022\/05\/Bildschirmfoto-2022-05-10-um-10.16.18.png 197w, https:\/\/europaeischeverlagsanstalt.de\/wp-856ad-content\/uploads\/2022\/05\/Bildschirmfoto-2022-05-10-um-10.16.18-38x50.png 38w\" sizes=\"(max-width: 197px) 100vw, 197px\" \/><\/a><\/div><div class=\"w-vwrapper usg_vwrapper_1 align_left valign_top\"><h2 class=\"w-post-elm post_title usg_post_title_1 entry-title color_link_inherit has_text_color\"><a href=\"https:\/\/europaeischeverlagsanstalt.de\/?p=4340\">Dolf Sternberger<\/a><\/h2><div class=\"w-post-elm post_content usg_post_content_1\">Dolf Sternberger (1907-1989) geh\u00f6rt zu den Mitbegr\u00fcndern der deutschen Politikwissenschaft nach 1945. Sein Philosophiestudium hatte er mit einer der ersten wissenschaftlichen Arbeiten \u00fcber Heidegger abgeschlossen, bevor er Redakteur bei der&hellip;<\/div><\/div><\/div>\t<\/div>\r\n<\/article>\r\n<article class=\"w-grid-item size_1x1 post-4583 post type-post status-publish format-standard has-post-thumbnail hentry category-autor tag-stscherbakjurij\" data-id=\"4583\">\r\n\t<div class=\"w-grid-item-h\">\r\n\t\t\t\t<div class=\"w-hwrapper usg_hwrapper_1 align_left valign_top wrap\"><div class=\"w-post-elm post_image usg_post_image_1 as_circle has_width has_ratio\"><div style=\"padding-bottom:100.0000%\"><\/div><a href=\"https:\/\/europaeischeverlagsanstalt.de\/?p=4583\" aria-label=\"Jurij Stscherbak\"><img width=\"220\" height=\"293\" src=\"https:\/\/europaeischeverlagsanstalt.de\/wp-856ad-content\/uploads\/2022\/08\/Jurij-Stscherbak.jpg\" class=\"attachment-large size-large wp-post-image\" alt=\"\" loading=\"lazy\" srcset=\"https:\/\/europaeischeverlagsanstalt.de\/wp-856ad-content\/uploads\/2022\/08\/Jurij-Stscherbak.jpg 220w, https:\/\/europaeischeverlagsanstalt.de\/wp-856ad-content\/uploads\/2022\/08\/Jurij-Stscherbak-38x50.jpg 38w\" sizes=\"(max-width: 220px) 100vw, 220px\" \/><\/a><\/div><div class=\"w-vwrapper usg_vwrapper_1 align_left valign_top\"><h2 class=\"w-post-elm post_title usg_post_title_1 entry-title color_link_inherit has_text_color\"><a href=\"https:\/\/europaeischeverlagsanstalt.de\/?p=4583\">Jurij Stscherbak<\/a><\/h2><div class=\"w-post-elm post_content usg_post_content_1\">Jurij Stscherbak, geb. am 12. Oktober 1934, ist ein ukrainischer Schriftsteller, Drehbuchautor, Publizist, Epidemiologe, Politiker, Diplomat und Umweltaktivist, Doktor der Medizin (1983). Er ist Preistr\u00e4ger des Y. Yanovsky-Literaturpreises (1984) und&hellip;<\/div><\/div><\/div>\t<\/div>\r\n<\/article>\r\n<article class=\"w-grid-item size_1x1 post-5982 post type-post status-publish format-standard hentry category-allgemein category-autor tag-taubesethan\" data-id=\"5982\">\r\n\t<div class=\"w-grid-item-h\">\r\n\t\t\t\t<div class=\"w-hwrapper usg_hwrapper_1 align_left valign_top wrap\"><div class=\"w-post-elm post_image usg_post_image_1 as_circle has_width has_ratio with_placeholder\"><div style=\"padding-bottom:100.0000%\"><\/div><a href=\"https:\/\/europaeischeverlagsanstalt.de\/?p=5982\" aria-label=\"Ethan Taubes\"><img class=\"g-placeholder\" src=\"https:\/\/europaeischeverlagsanstalt.de\/wp-856ad-content\/plugins\/us-core\/assets\/images\/placeholder.svg\" width=\"1024\" height=\"1024\" alt=\"\"><\/a><\/div><div class=\"w-vwrapper usg_vwrapper_1 align_left valign_top\"><h2 class=\"w-post-elm post_title usg_post_title_1 entry-title color_link_inherit has_text_color\"><a href=\"https:\/\/europaeischeverlagsanstalt.de\/?p=5982\">Ethan Taubes<\/a><\/h2><\/div><\/div>\t<\/div>\r\n<\/article>\r\n<article class=\"w-grid-item size_1x1 post-3601 post type-post status-publish format-standard has-post-thumbnail hentry category-allgemein category-autor category-autoren tag-thaawinfried\" data-id=\"3601\">\r\n\t<div class=\"w-grid-item-h\">\r\n\t\t\t\t<div class=\"w-hwrapper usg_hwrapper_1 align_left valign_top wrap\"><div class=\"w-post-elm post_image usg_post_image_1 as_circle has_width has_ratio\"><div style=\"padding-bottom:100.0000%\"><\/div><a href=\"https:\/\/europaeischeverlagsanstalt.de\/?p=3601\" aria-label=\"Winfried Thaa\"><img width=\"1024\" height=\"682\" src=\"https:\/\/europaeischeverlagsanstalt.de\/wp-856ad-content\/uploads\/2021\/12\/Winfried_Thaa_11202967984-1024x682.jpg\" class=\"attachment-large size-large wp-post-image\" alt=\"\" loading=\"lazy\" srcset=\"https:\/\/europaeischeverlagsanstalt.de\/wp-856ad-content\/uploads\/2021\/12\/Winfried_Thaa_11202967984-1024x682.jpg 1024w, https:\/\/europaeischeverlagsanstalt.de\/wp-856ad-content\/uploads\/2021\/12\/Winfried_Thaa_11202967984-300x200.jpg 300w, https:\/\/europaeischeverlagsanstalt.de\/wp-856ad-content\/uploads\/2021\/12\/Winfried_Thaa_11202967984-600x400.jpg 600w, https:\/\/europaeischeverlagsanstalt.de\/wp-856ad-content\/uploads\/2021\/12\/Winfried_Thaa_11202967984-75x50.jpg 75w\" sizes=\"(max-width: 1024px) 100vw, 1024px\" \/><\/a><\/div><div class=\"w-vwrapper usg_vwrapper_1 align_left valign_top\"><h2 class=\"w-post-elm post_title usg_post_title_1 entry-title color_link_inherit has_text_color\"><a href=\"https:\/\/europaeischeverlagsanstalt.de\/?p=3601\">Winfried Thaa<\/a><\/h2><div class=\"w-post-elm post_content usg_post_content_1\">Winfried Thaa, geboren am 28. Februar 1952, ist ein deutscher Politikwissenschaftler und Professor f\u00fcr Politische Theorie und Ideengeschichte an der Universit\u00e4t Trier.Thaa studierte Politikwissenschaft, Philosophie und Germanistik an der Universit\u00e4t&hellip;<\/div><\/div><\/div>\t<\/div>\r\n<\/article>\r\n<article class=\"w-grid-item size_1x1 post-4952 post type-post status-publish format-standard has-post-thumbnail hentry category-allgemein category-autor tag-theinhelen\" data-id=\"4952\">\r\n\t<div class=\"w-grid-item-h\">\r\n\t\t\t\t<div class=\"w-hwrapper usg_hwrapper_1 align_left valign_top wrap\"><div class=\"w-post-elm post_image usg_post_image_1 as_circle has_width has_ratio\"><div style=\"padding-bottom:100.0000%\"><\/div><a href=\"https:\/\/europaeischeverlagsanstalt.de\/?p=4952\" aria-label=\"Helen Thein\"><img width=\"389\" height=\"593\" src=\"https:\/\/europaeischeverlagsanstalt.de\/wp-856ad-content\/uploads\/2022\/12\/Helen-Thein.jpg\" class=\"attachment-large size-large wp-post-image\" alt=\"\" loading=\"lazy\" srcset=\"https:\/\/europaeischeverlagsanstalt.de\/wp-856ad-content\/uploads\/2022\/12\/Helen-Thein.jpg 389w, https:\/\/europaeischeverlagsanstalt.de\/wp-856ad-content\/uploads\/2022\/12\/Helen-Thein-197x300.jpg 197w, https:\/\/europaeischeverlagsanstalt.de\/wp-856ad-content\/uploads\/2022\/12\/Helen-Thein-262x400.jpg 262w, https:\/\/europaeischeverlagsanstalt.de\/wp-856ad-content\/uploads\/2022\/12\/Helen-Thein-33x50.jpg 33w\" sizes=\"(max-width: 389px) 100vw, 389px\" \/><\/a><\/div><div class=\"w-vwrapper usg_vwrapper_1 align_left valign_top\"><h2 class=\"w-post-elm post_title usg_post_title_1 entry-title color_link_inherit has_text_color\"><a href=\"https:\/\/europaeischeverlagsanstalt.de\/?p=4952\">Helen Thein<\/a><\/h2><div class=\"w-post-elm post_content usg_post_content_1\">Helen Thein studierte Gender Studies, Ju\u0308dische Studien und Bibliothekswissenschaften. Seit 2021 leitet sie die Bibliothek des Leibniz-Zentrum fu\u0308r Zeithistorische Forschung in Potsdam. Zudem ist sie als Kulturarbeiterin und Publizistin t\u00e4tig.&hellip;<\/div><\/div><\/div>\t<\/div>\r\n<\/article>\r\n<article class=\"w-grid-item size_1x1 post-3523 post type-post status-publish format-standard hentry category-allgemein category-autor category-autoren tag-trimcevrieke\" data-id=\"3523\">\r\n\t<div class=\"w-grid-item-h\">\r\n\t\t\t\t<div class=\"w-hwrapper usg_hwrapper_1 align_left valign_top wrap\"><div class=\"w-post-elm post_image usg_post_image_1 as_circle has_width has_ratio with_placeholder\"><div style=\"padding-bottom:100.0000%\"><\/div><a href=\"https:\/\/europaeischeverlagsanstalt.de\/?p=3523\" aria-label=\"Rieke Trim\u00e7ev\"><img class=\"g-placeholder\" src=\"https:\/\/europaeischeverlagsanstalt.de\/wp-856ad-content\/plugins\/us-core\/assets\/images\/placeholder.svg\" width=\"1024\" height=\"1024\" alt=\"\"><\/a><\/div><div class=\"w-vwrapper usg_vwrapper_1 align_left valign_top\"><h2 class=\"w-post-elm post_title usg_post_title_1 entry-title color_link_inherit has_text_color\"><a href=\"https:\/\/europaeischeverlagsanstalt.de\/?p=3523\">Rieke Trim\u00e7ev<\/a><\/h2><div class=\"w-post-elm post_content usg_post_content_1\">Rieke Trim\u00e7ev ist seit 2015 wiss. Mitarbeiterin an der Universit\u00e4t Greifswald, Lehrstuhl f\u00fcr politische Theorie und Ideengeschichte. Mehrere Ver\u00f6ffentlichungen und Herausgeberschaften u.a. zur politischen Theorie von Judith Shklar.<\/div><\/div><\/div>\t<\/div>\r\n<\/article>\r\n<article class=\"w-grid-item size_1x1 post-1823 post type-post status-publish format-standard has-post-thumbnail hentry category-autor tag-vonderlueheirmela\" data-id=\"1823\">\r\n\t<div class=\"w-grid-item-h\">\r\n\t\t\t\t<div class=\"w-hwrapper usg_hwrapper_1 align_left valign_top wrap\"><div class=\"w-post-elm post_image usg_post_image_1 as_circle has_width has_ratio\"><div style=\"padding-bottom:100.0000%\"><\/div><a href=\"https:\/\/europaeischeverlagsanstalt.de\/?p=1823\" aria-label=\"Irmela von der L\u00fche\"><img width=\"300\" height=\"300\" src=\"https:\/\/europaeischeverlagsanstalt.de\/wp-856ad-content\/uploads\/2021\/03\/IrmelavdLuehe.jpg\" class=\"attachment-large size-large wp-post-image\" alt=\"\" loading=\"lazy\" srcset=\"https:\/\/europaeischeverlagsanstalt.de\/wp-856ad-content\/uploads\/2021\/03\/IrmelavdLuehe.jpg 300w, https:\/\/europaeischeverlagsanstalt.de\/wp-856ad-content\/uploads\/2021\/03\/IrmelavdLuehe-150x150.jpg 150w, https:\/\/europaeischeverlagsanstalt.de\/wp-856ad-content\/uploads\/2021\/03\/IrmelavdLuehe-50x50.jpg 50w\" sizes=\"(max-width: 300px) 100vw, 300px\" \/><\/a><\/div><div class=\"w-vwrapper usg_vwrapper_1 align_left valign_top\"><h2 class=\"w-post-elm post_title usg_post_title_1 entry-title color_link_inherit has_text_color\"><a href=\"https:\/\/europaeischeverlagsanstalt.de\/?p=1823\">Irmela von der L\u00fche<\/a><\/h2><div class=\"w-post-elm post_content usg_post_content_1\">Irmela von der L\u00fche, Professorin (a.D.) f\u00fcr Neuere Deutsche Literatur an der FU Berlin und (seit Oktober 2013) Senior Advisor am Zentrum J\u00fcdische Studien Berlin-Brandenburg. Forschungsschwerpunkte im Bereich der deutsch&hellip;<\/div><\/div><\/div>\t<\/div>\r\n<\/article>\r\n<article class=\"w-grid-item size_1x1 post-1739 post type-post status-publish format-standard has-post-thumbnail hentry category-autor tag-vonstuckradbarrebenjamin\" data-id=\"1739\">\r\n\t<div class=\"w-grid-item-h\">\r\n\t\t\t\t<div class=\"w-hwrapper usg_hwrapper_1 align_left valign_top wrap\"><div class=\"w-post-elm post_image usg_post_image_1 as_circle has_width has_ratio\"><div style=\"padding-bottom:100.0000%\"><\/div><a href=\"https:\/\/europaeischeverlagsanstalt.de\/?p=1739\" aria-label=\"Benjamin von Stuckrad-Barre\"><img width=\"640\" height=\"640\" src=\"https:\/\/europaeischeverlagsanstalt.de\/wp-856ad-content\/uploads\/2021\/03\/Stuckrad.jpg\" class=\"attachment-large size-large wp-post-image\" alt=\"\" loading=\"lazy\" srcset=\"https:\/\/europaeischeverlagsanstalt.de\/wp-856ad-content\/uploads\/2021\/03\/Stuckrad.jpg 640w, https:\/\/europaeischeverlagsanstalt.de\/wp-856ad-content\/uploads\/2021\/03\/Stuckrad-300x300.jpg 300w, https:\/\/europaeischeverlagsanstalt.de\/wp-856ad-content\/uploads\/2021\/03\/Stuckrad-150x150.jpg 150w, https:\/\/europaeischeverlagsanstalt.de\/wp-856ad-content\/uploads\/2021\/03\/Stuckrad-400x400.jpg 400w, https:\/\/europaeischeverlagsanstalt.de\/wp-856ad-content\/uploads\/2021\/03\/Stuckrad-50x50.jpg 50w\" sizes=\"(max-width: 640px) 100vw, 640px\" \/><\/a><\/div><div class=\"w-vwrapper usg_vwrapper_1 align_left valign_top\"><h2 class=\"w-post-elm post_title usg_post_title_1 entry-title color_link_inherit has_text_color\"><a href=\"https:\/\/europaeischeverlagsanstalt.de\/?p=1739\">Benjamin von Stuckrad-Barre<\/a><\/h2><div class=\"w-post-elm post_content usg_post_content_1\">Benjamin von Stuckrad-Barre, geboren 1975, lebt in Berlin. Buchver\u00f6ffentlichungen u.a.: \u00bbSoloalbum\u00ab (1998), \u00bbBlackbox\u00ab (2000), \u00bbDeutsches Theater\u00ab (2001), \u00bbFestwertspeicher der Kontrollgesellschaft \u2013 Remix 2\u00ab (2004).<\/div><\/div><\/div>\t<\/div>\r\n<\/article>\r\n<article class=\"w-grid-item size_1x1 post-1654 post type-post status-publish format-standard has-post-thumbnail hentry category-autor tag-vonuexkuelljakob\" data-id=\"1654\">\r\n\t<div class=\"w-grid-item-h\">\r\n\t\t\t\t<div class=\"w-hwrapper usg_hwrapper_1 align_left valign_top wrap\"><div class=\"w-post-elm post_image usg_post_image_1 as_circle has_width has_ratio\"><div style=\"padding-bottom:100.0000%\"><\/div><a href=\"https:\/\/europaeischeverlagsanstalt.de\/?p=1654\" aria-label=\"Jakob von Uexk\u00fcll\"><img width=\"487\" height=\"681\" src=\"https:\/\/europaeischeverlagsanstalt.de\/wp-856ad-content\/uploads\/2021\/03\/von-uexkuell_jakob.jpg\" class=\"attachment-large size-large wp-post-image\" alt=\"\" loading=\"lazy\" srcset=\"https:\/\/europaeischeverlagsanstalt.de\/wp-856ad-content\/uploads\/2021\/03\/von-uexkuell_jakob.jpg 487w, https:\/\/europaeischeverlagsanstalt.de\/wp-856ad-content\/uploads\/2021\/03\/von-uexkuell_jakob-215x300.jpg 215w, https:\/\/europaeischeverlagsanstalt.de\/wp-856ad-content\/uploads\/2021\/03\/von-uexkuell_jakob-286x400.jpg 286w, https:\/\/europaeischeverlagsanstalt.de\/wp-856ad-content\/uploads\/2021\/03\/von-uexkuell_jakob-36x50.jpg 36w\" sizes=\"(max-width: 487px) 100vw, 487px\" \/><\/a><\/div><div class=\"w-vwrapper usg_vwrapper_1 align_left valign_top\"><h2 class=\"w-post-elm post_title usg_post_title_1 entry-title color_link_inherit has_text_color\"><a href=\"https:\/\/europaeischeverlagsanstalt.de\/?p=1654\">Jakob von Uexk\u00fcll<\/a><\/h2><div class=\"w-post-elm post_content usg_post_content_1\">Jakob von Uexk\u00fcll, geboren 1944 in Uppsala, ist Gr\u00fcnder des WORLD FUTURE COUNCIL, Stifter des RIGHT LIVELIHOOD AWARD, schwedisch-deutscher Philatelist und Philanthrop. Uexk\u00fcll, Enkel des Biologen Jakob Johann von Uexk\u00fcll,&hellip;<\/div><\/div><\/div>\t<\/div>\r\n<\/article>\r\n<article class=\"w-grid-item size_1x1 post-1894 post type-post status-publish format-standard has-post-thumbnail hentry category-autor tag-vonuslarmoritz\" data-id=\"1894\">\r\n\t<div class=\"w-grid-item-h\">\r\n\t\t\t\t<div class=\"w-hwrapper usg_hwrapper_1 align_left valign_top wrap\"><div class=\"w-post-elm post_image usg_post_image_1 as_circle has_width has_ratio\"><div style=\"padding-bottom:100.0000%\"><\/div><a href=\"https:\/\/europaeischeverlagsanstalt.de\/?p=1894\" aria-label=\"Moritz von Uslar\"><img width=\"143\" height=\"225\" src=\"https:\/\/europaeischeverlagsanstalt.de\/wp-856ad-content\/uploads\/2021\/03\/von-Uslar.jpg\" class=\"attachment-large size-large wp-post-image\" alt=\"\" loading=\"lazy\" srcset=\"https:\/\/europaeischeverlagsanstalt.de\/wp-856ad-content\/uploads\/2021\/03\/von-Uslar.jpg 143w, https:\/\/europaeischeverlagsanstalt.de\/wp-856ad-content\/uploads\/2021\/03\/von-Uslar-32x50.jpg 32w\" sizes=\"(max-width: 143px) 100vw, 143px\" \/><\/a><\/div><div class=\"w-vwrapper usg_vwrapper_1 align_left valign_top\"><h2 class=\"w-post-elm post_title usg_post_title_1 entry-title color_link_inherit has_text_color\"><a href=\"https:\/\/europaeischeverlagsanstalt.de\/?p=1894\">Moritz von Uslar<\/a><\/h2><div class=\"w-post-elm post_content usg_post_content_1\">Moritz von Uslar, geboren 1970, von 1992 bis 2004 Redakteur beim S\u00fcddeutsche-Zeitung-Magazin, Von 2006 bis 2008 arbeitete er als Redakteur f\u00fcr den Spiegel. Derzeit ist er f\u00fcr die ZEIT t\u00e4tig.&hellip;<\/div><\/div><\/div>\t<\/div>\r\n<\/article>\r\n<article class=\"w-grid-item size_1x1 post-1783 post type-post status-publish format-standard has-post-thumbnail hentry category-autor tag-vonwrightgeorghenrik\" data-id=\"1783\">\r\n\t<div class=\"w-grid-item-h\">\r\n\t\t\t\t<div class=\"w-hwrapper usg_hwrapper_1 align_left valign_top wrap\"><div class=\"w-post-elm post_image usg_post_image_1 as_circle has_width has_ratio\"><div style=\"padding-bottom:100.0000%\"><\/div><a href=\"https:\/\/europaeischeverlagsanstalt.de\/?p=1783\" aria-label=\"Georg Henrik von Wright\"><img width=\"125\" height=\"125\" src=\"https:\/\/europaeischeverlagsanstalt.de\/wp-856ad-content\/uploads\/2021\/03\/von-Wright.jpg\" class=\"attachment-large size-large wp-post-image\" alt=\"\" loading=\"lazy\" srcset=\"https:\/\/europaeischeverlagsanstalt.de\/wp-856ad-content\/uploads\/2021\/03\/von-Wright.jpg 125w, https:\/\/europaeischeverlagsanstalt.de\/wp-856ad-content\/uploads\/2021\/03\/von-Wright-50x50.jpg 50w\" sizes=\"(max-width: 125px) 100vw, 125px\" \/><\/a><\/div><div class=\"w-vwrapper usg_vwrapper_1 align_left valign_top\"><h2 class=\"w-post-elm post_title usg_post_title_1 entry-title color_link_inherit has_text_color\"><a href=\"https:\/\/europaeischeverlagsanstalt.de\/?p=1783\">Georg Henrik von Wright<\/a><\/h2><div class=\"w-post-elm post_content usg_post_content_1\">Georg Henrik von Wright, 1916\u20132003, finnischer Philosoph und politischer Denker, gilt als einer der bedeutendsten Philosophen des 20. Jahrhunderts. Begr\u00fcnder der modernen deontischen Logik. Von Wright war Sch\u00fcler und unmittelbarer&hellip;<\/div><\/div><\/div>\t<\/div>\r\n<\/article>\r\n<article class=\"w-grid-item size_1x1 post-3499 post type-post status-publish format-standard hentry category-allgemein category-autor category-autoren tag-vonwroblewskyvincent\" data-id=\"3499\">\r\n\t<div class=\"w-grid-item-h\">\r\n\t\t\t\t<div class=\"w-hwrapper usg_hwrapper_1 align_left valign_top wrap\"><div class=\"w-post-elm post_image usg_post_image_1 as_circle has_width has_ratio with_placeholder\"><div style=\"padding-bottom:100.0000%\"><\/div><a href=\"https:\/\/europaeischeverlagsanstalt.de\/?p=3499\" aria-label=\"Vincent von Wroblewsky\"><img class=\"g-placeholder\" src=\"https:\/\/europaeischeverlagsanstalt.de\/wp-856ad-content\/plugins\/us-core\/assets\/images\/placeholder.svg\" width=\"1024\" height=\"1024\" alt=\"\"><\/a><\/div><div class=\"w-vwrapper usg_vwrapper_1 align_left valign_top\"><h2 class=\"w-post-elm post_title usg_post_title_1 entry-title color_link_inherit has_text_color\"><a href=\"https:\/\/europaeischeverlagsanstalt.de\/?p=3499\">Vincent von Wroblewsky<\/a><\/h2><div class=\"w-post-elm post_content usg_post_content_1\">Vincent von Wroblewsky, Jahrgang 1939, lebt in Berlin und Frankreich. Ab 1991 Herausgeber und \u00dcbersetzer der Werke Sartres im Rowohlt Verlag, Mitbegr\u00fcnder der deutschen Sartre Gesellschaft, zahlreiche Ver\u00f6ffentlichungen u.a. :&hellip;<\/div><\/div><\/div>\t<\/div>\r\n<\/article>\r\n<article class=\"w-grid-item size_1x1 post-1658 post type-post status-publish format-standard has-post-thumbnail hentry category-autor tag-wackernagelmathis\" data-id=\"1658\">\r\n\t<div class=\"w-grid-item-h\">\r\n\t\t\t\t<div class=\"w-hwrapper usg_hwrapper_1 align_left valign_top wrap\"><div class=\"w-post-elm post_image usg_post_image_1 as_circle has_width has_ratio\"><div style=\"padding-bottom:100.0000%\"><\/div><a href=\"https:\/\/europaeischeverlagsanstalt.de\/?p=1658\" aria-label=\"Mathis Wackernagel\"><img width=\"194\" height=\"259\" src=\"https:\/\/europaeischeverlagsanstalt.de\/wp-856ad-content\/uploads\/2021\/03\/wackernagel_mathis.jpg\" class=\"attachment-large size-large wp-post-image\" alt=\"\" loading=\"lazy\" srcset=\"https:\/\/europaeischeverlagsanstalt.de\/wp-856ad-content\/uploads\/2021\/03\/wackernagel_mathis.jpg 194w, https:\/\/europaeischeverlagsanstalt.de\/wp-856ad-content\/uploads\/2021\/03\/wackernagel_mathis-37x50.jpg 37w\" sizes=\"(max-width: 194px) 100vw, 194px\" \/><\/a><\/div><div class=\"w-vwrapper usg_vwrapper_1 align_left valign_top\"><h2 class=\"w-post-elm post_title usg_post_title_1 entry-title color_link_inherit has_text_color\"><a href=\"https:\/\/europaeischeverlagsanstalt.de\/?p=1658\">Mathis Wackernagel<\/a><\/h2><div class=\"w-post-elm post_content usg_post_content_1\">Mathis Wackernagel wurde 1962 in Basel geboren. Seine Dissertation, 1994 bei Prof. William E. Rees in Kanada, legte die methodischen Grundlagen zum Ecological Footprint. Das Thema der \u00f6kologischen Tragf\u00e4higkeit f\u00fchrte&hellip;<\/div><\/div><\/div>\t<\/div>\r\n<\/article>\r\n<article class=\"w-grid-item size_1x1 post-3638 post type-post status-publish format-standard has-post-thumbnail hentry category-allgemein category-autor category-autoren\" data-id=\"3638\">\r\n\t<div class=\"w-grid-item-h\">\r\n\t\t\t\t<div class=\"w-hwrapper usg_hwrapper_1 align_left valign_top wrap\"><div class=\"w-post-elm post_image usg_post_image_1 as_circle has_width has_ratio\"><div style=\"padding-bottom:100.0000%\"><\/div><a href=\"https:\/\/europaeischeverlagsanstalt.de\/?p=3638\" aria-label=\"Friedrich Waismann\"><img width=\"150\" height=\"196\" src=\"https:\/\/europaeischeverlagsanstalt.de\/wp-856ad-content\/uploads\/2021\/12\/Friedrich_Waismann.jpg\" class=\"attachment-large size-large wp-post-image\" alt=\"\" loading=\"lazy\" srcset=\"https:\/\/europaeischeverlagsanstalt.de\/wp-856ad-content\/uploads\/2021\/12\/Friedrich_Waismann.jpg 150w, https:\/\/europaeischeverlagsanstalt.de\/wp-856ad-content\/uploads\/2021\/12\/Friedrich_Waismann-38x50.jpg 38w\" sizes=\"(max-width: 150px) 100vw, 150px\" \/><\/a><\/div><div class=\"w-vwrapper usg_vwrapper_1 align_left valign_top\"><h2 class=\"w-post-elm post_title usg_post_title_1 entry-title color_link_inherit has_text_color\"><a href=\"https:\/\/europaeischeverlagsanstalt.de\/?p=3638\">Friedrich Waismann<\/a><\/h2><div class=\"w-post-elm post_content usg_post_content_1\">Friedrich Waismann, 1896 in Wien -1959 in Oxford, war ein \u00f6sterreichischer Mathematiker und Philosoph. Er war Mitglied des Weiner Kreises und Vertreter des logischen Positivismus. Von 1927 bis 1936 f\u00fchrte&hellip;<\/div><\/div><\/div>\t<\/div>\r\n<\/article>\r\n<article class=\"w-grid-item size_1x1 post-4017 post type-post status-publish format-standard has-post-thumbnail hentry category-autor category-autoren tag-walzermichael\" data-id=\"4017\">\r\n\t<div class=\"w-grid-item-h\">\r\n\t\t\t\t<div class=\"w-hwrapper usg_hwrapper_1 align_left valign_top wrap\"><div class=\"w-post-elm post_image usg_post_image_1 as_circle has_width has_ratio\"><div style=\"padding-bottom:100.0000%\"><\/div><a href=\"https:\/\/europaeischeverlagsanstalt.de\/?p=4017\" aria-label=\"Michael Walzer\"><img width=\"254\" height=\"153\" src=\"https:\/\/europaeischeverlagsanstalt.de\/wp-856ad-content\/uploads\/2022\/04\/Bildschirmfoto-2022-04-06-um-11.49.25-1.png\" class=\"attachment-large size-large wp-post-image\" alt=\"\" loading=\"lazy\" srcset=\"https:\/\/europaeischeverlagsanstalt.de\/wp-856ad-content\/uploads\/2022\/04\/Bildschirmfoto-2022-04-06-um-11.49.25-1.png 254w, https:\/\/europaeischeverlagsanstalt.de\/wp-856ad-content\/uploads\/2022\/04\/Bildschirmfoto-2022-04-06-um-11.49.25-1-83x50.png 83w\" sizes=\"(max-width: 254px) 100vw, 254px\" \/><\/a><\/div><div class=\"w-vwrapper usg_vwrapper_1 align_left valign_top\"><h2 class=\"w-post-elm post_title usg_post_title_1 entry-title color_link_inherit has_text_color\"><a href=\"https:\/\/europaeischeverlagsanstalt.de\/?p=4017\">Michael Walzer<\/a><\/h2><div class=\"w-post-elm post_content usg_post_content_1\">Michael Laban Walzer, Jahrgang 1933, \u00a0ist ein US-amerikanischer Sozial- und Moralphilosoph sowie ein bedeutender Intellektueller. Der Sohn j\u00fcdischer Emigranten aus Osteuropa, gilt als einer der einflussreichsten Vertreter der Politischen Philosophie&hellip;<\/div><\/div><\/div>\t<\/div>\r\n<\/article>\r\n<article class=\"w-grid-item size_1x1 post-1855 post type-post status-publish format-standard hentry category-autor tag-wengstklaus\" data-id=\"1855\">\r\n\t<div class=\"w-grid-item-h\">\r\n\t\t\t\t<div class=\"w-hwrapper usg_hwrapper_1 align_left valign_top wrap\"><div class=\"w-post-elm post_image usg_post_image_1 as_circle has_width has_ratio with_placeholder\"><div style=\"padding-bottom:100.0000%\"><\/div><a href=\"https:\/\/europaeischeverlagsanstalt.de\/?p=1855\" aria-label=\"Klaus Wengst\"><img class=\"g-placeholder\" src=\"https:\/\/europaeischeverlagsanstalt.de\/wp-856ad-content\/plugins\/us-core\/assets\/images\/placeholder.svg\" width=\"1024\" height=\"1024\" alt=\"\"><\/a><\/div><div class=\"w-vwrapper usg_vwrapper_1 align_left valign_top\"><h2 class=\"w-post-elm post_title usg_post_title_1 entry-title color_link_inherit has_text_color\"><a href=\"https:\/\/europaeischeverlagsanstalt.de\/?p=1855\">Klaus Wengst<\/a><\/h2><div class=\"w-post-elm post_content usg_post_content_1\">Klaus Wengst, geboren 1942 in Remsfeld (Bezirk Kassel); 1961\u20131967 Studium der evangelischen Theologie in Bethel, T\u00fcbingen, Heidelberg und Bonn; 1967 Promotion in Bonn; 1970 Habilitation in Bonn; 1981 Professor f\u00fcr&hellip;<\/div><\/div><\/div>\t<\/div>\r\n<\/article>\r\n<article class=\"w-grid-item size_1x1 post-1750 post type-post status-publish format-standard has-post-thumbnail hentry category-autor tag-wiesechristian\" data-id=\"1750\">\r\n\t<div class=\"w-grid-item-h\">\r\n\t\t\t\t<div class=\"w-hwrapper usg_hwrapper_1 align_left valign_top wrap\"><div class=\"w-post-elm post_image usg_post_image_1 as_circle has_width has_ratio\"><div style=\"padding-bottom:100.0000%\"><\/div><a href=\"https:\/\/europaeischeverlagsanstalt.de\/?p=1750\" aria-label=\"Christian Wiese\"><img width=\"406\" height=\"336\" src=\"https:\/\/europaeischeverlagsanstalt.de\/wp-856ad-content\/uploads\/2021\/03\/wiese11.jpg\" class=\"attachment-large size-large wp-post-image\" alt=\"\" loading=\"lazy\" srcset=\"https:\/\/europaeischeverlagsanstalt.de\/wp-856ad-content\/uploads\/2021\/03\/wiese11.jpg 406w, https:\/\/europaeischeverlagsanstalt.de\/wp-856ad-content\/uploads\/2021\/03\/wiese11-300x248.jpg 300w, https:\/\/europaeischeverlagsanstalt.de\/wp-856ad-content\/uploads\/2021\/03\/wiese11-60x50.jpg 60w\" sizes=\"(max-width: 406px) 100vw, 406px\" \/><\/a><\/div><div class=\"w-vwrapper usg_vwrapper_1 align_left valign_top\"><h2 class=\"w-post-elm post_title usg_post_title_1 entry-title color_link_inherit has_text_color\"><a href=\"https:\/\/europaeischeverlagsanstalt.de\/?p=1750\">Christian Wiese<\/a><\/h2><div class=\"w-post-elm post_content usg_post_content_1\">Christian Wiese ist seit 2010 Inhaber der Martin Buber-Professur f\u00fcr J\u00fcdische Religionsphilosophie und gesch\u00e4ftsf\u00fchrender Direktor des Instituts f\u00fcr Religionsphilosophische Forschung an der Goethe Universit\u00e4t Frankfurt am Main. Zuvor war er&hellip;<\/div><\/div><\/div>\t<\/div>\r\n<\/article>\r\n<article class=\"w-grid-item size_1x1 post-1892 post type-post status-publish format-standard has-post-thumbnail hentry category-autor tag-wildtmichael\" data-id=\"1892\">\r\n\t<div class=\"w-grid-item-h\">\r\n\t\t\t\t<div class=\"w-hwrapper usg_hwrapper_1 align_left valign_top wrap\"><div class=\"w-post-elm post_image usg_post_image_1 as_circle has_width has_ratio\"><div style=\"padding-bottom:100.0000%\"><\/div><a href=\"https:\/\/europaeischeverlagsanstalt.de\/?p=1892\" aria-label=\"Michael Wildt\"><img width=\"250\" height=\"200\" src=\"https:\/\/europaeischeverlagsanstalt.de\/wp-856ad-content\/uploads\/2021\/03\/wildt_michael.jpg\" class=\"attachment-large size-large wp-post-image\" alt=\"\" loading=\"lazy\" srcset=\"https:\/\/europaeischeverlagsanstalt.de\/wp-856ad-content\/uploads\/2021\/03\/wildt_michael.jpg 250w, https:\/\/europaeischeverlagsanstalt.de\/wp-856ad-content\/uploads\/2021\/03\/wildt_michael-63x50.jpg 63w\" sizes=\"(max-width: 250px) 100vw, 250px\" \/><\/a><\/div><div class=\"w-vwrapper usg_vwrapper_1 align_left valign_top\"><h2 class=\"w-post-elm post_title usg_post_title_1 entry-title color_link_inherit has_text_color\"><a href=\"https:\/\/europaeischeverlagsanstalt.de\/?p=1892\">Michael Wildt<\/a><\/h2><div class=\"w-post-elm post_content usg_post_content_1\">Michael Wildt ist Professor f\u00fcr Deutsche Geschichte im 20. Jahrhundert mit Schwerpunkt im Nationalsozialismus und lehrt an der Humboldt-Universit\u00e4t zu Berlin. Buchpublikation u.a.: Generation des Unbedingten. Das F\u00fchrungskorps des Reichssicherheitshauptamtes,&hellip;<\/div><\/div><\/div>\t<\/div>\r\n<\/article>\r\n<article class=\"w-grid-item size_1x1 post-2047 post type-post status-publish format-standard has-post-thumbnail hentry category-autor tag-zuckermannmoshe\" data-id=\"2047\">\r\n\t<div class=\"w-grid-item-h\">\r\n\t\t\t\t<div class=\"w-hwrapper usg_hwrapper_1 align_left valign_top wrap\"><div class=\"w-post-elm post_image usg_post_image_1 as_circle has_width has_ratio\"><div style=\"padding-bottom:100.0000%\"><\/div><a href=\"https:\/\/europaeischeverlagsanstalt.de\/?p=2047\" aria-label=\"Moshe Zuckermann\"><img width=\"137\" height=\"137\" src=\"https:\/\/europaeischeverlagsanstalt.de\/wp-856ad-content\/uploads\/2021\/03\/zuckermann_moshe.jpg\" class=\"attachment-large size-large wp-post-image\" alt=\"\" loading=\"lazy\" srcset=\"https:\/\/europaeischeverlagsanstalt.de\/wp-856ad-content\/uploads\/2021\/03\/zuckermann_moshe.jpg 137w, https:\/\/europaeischeverlagsanstalt.de\/wp-856ad-content\/uploads\/2021\/03\/zuckermann_moshe-50x50.jpg 50w\" sizes=\"(max-width: 137px) 100vw, 137px\" \/><\/a><\/div><div class=\"w-vwrapper usg_vwrapper_1 align_left valign_top\"><h2 class=\"w-post-elm post_title usg_post_title_1 entry-title color_link_inherit has_text_color\"><a href=\"https:\/\/europaeischeverlagsanstalt.de\/?p=2047\">Moshe Zuckermann<\/a><\/h2><div class=\"w-post-elm post_content usg_post_content_1\">Moshe Zuckermann wurde als Sohn polnisch-j\u00fcdischer Holocaust-\u00dcberlebender in Israel geboren und wuchs in Tel Aviv auf. Seine Eltern emigrierten 1960 nach Deutschland (Frankfurt am Main), wo Zuckermann auch studierte. Mit&hellip;<\/div><\/div><\/div>\t<\/div>\r\n<\/article>\r\n<\/div><div class=\"w-grid-preloader\"><div class=\"g-preloader type_1\">\r\n\t<div><\/div>\r\n<\/div>\r\n<\/div>\t<div class=\"w-grid-json hidden\" onclick='return {&quot;action&quot;:&quot;us_ajax_grid&quot;,&quot;ajax_url&quot;:&quot;https:\\\/\\\/europaeischeverlagsanstalt.de\\\/wp-admin\\\/admin-ajax.php&quot;,&quot;infinite_scroll&quot;:0,&quot;max_num_pages&quot;:1,&quot;pagination&quot;:&quot;none&quot;,&quot;permalink_url&quot;:&quot;https:\\\/\\\/europaeischeverlagsanstalt.de&quot;,&quot;template_vars&quot;:{&quot;columns&quot;:&quot;2&quot;,&quot;exclude_items&quot;:&quot;none&quot;,&quot;img_size&quot;:&quot;default&quot;,&quot;ignore_items_size&quot;:false,&quot;items_layout&quot;:&quot;1398&quot;,&quot;items_offset&quot;:&quot;1&quot;,&quot;load_animation&quot;:&quot;none&quot;,&quot;overriding_link&quot;:&quot;none&quot;,&quot;post_id&quot;:23,&quot;query_args&quot;:{&quot;post_type&quot;:[&quot;post&quot;],&quot;tax_query&quot;:[{&quot;taxonomy&quot;:&quot;category&quot;,&quot;field&quot;:&quot;slug&quot;,&quot;terms&quot;:[&quot;autor&quot;]}],&quot;post_status&quot;:[&quot;publish&quot;,&quot;acf-disabled&quot;],&quot;posts_per_page&quot;:999},&quot;orderby_query_args&quot;:{&quot;meta_query&quot;:{&quot;_orderby_custom_&quot;:{&quot;relation&quot;:&quot;OR&quot;,&quot;0&quot;:{&quot;compare&quot;:&quot;EXISTS&quot;,&quot;key&quot;:&quot;nachname_autorhrsg&quot;,&quot;type&quot;:&quot;CHAR&quot;},&quot;1&quot;:{&quot;compare&quot;:&quot;NOT EXISTS&quot;,&quot;key&quot;:&quot;nachname_autorhrsg&quot;,&quot;type&quot;:&quot;CHAR&quot;}}},&quot;orderby&quot;:&quot;nachname_autorhrsg&quot;,&quot;order&quot;:&quot;ASC&quot;},&quot;type&quot;:&quot;grid&quot;,&quot;us_grid_ajax_index&quot;:1,&quot;us_grid_filter_params&quot;:null,&quot;us_grid_index&quot;:1,&quot;_us_grid_post_type&quot;:&quot;post&quot;}}'><\/div>\r\n\t<\/div><\/div><\/div><\/div><\/div><\/div><\/section><section class=\"l-section wpb_row us_custom_6dc6053f height_medium\"><div class=\"l-section-h i-cf\"><div class=\"g-cols vc_row type_default valign_top\"><div class=\"vc_col-sm-12 wpb_column vc_column_container\"><div class=\"vc_column-inner\"><div class=\"wpb_wrapper\"><div class=\"w-grid type_grid layout_1720 cols_2\" id=\"us_grid_2\"><style id=\"us_grid_2_css\">#us_grid_2 .w-grid-item{padding:1.5rem}#us_grid_2 .w-grid-list{margin:-1.5rem}.w-grid + #us_grid_2 .w-grid-list{margin-top:1.5rem}@media (max-width:599px){#us_grid_2 .w-grid-list{margin:0}#us_grid_2 .w-grid-item{width:100.0000%;padding:0;margin-bottom:1.5rem}}<\/style><style>.layout_1720 .w-grid-item-h{}.layout_1720 .usg_hwrapper_1{padding-top:40px!important;padding-bottom:40px!important}.layout_1720 .usg_vwrapper_1{width:65%!important}.layout_1720 .usg_post_title_1{color:#1a1a1a!important;font-weight:700!important;font-size:1.5rem!important}@media (max-width:599px){.layout_1720 .usg_vwrapper_1{width:100%!important}}<\/style><div class=\"w-grid-list\" ><\/div><div class=\"w-grid-preloader\"><div class=\"g-preloader type_1\">\r\n\t<div><\/div>\r\n<\/div>\r\n<\/div>\t<div class=\"w-grid-json hidden\" onclick='return {&quot;action&quot;:&quot;us_ajax_grid&quot;,&quot;ajax_url&quot;:&quot;https:\\\/\\\/europaeischeverlagsanstalt.de\\\/wp-admin\\\/admin-ajax.php&quot;,&quot;infinite_scroll&quot;:0,&quot;max_num_pages&quot;:0,&quot;pagination&quot;:&quot;none&quot;,&quot;permalink_url&quot;:&quot;https:\\\/\\\/europaeischeverlagsanstalt.de&quot;,&quot;template_vars&quot;:{&quot;columns&quot;:&quot;2&quot;,&quot;exclude_items&quot;:&quot;none&quot;,&quot;img_size&quot;:&quot;default&quot;,&quot;ignore_items_size&quot;:false,&quot;items_layout&quot;:&quot;1720&quot;,&quot;items_offset&quot;:&quot;1&quot;,&quot;load_animation&quot;:&quot;none&quot;,&quot;overriding_link&quot;:&quot;none&quot;,&quot;post_id&quot;:2047,&quot;query_args&quot;:{&quot;post_type&quot;:[&quot;post&quot;],&quot;tax_query&quot;:[{&quot;taxonomy&quot;:&quot;category&quot;,&quot;field&quot;:&quot;slug&quot;,&quot;terms&quot;:[&quot;autor2&quot;]}],&quot;post_status&quot;:[&quot;publish&quot;,&quot;acf-disabled&quot;],&quot;posts_per_page&quot;:999},&quot;orderby_query_args&quot;:{&quot;meta_query&quot;:{&quot;_orderby_custom_&quot;:{&quot;relation&quot;:&quot;OR&quot;,&quot;0&quot;:{&quot;compare&quot;:&quot;EXISTS&quot;,&quot;key&quot;:&quot;nachname_autorhrsg&quot;,&quot;type&quot;:&quot;CHAR&quot;},&quot;1&quot;:{&quot;compare&quot;:&quot;NOT EXISTS&quot;,&quot;key&quot;:&quot;nachname_autorhrsg&quot;,&quot;type&quot;:&quot;CHAR&quot;}}},&quot;orderby&quot;:&quot;nachname_autorhrsg&quot;,&quot;order&quot;:&quot;ASC&quot;},&quot;type&quot;:&quot;grid&quot;,&quot;us_grid_ajax_index&quot;:1,&quot;us_grid_filter_params&quot;:null,&quot;us_grid_index&quot;:2,&quot;_us_grid_post_type&quot;:&quot;post&quot;}}'><\/div>\r\n\t<h4 class=\"w-grid-none\">Es wurden keine Ergebnisse gefunden, die deinen Suchkriterien entsprechen.<\/h4><\/div><\/div><\/div><\/div><\/div><\/div><\/section><section class=\"l-section wpb_row us_custom_b03640aa height_medium\"><div class=\"l-section-h i-cf\"><div class=\"g-cols vc_row type_default valign_top\"><div class=\"vc_col-sm-2 wpb_column vc_column_container\"><div class=\"vc_column-inner\"><div class=\"wpb_wrapper\"><\/div><\/div><\/div><div class=\"vc_col-sm-8 wpb_column vc_column_container\"><div class=\"vc_column-inner\"><div class=\"wpb_wrapper\"><\/div><\/div><\/div><div class=\"vc_col-sm-2 wpb_column vc_column_container\"><div class=\"vc_column-inner\"><div class=\"wpb_wrapper\"><\/div><\/div><\/div><\/div><\/div><\/section>\n","protected":false},"excerpt":{"rendered":"Moshe Zuckermann wurde als Sohn polnisch-j\u00fcdischer Holocaust-\u00dcberlebender in Israel geboren und wuchs in Tel Aviv auf. Seine Eltern emigrierten 1960 nach Deutschland (Frankfurt am Main), wo Zuckermann auch studierte. Mit 21 Jahren kehrte er von Frankfurt nach Israel zur\u00fcck. Dort lehrte er am Institute for the History and Philosophy of Science and Ideas der Universit\u00e4t...","protected":false},"author":1,"featured_media":0,"parent":0,"menu_order":0,"comment_status":"closed","ping_status":"closed","template":"","meta":[],"_links":{"self":[{"href":"https:\/\/europaeischeverlagsanstalt.de\/index.php?rest_route=\/wp\/v2\/pages\/23"}],"collection":[{"href":"https:\/\/europaeischeverlagsanstalt.de\/index.php?rest_route=\/wp\/v2\/pages"}],"about":[{"href":"https:\/\/europaeischeverlagsanstalt.de\/index.php?rest_route=\/wp\/v2\/types\/page"}],"author":[{"embeddable":true,"href":"https:\/\/europaeischeverlagsanstalt.de\/index.php?rest_route=\/wp\/v2\/users\/1"}],"replies":[{"embeddable":true,"href":"https:\/\/europaeischeverlagsanstalt.de\/index.php?rest_route=%2Fwp%2Fv2%2Fcomments&post=23"}],"version-history":[{"count":93,"href":"https:\/\/europaeischeverlagsanstalt.de\/index.php?rest_route=\/wp\/v2\/pages\/23\/revisions"}],"predecessor-version":[{"id":1723,"href":"https:\/\/europaeischeverlagsanstalt.de\/index.php?rest_route=\/wp\/v2\/pages\/23\/revisions\/1723"}],"wp:attachment":[{"href":"https:\/\/europaeischeverlagsanstalt.de\/index.php?rest_route=%2Fwp%2Fv2%2Fmedia&parent=23"}],"curies":[{"name":"wp","href":"https:\/\/api.w.org\/{rel}","templated":true}]}}