{"id":19,"date":"2021-01-19T23:03:36","date_gmt":"2021-01-19T21:03:36","guid":{"rendered":"http:\/\/wp13621818.server-he.de\/?page_id=19"},"modified":"2024-07-25T16:10:35","modified_gmt":"2024-07-25T14:10:35","slug":"ideenhorizonte","status":"publish","type":"page","link":"https:\/\/europaeischeverlagsanstalt.de\/?page_id=19","title":{"rendered":"Ideenhorizonte"},"content":{"rendered":"<section class=\"l-section wpb_row height_medium\"><div class=\"l-section-h i-cf\"><div class=\"g-cols vc_row type_default valign_top\"><div class=\"vc_col-sm-8 wpb_column vc_column_container\"><div class=\"vc_column-inner\"><div class=\"wpb_wrapper\">[vc_custom_heading text=&#8221;Ideenhorizonte&#8221; google_fonts=&#8221;font_family:Open%20Sans%3A300%2C300italic%2Cregular%2Citalic%2C600%2C600italic%2C700%2C700italic%2C800%2C800italic|font_style:600%20bold%20regular%3A600%3Anormal&#8221; css=&#8221;%7B%22default%22%3A%7B%22color%22%3A%22_content_heading%22%2C%22font-weight%22%3A%22700%22%2C%22font-size%22%3A%2248px%22%2C%22margin-top%22%3A%220px%22%2C%22margin-bottom%22%3A%2240px%22%2C%22padding-top%22%3A%2240px%22%2C%22padding-bottom%22%3A%2220px%22%7D%7D&#8221;]<div class=\"wpb_text_column us_custom_cd251e9f has_text_color\" ><div class=\"wpb_wrapper\"><p>Den thematischen Rahmen f\u00fcr diese Rubrik bilden B\u00fccher aus unserem Programm, die im weiteren Sinn \u201eIdeenhorizonten liberaler Demokratie\u201c zuzuordnen sind. Die jeweiligen inhaltlichen Besonderheiten werden in den einzelnen Abteilungen stichwortartig beschrieben.<\/p>\n<\/div><\/div><\/div><\/div><\/div><div class=\"vc_col-sm-4 wpb_column vc_column_container\"><div class=\"vc_column-inner\"><div class=\"wpb_wrapper\"><\/div><\/div><\/div><\/div><\/div><\/section><section class=\"l-section wpb_row height_medium\"><div class=\"l-section-h i-cf\"><div class=\"g-cols vc_row type_default valign_top\"><div class=\"vc_col-sm-12 wpb_column vc_column_container\"><div class=\"vc_column-inner\"><div class=\"wpb_wrapper\"><div class=\"g-cols wpb_row  us_custom_fee05a30 type_default valign_top vc_inner\"><div class=\"vc_col-sm-6 wpb_column vc_column_container\"><div class=\"vc_column-inner\"><div class=\"wpb_wrapper\">[vc_custom_heading text=&#8221;Das \u201elange\u201c 19. Jahrhundert \u2013<br \/>\nGeburt der Industriemoderne&#8221; google_fonts=&#8221;font_family:Open%20Sans%3A300%2C300italic%2Cregular%2Citalic%2C600%2C600italic%2C700%2C700italic%2C800%2C800italic|font_style:600%20bold%20regular%3A600%3Anormal&#8221; css=&#8221;%7B%22default%22%3A%7B%22color%22%3A%22_content_heading%22%2C%22font-weight%22%3A%22500%22%2C%22font-size%22%3A%2226px%22%2C%22line-height%22%3A%2240px%22%7D%7D&#8221;]<div class=\"wpb_text_column\" ><div class=\"wpb_wrapper\"><p>Das \u201elange 19. Jahrhundert\u201c (Eric Hobsbawm) umfasst die Zeit von der Franz\u00f6sischen Revolution bis zum Ersten Weltkrieg. Diese Epoche war gepr\u00e4gt durch den Aufstieg des B\u00fcrgertums, die Industrialisierung, den Kapitalismus und die Arbeiterbewegung. Imperialismus und europ\u00e4ische Dominanz setzen eine erste Globalisierung ins Werk, m\u00fcndend in Gewalt. Am Beginn dieser \u201eVerwandlung der Welt\u201c (Osterhammel) steht die sogenannte Sattelzeit, in der sich die politische Semantik und die Ideologien der Moderne herausbilden; am Ende steht der Untergang der b\u00fcrgerlichen europ\u00e4ischen Welt.<\/p>\n<\/div><\/div><\/div><\/div><\/div><div class=\"vc_col-sm-6 wpb_column vc_column_container\"><div class=\"vc_column-inner\"><div class=\"wpb_wrapper\"><\/div><\/div><\/div><\/div><div class=\"g-cols wpb_row  us_custom_fee05a30 type_default valign_top vc_inner\"><div class=\"vc_col-sm-12 wpb_column vc_column_container\"><div class=\"vc_column-inner\"><div class=\"wpb_wrapper\"><div class=\"w-grid type_carousel layout_69 cols_4\" id=\"us_grid_1\"><style id=\"us_grid_1_css\">#us_grid_1 .owl-nav div{font-size:1.8rem}#us_grid_1 .w-grid-item{padding:1.5rem}#us_grid_1 .w-grid-list{margin:-1.5rem}.w-grid + #us_grid_1 .w-grid-list{margin-top:1.5rem}<\/style><style>.layout_69 .w-grid-item-h{}.layout_69 .usg_post_image_1{width:144px!important;height:220px!important;margin-bottom:20px!important;border:1px solid #e0e0e0!important;box-shadow:3px 3px 0 0 #d6d6d6!important}.layout_69 .usg_post_title_1{font-weight:600!important;font-size:18px!important;margin-top:5px!important;padding-top:0px!important}.layout_69 .usg_post_custom_field_4{font-weight:400!important;font-size:16px!important;margin-top:5px!important;margin-bottom:0px!important;padding-top:0px!important}.layout_69 .usg_btn_1{margin-top:20px!important}.layout_69 .usg_post_custom_field_1{font-weight:400!important;font-size:16px!important;margin-top:0px!important;margin-bottom:0px!important;padding-top:0px!important;padding-bottom:0px!important}<\/style><div class=\"w-grid-list owl-carousel navstyle_circle navpos_outside with_dots\" ><article class=\"w-grid-item post-106 post type-post status-publish format-standard has-post-thumbnail hentry category-allgemein category-buecher category-das-lange-19-jahrhundert category-e-book tag-kierkegaardsoeren\" data-id=\"106\">\r\n\t<div class=\"w-grid-item-h\">\r\n\t\t\t\t<div class=\"w-post-elm post_image usg_post_image_1 has_width has_height has_ratio\"><div style=\"padding-bottom:150.0000%\"><\/div><a href=\"https:\/\/europaeischeverlagsanstalt.de\/?p=106\" target=\"_blank\" rel=\"noopener nofollow\" aria-label=\"Philosophische Brocken\"><img width=\"145\" height=\"220\" src=\"https:\/\/europaeischeverlagsanstalt.de\/wp-856ad-content\/uploads\/2021\/01\/9783863930738_thumb.jpg\" class=\"attachment-full size-full wp-post-image\" alt=\"\" loading=\"lazy\" srcset=\"https:\/\/europaeischeverlagsanstalt.de\/wp-856ad-content\/uploads\/2021\/01\/9783863930738_thumb.jpg 145w, https:\/\/europaeischeverlagsanstalt.de\/wp-856ad-content\/uploads\/2021\/01\/9783863930738_thumb-33x50.jpg 33w\" sizes=\"(max-width: 145px) 100vw, 145px\" \/><\/a><\/div><h6 class=\"w-post-elm post_custom_field usg_post_custom_field_1 type_text\">S\u00f6ren Kierkegaard<\/h6><h5 class=\"w-post-elm post_title usg_post_title_1 entry-title color_link_inherit\"><a href=\"https:\/\/europaeischeverlagsanstalt.de\/?p=106\">Philosophische Brocken<\/a><\/h5><a class=\"w-btn us-btn-style_3 usg_btn_1\" href=\"https:\/\/europaeischeverlagsanstalt.de\/?p=106\"><span class=\"w-btn-label\">Mehr erfahren<\/span><\/a>\t<\/div>\r\n<\/article>\r\n<article class=\"w-grid-item post-721 post type-post status-publish format-standard has-post-thumbnail hentry category-allgemein category-buecher category-das-lange-19-jahrhundert category-e-book tag-kierkegaardsoeren\" data-id=\"721\">\r\n\t<div class=\"w-grid-item-h\">\r\n\t\t\t\t<div class=\"w-post-elm post_image usg_post_image_1 has_width has_height has_ratio\"><div style=\"padding-bottom:150.0000%\"><\/div><a href=\"https:\/\/europaeischeverlagsanstalt.de\/?p=721\" target=\"_blank\" rel=\"noopener nofollow\" aria-label=\"Furcht und Zittern\"><img width=\"1685\" height=\"2560\" src=\"https:\/\/europaeischeverlagsanstalt.de\/wp-856ad-content\/uploads\/2021\/02\/978-3-86393-072-1_gross.jpg\" class=\"attachment-full size-full wp-post-image\" alt=\"\" loading=\"lazy\" srcset=\"https:\/\/europaeischeverlagsanstalt.de\/wp-856ad-content\/uploads\/2021\/02\/978-3-86393-072-1_gross.jpg 1685w, https:\/\/europaeischeverlagsanstalt.de\/wp-856ad-content\/uploads\/2021\/02\/978-3-86393-072-1_gross-197x300.jpg 197w, https:\/\/europaeischeverlagsanstalt.de\/wp-856ad-content\/uploads\/2021\/02\/978-3-86393-072-1_gross-674x1024.jpg 674w, https:\/\/europaeischeverlagsanstalt.de\/wp-856ad-content\/uploads\/2021\/02\/978-3-86393-072-1_gross-263x400.jpg 263w, https:\/\/europaeischeverlagsanstalt.de\/wp-856ad-content\/uploads\/2021\/02\/978-3-86393-072-1_gross-33x50.jpg 33w\" sizes=\"(max-width: 1685px) 100vw, 1685px\" \/><\/a><\/div><h6 class=\"w-post-elm post_custom_field usg_post_custom_field_1 type_text\">S\u00f6ren Kierkegaard<\/h6><h5 class=\"w-post-elm post_title usg_post_title_1 entry-title color_link_inherit\"><a href=\"https:\/\/europaeischeverlagsanstalt.de\/?p=721\">Furcht und Zittern<\/a><\/h5><a class=\"w-btn us-btn-style_3 usg_btn_1\" href=\"https:\/\/europaeischeverlagsanstalt.de\/?p=721\"><span class=\"w-btn-label\">Mehr erfahren<\/span><\/a>\t<\/div>\r\n<\/article>\r\n<article class=\"w-grid-item post-2364 post type-post status-publish format-standard has-post-thumbnail hentry category-allgemein category-buecher category-das-lange-19-jahrhundert category-e-book tag-kittsteinerheinz\" data-id=\"2364\">\r\n\t<div class=\"w-grid-item-h\">\r\n\t\t\t\t<div class=\"w-post-elm post_image usg_post_image_1 has_width has_height has_ratio\"><div style=\"padding-bottom:150.0000%\"><\/div><a href=\"https:\/\/europaeischeverlagsanstalt.de\/?p=2364\" target=\"_blank\" rel=\"noopener nofollow\" aria-label=\"Out of Control\u00dcber die Unverf\u00fcgbarkeit des historischen Prozesses\"><img width=\"1594\" height=\"2445\" src=\"https:\/\/europaeischeverlagsanstalt.de\/wp-856ad-content\/uploads\/2021\/06\/eR_Kittsteiner_OutOfControl_Cover.jpg\" class=\"attachment-full size-full wp-post-image\" alt=\"\" loading=\"lazy\" srcset=\"https:\/\/europaeischeverlagsanstalt.de\/wp-856ad-content\/uploads\/2021\/06\/eR_Kittsteiner_OutOfControl_Cover.jpg 1594w, https:\/\/europaeischeverlagsanstalt.de\/wp-856ad-content\/uploads\/2021\/06\/eR_Kittsteiner_OutOfControl_Cover-196x300.jpg 196w, https:\/\/europaeischeverlagsanstalt.de\/wp-856ad-content\/uploads\/2021\/06\/eR_Kittsteiner_OutOfControl_Cover-668x1024.jpg 668w, https:\/\/europaeischeverlagsanstalt.de\/wp-856ad-content\/uploads\/2021\/06\/eR_Kittsteiner_OutOfControl_Cover-261x400.jpg 261w, https:\/\/europaeischeverlagsanstalt.de\/wp-856ad-content\/uploads\/2021\/06\/eR_Kittsteiner_OutOfControl_Cover-266x407.jpg 266w, https:\/\/europaeischeverlagsanstalt.de\/wp-856ad-content\/uploads\/2021\/06\/eR_Kittsteiner_OutOfControl_Cover-33x50.jpg 33w\" sizes=\"(max-width: 1594px) 100vw, 1594px\" \/><\/a><\/div><h6 class=\"w-post-elm post_custom_field usg_post_custom_field_1 type_text\">H. D. Kittsteiner<\/h6><h5 class=\"w-post-elm post_title usg_post_title_1 entry-title color_link_inherit\"><a href=\"https:\/\/europaeischeverlagsanstalt.de\/?p=2364\">Out of Control<br>\u00dcber die Unverf\u00fcgbarkeit des historischen Prozesses<\/a><\/h5><h6 class=\"w-post-elm post_custom_field usg_post_custom_field_4 type_text\">Herausgegeben und mit einer Einleitung von Jannis Wagner<\/h6><a class=\"w-btn us-btn-style_3 usg_btn_1\" href=\"https:\/\/europaeischeverlagsanstalt.de\/?p=2364\"><span class=\"w-btn-label\">Mehr erfahren<\/span><\/a>\t<\/div>\r\n<\/article>\r\n<article class=\"w-grid-item post-2371 post type-post status-publish format-standard has-post-thumbnail hentry category-allgemein category-buecher category-das-lange-19-jahrhundert category-e-book tag-zuckermannmoshe\" data-id=\"2371\">\r\n\t<div class=\"w-grid-item-h\">\r\n\t\t\t\t<div class=\"w-post-elm post_image usg_post_image_1 has_width has_height has_ratio\"><div style=\"padding-bottom:150.0000%\"><\/div><a href=\"https:\/\/europaeischeverlagsanstalt.de\/?p=2371\" target=\"_blank\" rel=\"noopener nofollow\" aria-label=\"Das Trauma des &#8220;K\u00f6nigsmordes&#8221;Franz\u00f6sische Revolution und deutsche Geschichtsschreibung im Vorm\u00e4rz\"><img width=\"1594\" height=\"2445\" src=\"https:\/\/europaeischeverlagsanstalt.de\/wp-856ad-content\/uploads\/2021\/06\/eR_Zuckermann_Koenigsmord.jpg\" class=\"attachment-full size-full wp-post-image\" alt=\"\" loading=\"lazy\" srcset=\"https:\/\/europaeischeverlagsanstalt.de\/wp-856ad-content\/uploads\/2021\/06\/eR_Zuckermann_Koenigsmord.jpg 1594w, https:\/\/europaeischeverlagsanstalt.de\/wp-856ad-content\/uploads\/2021\/06\/eR_Zuckermann_Koenigsmord-196x300.jpg 196w, https:\/\/europaeischeverlagsanstalt.de\/wp-856ad-content\/uploads\/2021\/06\/eR_Zuckermann_Koenigsmord-668x1024.jpg 668w, https:\/\/europaeischeverlagsanstalt.de\/wp-856ad-content\/uploads\/2021\/06\/eR_Zuckermann_Koenigsmord-261x400.jpg 261w, https:\/\/europaeischeverlagsanstalt.de\/wp-856ad-content\/uploads\/2021\/06\/eR_Zuckermann_Koenigsmord-266x407.jpg 266w, https:\/\/europaeischeverlagsanstalt.de\/wp-856ad-content\/uploads\/2021\/06\/eR_Zuckermann_Koenigsmord-33x50.jpg 33w\" sizes=\"(max-width: 1594px) 100vw, 1594px\" \/><\/a><\/div><h6 class=\"w-post-elm post_custom_field usg_post_custom_field_1 type_text\">Moshe Zuckermann<\/h6><h5 class=\"w-post-elm post_title usg_post_title_1 entry-title color_link_inherit\"><a href=\"https:\/\/europaeischeverlagsanstalt.de\/?p=2371\">Das Trauma des &#8220;K\u00f6nigsmordes&#8221;<br>Franz\u00f6sische Revolution und deutsche Geschichtsschreibung im Vorm\u00e4rz<\/a><\/h5><a class=\"w-btn us-btn-style_3 usg_btn_1\" href=\"https:\/\/europaeischeverlagsanstalt.de\/?p=2371\"><span class=\"w-btn-label\">Mehr erfahren<\/span><\/a>\t<\/div>\r\n<\/article>\r\n<article class=\"w-grid-item post-3403 post type-post status-publish format-standard has-post-thumbnail hentry category-allgemein category-buecher category-das-lange-19-jahrhundert category-e-book tag-schoepsjulius\" data-id=\"3403\">\r\n\t<div class=\"w-grid-item-h\">\r\n\t\t\t\t<div class=\"w-post-elm post_image usg_post_image_1 has_width has_height has_ratio\"><div style=\"padding-bottom:150.0000%\"><\/div><a href=\"https:\/\/europaeischeverlagsanstalt.de\/?p=3403\" target=\"_blank\" rel=\"noopener nofollow\" aria-label=\"Im Kampf um die Freiheit  Preu\u00dfens Juden im Vorm\u00e4rz und in der Revolution von 1848\"><img width=\"392\" height=\"600\" src=\"https:\/\/europaeischeverlagsanstalt.de\/wp-856ad-content\/uploads\/2021\/12\/978-3-86393-136-0-Cover_Schoeps_vorab.jpg\" class=\"attachment-full size-full wp-post-image\" alt=\"\" loading=\"lazy\" srcset=\"https:\/\/europaeischeverlagsanstalt.de\/wp-856ad-content\/uploads\/2021\/12\/978-3-86393-136-0-Cover_Schoeps_vorab.jpg 392w, https:\/\/europaeischeverlagsanstalt.de\/wp-856ad-content\/uploads\/2021\/12\/978-3-86393-136-0-Cover_Schoeps_vorab-196x300.jpg 196w, https:\/\/europaeischeverlagsanstalt.de\/wp-856ad-content\/uploads\/2021\/12\/978-3-86393-136-0-Cover_Schoeps_vorab-261x400.jpg 261w, https:\/\/europaeischeverlagsanstalt.de\/wp-856ad-content\/uploads\/2021\/12\/978-3-86393-136-0-Cover_Schoeps_vorab-266x407.jpg 266w, https:\/\/europaeischeverlagsanstalt.de\/wp-856ad-content\/uploads\/2021\/12\/978-3-86393-136-0-Cover_Schoeps_vorab-33x50.jpg 33w\" sizes=\"(max-width: 392px) 100vw, 392px\" \/><\/a><\/div><h6 class=\"w-post-elm post_custom_field usg_post_custom_field_1 type_text\">Julius H. Schoeps<\/h6><h5 class=\"w-post-elm post_title usg_post_title_1 entry-title color_link_inherit\"><a href=\"https:\/\/europaeischeverlagsanstalt.de\/?p=3403\">Im Kampf um die Freiheit <br> Preu\u00dfens Juden im Vorm\u00e4rz und in der Revolution von 1848<\/a><\/h5><a class=\"w-btn us-btn-style_3 usg_btn_1\" href=\"https:\/\/europaeischeverlagsanstalt.de\/?p=3403\"><span class=\"w-btn-label\">Mehr erfahren<\/span><\/a>\t<\/div>\r\n<\/article>\r\n<article class=\"w-grid-item post-4468 post type-post status-publish format-standard has-post-thumbnail hentry category-buecher category-das-lange-19-jahrhundert category-e-book tag-rousseau\" data-id=\"4468\">\r\n\t<div class=\"w-grid-item-h\">\r\n\t\t\t\t<div class=\"w-post-elm post_image usg_post_image_1 has_width has_height has_ratio\"><div style=\"padding-bottom:150.0000%\"><\/div><a href=\"https:\/\/europaeischeverlagsanstalt.de\/?p=4468\" target=\"_blank\" rel=\"noopener nofollow\" aria-label=\"Vom Gesellschaftsvertrag oderPrinzipien des Staatsrechts\"><img width=\"1524\" height=\"2560\" src=\"https:\/\/europaeischeverlagsanstalt.de\/wp-856ad-content\/uploads\/2022\/08\/9783863931476-scaled.jpg\" class=\"attachment-full size-full wp-post-image\" alt=\"\" loading=\"lazy\" srcset=\"https:\/\/europaeischeverlagsanstalt.de\/wp-856ad-content\/uploads\/2022\/08\/9783863931476-scaled.jpg 1524w, https:\/\/europaeischeverlagsanstalt.de\/wp-856ad-content\/uploads\/2022\/08\/9783863931476-179x300.jpg 179w, https:\/\/europaeischeverlagsanstalt.de\/wp-856ad-content\/uploads\/2022\/08\/9783863931476-610x1024.jpg 610w, https:\/\/europaeischeverlagsanstalt.de\/wp-856ad-content\/uploads\/2022\/08\/9783863931476-238x400.jpg 238w, https:\/\/europaeischeverlagsanstalt.de\/wp-856ad-content\/uploads\/2022\/08\/9783863931476-30x50.jpg 30w\" sizes=\"(max-width: 1524px) 100vw, 1524px\" \/><\/a><\/div><h6 class=\"w-post-elm post_custom_field usg_post_custom_field_1 type_text\">Jean-Jacques Rousseau<\/h6><h5 class=\"w-post-elm post_title usg_post_title_1 entry-title color_link_inherit\"><a href=\"https:\/\/europaeischeverlagsanstalt.de\/?p=4468\">Vom Gesellschaftsvertrag oder<br>Prinzipien des Staatsrechts<\/a><\/h5><h6 class=\"w-post-elm post_custom_field usg_post_custom_field_4 type_text\">Mit einer Einleitung von Sonja Asal <br> Aus dem Franz\u00f6sischen von Vincent von Wroblewsky<\/h6><a class=\"w-btn us-btn-style_3 usg_btn_1\" href=\"https:\/\/europaeischeverlagsanstalt.de\/?p=4468\"><span class=\"w-btn-label\">Mehr erfahren<\/span><\/a>\t<\/div>\r\n<\/article>\r\n<article class=\"w-grid-item post-520 post type-post status-publish format-standard has-post-thumbnail hentry category-allgemein category-buecher category-das-lange-19-jahrhundert tag-flickingerhansgeorg\" data-id=\"520\">\r\n\t<div class=\"w-grid-item-h\">\r\n\t\t\t\t<div class=\"w-post-elm post_image usg_post_image_1 has_width has_height has_ratio\"><div style=\"padding-bottom:150.0000%\"><\/div><a href=\"https:\/\/europaeischeverlagsanstalt.de\/?p=520\" target=\"_blank\" rel=\"noopener nofollow\" aria-label=\"Neben der Macht  Begriff und Krise des b\u00fcrgerlichen Rechts\"><img width=\"797\" height=\"1222\" src=\"https:\/\/europaeischeverlagsanstalt.de\/wp-856ad-content\/uploads\/2021\/02\/978-3-86393-105-6_klein.jpg\" class=\"attachment-full size-full wp-post-image\" alt=\"\" loading=\"lazy\" srcset=\"https:\/\/europaeischeverlagsanstalt.de\/wp-856ad-content\/uploads\/2021\/02\/978-3-86393-105-6_klein.jpg 797w, https:\/\/europaeischeverlagsanstalt.de\/wp-856ad-content\/uploads\/2021\/02\/978-3-86393-105-6_klein-196x300.jpg 196w, https:\/\/europaeischeverlagsanstalt.de\/wp-856ad-content\/uploads\/2021\/02\/978-3-86393-105-6_klein-668x1024.jpg 668w, https:\/\/europaeischeverlagsanstalt.de\/wp-856ad-content\/uploads\/2021\/02\/978-3-86393-105-6_klein-261x400.jpg 261w, https:\/\/europaeischeverlagsanstalt.de\/wp-856ad-content\/uploads\/2021\/02\/978-3-86393-105-6_klein-266x407.jpg 266w, https:\/\/europaeischeverlagsanstalt.de\/wp-856ad-content\/uploads\/2021\/02\/978-3-86393-105-6_klein-33x50.jpg 33w\" sizes=\"(max-width: 797px) 100vw, 797px\" \/><\/a><\/div><h6 class=\"w-post-elm post_custom_field usg_post_custom_field_1 type_text\">Hans-Georg Flickinger<\/h6><h5 class=\"w-post-elm post_title usg_post_title_1 entry-title color_link_inherit\"><a href=\"https:\/\/europaeischeverlagsanstalt.de\/?p=520\">Neben der Macht <br> Begriff und Krise des b\u00fcrgerlichen Rechts<\/a><\/h5><a class=\"w-btn us-btn-style_3 usg_btn_1\" href=\"https:\/\/europaeischeverlagsanstalt.de\/?p=520\"><span class=\"w-btn-label\">Mehr erfahren<\/span><\/a>\t<\/div>\r\n<\/article>\r\n<article class=\"w-grid-item post-511 post type-post status-publish format-standard has-post-thumbnail hentry category-allgemein category-buecher category-das-lange-19-jahrhundert category-e-book tag-breuerstefan\" data-id=\"511\">\r\n\t<div class=\"w-grid-item-h\">\r\n\t\t\t\t<div class=\"w-post-elm post_image usg_post_image_1 has_width has_height has_ratio\"><div style=\"padding-bottom:150.0000%\"><\/div><a href=\"https:\/\/europaeischeverlagsanstalt.de\/?p=511\" target=\"_blank\" rel=\"noopener nofollow\" aria-label=\"Moderner Fundamentalismus\"><img width=\"145\" height=\"220\" src=\"https:\/\/europaeischeverlagsanstalt.de\/wp-856ad-content\/uploads\/2021\/02\/978-3-86393-095-0_klein.jpg\" class=\"attachment-full size-full wp-post-image\" alt=\"\" loading=\"lazy\" srcset=\"https:\/\/europaeischeverlagsanstalt.de\/wp-856ad-content\/uploads\/2021\/02\/978-3-86393-095-0_klein.jpg 145w, https:\/\/europaeischeverlagsanstalt.de\/wp-856ad-content\/uploads\/2021\/02\/978-3-86393-095-0_klein-33x50.jpg 33w\" sizes=\"(max-width: 145px) 100vw, 145px\" \/><\/a><\/div><h6 class=\"w-post-elm post_custom_field usg_post_custom_field_1 type_text\">Stefan Breuer<\/h6><h5 class=\"w-post-elm post_title usg_post_title_1 entry-title color_link_inherit\"><a href=\"https:\/\/europaeischeverlagsanstalt.de\/?p=511\">Moderner Fundamentalismus<\/a><\/h5><a class=\"w-btn us-btn-style_3 usg_btn_1\" href=\"https:\/\/europaeischeverlagsanstalt.de\/?p=511\"><span class=\"w-btn-label\">Mehr erfahren<\/span><\/a>\t<\/div>\r\n<\/article>\r\n<article class=\"w-grid-item post-725 post type-post status-publish format-standard has-post-thumbnail hentry category-allgemein category-buecher category-das-lange-19-jahrhundert category-e-book tag-buchsteinhubertus tag-milljohnstuart tag-seubertsandra\" data-id=\"725\">\r\n\t<div class=\"w-grid-item-h\">\r\n\t\t\t\t<div class=\"w-post-elm post_image usg_post_image_1 has_width has_height has_ratio\"><div style=\"padding-bottom:150.0000%\"><\/div><a href=\"https:\/\/europaeischeverlagsanstalt.de\/?p=725\" target=\"_blank\" rel=\"noopener nofollow\" aria-label=\"\u00dcber Sozialismus\"><img width=\"1684\" height=\"2560\" src=\"https:\/\/europaeischeverlagsanstalt.de\/wp-856ad-content\/uploads\/2021\/02\/978-3-86393-071-4_gross.jpg\" class=\"attachment-full size-full wp-post-image\" alt=\"\" loading=\"lazy\" srcset=\"https:\/\/europaeischeverlagsanstalt.de\/wp-856ad-content\/uploads\/2021\/02\/978-3-86393-071-4_gross.jpg 1684w, https:\/\/europaeischeverlagsanstalt.de\/wp-856ad-content\/uploads\/2021\/02\/978-3-86393-071-4_gross-197x300.jpg 197w, https:\/\/europaeischeverlagsanstalt.de\/wp-856ad-content\/uploads\/2021\/02\/978-3-86393-071-4_gross-674x1024.jpg 674w, https:\/\/europaeischeverlagsanstalt.de\/wp-856ad-content\/uploads\/2021\/02\/978-3-86393-071-4_gross-263x400.jpg 263w, https:\/\/europaeischeverlagsanstalt.de\/wp-856ad-content\/uploads\/2021\/02\/978-3-86393-071-4_gross-33x50.jpg 33w\" sizes=\"(max-width: 1684px) 100vw, 1684px\" \/><\/a><\/div><h6 class=\"w-post-elm post_custom_field usg_post_custom_field_1 type_text\">John Stuart Mill<\/h6><h5 class=\"w-post-elm post_title usg_post_title_1 entry-title color_link_inherit\"><a href=\"https:\/\/europaeischeverlagsanstalt.de\/?p=725\">\u00dcber Sozialismus<\/a><\/h5><a class=\"w-btn us-btn-style_3 usg_btn_1\" href=\"https:\/\/europaeischeverlagsanstalt.de\/?p=725\"><span class=\"w-btn-label\">Mehr erfahren<\/span><\/a>\t<\/div>\r\n<\/article>\r\n<article class=\"w-grid-item post-722 post type-post status-publish format-standard has-post-thumbnail hentry category-allgemein category-buecher category-das-lange-19-jahrhundert category-e-book tag-kierkegaardsoeren\" data-id=\"722\">\r\n\t<div class=\"w-grid-item-h\">\r\n\t\t\t\t<div class=\"w-post-elm post_image usg_post_image_1 has_width has_height has_ratio\"><div style=\"padding-bottom:150.0000%\"><\/div><a href=\"https:\/\/europaeischeverlagsanstalt.de\/?p=722\" target=\"_blank\" rel=\"noopener nofollow\" aria-label=\"Die WiederholungDie Krise und eine Krise im Leben einer Schauspielerin.\"><img width=\"138\" height=\"220\" src=\"https:\/\/europaeischeverlagsanstalt.de\/wp-856ad-content\/uploads\/2021\/02\/9783434460220.jpg\" class=\"attachment-full size-full wp-post-image\" alt=\"\" loading=\"lazy\" srcset=\"https:\/\/europaeischeverlagsanstalt.de\/wp-856ad-content\/uploads\/2021\/02\/9783434460220.jpg 138w, https:\/\/europaeischeverlagsanstalt.de\/wp-856ad-content\/uploads\/2021\/02\/9783434460220-31x50.jpg 31w\" sizes=\"(max-width: 138px) 100vw, 138px\" \/><\/a><\/div><h6 class=\"w-post-elm post_custom_field usg_post_custom_field_1 type_text\">S\u00f6ren Kierkegaard<\/h6><h5 class=\"w-post-elm post_title usg_post_title_1 entry-title color_link_inherit\"><a href=\"https:\/\/europaeischeverlagsanstalt.de\/?p=722\">Die Wiederholung<br>Die Krise und eine Krise im Leben einer Schauspielerin.<\/a><\/h5><h6 class=\"w-post-elm post_custom_field usg_post_custom_field_4 type_text\">Mit Erinnerungen an Kierkegaard von Hans Br\u00f6chner<\/h6><a class=\"w-btn us-btn-style_3 usg_btn_1\" href=\"https:\/\/europaeischeverlagsanstalt.de\/?p=722\"><span class=\"w-btn-label\">Mehr erfahren<\/span><\/a>\t<\/div>\r\n<\/article>\r\n<article class=\"w-grid-item post-714 post type-post status-publish format-standard has-post-thumbnail hentry category-allgemein category-buecher category-das-lange-19-jahrhundert tag-colligiorgio\" data-id=\"714\">\r\n\t<div class=\"w-grid-item-h\">\r\n\t\t\t\t<div class=\"w-post-elm post_image usg_post_image_1 has_width has_height has_ratio\"><div style=\"padding-bottom:150.0000%\"><\/div><a href=\"https:\/\/europaeischeverlagsanstalt.de\/?p=714\" target=\"_blank\" rel=\"noopener nofollow\" aria-label=\"Distanz und Pathos  Einleitungen zu Nietzsches Werken\"><img width=\"141\" height=\"220\" src=\"https:\/\/europaeischeverlagsanstalt.de\/wp-856ad-content\/uploads\/2021\/02\/9783434461173.jpg\" class=\"attachment-full size-full wp-post-image\" alt=\"\" loading=\"lazy\" srcset=\"https:\/\/europaeischeverlagsanstalt.de\/wp-856ad-content\/uploads\/2021\/02\/9783434461173.jpg 141w, https:\/\/europaeischeverlagsanstalt.de\/wp-856ad-content\/uploads\/2021\/02\/9783434461173-32x50.jpg 32w\" sizes=\"(max-width: 141px) 100vw, 141px\" \/><\/a><\/div><h6 class=\"w-post-elm post_custom_field usg_post_custom_field_1 type_text\">Giorgio Colli<\/h6><h5 class=\"w-post-elm post_title usg_post_title_1 entry-title color_link_inherit\"><a href=\"https:\/\/europaeischeverlagsanstalt.de\/?p=714\">Distanz und Pathos <br> Einleitungen zu Nietzsches Werken<\/a><\/h5><h6 class=\"w-post-elm post_custom_field usg_post_custom_field_4 type_text\">Mit einem Nachwort von Mazzino Montinari<\/h6><a class=\"w-btn us-btn-style_3 usg_btn_1\" href=\"https:\/\/europaeischeverlagsanstalt.de\/?p=714\"><span class=\"w-btn-label\">Mehr erfahren<\/span><\/a>\t<\/div>\r\n<\/article>\r\n<article class=\"w-grid-item post-715 post type-post status-publish format-standard has-post-thumbnail hentry category-allgemein category-buecher category-das-lange-19-jahrhundert category-e-book tag-deleuzegille\" data-id=\"715\">\r\n\t<div class=\"w-grid-item-h\">\r\n\t\t\t\t<div class=\"w-post-elm post_image usg_post_image_1 has_width has_height has_ratio\"><div style=\"padding-bottom:150.0000%\"><\/div><a href=\"https:\/\/europaeischeverlagsanstalt.de\/?p=715\" target=\"_blank\" rel=\"noopener nofollow\" aria-label=\"Nietzsche und die Philosophie\"><img width=\"400\" height=\"600\" src=\"https:\/\/europaeischeverlagsanstalt.de\/wp-856ad-content\/uploads\/2021\/02\/Nietzsche-Philosophie.jpeg\" class=\"attachment-full size-full wp-post-image\" alt=\"\" loading=\"lazy\" srcset=\"https:\/\/europaeischeverlagsanstalt.de\/wp-856ad-content\/uploads\/2021\/02\/Nietzsche-Philosophie.jpeg 400w, https:\/\/europaeischeverlagsanstalt.de\/wp-856ad-content\/uploads\/2021\/02\/Nietzsche-Philosophie-200x300.jpeg 200w, https:\/\/europaeischeverlagsanstalt.de\/wp-856ad-content\/uploads\/2021\/02\/Nietzsche-Philosophie-267x400.jpeg 267w, https:\/\/europaeischeverlagsanstalt.de\/wp-856ad-content\/uploads\/2021\/02\/Nietzsche-Philosophie-33x50.jpeg 33w\" sizes=\"(max-width: 400px) 100vw, 400px\" \/><\/a><\/div><h6 class=\"w-post-elm post_custom_field usg_post_custom_field_1 type_text\">Gilles Deleuze<\/h6><h5 class=\"w-post-elm post_title usg_post_title_1 entry-title color_link_inherit\"><a href=\"https:\/\/europaeischeverlagsanstalt.de\/?p=715\">Nietzsche und die Philosophie<\/a><\/h5><a class=\"w-btn us-btn-style_3 usg_btn_1\" href=\"https:\/\/europaeischeverlagsanstalt.de\/?p=715\"><span class=\"w-btn-label\">Mehr erfahren<\/span><\/a>\t<\/div>\r\n<\/article>\r\n<article class=\"w-grid-item post-94 post type-post status-publish format-standard has-post-thumbnail hentry category-allgemein category-buecher category-das-lange-19-jahrhundert category-e-book tag-bergsonhenri\" data-id=\"94\">\r\n\t<div class=\"w-grid-item-h\">\r\n\t\t\t\t<div class=\"w-post-elm post_image usg_post_image_1 has_width has_height has_ratio\"><div style=\"padding-bottom:150.0000%\"><\/div><a href=\"https:\/\/europaeischeverlagsanstalt.de\/?p=94\" target=\"_blank\" rel=\"noopener nofollow\" aria-label=\"Denken und sch\u00f6pferisches Werden\"><img width=\"145\" height=\"220\" src=\"https:\/\/europaeischeverlagsanstalt.de\/wp-856ad-content\/uploads\/2021\/01\/9783863935283_thumb.jpg\" class=\"attachment-full size-full wp-post-image\" alt=\"\" loading=\"lazy\" srcset=\"https:\/\/europaeischeverlagsanstalt.de\/wp-856ad-content\/uploads\/2021\/01\/9783863935283_thumb.jpg 145w, https:\/\/europaeischeverlagsanstalt.de\/wp-856ad-content\/uploads\/2021\/01\/9783863935283_thumb-33x50.jpg 33w\" sizes=\"(max-width: 145px) 100vw, 145px\" \/><\/a><\/div><h6 class=\"w-post-elm post_custom_field usg_post_custom_field_1 type_text\">Henri Bergson<\/h6><h5 class=\"w-post-elm post_title usg_post_title_1 entry-title color_link_inherit\"><a href=\"https:\/\/europaeischeverlagsanstalt.de\/?p=94\">Denken und sch\u00f6pferisches Werden<\/a><\/h5><a class=\"w-btn us-btn-style_3 usg_btn_1\" href=\"https:\/\/europaeischeverlagsanstalt.de\/?p=94\"><span class=\"w-btn-label\">Mehr erfahren<\/span><\/a>\t<\/div>\r\n<\/article>\r\n<article class=\"w-grid-item post-710 post type-post status-publish format-standard has-post-thumbnail hentry category-allgemein category-buecher category-das-lange-19-jahrhundert category-e-book tag-bergsonhenri\" data-id=\"710\">\r\n\t<div class=\"w-grid-item-h\">\r\n\t\t\t\t<div class=\"w-post-elm post_image usg_post_image_1 has_width has_height has_ratio\"><div style=\"padding-bottom:150.0000%\"><\/div><a href=\"https:\/\/europaeischeverlagsanstalt.de\/?p=710\" target=\"_blank\" rel=\"noopener nofollow\" aria-label=\"Zeit und Freiheit\"><img width=\"1476\" height=\"2244\" src=\"https:\/\/europaeischeverlagsanstalt.de\/wp-856ad-content\/uploads\/2021\/02\/Bergson_Zeit_2021_Frontcover_L.jpg\" class=\"attachment-full size-full wp-post-image\" alt=\"\" loading=\"lazy\" srcset=\"https:\/\/europaeischeverlagsanstalt.de\/wp-856ad-content\/uploads\/2021\/02\/Bergson_Zeit_2021_Frontcover_L.jpg 1476w, https:\/\/europaeischeverlagsanstalt.de\/wp-856ad-content\/uploads\/2021\/02\/Bergson_Zeit_2021_Frontcover_L-197x300.jpg 197w, https:\/\/europaeischeverlagsanstalt.de\/wp-856ad-content\/uploads\/2021\/02\/Bergson_Zeit_2021_Frontcover_L-674x1024.jpg 674w, https:\/\/europaeischeverlagsanstalt.de\/wp-856ad-content\/uploads\/2021\/02\/Bergson_Zeit_2021_Frontcover_L-263x400.jpg 263w, https:\/\/europaeischeverlagsanstalt.de\/wp-856ad-content\/uploads\/2021\/02\/Bergson_Zeit_2021_Frontcover_L-33x50.jpg 33w\" sizes=\"(max-width: 1476px) 100vw, 1476px\" \/><\/a><\/div><h6 class=\"w-post-elm post_custom_field usg_post_custom_field_1 type_text\">Henri Bergson<\/h6><h5 class=\"w-post-elm post_title usg_post_title_1 entry-title color_link_inherit\"><a href=\"https:\/\/europaeischeverlagsanstalt.de\/?p=710\">Zeit und Freiheit<\/a><\/h5><a class=\"w-btn us-btn-style_3 usg_btn_1\" href=\"https:\/\/europaeischeverlagsanstalt.de\/?p=710\"><span class=\"w-btn-label\">Mehr erfahren<\/span><\/a>\t<\/div>\r\n<\/article>\r\n<article class=\"w-grid-item post-727 post type-post status-publish format-standard has-post-thumbnail hentry category-allgemein category-buecher category-das-lange-19-jahrhundert category-e-book tag-schmidtalfred\" data-id=\"727\">\r\n\t<div class=\"w-grid-item-h\">\r\n\t\t\t\t<div class=\"w-post-elm post_image usg_post_image_1 has_width has_height has_ratio\"><div style=\"padding-bottom:150.0000%\"><\/div><a href=\"https:\/\/europaeischeverlagsanstalt.de\/?p=727\" target=\"_blank\" rel=\"noopener nofollow\" aria-label=\"Der Begriff der Natur in der Lehre von Marx\"><img width=\"1476\" height=\"2244\" src=\"https:\/\/europaeischeverlagsanstalt.de\/wp-856ad-content\/uploads\/2021\/02\/Schmidt_Natur_Frontcover_L.jpg\" class=\"attachment-full size-full wp-post-image\" alt=\"\" loading=\"lazy\" srcset=\"https:\/\/europaeischeverlagsanstalt.de\/wp-856ad-content\/uploads\/2021\/02\/Schmidt_Natur_Frontcover_L.jpg 1476w, https:\/\/europaeischeverlagsanstalt.de\/wp-856ad-content\/uploads\/2021\/02\/Schmidt_Natur_Frontcover_L-197x300.jpg 197w, https:\/\/europaeischeverlagsanstalt.de\/wp-856ad-content\/uploads\/2021\/02\/Schmidt_Natur_Frontcover_L-674x1024.jpg 674w, https:\/\/europaeischeverlagsanstalt.de\/wp-856ad-content\/uploads\/2021\/02\/Schmidt_Natur_Frontcover_L-263x400.jpg 263w, https:\/\/europaeischeverlagsanstalt.de\/wp-856ad-content\/uploads\/2021\/02\/Schmidt_Natur_Frontcover_L-33x50.jpg 33w\" sizes=\"(max-width: 1476px) 100vw, 1476px\" \/><\/a><\/div><h6 class=\"w-post-elm post_custom_field usg_post_custom_field_1 type_text\">Alfred Schmidt<\/h6><h5 class=\"w-post-elm post_title usg_post_title_1 entry-title color_link_inherit\"><a href=\"https:\/\/europaeischeverlagsanstalt.de\/?p=727\">Der Begriff der Natur in der Lehre von Marx<\/a><\/h5><h6 class=\"w-post-elm post_custom_field usg_post_custom_field_4 type_text\">Mit einem Nachwort zur 5. Auflage von Michael Jeske<\/h6><a class=\"w-btn us-btn-style_3 usg_btn_1\" href=\"https:\/\/europaeischeverlagsanstalt.de\/?p=727\"><span class=\"w-btn-label\">Mehr erfahren<\/span><\/a>\t<\/div>\r\n<\/article>\r\n<article class=\"w-grid-item post-497 post type-post status-publish format-standard has-post-thumbnail hentry category-allgemein category-buecher category-das-lange-19-jahrhundert category-e-book category-featured tag-loewymichael\" data-id=\"497\">\r\n\t<div class=\"w-grid-item-h\">\r\n\t\t\t\t<div class=\"w-post-elm post_image usg_post_image_1 has_width has_height has_ratio\"><div style=\"padding-bottom:150.0000%\"><\/div><a href=\"https:\/\/europaeischeverlagsanstalt.de\/?p=497\" target=\"_blank\" rel=\"noopener nofollow\" aria-label=\"Erl\u00f6sung und UtopieJ\u00fcdischer Messianismus und libert\u00e4res DenkenEine Wahlverwandtschaft\"><img width=\"797\" height=\"1222\" src=\"https:\/\/europaeischeverlagsanstalt.de\/wp-856ad-content\/uploads\/2021\/01\/978-3-86393-099-8-eR_Loewy-Erloesung_Cover_kl_n1.jpg\" class=\"attachment-full size-full wp-post-image\" alt=\"\" loading=\"lazy\" srcset=\"https:\/\/europaeischeverlagsanstalt.de\/wp-856ad-content\/uploads\/2021\/01\/978-3-86393-099-8-eR_Loewy-Erloesung_Cover_kl_n1.jpg 797w, https:\/\/europaeischeverlagsanstalt.de\/wp-856ad-content\/uploads\/2021\/01\/978-3-86393-099-8-eR_Loewy-Erloesung_Cover_kl_n1-196x300.jpg 196w, https:\/\/europaeischeverlagsanstalt.de\/wp-856ad-content\/uploads\/2021\/01\/978-3-86393-099-8-eR_Loewy-Erloesung_Cover_kl_n1-668x1024.jpg 668w, https:\/\/europaeischeverlagsanstalt.de\/wp-856ad-content\/uploads\/2021\/01\/978-3-86393-099-8-eR_Loewy-Erloesung_Cover_kl_n1-261x400.jpg 261w, https:\/\/europaeischeverlagsanstalt.de\/wp-856ad-content\/uploads\/2021\/01\/978-3-86393-099-8-eR_Loewy-Erloesung_Cover_kl_n1-266x407.jpg 266w, https:\/\/europaeischeverlagsanstalt.de\/wp-856ad-content\/uploads\/2021\/01\/978-3-86393-099-8-eR_Loewy-Erloesung_Cover_kl_n1-33x50.jpg 33w\" sizes=\"(max-width: 797px) 100vw, 797px\" \/><\/a><\/div><h6 class=\"w-post-elm post_custom_field usg_post_custom_field_1 type_text\">Michael L\u00f6wy<\/h6><h5 class=\"w-post-elm post_title usg_post_title_1 entry-title color_link_inherit\"><a href=\"https:\/\/europaeischeverlagsanstalt.de\/?p=497\">Erl\u00f6sung und Utopie<br>J\u00fcdischer Messianismus und libert\u00e4res Denken<br>Eine Wahlverwandtschaft<\/a><\/h5><a class=\"w-btn us-btn-style_3 usg_btn_1\" href=\"https:\/\/europaeischeverlagsanstalt.de\/?p=497\"><span class=\"w-btn-label\">Mehr erfahren<\/span><\/a>\t<\/div>\r\n<\/article>\r\n<\/div><div class=\"g-preloader type_1\">\r\n\t<div><\/div>\r\n<\/div>\r\n\t<div class=\"w-grid-json hidden\" onclick='return {&quot;action&quot;:&quot;us_ajax_grid&quot;,&quot;ajax_url&quot;:&quot;https:\\\/\\\/europaeischeverlagsanstalt.de\\\/wp-admin\\\/admin-ajax.php&quot;,&quot;infinite_scroll&quot;:0,&quot;max_num_pages&quot;:1,&quot;pagination&quot;:&quot;none&quot;,&quot;permalink_url&quot;:&quot;https:\\\/\\\/europaeischeverlagsanstalt.de&quot;,&quot;template_vars&quot;:{&quot;columns&quot;:&quot;4&quot;,&quot;exclude_items&quot;:&quot;none&quot;,&quot;img_size&quot;:&quot;default&quot;,&quot;ignore_items_size&quot;:false,&quot;items_layout&quot;:&quot;69&quot;,&quot;items_offset&quot;:&quot;1&quot;,&quot;load_animation&quot;:&quot;none&quot;,&quot;overriding_link&quot;:&quot;none&quot;,&quot;post_id&quot;:19,&quot;query_args&quot;:{&quot;post_type&quot;:[&quot;post&quot;],&quot;tax_query&quot;:[{&quot;taxonomy&quot;:&quot;category&quot;,&quot;field&quot;:&quot;slug&quot;,&quot;terms&quot;:[&quot;das-lange-19-jahrhundert&quot;]}],&quot;post_status&quot;:[&quot;publish&quot;,&quot;acf-disabled&quot;],&quot;posts_per_page&quot;:999},&quot;orderby_query_args&quot;:{&quot;meta_query&quot;:{&quot;_orderby_custom_&quot;:{&quot;relation&quot;:&quot;OR&quot;,&quot;0&quot;:{&quot;compare&quot;:&quot;EXISTS&quot;,&quot;key&quot;:&quot;sorting&quot;,&quot;type&quot;:&quot;CHAR&quot;},&quot;1&quot;:{&quot;compare&quot;:&quot;NOT EXISTS&quot;,&quot;key&quot;:&quot;sorting&quot;,&quot;type&quot;:&quot;CHAR&quot;}}},&quot;orderby&quot;:&quot;sorting&quot;,&quot;order&quot;:&quot;ASC&quot;},&quot;type&quot;:&quot;carousel&quot;,&quot;us_grid_ajax_index&quot;:1,&quot;us_grid_filter_params&quot;:null,&quot;us_grid_index&quot;:1,&quot;_us_grid_post_type&quot;:&quot;post&quot;},&quot;carousel_settings&quot;:{&quot;autoHeight&quot;:0,&quot;autoplay&quot;:0,&quot;carousel_fade&quot;:0,&quot;center&quot;:0,&quot;dots&quot;:1,&quot;items&quot;:&quot;4&quot;,&quot;loop&quot;:false,&quot;nav&quot;:1,&quot;slideby&quot;:&quot;1&quot;,&quot;smooth_play&quot;:0,&quot;speed&quot;:250,&quot;timeout&quot;:3000,&quot;transition&quot;:&quot;&quot;},&quot;carousel_breakpoints&quot;:{&quot;1200&quot;:{&quot;items&quot;:4},&quot;900&quot;:{&quot;autoHeight&quot;:0,&quot;autoplay&quot;:1,&quot;autoplayHoverPause&quot;:1,&quot;items&quot;:3,&quot;loop&quot;:false},&quot;600&quot;:{&quot;autoHeight&quot;:0,&quot;autoplay&quot;:1,&quot;autoplayHoverPause&quot;:1,&quot;items&quot;:2,&quot;loop&quot;:false},&quot;0&quot;:{&quot;autoHeight&quot;:0,&quot;autoplay&quot;:1,&quot;autoplayHoverPause&quot;:1,&quot;items&quot;:1,&quot;loop&quot;:true}}}'><\/div>\r\n\t<\/div><div class=\"w-separator size_medium with_line width_default thick_1 style_solid color_border align_center\"><div class=\"w-separator-h\"><\/div><\/div><\/div><\/div><\/div><\/div><div class=\"g-cols wpb_row  us_custom_815c1c57 type_default valign_top vc_inner\"><div class=\"vc_col-sm-6 wpb_column vc_column_container\"><div class=\"vc_column-inner\"><div class=\"wpb_wrapper\">[vc_custom_heading text=&#8221;Juden in Deutschland:<br \/>\nPolitische Emanzipation und kulturelle Assimilation&#8221; google_fonts=&#8221;font_family:Open%20Sans%3A300%2C300italic%2Cregular%2Citalic%2C600%2C600italic%2C700%2C700italic%2C800%2C800italic|font_style:600%20bold%20regular%3A600%3Anormal&#8221; css=&#8221;%7B%22default%22%3A%7B%22color%22%3A%22_content_heading%22%2C%22font-weight%22%3A%22500%22%2C%22font-size%22%3A%2226px%22%2C%22line-height%22%3A%2240px%22%7D%7D&#8221;]<div class=\"wpb_text_column\" ><div class=\"wpb_wrapper\"><p>Das Hardenbergische Edikt von 1812 hatte den Juden die freie Wahl des Wohnorts, des Berufes und des Erwerbs von Eigentum zugestanden. Die Juden begannen, sich als aktiver, mitgestaltender Teil der entstehenden b\u00fcrgerlichen Gesellschaft zu verstehen. Die Buntheit des j\u00fcdischen Lebens, ihr unsch\u00e4tzbarer Beitrag zur europ\u00e4ischen Kultur und zum Wirtschaftsleben, aber auch die politische und gesellschaftlich Rolle deutscher J\u00fcdinnen und Juden sind unerl\u00e4sslicher Teil der historischen Erinnerung in Deutschland.<\/p>\n<\/div><\/div><\/div><\/div><\/div><div class=\"vc_col-sm-6 wpb_column vc_column_container\"><div class=\"vc_column-inner\"><div class=\"wpb_wrapper\"><\/div><\/div><\/div><\/div><div class=\"g-cols wpb_row  us_custom_815c1c57 type_default valign_top vc_inner\"><div class=\"vc_col-sm-12 wpb_column vc_column_container\"><div class=\"vc_column-inner\"><div class=\"wpb_wrapper\"><div class=\"w-grid type_carousel layout_69 cols_4\" id=\"us_grid_2\"><style id=\"us_grid_2_css\">#us_grid_2 .owl-nav div{font-size:1.8rem}#us_grid_2 .w-grid-item{padding:1.5rem}#us_grid_2 .w-grid-list{margin:-1.5rem}.w-grid + #us_grid_2 .w-grid-list{margin-top:1.5rem}<\/style><div class=\"w-grid-list owl-carousel navstyle_circle navpos_outside with_dots\" ><article class=\"w-grid-item post-2422 post type-post status-publish format-standard has-post-thumbnail hentry category-allgemein category-buecher category-e-book category-juden-in-deutschland-politische-emanzipation-und-kulturelle-assimilation tag-faberrichard\" data-id=\"2422\">\r\n\t<div class=\"w-grid-item-h\">\r\n\t\t\t\t<div class=\"w-post-elm post_image usg_post_image_1 has_width has_height has_ratio\"><div style=\"padding-bottom:150.0000%\"><\/div><a href=\"https:\/\/europaeischeverlagsanstalt.de\/?p=2422\" target=\"_blank\" rel=\"noopener nofollow\" aria-label=\"ad Jacob TaubesHistorischer und politischer Theologe, moderner Gnostiker\"><img width=\"1457\" height=\"2560\" src=\"https:\/\/europaeischeverlagsanstalt.de\/wp-856ad-content\/uploads\/2021\/06\/Cover_adTaubes_Faber_n3-scaled.jpg\" class=\"attachment-full size-full wp-post-image\" alt=\"\" loading=\"lazy\" srcset=\"https:\/\/europaeischeverlagsanstalt.de\/wp-856ad-content\/uploads\/2021\/06\/Cover_adTaubes_Faber_n3-scaled.jpg 1457w, https:\/\/europaeischeverlagsanstalt.de\/wp-856ad-content\/uploads\/2021\/06\/Cover_adTaubes_Faber_n3-171x300.jpg 171w, https:\/\/europaeischeverlagsanstalt.de\/wp-856ad-content\/uploads\/2021\/06\/Cover_adTaubes_Faber_n3-583x1024.jpg 583w, https:\/\/europaeischeverlagsanstalt.de\/wp-856ad-content\/uploads\/2021\/06\/Cover_adTaubes_Faber_n3-228x400.jpg 228w, https:\/\/europaeischeverlagsanstalt.de\/wp-856ad-content\/uploads\/2021\/06\/Cover_adTaubes_Faber_n3-28x50.jpg 28w\" sizes=\"(max-width: 1457px) 100vw, 1457px\" \/><\/a><\/div><h6 class=\"w-post-elm post_custom_field usg_post_custom_field_1 type_text\">Richard Faber<\/h6><h5 class=\"w-post-elm post_title usg_post_title_1 entry-title color_link_inherit\"><a href=\"https:\/\/europaeischeverlagsanstalt.de\/?p=2422\">ad Jacob Taubes<br>Historischer und politischer Theologe, moderner Gnostiker<\/a><\/h5><a class=\"w-btn us-btn-style_3 usg_btn_1\" href=\"https:\/\/europaeischeverlagsanstalt.de\/?p=2422\"><span class=\"w-btn-label\">Mehr erfahren<\/span><\/a>\t<\/div>\r\n<\/article>\r\n<article class=\"w-grid-item post-3394 post type-post status-publish format-standard has-post-thumbnail hentry category-allgemein category-buecher category-e-book category-juden-in-deutschland-politische-emanzipation-und-kulturelle-assimilation tag-loewymichael\" data-id=\"3394\">\r\n\t<div class=\"w-grid-item-h\">\r\n\t\t\t\t<div class=\"w-post-elm post_image usg_post_image_1 has_width has_height has_ratio\"><div style=\"padding-bottom:150.0000%\"><\/div><a href=\"https:\/\/europaeischeverlagsanstalt.de\/?p=3394\" target=\"_blank\" rel=\"noopener nofollow\" aria-label=\"ad Walter Benjamin  Die Revolution als Notbremse\"><img width=\"1457\" height=\"2560\" src=\"https:\/\/europaeischeverlagsanstalt.de\/wp-856ad-content\/uploads\/2021\/12\/Cover-Lo\u0308wy-ad-Benjamin-NEU1-scaled.jpg\" class=\"attachment-full size-full wp-post-image\" alt=\"\" loading=\"lazy\" srcset=\"https:\/\/europaeischeverlagsanstalt.de\/wp-856ad-content\/uploads\/2021\/12\/Cover-Lo\u0308wy-ad-Benjamin-NEU1-scaled.jpg 1457w, https:\/\/europaeischeverlagsanstalt.de\/wp-856ad-content\/uploads\/2021\/12\/Cover-Lo\u0308wy-ad-Benjamin-NEU1-171x300.jpg 171w, https:\/\/europaeischeverlagsanstalt.de\/wp-856ad-content\/uploads\/2021\/12\/Cover-Lo\u0308wy-ad-Benjamin-NEU1-583x1024.jpg 583w, https:\/\/europaeischeverlagsanstalt.de\/wp-856ad-content\/uploads\/2021\/12\/Cover-Lo\u0308wy-ad-Benjamin-NEU1-228x400.jpg 228w, https:\/\/europaeischeverlagsanstalt.de\/wp-856ad-content\/uploads\/2021\/12\/Cover-Lo\u0308wy-ad-Benjamin-NEU1-28x50.jpg 28w\" sizes=\"(max-width: 1457px) 100vw, 1457px\" \/><\/a><\/div><h6 class=\"w-post-elm post_custom_field usg_post_custom_field_1 type_text\">Michael L\u00f6wy<\/h6><h5 class=\"w-post-elm post_title usg_post_title_1 entry-title color_link_inherit\"><a href=\"https:\/\/europaeischeverlagsanstalt.de\/?p=3394\">ad Walter Benjamin <br> Die Revolution als Notbremse<\/a><\/h5><h6 class=\"w-post-elm post_custom_field usg_post_custom_field_4 type_text\">Aus dem Franz\u00f6sischen von Vincent von Wroblewsky <\/h6><a class=\"w-btn us-btn-style_3 usg_btn_1\" href=\"https:\/\/europaeischeverlagsanstalt.de\/?p=3394\"><span class=\"w-btn-label\">Mehr erfahren<\/span><\/a>\t<\/div>\r\n<\/article>\r\n<article class=\"w-grid-item post-3740 post type-post status-publish format-standard has-post-thumbnail hentry category-e-book category-juden-in-deutschland-politische-emanzipation-und-kulturelle-assimilation tag-dreyermichael tag-siegulrich\" data-id=\"3740\">\r\n\t<div class=\"w-grid-item-h\">\r\n\t\t\t\t<div class=\"w-post-elm post_image usg_post_image_1 has_width has_height has_ratio\"><div style=\"padding-bottom:150.0000%\"><\/div><a href=\"https:\/\/europaeischeverlagsanstalt.de\/?p=3740\" target=\"_blank\" rel=\"noopener nofollow\" aria-label=\"Emanuel Lasker  Schach, Philosophie, Wissenschaft\"><img width=\"1669\" height=\"2560\" src=\"https:\/\/europaeischeverlagsanstalt.de\/wp-856ad-content\/uploads\/2023\/02\/9783863931513-scaled.jpg\" class=\"attachment-full size-full wp-post-image\" alt=\"\" loading=\"lazy\" srcset=\"https:\/\/europaeischeverlagsanstalt.de\/wp-856ad-content\/uploads\/2023\/02\/9783863931513-scaled.jpg 1669w, https:\/\/europaeischeverlagsanstalt.de\/wp-856ad-content\/uploads\/2023\/02\/9783863931513-196x300.jpg 196w, https:\/\/europaeischeverlagsanstalt.de\/wp-856ad-content\/uploads\/2023\/02\/9783863931513-668x1024.jpg 668w, https:\/\/europaeischeverlagsanstalt.de\/wp-856ad-content\/uploads\/2023\/02\/9783863931513-261x400.jpg 261w, https:\/\/europaeischeverlagsanstalt.de\/wp-856ad-content\/uploads\/2023\/02\/9783863931513-33x50.jpg 33w\" sizes=\"(max-width: 1669px) 100vw, 1669px\" \/><\/a><\/div><h6 class=\"w-post-elm post_custom_field usg_post_custom_field_1 type_text\">Michael Dreyer \/ Ulrich Sieg (Hrsg.)<\/h6><h5 class=\"w-post-elm post_title usg_post_title_1 entry-title color_link_inherit\"><a href=\"https:\/\/europaeischeverlagsanstalt.de\/?p=3740\">Emanuel Lasker <br> Schach, Philosophie, Wissenschaft<\/a><\/h5><a class=\"w-btn us-btn-style_3 usg_btn_1\" href=\"https:\/\/europaeischeverlagsanstalt.de\/?p=3740\"><span class=\"w-btn-label\">Mehr erfahren<\/span><\/a>\t<\/div>\r\n<\/article>\r\n<article class=\"w-grid-item post-4317 post type-post status-publish format-standard has-post-thumbnail hentry category-allgemein category-buecher category-e-book category-juden-in-deutschland-politische-emanzipation-und-kulturelle-assimilation tag-klapheckelisa\" data-id=\"4317\">\r\n\t<div class=\"w-grid-item-h\">\r\n\t\t\t\t<div class=\"w-post-elm post_image usg_post_image_1 has_width has_height has_ratio\"><div style=\"padding-bottom:150.0000%\"><\/div><a href=\"https:\/\/europaeischeverlagsanstalt.de\/?p=4317\" target=\"_blank\" rel=\"noopener nofollow\" aria-label=\"Zur politischen Theologie des Judentums\"><img width=\"1536\" height=\"2560\" src=\"https:\/\/europaeischeverlagsanstalt.de\/wp-856ad-content\/uploads\/2022\/05\/Cover-Klapheck-scaled.jpg\" class=\"attachment-full size-full wp-post-image\" alt=\"\" loading=\"lazy\" srcset=\"https:\/\/europaeischeverlagsanstalt.de\/wp-856ad-content\/uploads\/2022\/05\/Cover-Klapheck-scaled.jpg 1536w, https:\/\/europaeischeverlagsanstalt.de\/wp-856ad-content\/uploads\/2022\/05\/Cover-Klapheck-180x300.jpg 180w, https:\/\/europaeischeverlagsanstalt.de\/wp-856ad-content\/uploads\/2022\/05\/Cover-Klapheck-614x1024.jpg 614w, https:\/\/europaeischeverlagsanstalt.de\/wp-856ad-content\/uploads\/2022\/05\/Cover-Klapheck-240x400.jpg 240w, https:\/\/europaeischeverlagsanstalt.de\/wp-856ad-content\/uploads\/2022\/05\/Cover-Klapheck-30x50.jpg 30w\" sizes=\"(max-width: 1536px) 100vw, 1536px\" \/><\/a><\/div><h6 class=\"w-post-elm post_custom_field usg_post_custom_field_1 type_text\">Elisa Klapheck<\/h6><h5 class=\"w-post-elm post_title usg_post_title_1 entry-title color_link_inherit\"><a href=\"https:\/\/europaeischeverlagsanstalt.de\/?p=4317\">Zur politischen Theologie des Judentums<\/a><\/h5><a class=\"w-btn us-btn-style_3 usg_btn_1\" href=\"https:\/\/europaeischeverlagsanstalt.de\/?p=4317\"><span class=\"w-btn-label\">Mehr erfahren<\/span><\/a>\t<\/div>\r\n<\/article>\r\n<article class=\"w-grid-item post-4347 post type-post status-publish format-standard has-post-thumbnail hentry category-allgemein category-buecher category-e-book category-juden-in-deutschland-politische-emanzipation-und-kulturelle-assimilation tag-kraushaarwolfgang\" data-id=\"4347\">\r\n\t<div class=\"w-grid-item-h\">\r\n\t\t\t\t<div class=\"w-post-elm post_image usg_post_image_1 has_width has_height has_ratio\"><div style=\"padding-bottom:150.0000%\"><\/div><a href=\"https:\/\/europaeischeverlagsanstalt.de\/?p=4347\" target=\"_blank\" rel=\"noopener nofollow\" aria-label=\"ad Walter Benjamin  Eine Verteidigung gegen seine Bewunderer\"><img width=\"1311\" height=\"2303\" src=\"https:\/\/europaeischeverlagsanstalt.de\/wp-856ad-content\/uploads\/2022\/05\/9783863931414.jpg\" class=\"attachment-full size-full wp-post-image\" alt=\"\" loading=\"lazy\" srcset=\"https:\/\/europaeischeverlagsanstalt.de\/wp-856ad-content\/uploads\/2022\/05\/9783863931414.jpg 1311w, https:\/\/europaeischeverlagsanstalt.de\/wp-856ad-content\/uploads\/2022\/05\/9783863931414-171x300.jpg 171w, https:\/\/europaeischeverlagsanstalt.de\/wp-856ad-content\/uploads\/2022\/05\/9783863931414-583x1024.jpg 583w, https:\/\/europaeischeverlagsanstalt.de\/wp-856ad-content\/uploads\/2022\/05\/9783863931414-228x400.jpg 228w, https:\/\/europaeischeverlagsanstalt.de\/wp-856ad-content\/uploads\/2022\/05\/9783863931414-28x50.jpg 28w\" sizes=\"(max-width: 1311px) 100vw, 1311px\" \/><\/a><\/div><h6 class=\"w-post-elm post_custom_field usg_post_custom_field_1 type_text\">Wolfgang Kraushaar<\/h6><h5 class=\"w-post-elm post_title usg_post_title_1 entry-title color_link_inherit\"><a href=\"https:\/\/europaeischeverlagsanstalt.de\/?p=4347\">ad Walter Benjamin <br> Eine Verteidigung gegen seine Bewunderer<\/a><\/h5><a class=\"w-btn us-btn-style_3 usg_btn_1\" href=\"https:\/\/europaeischeverlagsanstalt.de\/?p=4347\"><span class=\"w-btn-label\">Mehr erfahren<\/span><\/a>\t<\/div>\r\n<\/article>\r\n<article class=\"w-grid-item post-4792 post type-post status-publish format-standard has-post-thumbnail hentry category-buecher category-e-book category-juden-in-deutschland-politische-emanzipation-und-kulturelle-assimilation category-neuerscheinung tag-bonnmoritzjulius\" data-id=\"4792\">\r\n\t<div class=\"w-grid-item-h\">\r\n\t\t\t\t<div class=\"w-post-elm post_image usg_post_image_1 has_width has_height has_ratio\"><div style=\"padding-bottom:150.0000%\"><\/div><a href=\"https:\/\/europaeischeverlagsanstalt.de\/?p=4792\" target=\"_blank\" rel=\"noopener nofollow\" aria-label=\"So macht man Geschichte? Bilanz eines Lebens\"><img width=\"1669\" height=\"2560\" src=\"https:\/\/europaeischeverlagsanstalt.de\/wp-856ad-content\/uploads\/2023\/04\/9783863931599-scaled.jpg\" class=\"attachment-full size-full wp-post-image\" alt=\"\" loading=\"lazy\" srcset=\"https:\/\/europaeischeverlagsanstalt.de\/wp-856ad-content\/uploads\/2023\/04\/9783863931599-scaled.jpg 1669w, https:\/\/europaeischeverlagsanstalt.de\/wp-856ad-content\/uploads\/2023\/04\/9783863931599-196x300.jpg 196w, https:\/\/europaeischeverlagsanstalt.de\/wp-856ad-content\/uploads\/2023\/04\/9783863931599-667x1024.jpg 667w, https:\/\/europaeischeverlagsanstalt.de\/wp-856ad-content\/uploads\/2023\/04\/9783863931599-261x400.jpg 261w, https:\/\/europaeischeverlagsanstalt.de\/wp-856ad-content\/uploads\/2023\/04\/9783863931599-33x50.jpg 33w\" sizes=\"(max-width: 1669px) 100vw, 1669px\" \/><\/a><\/div><h6 class=\"w-post-elm post_custom_field usg_post_custom_field_1 type_text\">Moritz Julius Bonn<\/h6><h5 class=\"w-post-elm post_title usg_post_title_1 entry-title color_link_inherit\"><a href=\"https:\/\/europaeischeverlagsanstalt.de\/?p=4792\">So macht man Geschichte?<br> Bilanz eines Lebens<\/a><\/h5><h6 class=\"w-post-elm post_custom_field usg_post_custom_field_4 type_text\">Mit einem Nachwort von Jens Hacke <br> <br>  2. Auflage wieder lieferbar <\/h6><a class=\"w-btn us-btn-style_3 usg_btn_1\" href=\"https:\/\/europaeischeverlagsanstalt.de\/?p=4792\"><span class=\"w-btn-label\">Mehr erfahren<\/span><\/a>\t<\/div>\r\n<\/article>\r\n<article class=\"w-grid-item post-5180 post type-post status-publish format-standard has-post-thumbnail hentry category-buecher category-e-book category-juden-in-deutschland-politische-emanzipation-und-kulturelle-assimilation category-neuerscheinung tag-aschheimstevene\" data-id=\"5180\">\r\n\t<div class=\"w-grid-item-h\">\r\n\t\t\t\t<div class=\"w-post-elm post_image usg_post_image_1 has_width has_height has_ratio\"><div style=\"padding-bottom:150.0000%\"><\/div><a href=\"https:\/\/europaeischeverlagsanstalt.de\/?p=5180\" target=\"_blank\" rel=\"noopener nofollow\" aria-label=\"Scholem, Arendt, Klemperer\"><img width=\"1536\" height=\"2560\" src=\"https:\/\/europaeischeverlagsanstalt.de\/wp-856ad-content\/uploads\/2023\/04\/Aschheim_Frontcover_final_XL-scaled.jpg\" class=\"attachment-full size-full wp-post-image\" alt=\"\" loading=\"lazy\" srcset=\"https:\/\/europaeischeverlagsanstalt.de\/wp-856ad-content\/uploads\/2023\/04\/Aschheim_Frontcover_final_XL-scaled.jpg 1536w, https:\/\/europaeischeverlagsanstalt.de\/wp-856ad-content\/uploads\/2023\/04\/Aschheim_Frontcover_final_XL-180x300.jpg 180w, https:\/\/europaeischeverlagsanstalt.de\/wp-856ad-content\/uploads\/2023\/04\/Aschheim_Frontcover_final_XL-614x1024.jpg 614w, https:\/\/europaeischeverlagsanstalt.de\/wp-856ad-content\/uploads\/2023\/04\/Aschheim_Frontcover_final_XL-240x400.jpg 240w, https:\/\/europaeischeverlagsanstalt.de\/wp-856ad-content\/uploads\/2023\/04\/Aschheim_Frontcover_final_XL-30x50.jpg 30w\" sizes=\"(max-width: 1536px) 100vw, 1536px\" \/><\/a><\/div><h6 class=\"w-post-elm post_custom_field usg_post_custom_field_1 type_text\">Steven E. Aschheim<\/h6><h5 class=\"w-post-elm post_title usg_post_title_1 entry-title color_link_inherit\"><a href=\"https:\/\/europaeischeverlagsanstalt.de\/?p=5180\">Scholem, Arendt, Klemperer<\/a><\/h5><h6 class=\"w-post-elm post_custom_field usg_post_custom_field_4 type_text\">Deutsch-j\u00fcdische Identit\u00e4t in Krisenzeiten <br> <br>Aus dem Englischen von Jan Eike Dunkhase<\/h6><a class=\"w-btn us-btn-style_3 usg_btn_1\" href=\"https:\/\/europaeischeverlagsanstalt.de\/?p=5180\"><span class=\"w-btn-label\">Mehr erfahren<\/span><\/a>\t<\/div>\r\n<\/article>\r\n<article class=\"w-grid-item post-5196 post type-post status-publish format-standard has-post-thumbnail hentry category-buecher category-juden-in-deutschland-politische-emanzipation-und-kulturelle-assimilation category-neuerscheinung tag-schoepsjulius\" data-id=\"5196\">\r\n\t<div class=\"w-grid-item-h\">\r\n\t\t\t\t<div class=\"w-post-elm post_image usg_post_image_1 has_width has_height has_ratio\"><div style=\"padding-bottom:150.0000%\"><\/div><a href=\"https:\/\/europaeischeverlagsanstalt.de\/?p=5196\" target=\"_blank\" rel=\"noopener nofollow\" aria-label=\"\u00bbWas sagen Sie dazu, Herr Schoeps?\u00ab\"><img width=\"1536\" height=\"2560\" src=\"https:\/\/europaeischeverlagsanstalt.de\/wp-856ad-content\/uploads\/2023\/07\/Schoeps_Gedenken_Frontcover_XL-scaled.jpg\" class=\"attachment-full size-full wp-post-image\" alt=\"\" loading=\"lazy\" srcset=\"https:\/\/europaeischeverlagsanstalt.de\/wp-856ad-content\/uploads\/2023\/07\/Schoeps_Gedenken_Frontcover_XL-scaled.jpg 1536w, https:\/\/europaeischeverlagsanstalt.de\/wp-856ad-content\/uploads\/2023\/07\/Schoeps_Gedenken_Frontcover_XL-180x300.jpg 180w, https:\/\/europaeischeverlagsanstalt.de\/wp-856ad-content\/uploads\/2023\/07\/Schoeps_Gedenken_Frontcover_XL-614x1024.jpg 614w, https:\/\/europaeischeverlagsanstalt.de\/wp-856ad-content\/uploads\/2023\/07\/Schoeps_Gedenken_Frontcover_XL-240x400.jpg 240w, https:\/\/europaeischeverlagsanstalt.de\/wp-856ad-content\/uploads\/2023\/07\/Schoeps_Gedenken_Frontcover_XL-30x50.jpg 30w\" sizes=\"(max-width: 1536px) 100vw, 1536px\" \/><\/a><\/div><h6 class=\"w-post-elm post_custom_field usg_post_custom_field_1 type_text\">Julius H. Schoeps<\/h6><h5 class=\"w-post-elm post_title usg_post_title_1 entry-title color_link_inherit\"><a href=\"https:\/\/europaeischeverlagsanstalt.de\/?p=5196\">\u00bbWas sagen Sie dazu, Herr Schoeps?\u00ab<\/a><\/h5><h6 class=\"w-post-elm post_custom_field usg_post_custom_field_4 type_text\">Der Streit um das Gedenken und Erinnern. Interviews und Gespr\u00e4che <\/h6><a class=\"w-btn us-btn-style_3 usg_btn_1\" href=\"https:\/\/europaeischeverlagsanstalt.de\/?p=5196\"><span class=\"w-btn-label\">Mehr erfahren<\/span><\/a>\t<\/div>\r\n<\/article>\r\n<article class=\"w-grid-item post-5928 post type-post status-publish format-standard has-post-thumbnail hentry category-allgemein category-e-book category-juden-in-deutschland-politische-emanzipation-und-kulturelle-assimilation category-neuerscheinung tag-aschheimstevene\" data-id=\"5928\">\r\n\t<div class=\"w-grid-item-h\">\r\n\t\t\t\t<div class=\"w-post-elm post_image usg_post_image_1 has_width has_height has_ratio\"><div style=\"padding-bottom:150.0000%\"><\/div><a href=\"https:\/\/europaeischeverlagsanstalt.de\/?p=5928\" target=\"_blank\" rel=\"noopener nofollow\" aria-label=\"Zwischen Kultur und Katastrophe\"><img width=\"1488\" height=\"2480\" src=\"https:\/\/europaeischeverlagsanstalt.de\/wp-856ad-content\/uploads\/2024\/04\/Cover-NEU-Ascheim-Zwischen-Ku.K.-2.4.2024-Kopie.jpg\" class=\"attachment-full size-full wp-post-image\" alt=\"\" loading=\"lazy\" srcset=\"https:\/\/europaeischeverlagsanstalt.de\/wp-856ad-content\/uploads\/2024\/04\/Cover-NEU-Ascheim-Zwischen-Ku.K.-2.4.2024-Kopie.jpg 1488w, https:\/\/europaeischeverlagsanstalt.de\/wp-856ad-content\/uploads\/2024\/04\/Cover-NEU-Ascheim-Zwischen-Ku.K.-2.4.2024-Kopie-180x300.jpg 180w, https:\/\/europaeischeverlagsanstalt.de\/wp-856ad-content\/uploads\/2024\/04\/Cover-NEU-Ascheim-Zwischen-Ku.K.-2.4.2024-Kopie-614x1024.jpg 614w, https:\/\/europaeischeverlagsanstalt.de\/wp-856ad-content\/uploads\/2024\/04\/Cover-NEU-Ascheim-Zwischen-Ku.K.-2.4.2024-Kopie-240x400.jpg 240w, https:\/\/europaeischeverlagsanstalt.de\/wp-856ad-content\/uploads\/2024\/04\/Cover-NEU-Ascheim-Zwischen-Ku.K.-2.4.2024-Kopie-30x50.jpg 30w\" sizes=\"(max-width: 1488px) 100vw, 1488px\" \/><\/a><\/div><h6 class=\"w-post-elm post_custom_field usg_post_custom_field_1 type_text\">Steven E. Aschheim<\/h6><h5 class=\"w-post-elm post_title usg_post_title_1 entry-title color_link_inherit\"><a href=\"https:\/\/europaeischeverlagsanstalt.de\/?p=5928\">Zwischen Kultur und Katastrophe<\/a><\/h5><h6 class=\"w-post-elm post_custom_field usg_post_custom_field_4 type_text\">Konfrontation, Krise und Kreativit\u00e4t als deutsch-j\u00fcdische Erfahrung <\/h6><a class=\"w-btn us-btn-style_3 usg_btn_1\" href=\"https:\/\/europaeischeverlagsanstalt.de\/?p=5928\"><span class=\"w-btn-label\">Mehr erfahren<\/span><\/a>\t<\/div>\r\n<\/article>\r\n<article class=\"w-grid-item post-102 post type-post status-publish format-standard has-post-thumbnail hentry category-allgemein category-e-book category-juden-in-deutschland-politische-emanzipation-und-kulturelle-assimilation tag-flusservilem\" data-id=\"102\">\r\n\t<div class=\"w-grid-item-h\">\r\n\t\t\t\t<div class=\"w-post-elm post_image usg_post_image_1 has_width has_height has_ratio\"><div style=\"padding-bottom:150.0000%\"><\/div><a href=\"https:\/\/europaeischeverlagsanstalt.de\/?p=102\" target=\"_blank\" rel=\"noopener nofollow\" aria-label=\"Jude sein  Essays, Briefe, Fiktionen\"><img width=\"270\" height=\"410\" src=\"https:\/\/europaeischeverlagsanstalt.de\/wp-856ad-content\/uploads\/2021\/01\/Jude.jpg\" class=\"attachment-full size-full wp-post-image\" alt=\"\" loading=\"lazy\" srcset=\"https:\/\/europaeischeverlagsanstalt.de\/wp-856ad-content\/uploads\/2021\/01\/Jude.jpg 270w, https:\/\/europaeischeverlagsanstalt.de\/wp-856ad-content\/uploads\/2021\/01\/Jude-198x300.jpg 198w, https:\/\/europaeischeverlagsanstalt.de\/wp-856ad-content\/uploads\/2021\/01\/Jude-263x400.jpg 263w, https:\/\/europaeischeverlagsanstalt.de\/wp-856ad-content\/uploads\/2021\/01\/Jude-33x50.jpg 33w\" sizes=\"(max-width: 270px) 100vw, 270px\" \/><\/a><\/div><h6 class=\"w-post-elm post_custom_field usg_post_custom_field_1 type_text\">Vil\u00e9m Flusser<\/h6><h5 class=\"w-post-elm post_title usg_post_title_1 entry-title color_link_inherit\"><a href=\"https:\/\/europaeischeverlagsanstalt.de\/?p=102\">Jude sein <br> Essays, Briefe, Fiktionen<\/a><\/h5><a class=\"w-btn us-btn-style_3 usg_btn_1\" href=\"https:\/\/europaeischeverlagsanstalt.de\/?p=102\"><span class=\"w-btn-label\">Mehr erfahren<\/span><\/a>\t<\/div>\r\n<\/article>\r\n<article class=\"w-grid-item post-718 post type-post status-publish format-standard has-post-thumbnail hentry category-allgemein category-buecher category-e-book category-juden-in-deutschland-politische-emanzipation-und-kulturelle-assimilation tag-flusservilem\" data-id=\"718\">\r\n\t<div class=\"w-grid-item-h\">\r\n\t\t\t\t<div class=\"w-post-elm post_image usg_post_image_1 has_width has_height has_ratio\"><div style=\"padding-bottom:150.0000%\"><\/div><a href=\"https:\/\/europaeischeverlagsanstalt.de\/?p=718\" target=\"_blank\" rel=\"noopener nofollow\" aria-label=\"Von der Freiheit des MigrantenEinspr\u00fcche gegen den Nationalismus\"><img width=\"132\" height=\"200\" src=\"https:\/\/europaeischeverlagsanstalt.de\/wp-856ad-content\/uploads\/2021\/02\/978-3-86393-115-5_klein.jpg\" class=\"attachment-full size-full wp-post-image\" alt=\"\" loading=\"lazy\" srcset=\"https:\/\/europaeischeverlagsanstalt.de\/wp-856ad-content\/uploads\/2021\/02\/978-3-86393-115-5_klein.jpg 132w, https:\/\/europaeischeverlagsanstalt.de\/wp-856ad-content\/uploads\/2021\/02\/978-3-86393-115-5_klein-33x50.jpg 33w\" sizes=\"(max-width: 132px) 100vw, 132px\" \/><\/a><\/div><h6 class=\"w-post-elm post_custom_field usg_post_custom_field_1 type_text\">Vil\u00e9m Flusser<\/h6><h5 class=\"w-post-elm post_title usg_post_title_1 entry-title color_link_inherit\"><a href=\"https:\/\/europaeischeverlagsanstalt.de\/?p=718\">Von der Freiheit des Migranten<br>Einspr\u00fcche gegen den Nationalismus<\/a><\/h5><a class=\"w-btn us-btn-style_3 usg_btn_1\" href=\"https:\/\/europaeischeverlagsanstalt.de\/?p=718\"><span class=\"w-btn-label\">Mehr erfahren<\/span><\/a>\t<\/div>\r\n<\/article>\r\n<article class=\"w-grid-item post-2141 post type-post status-publish format-standard has-post-thumbnail hentry category-allgemein category-buecher category-e-book category-juden-in-deutschland-politische-emanzipation-und-kulturelle-assimilation tag-memmialbert\" data-id=\"2141\">\r\n\t<div class=\"w-grid-item-h\">\r\n\t\t\t\t<div class=\"w-post-elm post_image usg_post_image_1 has_width has_height has_ratio\"><div style=\"padding-bottom:150.0000%\"><\/div><a href=\"https:\/\/europaeischeverlagsanstalt.de\/?p=2141\" target=\"_blank\" rel=\"noopener nofollow\" aria-label=\"Der Kolonisator und der Kolonisierte. Zwei Portr\u00e4ts\"><img width=\"1594\" height=\"2445\" src=\"https:\/\/europaeischeverlagsanstalt.de\/wp-856ad-content\/uploads\/2021\/04\/9783863931070.jpg\" class=\"attachment-full size-full wp-post-image\" alt=\"\" loading=\"lazy\" srcset=\"https:\/\/europaeischeverlagsanstalt.de\/wp-856ad-content\/uploads\/2021\/04\/9783863931070.jpg 1594w, https:\/\/europaeischeverlagsanstalt.de\/wp-856ad-content\/uploads\/2021\/04\/9783863931070-196x300.jpg 196w, https:\/\/europaeischeverlagsanstalt.de\/wp-856ad-content\/uploads\/2021\/04\/9783863931070-668x1024.jpg 668w, https:\/\/europaeischeverlagsanstalt.de\/wp-856ad-content\/uploads\/2021\/04\/9783863931070-261x400.jpg 261w, https:\/\/europaeischeverlagsanstalt.de\/wp-856ad-content\/uploads\/2021\/04\/9783863931070-266x407.jpg 266w, https:\/\/europaeischeverlagsanstalt.de\/wp-856ad-content\/uploads\/2021\/04\/9783863931070-33x50.jpg 33w\" sizes=\"(max-width: 1594px) 100vw, 1594px\" \/><\/a><\/div><h6 class=\"w-post-elm post_custom_field usg_post_custom_field_1 type_text\">Albert Memmi<\/h6><h5 class=\"w-post-elm post_title usg_post_title_1 entry-title color_link_inherit\"><a href=\"https:\/\/europaeischeverlagsanstalt.de\/?p=2141\">Der Kolonisator und der Kolonisierte. Zwei Portr\u00e4ts<\/a><\/h5><h6 class=\"w-post-elm post_custom_field usg_post_custom_field_4 type_text\">Mit einem Vorwort von Jean-Paul Sartre und einem Nachwort zur Neuausgabe von Adam Shatz<\/h6><a class=\"w-btn us-btn-style_3 usg_btn_1\" href=\"https:\/\/europaeischeverlagsanstalt.de\/?p=2141\"><span class=\"w-btn-label\">Mehr erfahren<\/span><\/a>\t<\/div>\r\n<\/article>\r\n<article class=\"w-grid-item post-770 post type-post status-publish format-standard has-post-thumbnail hentry category-allgemein category-buecher category-juden-in-deutschland-politische-emanzipation-und-kulturelle-assimilation tag-steckmestsylvia\" data-id=\"770\">\r\n\t<div class=\"w-grid-item-h\">\r\n\t\t\t\t<div class=\"w-post-elm post_image usg_post_image_1 has_width has_height has_ratio\"><div style=\"padding-bottom:150.0000%\"><\/div><a href=\"https:\/\/europaeischeverlagsanstalt.de\/?p=770\" target=\"_blank\" rel=\"noopener nofollow\" aria-label=\"Salomon HeineBankier, M\u00e4zen und Menschenfreund &#8211; Die Biographie eines gro\u00dfen Hamburgers\"><img width=\"143\" height=\"220\" src=\"https:\/\/europaeischeverlagsanstalt.de\/wp-856ad-content\/uploads\/2021\/02\/9783863930776.jpg\" class=\"attachment-full size-full wp-post-image\" alt=\"\" loading=\"lazy\" srcset=\"https:\/\/europaeischeverlagsanstalt.de\/wp-856ad-content\/uploads\/2021\/02\/9783863930776.jpg 143w, https:\/\/europaeischeverlagsanstalt.de\/wp-856ad-content\/uploads\/2021\/02\/9783863930776-33x50.jpg 33w\" sizes=\"(max-width: 143px) 100vw, 143px\" \/><\/a><\/div><h6 class=\"w-post-elm post_custom_field usg_post_custom_field_1 type_text\">Sylvia Steckmest<\/h6><h5 class=\"w-post-elm post_title usg_post_title_1 entry-title color_link_inherit\"><a href=\"https:\/\/europaeischeverlagsanstalt.de\/?p=770\">Salomon Heine<br>Bankier, M\u00e4zen und Menschenfreund &#8211; Die Biographie eines gro\u00dfen Hamburgers<\/a><\/h5><h6 class=\"w-post-elm post_custom_field usg_post_custom_field_4 type_text\">Mit zahlreichen Abbildungen<\/h6><a class=\"w-btn us-btn-style_3 usg_btn_1\" href=\"https:\/\/europaeischeverlagsanstalt.de\/?p=770\"><span class=\"w-btn-label\">Mehr erfahren<\/span><\/a>\t<\/div>\r\n<\/article>\r\n<article class=\"w-grid-item post-688 post type-post status-publish format-standard has-post-thumbnail hentry category-allgemein category-buecher category-e-book category-juden-in-deutschland-politische-emanzipation-und-kulturelle-assimilation tag-hertzdeborah\" data-id=\"688\">\r\n\t<div class=\"w-grid-item-h\">\r\n\t\t\t\t<div class=\"w-post-elm post_image usg_post_image_1 has_width has_height has_ratio\"><div style=\"padding-bottom:150.0000%\"><\/div><a href=\"https:\/\/europaeischeverlagsanstalt.de\/?p=688\" target=\"_blank\" rel=\"noopener nofollow\" aria-label=\"Die j\u00fcdischen Salons im alten Berlin\"><img width=\"1546\" height=\"2560\" src=\"https:\/\/europaeischeverlagsanstalt.de\/wp-856ad-content\/uploads\/2021\/02\/978-3-86393-087-5_gross.jpg\" class=\"attachment-full size-full wp-post-image\" alt=\"\" loading=\"lazy\" srcset=\"https:\/\/europaeischeverlagsanstalt.de\/wp-856ad-content\/uploads\/2021\/02\/978-3-86393-087-5_gross.jpg 1546w, https:\/\/europaeischeverlagsanstalt.de\/wp-856ad-content\/uploads\/2021\/02\/978-3-86393-087-5_gross-181x300.jpg 181w, https:\/\/europaeischeverlagsanstalt.de\/wp-856ad-content\/uploads\/2021\/02\/978-3-86393-087-5_gross-618x1024.jpg 618w, https:\/\/europaeischeverlagsanstalt.de\/wp-856ad-content\/uploads\/2021\/02\/978-3-86393-087-5_gross-242x400.jpg 242w, https:\/\/europaeischeverlagsanstalt.de\/wp-856ad-content\/uploads\/2021\/02\/978-3-86393-087-5_gross-30x50.jpg 30w\" sizes=\"(max-width: 1546px) 100vw, 1546px\" \/><\/a><\/div><h6 class=\"w-post-elm post_custom_field usg_post_custom_field_1 type_text\">Deborah Hertz<\/h6><h5 class=\"w-post-elm post_title usg_post_title_1 entry-title color_link_inherit\"><a href=\"https:\/\/europaeischeverlagsanstalt.de\/?p=688\">Die j\u00fcdischen Salons im alten Berlin<\/a><\/h5><a class=\"w-btn us-btn-style_3 usg_btn_1\" href=\"https:\/\/europaeischeverlagsanstalt.de\/?p=688\"><span class=\"w-btn-label\">Mehr erfahren<\/span><\/a>\t<\/div>\r\n<\/article>\r\n<article class=\"w-grid-item post-711 post type-post status-publish format-standard has-post-thumbnail hentry category-allgemein category-e-book category-juden-in-deutschland-politische-emanzipation-und-kulturelle-assimilation tag-bernsteinrichard\" data-id=\"711\">\r\n\t<div class=\"w-grid-item-h\">\r\n\t\t\t\t<div class=\"w-post-elm post_image usg_post_image_1 has_width has_height has_ratio\"><div style=\"padding-bottom:150.0000%\"><\/div><a href=\"https:\/\/europaeischeverlagsanstalt.de\/?p=711\" target=\"_blank\" rel=\"noopener nofollow\" aria-label=\"Freud und das Verm\u00e4chtnis des Moses\"><img width=\"329\" height=\"500\" src=\"https:\/\/europaeischeverlagsanstalt.de\/wp-856ad-content\/uploads\/2021\/02\/Mann-Moses.jpg\" class=\"attachment-full size-full wp-post-image\" alt=\"\" loading=\"lazy\" srcset=\"https:\/\/europaeischeverlagsanstalt.de\/wp-856ad-content\/uploads\/2021\/02\/Mann-Moses.jpg 329w, https:\/\/europaeischeverlagsanstalt.de\/wp-856ad-content\/uploads\/2021\/02\/Mann-Moses-197x300.jpg 197w, https:\/\/europaeischeverlagsanstalt.de\/wp-856ad-content\/uploads\/2021\/02\/Mann-Moses-263x400.jpg 263w, https:\/\/europaeischeverlagsanstalt.de\/wp-856ad-content\/uploads\/2021\/02\/Mann-Moses-33x50.jpg 33w\" sizes=\"(max-width: 329px) 100vw, 329px\" \/><\/a><\/div><h6 class=\"w-post-elm post_custom_field usg_post_custom_field_1 type_text\">Richard J. Bernstein<\/h6><h5 class=\"w-post-elm post_title usg_post_title_1 entry-title color_link_inherit\"><a href=\"https:\/\/europaeischeverlagsanstalt.de\/?p=711\">Freud und das Verm\u00e4chtnis des Moses<\/a><\/h5><a class=\"w-btn us-btn-style_3 usg_btn_1\" href=\"https:\/\/europaeischeverlagsanstalt.de\/?p=711\"><span class=\"w-btn-label\">Mehr erfahren<\/span><\/a>\t<\/div>\r\n<\/article>\r\n<article class=\"w-grid-item post-703 post type-post status-publish format-standard has-post-thumbnail hentry category-allgemein category-buecher category-e-book category-juden-in-deutschland-politische-emanzipation-und-kulturelle-assimilation tag-brumlikmicha tag-homolkawalter tag-kaessmannmargot tag-kastenchristoph tag-klapheckelisa tag-palmergesine tag-rosenzweigfranz tag-vonderlueheirmela tag-wengstklaus tag-wiesechristian\" data-id=\"703\">\r\n\t<div class=\"w-grid-item-h\">\r\n\t\t\t\t<div class=\"w-post-elm post_image usg_post_image_1 has_width has_height has_ratio\"><div style=\"padding-bottom:150.0000%\"><\/div><a href=\"https:\/\/europaeischeverlagsanstalt.de\/?p=703\" target=\"_blank\" rel=\"noopener nofollow\" aria-label=\"Luther, Rosenzweig und die SchriftEin deutsch-j\u00fcdischer DialogEssays\"><img width=\"1670\" height=\"2560\" src=\"https:\/\/europaeischeverlagsanstalt.de\/wp-856ad-content\/uploads\/2021\/02\/978-3-86393-082-0_gross.jpg\" class=\"attachment-full size-full wp-post-image\" alt=\"\" loading=\"lazy\" srcset=\"https:\/\/europaeischeverlagsanstalt.de\/wp-856ad-content\/uploads\/2021\/02\/978-3-86393-082-0_gross.jpg 1670w, https:\/\/europaeischeverlagsanstalt.de\/wp-856ad-content\/uploads\/2021\/02\/978-3-86393-082-0_gross-196x300.jpg 196w, https:\/\/europaeischeverlagsanstalt.de\/wp-856ad-content\/uploads\/2021\/02\/978-3-86393-082-0_gross-668x1024.jpg 668w, https:\/\/europaeischeverlagsanstalt.de\/wp-856ad-content\/uploads\/2021\/02\/978-3-86393-082-0_gross-261x400.jpg 261w, https:\/\/europaeischeverlagsanstalt.de\/wp-856ad-content\/uploads\/2021\/02\/978-3-86393-082-0_gross-266x407.jpg 266w, https:\/\/europaeischeverlagsanstalt.de\/wp-856ad-content\/uploads\/2021\/02\/978-3-86393-082-0_gross-33x50.jpg 33w\" sizes=\"(max-width: 1670px) 100vw, 1670px\" \/><\/a><\/div><h6 class=\"w-post-elm post_custom_field usg_post_custom_field_1 type_text\">Franz Rosenzweig<\/h6><h5 class=\"w-post-elm post_title usg_post_title_1 entry-title color_link_inherit\"><a href=\"https:\/\/europaeischeverlagsanstalt.de\/?p=703\">Luther, Rosenzweig und die Schrift<br>Ein deutsch-j\u00fcdischer Dialog<br>Essays<\/a><\/h5><h6 class=\"w-post-elm post_custom_field usg_post_custom_field_4 type_text\">Mit einem Geleitwort von Margot K\u00e4\u00dfmann<\/h6><a class=\"w-btn us-btn-style_3 usg_btn_1\" href=\"https:\/\/europaeischeverlagsanstalt.de\/?p=703\"><span class=\"w-btn-label\">Mehr erfahren<\/span><\/a>\t<\/div>\r\n<\/article>\r\n<article class=\"w-grid-item post-515 post type-post status-publish format-standard has-post-thumbnail hentry category-allgemein category-buecher category-e-book category-juden-in-deutschland-politische-emanzipation-und-kulturelle-assimilation tag-palmergesine tag-rosenzweigfranz\" data-id=\"515\">\r\n\t<div class=\"w-grid-item-h\">\r\n\t\t\t\t<div class=\"w-post-elm post_image usg_post_image_1 has_width has_height has_ratio\"><div style=\"padding-bottom:150.0000%\"><\/div><a href=\"https:\/\/europaeischeverlagsanstalt.de\/?p=515\" target=\"_blank\" rel=\"noopener nofollow\" aria-label=\"ZweistromlandKleinere Schriften zur Religion und Philosophie\"><img width=\"797\" height=\"1222\" src=\"https:\/\/europaeischeverlagsanstalt.de\/wp-856ad-content\/uploads\/2021\/02\/978-3-86393-102-5_klein.jpg\" class=\"attachment-full size-full wp-post-image\" alt=\"\" loading=\"lazy\" srcset=\"https:\/\/europaeischeverlagsanstalt.de\/wp-856ad-content\/uploads\/2021\/02\/978-3-86393-102-5_klein.jpg 797w, https:\/\/europaeischeverlagsanstalt.de\/wp-856ad-content\/uploads\/2021\/02\/978-3-86393-102-5_klein-196x300.jpg 196w, https:\/\/europaeischeverlagsanstalt.de\/wp-856ad-content\/uploads\/2021\/02\/978-3-86393-102-5_klein-668x1024.jpg 668w, https:\/\/europaeischeverlagsanstalt.de\/wp-856ad-content\/uploads\/2021\/02\/978-3-86393-102-5_klein-261x400.jpg 261w, https:\/\/europaeischeverlagsanstalt.de\/wp-856ad-content\/uploads\/2021\/02\/978-3-86393-102-5_klein-266x407.jpg 266w, https:\/\/europaeischeverlagsanstalt.de\/wp-856ad-content\/uploads\/2021\/02\/978-3-86393-102-5_klein-33x50.jpg 33w\" sizes=\"(max-width: 797px) 100vw, 797px\" \/><\/a><\/div><h6 class=\"w-post-elm post_custom_field usg_post_custom_field_1 type_text\">Franz Rosenzweig<\/h6><h5 class=\"w-post-elm post_title usg_post_title_1 entry-title color_link_inherit\"><a href=\"https:\/\/europaeischeverlagsanstalt.de\/?p=515\">Zweistromland<br>Kleinere Schriften zur Religion und Philosophie<\/a><\/h5><h6 class=\"w-post-elm post_custom_field usg_post_custom_field_4 type_text\">Mit einem Nachwort von Gesine Palmer<\/h6><a class=\"w-btn us-btn-style_3 usg_btn_1\" href=\"https:\/\/europaeischeverlagsanstalt.de\/?p=515\"><span class=\"w-btn-label\">Mehr erfahren<\/span><\/a>\t<\/div>\r\n<\/article>\r\n<\/div><div class=\"g-preloader type_1\">\r\n\t<div><\/div>\r\n<\/div>\r\n\t<div class=\"w-grid-json hidden\" onclick='return {&quot;action&quot;:&quot;us_ajax_grid&quot;,&quot;ajax_url&quot;:&quot;https:\\\/\\\/europaeischeverlagsanstalt.de\\\/wp-admin\\\/admin-ajax.php&quot;,&quot;infinite_scroll&quot;:0,&quot;max_num_pages&quot;:1,&quot;pagination&quot;:&quot;none&quot;,&quot;permalink_url&quot;:&quot;https:\\\/\\\/europaeischeverlagsanstalt.de&quot;,&quot;template_vars&quot;:{&quot;columns&quot;:&quot;4&quot;,&quot;exclude_items&quot;:&quot;none&quot;,&quot;img_size&quot;:&quot;default&quot;,&quot;ignore_items_size&quot;:false,&quot;items_layout&quot;:&quot;69&quot;,&quot;items_offset&quot;:&quot;1&quot;,&quot;load_animation&quot;:&quot;none&quot;,&quot;overriding_link&quot;:&quot;none&quot;,&quot;post_id&quot;:497,&quot;query_args&quot;:{&quot;post_type&quot;:[&quot;post&quot;],&quot;tax_query&quot;:[{&quot;taxonomy&quot;:&quot;category&quot;,&quot;field&quot;:&quot;slug&quot;,&quot;terms&quot;:[&quot;juden-in-deutschland-politische-emanzipation-und-kulturelle-assimilation&quot;]}],&quot;post_status&quot;:[&quot;publish&quot;,&quot;acf-disabled&quot;],&quot;posts_per_page&quot;:999},&quot;orderby_query_args&quot;:{&quot;meta_query&quot;:{&quot;_orderby_custom_&quot;:{&quot;relation&quot;:&quot;OR&quot;,&quot;0&quot;:{&quot;compare&quot;:&quot;EXISTS&quot;,&quot;key&quot;:&quot;sorting&quot;,&quot;type&quot;:&quot;CHAR&quot;},&quot;1&quot;:{&quot;compare&quot;:&quot;NOT EXISTS&quot;,&quot;key&quot;:&quot;sorting&quot;,&quot;type&quot;:&quot;CHAR&quot;}}},&quot;orderby&quot;:&quot;sorting&quot;,&quot;order&quot;:&quot;ASC&quot;},&quot;type&quot;:&quot;carousel&quot;,&quot;us_grid_ajax_index&quot;:2,&quot;us_grid_filter_params&quot;:null,&quot;us_grid_index&quot;:2,&quot;_us_grid_post_type&quot;:&quot;post&quot;},&quot;carousel_settings&quot;:{&quot;autoHeight&quot;:0,&quot;autoplay&quot;:0,&quot;carousel_fade&quot;:0,&quot;center&quot;:0,&quot;dots&quot;:1,&quot;items&quot;:&quot;4&quot;,&quot;loop&quot;:false,&quot;nav&quot;:1,&quot;slideby&quot;:&quot;1&quot;,&quot;smooth_play&quot;:0,&quot;speed&quot;:250,&quot;timeout&quot;:3000,&quot;transition&quot;:&quot;&quot;},&quot;carousel_breakpoints&quot;:{&quot;1200&quot;:{&quot;items&quot;:4},&quot;900&quot;:{&quot;autoHeight&quot;:0,&quot;autoplay&quot;:1,&quot;autoplayHoverPause&quot;:1,&quot;items&quot;:3,&quot;loop&quot;:false},&quot;600&quot;:{&quot;autoHeight&quot;:0,&quot;autoplay&quot;:1,&quot;autoplayHoverPause&quot;:1,&quot;items&quot;:2,&quot;loop&quot;:false},&quot;0&quot;:{&quot;autoHeight&quot;:0,&quot;autoplay&quot;:1,&quot;autoplayHoverPause&quot;:1,&quot;items&quot;:1,&quot;loop&quot;:true}}}'><\/div>\r\n\t<\/div><div class=\"w-separator size_medium with_line width_default thick_1 style_solid color_border align_center\"><div class=\"w-separator-h\"><\/div><\/div><\/div><\/div><\/div><\/div><div class=\"g-cols wpb_row  us_custom_815c1c57 type_default valign_top vc_inner\"><div class=\"vc_col-sm-6 wpb_column vc_column_container\"><div class=\"vc_column-inner\"><div class=\"wpb_wrapper\">[vc_custom_heading text=&#8221;Politischer Antisemitismus und Rassismus&#8221; google_fonts=&#8221;font_family:Open%20Sans%3A300%2C300italic%2Cregular%2Citalic%2C600%2C600italic%2C700%2C700italic%2C800%2C800italic|font_style:600%20bold%20regular%3A600%3Anormal&#8221; css=&#8221;%7B%22default%22%3A%7B%22color%22%3A%22_content_heading%22%2C%22font-weight%22%3A%22500%22%2C%22font-size%22%3A%2226px%22%2C%22line-height%22%3A%2240px%22%7D%7D&#8221;]<div class=\"wpb_text_column\" ><div class=\"wpb_wrapper\"><p>Aufkl\u00e4rung und S\u00e4kularisierung haben den christlich-j\u00fcdischen \u201eKonflikt\u201c nicht aus der Welt geschafft, sondern im Zuge von Modernisierungskrisen weiter schwelen lassen: Der religi\u00f6se Antijudaismus wurde in einen politisch aggressiven Antisemitismus transformiert. Herausgetreten aus einem ehemals theologischen Bereich, angetrieben und verst\u00e4rkt durch die Antagonismen einer im \u00dcbergang zum Industriekapitalismus befindlichen Gesellschaft, breitete sich der Judenhass ungehemmt aus und ging eine Melange mit zeitgen\u00f6ssischen Rassetheorien ein.<\/p>\n<\/div><\/div><\/div><\/div><\/div><div class=\"vc_col-sm-6 wpb_column vc_column_container\"><div class=\"vc_column-inner\"><div class=\"wpb_wrapper\"><\/div><\/div><\/div><\/div><div class=\"g-cols wpb_row  us_custom_815c1c57 type_default valign_top vc_inner\"><div class=\"vc_col-sm-12 wpb_column vc_column_container\"><div class=\"vc_column-inner\"><div class=\"wpb_wrapper\"><div class=\"w-grid type_carousel layout_69 cols_4\" id=\"us_grid_3\"><style id=\"us_grid_3_css\">#us_grid_3 .owl-nav div{font-size:1.8rem}#us_grid_3 .w-grid-item{padding:1.5rem}#us_grid_3 .w-grid-list{margin:-1.5rem}.w-grid + #us_grid_3 .w-grid-list{margin-top:1.5rem}<\/style><div class=\"w-grid-list owl-carousel navstyle_circle navpos_outside with_dots\" ><article class=\"w-grid-item post-2385 post type-post status-publish format-standard has-post-thumbnail hentry category-allgemein category-buecher category-e-book category-politischer-antisemitismus-und-rassismus tag-massing\" data-id=\"2385\">\r\n\t<div class=\"w-grid-item-h\">\r\n\t\t\t\t<div class=\"w-post-elm post_image usg_post_image_1 has_width has_height has_ratio\"><div style=\"padding-bottom:150.0000%\"><\/div><a href=\"https:\/\/europaeischeverlagsanstalt.de\/?p=2385\" target=\"_blank\" rel=\"noopener nofollow\" aria-label=\"Vorgeschichte des politischen Antisemitismus\"><img width=\"1594\" height=\"2445\" src=\"https:\/\/europaeischeverlagsanstalt.de\/wp-856ad-content\/uploads\/2021\/06\/eR_Massing_PolAnt_Cover.jpg\" class=\"attachment-full size-full wp-post-image\" alt=\"\" loading=\"lazy\" srcset=\"https:\/\/europaeischeverlagsanstalt.de\/wp-856ad-content\/uploads\/2021\/06\/eR_Massing_PolAnt_Cover.jpg 1594w, https:\/\/europaeischeverlagsanstalt.de\/wp-856ad-content\/uploads\/2021\/06\/eR_Massing_PolAnt_Cover-196x300.jpg 196w, https:\/\/europaeischeverlagsanstalt.de\/wp-856ad-content\/uploads\/2021\/06\/eR_Massing_PolAnt_Cover-668x1024.jpg 668w, https:\/\/europaeischeverlagsanstalt.de\/wp-856ad-content\/uploads\/2021\/06\/eR_Massing_PolAnt_Cover-261x400.jpg 261w, https:\/\/europaeischeverlagsanstalt.de\/wp-856ad-content\/uploads\/2021\/06\/eR_Massing_PolAnt_Cover-266x407.jpg 266w, https:\/\/europaeischeverlagsanstalt.de\/wp-856ad-content\/uploads\/2021\/06\/eR_Massing_PolAnt_Cover-33x50.jpg 33w\" sizes=\"(max-width: 1594px) 100vw, 1594px\" \/><\/a><\/div><h6 class=\"w-post-elm post_custom_field usg_post_custom_field_1 type_text\">Paul W. Massing<\/h6><h5 class=\"w-post-elm post_title usg_post_title_1 entry-title color_link_inherit\"><a href=\"https:\/\/europaeischeverlagsanstalt.de\/?p=2385\">Vorgeschichte des politischen Antisemitismus<\/a><\/h5><a class=\"w-btn us-btn-style_3 usg_btn_1\" href=\"https:\/\/europaeischeverlagsanstalt.de\/?p=2385\"><span class=\"w-btn-label\">Mehr erfahren<\/span><\/a>\t<\/div>\r\n<\/article>\r\n<article class=\"w-grid-item post-563 post type-post status-publish format-standard has-post-thumbnail hentry category-allgemein category-buecher category-e-book category-politischer-antisemitismus-und-rassismus tag-bauerfritz\" data-id=\"563\">\r\n\t<div class=\"w-grid-item-h\">\r\n\t\t\t\t<div class=\"w-post-elm post_image usg_post_image_1 has_width has_height has_ratio\"><div style=\"padding-bottom:150.0000%\"><\/div><a href=\"https:\/\/europaeischeverlagsanstalt.de\/?p=563\" target=\"_blank\" rel=\"noopener nofollow\" aria-label=\"Die Wurzeln faschistischen und nationalsozialistischen Handelns\"><img width=\"143\" height=\"220\" src=\"https:\/\/europaeischeverlagsanstalt.de\/wp-856ad-content\/uploads\/2021\/02\/9783863930851-1.jpg\" class=\"attachment-full size-full wp-post-image\" alt=\"\" loading=\"lazy\" srcset=\"https:\/\/europaeischeverlagsanstalt.de\/wp-856ad-content\/uploads\/2021\/02\/9783863930851-1.jpg 143w, https:\/\/europaeischeverlagsanstalt.de\/wp-856ad-content\/uploads\/2021\/02\/9783863930851-1-33x50.jpg 33w\" sizes=\"(max-width: 143px) 100vw, 143px\" \/><\/a><\/div><h6 class=\"w-post-elm post_custom_field usg_post_custom_field_1 type_text\">Fritz Bauer<\/h6><h5 class=\"w-post-elm post_title usg_post_title_1 entry-title color_link_inherit\"><a href=\"https:\/\/europaeischeverlagsanstalt.de\/?p=563\">Die Wurzeln faschistischen und nationalsozialistischen Handelns<\/a><\/h5><h6 class=\"w-post-elm post_custom_field usg_post_custom_field_4 type_text\">Mit einer Einleitung von David Johst<\/h6><a class=\"w-btn us-btn-style_3 usg_btn_1\" href=\"https:\/\/europaeischeverlagsanstalt.de\/?p=563\"><span class=\"w-btn-label\">Mehr erfahren<\/span><\/a>\t<\/div>\r\n<\/article>\r\n<article class=\"w-grid-item post-700 post type-post status-publish format-standard has-post-thumbnail hentry category-allgemein category-buecher category-e-book category-politischer-antisemitismus-und-rassismus tag-heinsohnkirsten tag-reichmanneva\" data-id=\"700\">\r\n\t<div class=\"w-grid-item-h\">\r\n\t\t\t\t<div class=\"w-post-elm post_image usg_post_image_1 has_width has_height has_ratio\"><div style=\"padding-bottom:150.0000%\"><\/div><a href=\"https:\/\/europaeischeverlagsanstalt.de\/?p=700\" target=\"_blank\" rel=\"noopener nofollow\" aria-label=\"Die Flucht in den HassDie Ursachen der deutschen Judenkatastrophe\"><img width=\"1594\" height=\"2445\" src=\"https:\/\/europaeischeverlagsanstalt.de\/wp-856ad-content\/uploads\/2021\/02\/9783863931049.jpg\" class=\"attachment-full size-full wp-post-image\" alt=\"\" loading=\"lazy\" srcset=\"https:\/\/europaeischeverlagsanstalt.de\/wp-856ad-content\/uploads\/2021\/02\/9783863931049.jpg 1594w, https:\/\/europaeischeverlagsanstalt.de\/wp-856ad-content\/uploads\/2021\/02\/9783863931049-196x300.jpg 196w, https:\/\/europaeischeverlagsanstalt.de\/wp-856ad-content\/uploads\/2021\/02\/9783863931049-668x1024.jpg 668w, https:\/\/europaeischeverlagsanstalt.de\/wp-856ad-content\/uploads\/2021\/02\/9783863931049-261x400.jpg 261w, https:\/\/europaeischeverlagsanstalt.de\/wp-856ad-content\/uploads\/2021\/02\/9783863931049-266x407.jpg 266w, https:\/\/europaeischeverlagsanstalt.de\/wp-856ad-content\/uploads\/2021\/02\/9783863931049-33x50.jpg 33w\" sizes=\"(max-width: 1594px) 100vw, 1594px\" \/><\/a><\/div><h6 class=\"w-post-elm post_custom_field usg_post_custom_field_1 type_text\">Eva G. Reichmann<\/h6><h5 class=\"w-post-elm post_title usg_post_title_1 entry-title color_link_inherit\"><a href=\"https:\/\/europaeischeverlagsanstalt.de\/?p=700\">Die Flucht in den Hass<br>Die Ursachen der deutschen Judenkatastrophe<\/a><\/h5><h6 class=\"w-post-elm post_custom_field usg_post_custom_field_4 type_text\">Herausgegeben und mit einem Nachwort von Kirsten Heinsohn<\/h6><a class=\"w-btn us-btn-style_3 usg_btn_1\" href=\"https:\/\/europaeischeverlagsanstalt.de\/?p=700\"><span class=\"w-btn-label\">Mehr erfahren<\/span><\/a>\t<\/div>\r\n<\/article>\r\n<\/div><div class=\"g-preloader type_1\">\r\n\t<div><\/div>\r\n<\/div>\r\n\t<div class=\"w-grid-json hidden\" onclick='return {&quot;action&quot;:&quot;us_ajax_grid&quot;,&quot;ajax_url&quot;:&quot;https:\\\/\\\/europaeischeverlagsanstalt.de\\\/wp-admin\\\/admin-ajax.php&quot;,&quot;infinite_scroll&quot;:0,&quot;max_num_pages&quot;:1,&quot;pagination&quot;:&quot;none&quot;,&quot;permalink_url&quot;:&quot;https:\\\/\\\/europaeischeverlagsanstalt.de&quot;,&quot;template_vars&quot;:{&quot;columns&quot;:&quot;4&quot;,&quot;exclude_items&quot;:&quot;none&quot;,&quot;img_size&quot;:&quot;default&quot;,&quot;ignore_items_size&quot;:false,&quot;items_layout&quot;:&quot;69&quot;,&quot;items_offset&quot;:&quot;1&quot;,&quot;load_animation&quot;:&quot;none&quot;,&quot;overriding_link&quot;:&quot;none&quot;,&quot;post_id&quot;:515,&quot;query_args&quot;:{&quot;post_type&quot;:[&quot;post&quot;],&quot;tax_query&quot;:[{&quot;taxonomy&quot;:&quot;category&quot;,&quot;field&quot;:&quot;slug&quot;,&quot;terms&quot;:[&quot;politischer-antisemitismus-und-rassismus&quot;]}],&quot;post_status&quot;:[&quot;publish&quot;,&quot;acf-disabled&quot;],&quot;posts_per_page&quot;:999},&quot;orderby_query_args&quot;:{&quot;meta_query&quot;:{&quot;_orderby_custom_&quot;:{&quot;relation&quot;:&quot;OR&quot;,&quot;0&quot;:{&quot;compare&quot;:&quot;EXISTS&quot;,&quot;key&quot;:&quot;sorting&quot;,&quot;type&quot;:&quot;CHAR&quot;},&quot;1&quot;:{&quot;compare&quot;:&quot;NOT EXISTS&quot;,&quot;key&quot;:&quot;sorting&quot;,&quot;type&quot;:&quot;CHAR&quot;}}},&quot;orderby&quot;:&quot;sorting&quot;,&quot;order&quot;:&quot;ASC&quot;},&quot;type&quot;:&quot;carousel&quot;,&quot;us_grid_ajax_index&quot;:3,&quot;us_grid_filter_params&quot;:null,&quot;us_grid_index&quot;:3,&quot;_us_grid_post_type&quot;:&quot;post&quot;},&quot;carousel_settings&quot;:{&quot;autoHeight&quot;:0,&quot;autoplay&quot;:0,&quot;carousel_fade&quot;:0,&quot;center&quot;:0,&quot;dots&quot;:1,&quot;items&quot;:&quot;4&quot;,&quot;loop&quot;:false,&quot;nav&quot;:1,&quot;slideby&quot;:&quot;1&quot;,&quot;smooth_play&quot;:0,&quot;speed&quot;:250,&quot;timeout&quot;:3000,&quot;transition&quot;:&quot;&quot;},&quot;carousel_breakpoints&quot;:{&quot;1200&quot;:{&quot;items&quot;:4},&quot;900&quot;:{&quot;autoHeight&quot;:0,&quot;autoplay&quot;:1,&quot;autoplayHoverPause&quot;:1,&quot;items&quot;:3,&quot;loop&quot;:false},&quot;600&quot;:{&quot;autoHeight&quot;:0,&quot;autoplay&quot;:1,&quot;autoplayHoverPause&quot;:1,&quot;items&quot;:2,&quot;loop&quot;:false},&quot;0&quot;:{&quot;autoHeight&quot;:0,&quot;autoplay&quot;:1,&quot;autoplayHoverPause&quot;:1,&quot;items&quot;:1,&quot;loop&quot;:true}}}'><\/div>\r\n\t<\/div><div class=\"w-separator size_medium with_line width_default thick_1 style_solid color_border align_center\"><div class=\"w-separator-h\"><\/div><\/div><\/div><\/div><\/div><\/div><div class=\"g-cols wpb_row  us_custom_815c1c57 type_default valign_top vc_inner\"><div class=\"vc_col-sm-6 wpb_column vc_column_container\"><div class=\"vc_column-inner\"><div class=\"wpb_wrapper\">[vc_custom_heading text=&#8221;Die \u201eWeimarer Republik\u201c:<br \/>\nFragilit\u00e4t der liberalen Demokratie&#8221; google_fonts=&#8221;font_family:Open%20Sans%3A300%2C300italic%2Cregular%2Citalic%2C600%2C600italic%2C700%2C700italic%2C800%2C800italic|font_style:600%20bold%20regular%3A600%3Anormal&#8221; css=&#8221;%7B%22default%22%3A%7B%22color%22%3A%22_content_heading%22%2C%22font-weight%22%3A%22500%22%2C%22font-size%22%3A%2226px%22%2C%22line-height%22%3A%2240px%22%7D%7D&#8221;]<div class=\"wpb_text_column\" ><div class=\"wpb_wrapper\"><p>Die \u201eWeimarer Republik\u201c als erste deutsche Demokratie kann als \u201eLaboratorium der Moderne\u201c (Peukert) verstanden werden. Gegr\u00fcndet auf die fortschrittlichste Verfassung ihrer Zeit verwirklichte sie viele demokratische Forderungen ihrer Zeit und stand an der Wiege des modernen Sozialstaats. Sie weckte gro\u00dfe gesellschaftliche Erwartungen und zerbrach an antiliberalen, antiparlamentarischen und autorit\u00e4ren Widerst\u00e4nden \u2013 nicht zuletzt innerhalb der gesellschaftlichen und politischen Eliten. Sie bleibt bis heute ein Lehrbeispiel f\u00fcr die Fragilit\u00e4t demokratischer Ordnungen.<\/p>\n<\/div><\/div><\/div><\/div><\/div><div class=\"vc_col-sm-6 wpb_column vc_column_container\"><div class=\"vc_column-inner\"><div class=\"wpb_wrapper\"><\/div><\/div><\/div><\/div><div class=\"g-cols wpb_row  us_custom_815c1c57 type_default valign_top vc_inner\"><div class=\"vc_col-sm-12 wpb_column vc_column_container\"><div class=\"vc_column-inner\"><div class=\"wpb_wrapper\"><div class=\"w-grid type_carousel layout_69 cols_4\" id=\"us_grid_4\"><style id=\"us_grid_4_css\">#us_grid_4 .owl-nav div{font-size:1.8rem}#us_grid_4 .w-grid-item{padding:1.5rem}#us_grid_4 .w-grid-list{margin:-1.5rem}.w-grid + #us_grid_4 .w-grid-list{margin-top:1.5rem}<\/style><div class=\"w-grid-list owl-carousel navstyle_circle navpos_outside with_dots\" ><article class=\"w-grid-item post-2279 post type-post status-publish format-standard has-post-thumbnail hentry category-allgemein category-buecher category-die-weimarer-republik-fragilitaet-der-liberalen-demokratie category-e-book tag-gallusalexander\" data-id=\"2279\">\r\n\t<div class=\"w-grid-item-h\">\r\n\t\t\t\t<div class=\"w-post-elm post_image usg_post_image_1 has_width has_height has_ratio\"><div style=\"padding-bottom:150.0000%\"><\/div><a href=\"https:\/\/europaeischeverlagsanstalt.de\/?p=2279\" target=\"_blank\" rel=\"noopener nofollow\" aria-label=\"Revolution\u00e4re Aufbr\u00fcche und intellektuelle Sehns\u00fcchte  Zwischen Weimarer Republik und Bundesrepublik\"><img width=\"1488\" height=\"2480\" src=\"https:\/\/europaeischeverlagsanstalt.de\/wp-856ad-content\/uploads\/2021\/06\/Cover_Gallus.jpg\" class=\"attachment-full size-full wp-post-image\" alt=\"\" loading=\"lazy\" srcset=\"https:\/\/europaeischeverlagsanstalt.de\/wp-856ad-content\/uploads\/2021\/06\/Cover_Gallus.jpg 1488w, https:\/\/europaeischeverlagsanstalt.de\/wp-856ad-content\/uploads\/2021\/06\/Cover_Gallus-180x300.jpg 180w, https:\/\/europaeischeverlagsanstalt.de\/wp-856ad-content\/uploads\/2021\/06\/Cover_Gallus-614x1024.jpg 614w, https:\/\/europaeischeverlagsanstalt.de\/wp-856ad-content\/uploads\/2021\/06\/Cover_Gallus-240x400.jpg 240w, https:\/\/europaeischeverlagsanstalt.de\/wp-856ad-content\/uploads\/2021\/06\/Cover_Gallus-30x50.jpg 30w\" sizes=\"(max-width: 1488px) 100vw, 1488px\" \/><\/a><\/div><h6 class=\"w-post-elm post_custom_field usg_post_custom_field_1 type_text\">Alexander Gallus<\/h6><h5 class=\"w-post-elm post_title usg_post_title_1 entry-title color_link_inherit\"><a href=\"https:\/\/europaeischeverlagsanstalt.de\/?p=2279\">Revolution\u00e4re Aufbr\u00fcche und intellektuelle Sehns\u00fcchte <br> Zwischen Weimarer Republik und Bundesrepublik<\/a><\/h5><a class=\"w-btn us-btn-style_3 usg_btn_1\" href=\"https:\/\/europaeischeverlagsanstalt.de\/?p=2279\"><span class=\"w-btn-label\">Mehr erfahren<\/span><\/a>\t<\/div>\r\n<\/article>\r\n<article class=\"w-grid-item post-3408 post type-post status-publish format-standard has-post-thumbnail hentry category-allgemein category-buecher category-die-weimarer-republik-fragilitaet-der-liberalen-demokratie category-e-book tag-siegulrich\" data-id=\"3408\">\r\n\t<div class=\"w-grid-item-h\">\r\n\t\t\t\t<div class=\"w-post-elm post_image usg_post_image_1 has_width has_height has_ratio\"><div style=\"padding-bottom:150.0000%\"><\/div><a href=\"https:\/\/europaeischeverlagsanstalt.de\/?p=3408\" target=\"_blank\" rel=\"noopener nofollow\" aria-label=\"Vom Ressentiment zum Fanatismus  Zur Ideengeschichte des modernen Antisemitismus\"><img width=\"1536\" height=\"2560\" src=\"https:\/\/europaeischeverlagsanstalt.de\/wp-856ad-content\/uploads\/2021\/12\/Frontcover-Sieg-Neuordnung-scaled.jpg\" class=\"attachment-full size-full wp-post-image\" alt=\"\" loading=\"lazy\" srcset=\"https:\/\/europaeischeverlagsanstalt.de\/wp-856ad-content\/uploads\/2021\/12\/Frontcover-Sieg-Neuordnung-scaled.jpg 1536w, https:\/\/europaeischeverlagsanstalt.de\/wp-856ad-content\/uploads\/2021\/12\/Frontcover-Sieg-Neuordnung-180x300.jpg 180w, https:\/\/europaeischeverlagsanstalt.de\/wp-856ad-content\/uploads\/2021\/12\/Frontcover-Sieg-Neuordnung-614x1024.jpg 614w, https:\/\/europaeischeverlagsanstalt.de\/wp-856ad-content\/uploads\/2021\/12\/Frontcover-Sieg-Neuordnung-240x400.jpg 240w, https:\/\/europaeischeverlagsanstalt.de\/wp-856ad-content\/uploads\/2021\/12\/Frontcover-Sieg-Neuordnung-30x50.jpg 30w\" sizes=\"(max-width: 1536px) 100vw, 1536px\" \/><\/a><\/div><h6 class=\"w-post-elm post_custom_field usg_post_custom_field_1 type_text\">Ulrich Sieg<\/h6><h5 class=\"w-post-elm post_title usg_post_title_1 entry-title color_link_inherit\"><a href=\"https:\/\/europaeischeverlagsanstalt.de\/?p=3408\">Vom Ressentiment zum Fanatismus <br> Zur Ideengeschichte des modernen Antisemitismus<\/a><\/h5><a class=\"w-btn us-btn-style_3 usg_btn_1\" href=\"https:\/\/europaeischeverlagsanstalt.de\/?p=3408\"><span class=\"w-btn-label\">Mehr erfahren<\/span><\/a>\t<\/div>\r\n<\/article>\r\n<article class=\"w-grid-item post-3421 post type-post status-publish format-standard has-post-thumbnail hentry category-allgemein category-buecher category-die-weimarer-republik-fragilitaet-der-liberalen-demokratie category-e-book tag-muellerchristoph tag-schefolddian\" data-id=\"3421\">\r\n\t<div class=\"w-grid-item-h\">\r\n\t\t\t\t<div class=\"w-post-elm post_image usg_post_image_1 has_width has_height has_ratio\"><div style=\"padding-bottom:150.0000%\"><\/div><a href=\"https:\/\/europaeischeverlagsanstalt.de\/?p=3421\" target=\"_blank\" rel=\"noopener nofollow\" aria-label=\"Hugo Preu\u00df, der Vater der Weimarer VerfassungIhre Grundlegung in der Gemeinde-Demokratie\"><img width=\"1536\" height=\"2560\" src=\"https:\/\/europaeischeverlagsanstalt.de\/wp-856ad-content\/uploads\/2022\/01\/Cover_Mueller_Preuss_XL-scaled.jpg\" class=\"attachment-full size-full wp-post-image\" alt=\"\" loading=\"lazy\" srcset=\"https:\/\/europaeischeverlagsanstalt.de\/wp-856ad-content\/uploads\/2022\/01\/Cover_Mueller_Preuss_XL-scaled.jpg 1536w, https:\/\/europaeischeverlagsanstalt.de\/wp-856ad-content\/uploads\/2022\/01\/Cover_Mueller_Preuss_XL-180x300.jpg 180w, https:\/\/europaeischeverlagsanstalt.de\/wp-856ad-content\/uploads\/2022\/01\/Cover_Mueller_Preuss_XL-614x1024.jpg 614w, https:\/\/europaeischeverlagsanstalt.de\/wp-856ad-content\/uploads\/2022\/01\/Cover_Mueller_Preuss_XL-240x400.jpg 240w, https:\/\/europaeischeverlagsanstalt.de\/wp-856ad-content\/uploads\/2022\/01\/Cover_Mueller_Preuss_XL-30x50.jpg 30w\" sizes=\"(max-width: 1536px) 100vw, 1536px\" \/><\/a><\/div><h6 class=\"w-post-elm post_custom_field usg_post_custom_field_1 type_text\">Christoph M\u00fcller<\/h6><h5 class=\"w-post-elm post_title usg_post_title_1 entry-title color_link_inherit\"><a href=\"https:\/\/europaeischeverlagsanstalt.de\/?p=3421\">Hugo Preu\u00df, der Vater der Weimarer Verfassung<br>Ihre Grundlegung in der Gemeinde-Demokratie<\/a><\/h5><a class=\"w-btn us-btn-style_3 usg_btn_1\" href=\"https:\/\/europaeischeverlagsanstalt.de\/?p=3421\"><span class=\"w-btn-label\">Mehr erfahren<\/span><\/a>\t<\/div>\r\n<\/article>\r\n<article class=\"w-grid-item post-4314 post type-post status-publish format-standard has-post-thumbnail hentry category-allgemein category-buecher category-die-weimarer-republik-fragilitaet-der-liberalen-demokratie category-e-book tag-gallusalexander\" data-id=\"4314\">\r\n\t<div class=\"w-grid-item-h\">\r\n\t\t\t\t<div class=\"w-post-elm post_image usg_post_image_1 has_width has_height has_ratio\"><div style=\"padding-bottom:150.0000%\"><\/div><a href=\"https:\/\/europaeischeverlagsanstalt.de\/?p=4314\" target=\"_blank\" rel=\"noopener nofollow\" aria-label=\"Intellektuelle in ihrer Zeit  Geistesarbeiter und Geistesgeschichte im 20. Jahrhundert\"><img width=\"1488\" height=\"2480\" src=\"https:\/\/europaeischeverlagsanstalt.de\/wp-856ad-content\/uploads\/2022\/05\/9783863931407.jpg\" class=\"attachment-full size-full wp-post-image\" alt=\"\" loading=\"lazy\" srcset=\"https:\/\/europaeischeverlagsanstalt.de\/wp-856ad-content\/uploads\/2022\/05\/9783863931407.jpg 1488w, https:\/\/europaeischeverlagsanstalt.de\/wp-856ad-content\/uploads\/2022\/05\/9783863931407-180x300.jpg 180w, https:\/\/europaeischeverlagsanstalt.de\/wp-856ad-content\/uploads\/2022\/05\/9783863931407-614x1024.jpg 614w, https:\/\/europaeischeverlagsanstalt.de\/wp-856ad-content\/uploads\/2022\/05\/9783863931407-240x400.jpg 240w, https:\/\/europaeischeverlagsanstalt.de\/wp-856ad-content\/uploads\/2022\/05\/9783863931407-30x50.jpg 30w\" sizes=\"(max-width: 1488px) 100vw, 1488px\" \/><\/a><\/div><h6 class=\"w-post-elm post_custom_field usg_post_custom_field_1 type_text\">Alexander Gallus<\/h6><h5 class=\"w-post-elm post_title usg_post_title_1 entry-title color_link_inherit\"><a href=\"https:\/\/europaeischeverlagsanstalt.de\/?p=4314\">Intellektuelle in ihrer Zeit <br> Geistesarbeiter und Geistesgeschichte im 20. Jahrhundert<\/a><\/h5><a class=\"w-btn us-btn-style_3 usg_btn_1\" href=\"https:\/\/europaeischeverlagsanstalt.de\/?p=4314\"><span class=\"w-btn-label\">Mehr erfahren<\/span><\/a>\t<\/div>\r\n<\/article>\r\n<article class=\"w-grid-item post-4802 post type-post status-publish format-standard has-post-thumbnail hentry category-buecher category-die-weimarer-republik-fragilitaet-der-liberalen-demokratie category-e-book tag-grotheewald\" data-id=\"4802\">\r\n\t<div class=\"w-grid-item-h\">\r\n\t\t\t\t<div class=\"w-post-elm post_image usg_post_image_1 has_width has_height has_ratio\"><div style=\"padding-bottom:150.0000%\"><\/div><a href=\"https:\/\/europaeischeverlagsanstalt.de\/?p=4802\" target=\"_blank\" rel=\"noopener nofollow\" aria-label=\"Freiheitliche Ideen  Der schwierige Weg zur liberalen Demokratie\"><img width=\"1536\" height=\"2560\" src=\"https:\/\/europaeischeverlagsanstalt.de\/wp-856ad-content\/uploads\/2023\/04\/9783863931605-scaled.jpg\" class=\"attachment-full size-full wp-post-image\" alt=\"\" loading=\"lazy\" srcset=\"https:\/\/europaeischeverlagsanstalt.de\/wp-856ad-content\/uploads\/2023\/04\/9783863931605-scaled.jpg 1536w, https:\/\/europaeischeverlagsanstalt.de\/wp-856ad-content\/uploads\/2023\/04\/9783863931605-180x300.jpg 180w, https:\/\/europaeischeverlagsanstalt.de\/wp-856ad-content\/uploads\/2023\/04\/9783863931605-614x1024.jpg 614w, https:\/\/europaeischeverlagsanstalt.de\/wp-856ad-content\/uploads\/2023\/04\/9783863931605-240x400.jpg 240w, https:\/\/europaeischeverlagsanstalt.de\/wp-856ad-content\/uploads\/2023\/04\/9783863931605-30x50.jpg 30w\" sizes=\"(max-width: 1536px) 100vw, 1536px\" \/><\/a><\/div><h6 class=\"w-post-elm post_custom_field usg_post_custom_field_1 type_text\">Ewald Grothe<\/h6><h5 class=\"w-post-elm post_title usg_post_title_1 entry-title color_link_inherit\"><a href=\"https:\/\/europaeischeverlagsanstalt.de\/?p=4802\">Freiheitliche Ideen <br> Der schwierige Weg zur liberalen Demokratie<\/a><\/h5><a class=\"w-btn us-btn-style_3 usg_btn_1\" href=\"https:\/\/europaeischeverlagsanstalt.de\/?p=4802\"><span class=\"w-btn-label\">Mehr erfahren<\/span><\/a>\t<\/div>\r\n<\/article>\r\n<article class=\"w-grid-item post-4815 post type-post status-publish format-standard has-post-thumbnail hentry category-die-weimarer-republik-fragilitaet-der-liberalen-demokratie category-e-book tag-lindenaumathias\" data-id=\"4815\">\r\n\t<div class=\"w-grid-item-h\">\r\n\t\t\t\t<div class=\"w-post-elm post_image usg_post_image_1 has_width has_height has_ratio\"><div style=\"padding-bottom:150.0000%\"><\/div><a href=\"https:\/\/europaeischeverlagsanstalt.de\/?p=4815\" target=\"_blank\" rel=\"noopener nofollow\" aria-label=\"ad Gustav Landauer  Homme de lettres und Edelanarchist\"><img width=\"1457\" height=\"2560\" src=\"https:\/\/europaeischeverlagsanstalt.de\/wp-856ad-content\/uploads\/2023\/04\/9783863931568-scaled.jpg\" class=\"attachment-full size-full wp-post-image\" alt=\"\" loading=\"lazy\" srcset=\"https:\/\/europaeischeverlagsanstalt.de\/wp-856ad-content\/uploads\/2023\/04\/9783863931568-scaled.jpg 1457w, https:\/\/europaeischeverlagsanstalt.de\/wp-856ad-content\/uploads\/2023\/04\/9783863931568-171x300.jpg 171w, https:\/\/europaeischeverlagsanstalt.de\/wp-856ad-content\/uploads\/2023\/04\/9783863931568-583x1024.jpg 583w, https:\/\/europaeischeverlagsanstalt.de\/wp-856ad-content\/uploads\/2023\/04\/9783863931568-228x400.jpg 228w, https:\/\/europaeischeverlagsanstalt.de\/wp-856ad-content\/uploads\/2023\/04\/9783863931568-28x50.jpg 28w\" sizes=\"(max-width: 1457px) 100vw, 1457px\" \/><\/a><\/div><h6 class=\"w-post-elm post_custom_field usg_post_custom_field_1 type_text\">Mathias Lindenau<\/h6><h5 class=\"w-post-elm post_title usg_post_title_1 entry-title color_link_inherit\"><a href=\"https:\/\/europaeischeverlagsanstalt.de\/?p=4815\">ad Gustav Landauer <br> Homme de lettres und Edelanarchist<\/a><\/h5><a class=\"w-btn us-btn-style_3 usg_btn_1\" href=\"https:\/\/europaeischeverlagsanstalt.de\/?p=4815\"><span class=\"w-btn-label\">Mehr erfahren<\/span><\/a>\t<\/div>\r\n<\/article>\r\n<article class=\"w-grid-item post-5187 post type-post status-publish format-standard has-post-thumbnail hentry category-die-weimarer-republik-fragilitaet-der-liberalen-demokratie category-e-book category-neuerscheinung tag-gallusalexander\" data-id=\"5187\">\r\n\t<div class=\"w-grid-item-h\">\r\n\t\t\t\t<div class=\"w-post-elm post_image usg_post_image_1 has_width has_height has_ratio\"><div style=\"padding-bottom:150.0000%\"><\/div><a href=\"https:\/\/europaeischeverlagsanstalt.de\/?p=5187\" target=\"_blank\" rel=\"noopener nofollow\" aria-label=\"ad \u00bbWeltb\u00fchne\u00ab\"><img width=\"656\" height=\"1152\" src=\"https:\/\/europaeischeverlagsanstalt.de\/wp-856ad-content\/uploads\/2023\/04\/Gallus_ad-Weltbuehne_Cover.jpg\" class=\"attachment-full size-full wp-post-image\" alt=\"\" loading=\"lazy\" srcset=\"https:\/\/europaeischeverlagsanstalt.de\/wp-856ad-content\/uploads\/2023\/04\/Gallus_ad-Weltbuehne_Cover.jpg 656w, https:\/\/europaeischeverlagsanstalt.de\/wp-856ad-content\/uploads\/2023\/04\/Gallus_ad-Weltbuehne_Cover-171x300.jpg 171w, https:\/\/europaeischeverlagsanstalt.de\/wp-856ad-content\/uploads\/2023\/04\/Gallus_ad-Weltbuehne_Cover-583x1024.jpg 583w, https:\/\/europaeischeverlagsanstalt.de\/wp-856ad-content\/uploads\/2023\/04\/Gallus_ad-Weltbuehne_Cover-228x400.jpg 228w, https:\/\/europaeischeverlagsanstalt.de\/wp-856ad-content\/uploads\/2023\/04\/Gallus_ad-Weltbuehne_Cover-28x50.jpg 28w\" sizes=\"(max-width: 656px) 100vw, 656px\" \/><\/a><\/div><h6 class=\"w-post-elm post_custom_field usg_post_custom_field_1 type_text\">Alexander Gallus (Hg.)<\/h6><h5 class=\"w-post-elm post_title usg_post_title_1 entry-title color_link_inherit\"><a href=\"https:\/\/europaeischeverlagsanstalt.de\/?p=5187\">ad \u00bbWeltb\u00fchne\u00ab<\/a><\/h5><h6 class=\"w-post-elm post_custom_field usg_post_custom_field_4 type_text\">Ausgew\u00e4hlte kritische Kommentare zur Weimarer Republik <\/h6><a class=\"w-btn us-btn-style_3 usg_btn_1\" href=\"https:\/\/europaeischeverlagsanstalt.de\/?p=5187\"><span class=\"w-btn-label\">Mehr erfahren<\/span><\/a>\t<\/div>\r\n<\/article>\r\n<article class=\"w-grid-item post-5191 post type-post status-publish format-standard has-post-thumbnail hentry category-allgemein category-buecher category-die-weimarer-republik-fragilitaet-der-liberalen-demokratie category-e-book category-neuerscheinung tag-buchsteinhubertus tag-joerkedirk\" data-id=\"5191\">\r\n\t<div class=\"w-grid-item-h\">\r\n\t\t\t\t<div class=\"w-post-elm post_image usg_post_image_1 has_width has_height has_ratio\"><div style=\"padding-bottom:150.0000%\"><\/div><a href=\"https:\/\/europaeischeverlagsanstalt.de\/?p=5191\" target=\"_blank\" rel=\"noopener nofollow\" aria-label=\"K\u00e4mpfen f\u00fcr die Demokratie\"><img width=\"1536\" height=\"2560\" src=\"https:\/\/europaeischeverlagsanstalt.de\/wp-856ad-content\/uploads\/2023\/04\/9783863931674-scaled.jpg\" class=\"attachment-full size-full wp-post-image\" alt=\"\" loading=\"lazy\" srcset=\"https:\/\/europaeischeverlagsanstalt.de\/wp-856ad-content\/uploads\/2023\/04\/9783863931674-scaled.jpg 1536w, https:\/\/europaeischeverlagsanstalt.de\/wp-856ad-content\/uploads\/2023\/04\/9783863931674-180x300.jpg 180w, https:\/\/europaeischeverlagsanstalt.de\/wp-856ad-content\/uploads\/2023\/04\/9783863931674-614x1024.jpg 614w, https:\/\/europaeischeverlagsanstalt.de\/wp-856ad-content\/uploads\/2023\/04\/9783863931674-240x400.jpg 240w, https:\/\/europaeischeverlagsanstalt.de\/wp-856ad-content\/uploads\/2023\/04\/9783863931674-30x50.jpg 30w\" sizes=\"(max-width: 1536px) 100vw, 1536px\" \/><\/a><\/div><h6 class=\"w-post-elm post_custom_field usg_post_custom_field_1 type_text\">Hermann Heller<\/h6><h5 class=\"w-post-elm post_title usg_post_title_1 entry-title color_link_inherit\"><a href=\"https:\/\/europaeischeverlagsanstalt.de\/?p=5191\">K\u00e4mpfen f\u00fcr die Demokratie<\/a><\/h5><h6 class=\"w-post-elm post_custom_field usg_post_custom_field_4 type_text\">Kleine politische Schriften <br> Herausgegeben von Hubertus Buchstein und Dirk J\u00f6rke  <\/h6><a class=\"w-btn us-btn-style_3 usg_btn_1\" href=\"https:\/\/europaeischeverlagsanstalt.de\/?p=5191\"><span class=\"w-btn-label\">Mehr erfahren<\/span><\/a>\t<\/div>\r\n<\/article>\r\n<article class=\"w-grid-item post-575 post type-post status-publish format-standard has-post-thumbnail hentry category-allgemein category-buecher category-die-weimarer-republik-fragilitaet-der-liberalen-demokratie category-e-book category-featured tag-kesslermario tag-rosenbergarthur\" data-id=\"575\">\r\n\t<div class=\"w-grid-item-h\">\r\n\t\t\t\t<div class=\"w-post-elm post_image usg_post_image_1 has_width has_height has_ratio\"><div style=\"padding-bottom:150.0000%\"><\/div><a href=\"https:\/\/europaeischeverlagsanstalt.de\/?p=575\" target=\"_blank\" rel=\"noopener nofollow\" aria-label=\"Entstehung und Geschichte der Weimarer Republik\"><img width=\"128\" height=\"200\" src=\"https:\/\/europaeischeverlagsanstalt.de\/wp-856ad-content\/uploads\/2021\/02\/978-3-86393-101-8_klein.jpg\" class=\"attachment-full size-full wp-post-image\" alt=\"\" loading=\"lazy\" srcset=\"https:\/\/europaeischeverlagsanstalt.de\/wp-856ad-content\/uploads\/2021\/02\/978-3-86393-101-8_klein.jpg 128w, https:\/\/europaeischeverlagsanstalt.de\/wp-856ad-content\/uploads\/2021\/02\/978-3-86393-101-8_klein-32x50.jpg 32w\" sizes=\"(max-width: 128px) 100vw, 128px\" \/><\/a><\/div><h6 class=\"w-post-elm post_custom_field usg_post_custom_field_1 type_text\">Arthur Rosenberg<\/h6><h5 class=\"w-post-elm post_title usg_post_title_1 entry-title color_link_inherit\"><a href=\"https:\/\/europaeischeverlagsanstalt.de\/?p=575\">Entstehung und Geschichte der Weimarer Republik<\/a><\/h5><h6 class=\"w-post-elm post_custom_field usg_post_custom_field_4 type_text\">Herausgegeben und mit einem Vorwort von Mario Ke\u00dfler<\/h6><a class=\"w-btn us-btn-style_3 usg_btn_1\" href=\"https:\/\/europaeischeverlagsanstalt.de\/?p=575\"><span class=\"w-btn-label\">Mehr erfahren<\/span><\/a>\t<\/div>\r\n<\/article>\r\n<article class=\"w-grid-item post-2119 post type-post status-publish format-standard has-post-thumbnail hentry category-allgemein category-buecher category-die-weimarer-republik-fragilitaet-der-liberalen-demokratie category-e-book tag-hackejens\" data-id=\"2119\">\r\n\t<div class=\"w-grid-item-h\">\r\n\t\t\t\t<div class=\"w-post-elm post_image usg_post_image_1 has_width has_height has_ratio\"><div style=\"padding-bottom:150.0000%\"><\/div><a href=\"https:\/\/europaeischeverlagsanstalt.de\/?p=2119\" target=\"_blank\" rel=\"noopener nofollow\" aria-label=\"Liberale Demokratie in schwierigen Zeiten  Weimar und die Gegenwart\"><img width=\"1488\" height=\"2480\" src=\"https:\/\/europaeischeverlagsanstalt.de\/wp-856ad-content\/uploads\/2021\/04\/9783863931117.jpg\" class=\"attachment-full size-full wp-post-image\" alt=\"\" loading=\"lazy\" srcset=\"https:\/\/europaeischeverlagsanstalt.de\/wp-856ad-content\/uploads\/2021\/04\/9783863931117.jpg 1488w, https:\/\/europaeischeverlagsanstalt.de\/wp-856ad-content\/uploads\/2021\/04\/9783863931117-180x300.jpg 180w, https:\/\/europaeischeverlagsanstalt.de\/wp-856ad-content\/uploads\/2021\/04\/9783863931117-614x1024.jpg 614w, https:\/\/europaeischeverlagsanstalt.de\/wp-856ad-content\/uploads\/2021\/04\/9783863931117-240x400.jpg 240w, https:\/\/europaeischeverlagsanstalt.de\/wp-856ad-content\/uploads\/2021\/04\/9783863931117-30x50.jpg 30w\" sizes=\"(max-width: 1488px) 100vw, 1488px\" \/><\/a><\/div><h6 class=\"w-post-elm post_custom_field usg_post_custom_field_1 type_text\">Jens Hacke<\/h6><h5 class=\"w-post-elm post_title usg_post_title_1 entry-title color_link_inherit\"><a href=\"https:\/\/europaeischeverlagsanstalt.de\/?p=2119\">Liberale Demokratie in schwierigen Zeiten <br> Weimar und die Gegenwart<\/a><\/h5><a class=\"w-btn us-btn-style_3 usg_btn_1\" href=\"https:\/\/europaeischeverlagsanstalt.de\/?p=2119\"><span class=\"w-btn-label\">Mehr erfahren<\/span><\/a>\t<\/div>\r\n<\/article>\r\n<article class=\"w-grid-item post-2210 post type-post status-publish format-standard has-post-thumbnail hentry category-allgemein category-buecher category-die-weimarer-republik-fragilitaet-der-liberalen-demokratie category-e-book tag-mehringreinhard\" data-id=\"2210\">\r\n\t<div class=\"w-grid-item-h\">\r\n\t\t\t\t<div class=\"w-post-elm post_image usg_post_image_1 has_width has_height has_ratio\"><div style=\"padding-bottom:150.0000%\"><\/div><a href=\"https:\/\/europaeischeverlagsanstalt.de\/?p=2210\" target=\"_blank\" rel=\"noopener nofollow\" aria-label=\"Carl Schmitts Gegenrevolution\"><img width=\"1641\" height=\"2560\" src=\"https:\/\/europaeischeverlagsanstalt.de\/wp-856ad-content\/uploads\/2021\/06\/9783863931186-scaled.jpg\" class=\"attachment-full size-full wp-post-image\" alt=\"\" loading=\"lazy\" srcset=\"https:\/\/europaeischeverlagsanstalt.de\/wp-856ad-content\/uploads\/2021\/06\/9783863931186-scaled.jpg 1641w, https:\/\/europaeischeverlagsanstalt.de\/wp-856ad-content\/uploads\/2021\/06\/9783863931186-192x300.jpg 192w, https:\/\/europaeischeverlagsanstalt.de\/wp-856ad-content\/uploads\/2021\/06\/9783863931186-656x1024.jpg 656w, https:\/\/europaeischeverlagsanstalt.de\/wp-856ad-content\/uploads\/2021\/06\/9783863931186-256x400.jpg 256w, https:\/\/europaeischeverlagsanstalt.de\/wp-856ad-content\/uploads\/2021\/06\/9783863931186-32x50.jpg 32w\" sizes=\"(max-width: 1641px) 100vw, 1641px\" \/><\/a><\/div><h6 class=\"w-post-elm post_custom_field usg_post_custom_field_1 type_text\">Reinhard Mehring<\/h6><h5 class=\"w-post-elm post_title usg_post_title_1 entry-title color_link_inherit\"><a href=\"https:\/\/europaeischeverlagsanstalt.de\/?p=2210\">Carl Schmitts Gegenrevolution<\/a><\/h5><a class=\"w-btn us-btn-style_3 usg_btn_1\" href=\"https:\/\/europaeischeverlagsanstalt.de\/?p=2210\"><span class=\"w-btn-label\">Mehr erfahren<\/span><\/a>\t<\/div>\r\n<\/article>\r\n<article class=\"w-grid-item post-1301 post type-post status-publish format-standard has-post-thumbnail hentry category-allgemein category-buecher category-die-weimarer-republik-fragilitaet-der-liberalen-demokratie category-e-book tag-perelsjoachim\" data-id=\"1301\">\r\n\t<div class=\"w-grid-item-h\">\r\n\t\t\t\t<div class=\"w-post-elm post_image usg_post_image_1 has_width has_height has_ratio\"><div style=\"padding-bottom:150.0000%\"><\/div><a href=\"https:\/\/europaeischeverlagsanstalt.de\/?p=1301\" target=\"_blank\" rel=\"noopener nofollow\" aria-label=\"Kapitalismus und politische Demokratie  Privatrechtsystem und Gesellschaftsstruktur in der Weimarer Republik\"><img width=\"130\" height=\"200\" src=\"https:\/\/europaeischeverlagsanstalt.de\/wp-856ad-content\/uploads\/2021\/03\/978-3-86393-116-2_klein.jpg\" class=\"attachment-full size-full wp-post-image\" alt=\"\" loading=\"lazy\" srcset=\"https:\/\/europaeischeverlagsanstalt.de\/wp-856ad-content\/uploads\/2021\/03\/978-3-86393-116-2_klein.jpg 130w, https:\/\/europaeischeverlagsanstalt.de\/wp-856ad-content\/uploads\/2021\/03\/978-3-86393-116-2_klein-33x50.jpg 33w\" sizes=\"(max-width: 130px) 100vw, 130px\" \/><\/a><\/div><h6 class=\"w-post-elm post_custom_field usg_post_custom_field_1 type_text\">Joachim Perels<\/h6><h5 class=\"w-post-elm post_title usg_post_title_1 entry-title color_link_inherit\"><a href=\"https:\/\/europaeischeverlagsanstalt.de\/?p=1301\">Kapitalismus und politische Demokratie <br> Privatrechtsystem und Gesellschaftsstruktur in der Weimarer Republik<\/a><\/h5><a class=\"w-btn us-btn-style_3 usg_btn_1\" href=\"https:\/\/europaeischeverlagsanstalt.de\/?p=1301\"><span class=\"w-btn-label\">Mehr erfahren<\/span><\/a>\t<\/div>\r\n<\/article>\r\n<article class=\"w-grid-item post-604 post type-post status-publish format-standard has-post-thumbnail hentry category-allgemein category-buecher category-die-weimarer-republik-fragilitaet-der-liberalen-demokratie category-horst-dreier category-e-book category-featured tag-dreierhorst\" data-id=\"604\">\r\n\t<div class=\"w-grid-item-h\">\r\n\t\t\t\t<div class=\"w-post-elm post_image usg_post_image_1 has_width has_height has_ratio\"><div style=\"padding-bottom:150.0000%\"><\/div><a href=\"https:\/\/europaeischeverlagsanstalt.de\/?p=604\" target=\"_blank\" rel=\"noopener nofollow\" aria-label=\"ad Hans Kelsen  Rechtspositivist und Demokrat\"><img width=\"113\" height=\"200\" src=\"https:\/\/europaeischeverlagsanstalt.de\/wp-856ad-content\/uploads\/2021\/02\/978-3-86393-114-8_klein.jpg\" class=\"attachment-full size-full wp-post-image\" alt=\"\" loading=\"lazy\" srcset=\"https:\/\/europaeischeverlagsanstalt.de\/wp-856ad-content\/uploads\/2021\/02\/978-3-86393-114-8_klein.jpg 113w, https:\/\/europaeischeverlagsanstalt.de\/wp-856ad-content\/uploads\/2021\/02\/978-3-86393-114-8_klein-28x50.jpg 28w\" sizes=\"(max-width: 113px) 100vw, 113px\" \/><\/a><\/div><h6 class=\"w-post-elm post_custom_field usg_post_custom_field_1 type_text\">Horst Dreier<\/h6><h5 class=\"w-post-elm post_title usg_post_title_1 entry-title color_link_inherit\"><a href=\"https:\/\/europaeischeverlagsanstalt.de\/?p=604\">ad Hans Kelsen <br> Rechtspositivist und Demokrat<\/a><\/h5><a class=\"w-btn us-btn-style_3 usg_btn_1\" href=\"https:\/\/europaeischeverlagsanstalt.de\/?p=604\"><span class=\"w-btn-label\">Mehr erfahren<\/span><\/a>\t<\/div>\r\n<\/article>\r\n<article class=\"w-grid-item post-699 post type-post status-publish format-standard has-post-thumbnail hentry category-allgemein category-buecher category-die-weimarer-republik-fragilitaet-der-liberalen-demokratie tag-rathenauwalther tag-sontheimermichael\" data-id=\"699\">\r\n\t<div class=\"w-grid-item-h\">\r\n\t\t\t\t<div class=\"w-post-elm post_image usg_post_image_1 has_width has_height has_ratio\"><div style=\"padding-bottom:150.0000%\"><\/div><a href=\"https:\/\/europaeischeverlagsanstalt.de\/?p=699\" target=\"_blank\" rel=\"noopener nofollow\" aria-label=\"Die sch\u00f6nste Stadt der Welt\"><img width=\"1664\" height=\"2560\" src=\"https:\/\/europaeischeverlagsanstalt.de\/wp-856ad-content\/uploads\/2021\/02\/978-3-86393-070-7_gross.jpg\" class=\"attachment-full size-full wp-post-image\" alt=\"\" loading=\"lazy\" srcset=\"https:\/\/europaeischeverlagsanstalt.de\/wp-856ad-content\/uploads\/2021\/02\/978-3-86393-070-7_gross.jpg 1664w, https:\/\/europaeischeverlagsanstalt.de\/wp-856ad-content\/uploads\/2021\/02\/978-3-86393-070-7_gross-195x300.jpg 195w, https:\/\/europaeischeverlagsanstalt.de\/wp-856ad-content\/uploads\/2021\/02\/978-3-86393-070-7_gross-666x1024.jpg 666w, https:\/\/europaeischeverlagsanstalt.de\/wp-856ad-content\/uploads\/2021\/02\/978-3-86393-070-7_gross-260x400.jpg 260w, https:\/\/europaeischeverlagsanstalt.de\/wp-856ad-content\/uploads\/2021\/02\/978-3-86393-070-7_gross-33x50.jpg 33w\" sizes=\"(max-width: 1664px) 100vw, 1664px\" \/><\/a><\/div><h6 class=\"w-post-elm post_custom_field usg_post_custom_field_1 type_text\">Walther Rathenau<\/h6><h5 class=\"w-post-elm post_title usg_post_title_1 entry-title color_link_inherit\"><a href=\"https:\/\/europaeischeverlagsanstalt.de\/?p=699\">Die sch\u00f6nste Stadt der Welt<\/a><\/h5><a class=\"w-btn us-btn-style_3 usg_btn_1\" href=\"https:\/\/europaeischeverlagsanstalt.de\/?p=699\"><span class=\"w-btn-label\">Mehr erfahren<\/span><\/a>\t<\/div>\r\n<\/article>\r\n<\/div><div class=\"g-preloader type_1\">\r\n\t<div><\/div>\r\n<\/div>\r\n\t<div class=\"w-grid-json hidden\" onclick='return {&quot;action&quot;:&quot;us_ajax_grid&quot;,&quot;ajax_url&quot;:&quot;https:\\\/\\\/europaeischeverlagsanstalt.de\\\/wp-admin\\\/admin-ajax.php&quot;,&quot;infinite_scroll&quot;:0,&quot;max_num_pages&quot;:1,&quot;pagination&quot;:&quot;none&quot;,&quot;permalink_url&quot;:&quot;https:\\\/\\\/europaeischeverlagsanstalt.de&quot;,&quot;template_vars&quot;:{&quot;columns&quot;:&quot;4&quot;,&quot;exclude_items&quot;:&quot;none&quot;,&quot;img_size&quot;:&quot;default&quot;,&quot;ignore_items_size&quot;:false,&quot;items_layout&quot;:&quot;69&quot;,&quot;items_offset&quot;:&quot;1&quot;,&quot;load_animation&quot;:&quot;none&quot;,&quot;overriding_link&quot;:&quot;none&quot;,&quot;post_id&quot;:700,&quot;query_args&quot;:{&quot;post_type&quot;:[&quot;post&quot;],&quot;tax_query&quot;:[{&quot;taxonomy&quot;:&quot;category&quot;,&quot;field&quot;:&quot;slug&quot;,&quot;terms&quot;:[&quot;die-weimarer-republik-fragilitaet-der-liberalen-demokratie&quot;]}],&quot;post_status&quot;:[&quot;publish&quot;,&quot;acf-disabled&quot;],&quot;posts_per_page&quot;:999},&quot;orderby_query_args&quot;:{&quot;meta_query&quot;:{&quot;_orderby_custom_&quot;:{&quot;relation&quot;:&quot;OR&quot;,&quot;0&quot;:{&quot;compare&quot;:&quot;EXISTS&quot;,&quot;key&quot;:&quot;sorting&quot;,&quot;type&quot;:&quot;CHAR&quot;},&quot;1&quot;:{&quot;compare&quot;:&quot;NOT EXISTS&quot;,&quot;key&quot;:&quot;sorting&quot;,&quot;type&quot;:&quot;CHAR&quot;}}},&quot;orderby&quot;:&quot;sorting&quot;,&quot;order&quot;:&quot;ASC&quot;},&quot;type&quot;:&quot;carousel&quot;,&quot;us_grid_ajax_index&quot;:4,&quot;us_grid_filter_params&quot;:null,&quot;us_grid_index&quot;:4,&quot;_us_grid_post_type&quot;:&quot;post&quot;},&quot;carousel_settings&quot;:{&quot;autoHeight&quot;:0,&quot;autoplay&quot;:0,&quot;carousel_fade&quot;:0,&quot;center&quot;:0,&quot;dots&quot;:1,&quot;items&quot;:&quot;4&quot;,&quot;loop&quot;:false,&quot;nav&quot;:1,&quot;slideby&quot;:&quot;1&quot;,&quot;smooth_play&quot;:0,&quot;speed&quot;:250,&quot;timeout&quot;:3000,&quot;transition&quot;:&quot;&quot;},&quot;carousel_breakpoints&quot;:{&quot;1200&quot;:{&quot;items&quot;:4},&quot;900&quot;:{&quot;autoHeight&quot;:0,&quot;autoplay&quot;:1,&quot;autoplayHoverPause&quot;:1,&quot;items&quot;:3,&quot;loop&quot;:false},&quot;600&quot;:{&quot;autoHeight&quot;:0,&quot;autoplay&quot;:1,&quot;autoplayHoverPause&quot;:1,&quot;items&quot;:2,&quot;loop&quot;:false},&quot;0&quot;:{&quot;autoHeight&quot;:0,&quot;autoplay&quot;:1,&quot;autoplayHoverPause&quot;:1,&quot;items&quot;:1,&quot;loop&quot;:true}}}'><\/div>\r\n\t<\/div><div class=\"w-separator size_medium with_line width_default thick_1 style_solid color_border align_center\"><div class=\"w-separator-h\"><\/div><\/div><\/div><\/div><\/div><\/div><div class=\"g-cols wpb_row  us_custom_815c1c57 type_default valign_top vc_inner\"><div class=\"vc_col-sm-6 wpb_column vc_column_container\"><div class=\"vc_column-inner\"><div class=\"wpb_wrapper\">[vc_custom_heading text=&#8221;Die Zeit des Nationalsozialismus&#8221; google_fonts=&#8221;font_family:Open%20Sans%3A300%2C300italic%2Cregular%2Citalic%2C600%2C600italic%2C700%2C700italic%2C800%2C800italic|font_style:600%20bold%20regular%3A600%3Anormal&#8221; css=&#8221;%7B%22default%22%3A%7B%22color%22%3A%22_content_heading%22%2C%22font-weight%22%3A%22500%22%2C%22font-size%22%3A%2226px%22%2C%22line-height%22%3A%2240px%22%7D%7D&#8221;]<div class=\"wpb_text_column\" ><div class=\"wpb_wrapper\"><p>Sehr verbreitet ist f\u00fcr diese Zeit \u201eDrittes Reich\u201c. Wikipedia fasst aber \u00fcberzeugend zusammen, dass dies eine \u201ewegen Ihrer Begriffsgeschichte umstrittene \u2026 Bezeichnung f\u00fcr das nationalsozialistische Deutschland\u201c ist. \u201eSeit den 1920er Jahren wurde der Begriff von der V\u00f6lkischen Bewegung und den Nationalsozialisten propagandistisch eingesetzt, um die von ihnen angestrebte Diktatur in eine Traditionslinie mit dem 1806 untergegangenen Heiligen R\u00f6mischen Reich und 1871 gegr\u00fcndeten Kaiserreich zu stellen, die Weimarer Republik hingegen von beiden abzugrenzen und dadurch zu delegitimieren\u201c.<br \/>\nStichworte: Machtergreifung, Verfolgung der politischen Gegner der Nazis, Verfolgung der Juden in Deutschland mit dem Ziel der vollst\u00e4ndigen Vernichtung des europ\u00e4ischen Judentums, \u201eAnschluss\u201c \u00d6sterreichs, Kriegsvorbereitung, der \u201ezweite Weltkrieg\u201c; der \u201eWiderstand\u201c<\/p>\n<\/div><\/div><\/div><\/div><\/div><div class=\"vc_col-sm-6 wpb_column vc_column_container\"><div class=\"vc_column-inner\"><div class=\"wpb_wrapper\"><\/div><\/div><\/div><\/div><div class=\"g-cols wpb_row  us_custom_815c1c57 type_default valign_top vc_inner\"><div class=\"vc_col-sm-12 wpb_column vc_column_container\"><div class=\"vc_column-inner\"><div class=\"wpb_wrapper\"><div class=\"w-grid type_carousel layout_69 cols_4\" id=\"us_grid_5\"><style id=\"us_grid_5_css\">#us_grid_5 .owl-nav div{font-size:1.8rem}#us_grid_5 .w-grid-item{padding:1.5rem}#us_grid_5 .w-grid-list{margin:-1.5rem}.w-grid + #us_grid_5 .w-grid-list{margin-top:1.5rem}<\/style><div class=\"w-grid-list owl-carousel navstyle_circle navpos_outside with_dots\" ><article class=\"w-grid-item post-2407 post type-post status-publish format-standard has-post-thumbnail hentry category-allgemein category-buecher category-e-book category-nationalsozialismus tag-renzwerner\" data-id=\"2407\">\r\n\t<div class=\"w-grid-item-h\">\r\n\t\t\t\t<div class=\"w-post-elm post_image usg_post_image_1 has_width has_height has_ratio\"><div style=\"padding-bottom:150.0000%\"><\/div><a href=\"https:\/\/europaeischeverlagsanstalt.de\/?p=2407\" target=\"_blank\" rel=\"noopener nofollow\" aria-label=\"ad Hannah Arendt  Eichmann in Jerusalem  Die Kontroverse um den Bericht &#8220;von der Banalit\u00e4t des B\u00f6sen&#8221;\"><img width=\"1311\" height=\"2303\" src=\"https:\/\/europaeischeverlagsanstalt.de\/wp-856ad-content\/uploads\/2021\/06\/Cover_adArendt_Renz_BdB_US_L.jpg\" class=\"attachment-full size-full wp-post-image\" alt=\"\" loading=\"lazy\" srcset=\"https:\/\/europaeischeverlagsanstalt.de\/wp-856ad-content\/uploads\/2021\/06\/Cover_adArendt_Renz_BdB_US_L.jpg 1311w, https:\/\/europaeischeverlagsanstalt.de\/wp-856ad-content\/uploads\/2021\/06\/Cover_adArendt_Renz_BdB_US_L-171x300.jpg 171w, https:\/\/europaeischeverlagsanstalt.de\/wp-856ad-content\/uploads\/2021\/06\/Cover_adArendt_Renz_BdB_US_L-583x1024.jpg 583w, https:\/\/europaeischeverlagsanstalt.de\/wp-856ad-content\/uploads\/2021\/06\/Cover_adArendt_Renz_BdB_US_L-228x400.jpg 228w, https:\/\/europaeischeverlagsanstalt.de\/wp-856ad-content\/uploads\/2021\/06\/Cover_adArendt_Renz_BdB_US_L-28x50.jpg 28w\" sizes=\"(max-width: 1311px) 100vw, 1311px\" \/><\/a><\/div><h6 class=\"w-post-elm post_custom_field usg_post_custom_field_1 type_text\">Werner Renz<\/h6><h5 class=\"w-post-elm post_title usg_post_title_1 entry-title color_link_inherit\"><a href=\"https:\/\/europaeischeverlagsanstalt.de\/?p=2407\">ad Hannah Arendt <br> Eichmann in Jerusalem <br> Die Kontroverse um den Bericht &#8220;von der Banalit\u00e4t des B\u00f6sen&#8221;<\/a><\/h5><a class=\"w-btn us-btn-style_3 usg_btn_1\" href=\"https:\/\/europaeischeverlagsanstalt.de\/?p=2407\"><span class=\"w-btn-label\">Mehr erfahren<\/span><\/a>\t<\/div>\r\n<\/article>\r\n<article class=\"w-grid-item post-4819 post type-post status-publish format-standard has-post-thumbnail hentry category-buecher category-e-book category-nationalsozialismus tag-buchsteinhubertus tag-hayespeter tag-soellneralfons tag-wildtmichael\" data-id=\"4819\">\r\n\t<div class=\"w-grid-item-h\">\r\n\t\t\t\t<div class=\"w-post-elm post_image usg_post_image_1 has_width has_height has_ratio\"><div style=\"padding-bottom:150.0000%\"><\/div><a href=\"https:\/\/europaeischeverlagsanstalt.de\/?p=4819\" target=\"_blank\" rel=\"noopener nofollow\" aria-label=\"ad Franz L. Neumann  Behemoth\"><img width=\"200\" height=\"340\" src=\"https:\/\/europaeischeverlagsanstalt.de\/wp-856ad-content\/uploads\/2022\/12\/adBehemoth_Cover-1.jpg\" class=\"attachment-full size-full wp-post-image\" alt=\"\" loading=\"lazy\" srcset=\"https:\/\/europaeischeverlagsanstalt.de\/wp-856ad-content\/uploads\/2022\/12\/adBehemoth_Cover-1.jpg 200w, https:\/\/europaeischeverlagsanstalt.de\/wp-856ad-content\/uploads\/2022\/12\/adBehemoth_Cover-1-176x300.jpg 176w, https:\/\/europaeischeverlagsanstalt.de\/wp-856ad-content\/uploads\/2022\/12\/adBehemoth_Cover-1-29x50.jpg 29w\" sizes=\"(max-width: 200px) 100vw, 200px\" \/><\/a><\/div><h6 class=\"w-post-elm post_custom_field usg_post_custom_field_1 type_text\">A. S\u00f6llner, M. Wildt, H. Buchstein, P. Hayes (Hrsg.)<\/h6><h5 class=\"w-post-elm post_title usg_post_title_1 entry-title color_link_inherit\"><a href=\"https:\/\/europaeischeverlagsanstalt.de\/?p=4819\">ad Franz L. Neumann <br> Behemoth<\/a><\/h5><a class=\"w-btn us-btn-style_3 usg_btn_1\" href=\"https:\/\/europaeischeverlagsanstalt.de\/?p=4819\"><span class=\"w-btn-label\">Mehr erfahren<\/span><\/a>\t<\/div>\r\n<\/article>\r\n<article class=\"w-grid-item post-506 post type-post status-publish format-standard has-post-thumbnail hentry category-allgemein category-buecher category-e-book category-nationalsozialismus tag-hermandjost\" data-id=\"506\">\r\n\t<div class=\"w-grid-item-h\">\r\n\t\t\t\t<div class=\"w-post-elm post_image usg_post_image_1 has_width has_height has_ratio\"><div style=\"padding-bottom:150.0000%\"><\/div><a href=\"https:\/\/europaeischeverlagsanstalt.de\/?p=506\" target=\"_blank\" rel=\"noopener nofollow\" aria-label=\"Der alte Traum vom Neuen ReichV\u00f6lkische Utopien und Nationalsozialismus\"><img width=\"797\" height=\"1222\" src=\"https:\/\/europaeischeverlagsanstalt.de\/wp-856ad-content\/uploads\/2021\/02\/978-3-86393-106-3_klein.jpg\" class=\"attachment-full size-full wp-post-image\" alt=\"\" loading=\"lazy\" srcset=\"https:\/\/europaeischeverlagsanstalt.de\/wp-856ad-content\/uploads\/2021\/02\/978-3-86393-106-3_klein.jpg 797w, https:\/\/europaeischeverlagsanstalt.de\/wp-856ad-content\/uploads\/2021\/02\/978-3-86393-106-3_klein-196x300.jpg 196w, https:\/\/europaeischeverlagsanstalt.de\/wp-856ad-content\/uploads\/2021\/02\/978-3-86393-106-3_klein-668x1024.jpg 668w, https:\/\/europaeischeverlagsanstalt.de\/wp-856ad-content\/uploads\/2021\/02\/978-3-86393-106-3_klein-261x400.jpg 261w, https:\/\/europaeischeverlagsanstalt.de\/wp-856ad-content\/uploads\/2021\/02\/978-3-86393-106-3_klein-266x407.jpg 266w, https:\/\/europaeischeverlagsanstalt.de\/wp-856ad-content\/uploads\/2021\/02\/978-3-86393-106-3_klein-33x50.jpg 33w\" sizes=\"(max-width: 797px) 100vw, 797px\" \/><\/a><\/div><h6 class=\"w-post-elm post_custom_field usg_post_custom_field_1 type_text\">Jost Hermand<\/h6><h5 class=\"w-post-elm post_title usg_post_title_1 entry-title color_link_inherit\"><a href=\"https:\/\/europaeischeverlagsanstalt.de\/?p=506\">Der alte Traum vom Neuen Reich<br>V\u00f6lkische Utopien und Nationalsozialismus<\/a><\/h5><a class=\"w-btn us-btn-style_3 usg_btn_1\" href=\"https:\/\/europaeischeverlagsanstalt.de\/?p=506\"><span class=\"w-btn-label\">Mehr erfahren<\/span><\/a>\t<\/div>\r\n<\/article>\r\n<article class=\"w-grid-item post-525 post type-post status-publish format-standard has-post-thumbnail hentry category-allgemein category-buecher category-e-book category-nationalsozialismus tag-faberrichard\" data-id=\"525\">\r\n\t<div class=\"w-grid-item-h\">\r\n\t\t\t\t<div class=\"w-post-elm post_image usg_post_image_1 has_width has_height has_ratio\"><div style=\"padding-bottom:150.0000%\"><\/div><a href=\"https:\/\/europaeischeverlagsanstalt.de\/?p=525\" target=\"_blank\" rel=\"noopener nofollow\" aria-label=\"Abendland  Ein politischer Kampfbegriff\"><img width=\"797\" height=\"1211\" src=\"https:\/\/europaeischeverlagsanstalt.de\/wp-856ad-content\/uploads\/2021\/02\/978-3-86393-096-7_gross.jpg\" class=\"attachment-full size-full wp-post-image\" alt=\"\" loading=\"lazy\" srcset=\"https:\/\/europaeischeverlagsanstalt.de\/wp-856ad-content\/uploads\/2021\/02\/978-3-86393-096-7_gross.jpg 797w, https:\/\/europaeischeverlagsanstalt.de\/wp-856ad-content\/uploads\/2021\/02\/978-3-86393-096-7_gross-197x300.jpg 197w, https:\/\/europaeischeverlagsanstalt.de\/wp-856ad-content\/uploads\/2021\/02\/978-3-86393-096-7_gross-674x1024.jpg 674w, https:\/\/europaeischeverlagsanstalt.de\/wp-856ad-content\/uploads\/2021\/02\/978-3-86393-096-7_gross-263x400.jpg 263w, https:\/\/europaeischeverlagsanstalt.de\/wp-856ad-content\/uploads\/2021\/02\/978-3-86393-096-7_gross-33x50.jpg 33w\" sizes=\"(max-width: 797px) 100vw, 797px\" \/><\/a><\/div><h6 class=\"w-post-elm post_custom_field usg_post_custom_field_1 type_text\">Richard Faber<\/h6><h5 class=\"w-post-elm post_title usg_post_title_1 entry-title color_link_inherit\"><a href=\"https:\/\/europaeischeverlagsanstalt.de\/?p=525\">Abendland <br> Ein politischer Kampfbegriff<\/a><\/h5><a class=\"w-btn us-btn-style_3 usg_btn_1\" href=\"https:\/\/europaeischeverlagsanstalt.de\/?p=525\"><span class=\"w-btn-label\">Mehr erfahren<\/span><\/a>\t<\/div>\r\n<\/article>\r\n<article class=\"w-grid-item post-1310 post type-post status-publish format-standard has-post-thumbnail hentry category-allgemein category-buecher category-e-book category-faber-richard category-nationalsozialismus tag-faberrichard\" data-id=\"1310\">\r\n\t<div class=\"w-grid-item-h\">\r\n\t\t\t\t<div class=\"w-post-elm post_image usg_post_image_1 has_width has_height has_ratio\"><div style=\"padding-bottom:150.0000%\"><\/div><a href=\"https:\/\/europaeischeverlagsanstalt.de\/?p=1310\" target=\"_blank\" rel=\"noopener nofollow\" aria-label=\"Lateinischer Faschismus: \u00dcber Carl Schmitt &#8211; den R\u00f6mer und Katholiken\"><img width=\"130\" height=\"200\" src=\"https:\/\/europaeischeverlagsanstalt.de\/wp-856ad-content\/uploads\/2021\/03\/978-3-86393-112-4_klein.jpg\" class=\"attachment-full size-full wp-post-image\" alt=\"\" loading=\"lazy\" srcset=\"https:\/\/europaeischeverlagsanstalt.de\/wp-856ad-content\/uploads\/2021\/03\/978-3-86393-112-4_klein.jpg 130w, https:\/\/europaeischeverlagsanstalt.de\/wp-856ad-content\/uploads\/2021\/03\/978-3-86393-112-4_klein-33x50.jpg 33w\" sizes=\"(max-width: 130px) 100vw, 130px\" \/><\/a><\/div><h6 class=\"w-post-elm post_custom_field usg_post_custom_field_1 type_text\">Richard Faber<\/h6><h5 class=\"w-post-elm post_title usg_post_title_1 entry-title color_link_inherit\"><a href=\"https:\/\/europaeischeverlagsanstalt.de\/?p=1310\">Lateinischer Faschismus: \u00dcber Carl Schmitt &#8211; den R\u00f6mer und Katholiken<\/a><\/h5><a class=\"w-btn us-btn-style_3 usg_btn_1\" href=\"https:\/\/europaeischeverlagsanstalt.de\/?p=1310\"><span class=\"w-btn-label\">Mehr erfahren<\/span><\/a>\t<\/div>\r\n<\/article>\r\n<article class=\"w-grid-item post-1295 post type-post status-publish format-standard has-post-thumbnail hentry category-allgemein category-buecher category-e-book category-nationalsozialismus tag-dreierhorst tag-vonbruenneckalexander tag-wildtmichael\" data-id=\"1295\">\r\n\t<div class=\"w-grid-item-h\">\r\n\t\t\t\t<div class=\"w-post-elm post_image usg_post_image_1 has_width has_height has_ratio\"><div style=\"padding-bottom:150.0000%\"><\/div><a href=\"https:\/\/europaeischeverlagsanstalt.de\/?p=1295\" target=\"_blank\" rel=\"noopener nofollow\" aria-label=\"ad Ernst Fraenkel  Der Doppelstaat\"><img width=\"113\" height=\"200\" src=\"https:\/\/europaeischeverlagsanstalt.de\/wp-856ad-content\/uploads\/2021\/03\/978-3-86393-113-1_klein.jpg\" class=\"attachment-full size-full wp-post-image\" alt=\"\" loading=\"lazy\" srcset=\"https:\/\/europaeischeverlagsanstalt.de\/wp-856ad-content\/uploads\/2021\/03\/978-3-86393-113-1_klein.jpg 113w, https:\/\/europaeischeverlagsanstalt.de\/wp-856ad-content\/uploads\/2021\/03\/978-3-86393-113-1_klein-28x50.jpg 28w\" sizes=\"(max-width: 113px) 100vw, 113px\" \/><\/a><\/div><h6 class=\"w-post-elm post_custom_field usg_post_custom_field_1 type_text\">Alexander von Br\u00fcnneck, Horst Dreier & Michael Wildt<\/h6><h5 class=\"w-post-elm post_title usg_post_title_1 entry-title color_link_inherit\"><a href=\"https:\/\/europaeischeverlagsanstalt.de\/?p=1295\">ad Ernst Fraenkel <br> Der Doppelstaat<\/a><\/h5><a class=\"w-btn us-btn-style_3 usg_btn_1\" href=\"https:\/\/europaeischeverlagsanstalt.de\/?p=1295\"><span class=\"w-btn-label\">Mehr erfahren<\/span><\/a>\t<\/div>\r\n<\/article>\r\n<article class=\"w-grid-item post-690 post type-post status-publish format-standard has-post-thumbnail hentry category-allgemein category-buecher category-e-book category-nationalsozialismus tag-kirchheimerotto\" data-id=\"690\">\r\n\t<div class=\"w-grid-item-h\">\r\n\t\t\t\t<div class=\"w-post-elm post_image usg_post_image_1 has_width has_height has_ratio\"><div style=\"padding-bottom:150.0000%\"><\/div><a href=\"https:\/\/europaeischeverlagsanstalt.de\/?p=690\" target=\"_blank\" rel=\"noopener nofollow\" aria-label=\"Politische Justiz  Verwendung juristischer Verfahrensm\u00f6glichkeiten zu politischen Zwecken\"><img width=\"128\" height=\"200\" src=\"https:\/\/europaeischeverlagsanstalt.de\/wp-856ad-content\/uploads\/2021\/02\/978-3-86393-094-3_klein.jpg\" class=\"attachment-full size-full wp-post-image\" alt=\"\" loading=\"lazy\" srcset=\"https:\/\/europaeischeverlagsanstalt.de\/wp-856ad-content\/uploads\/2021\/02\/978-3-86393-094-3_klein.jpg 128w, https:\/\/europaeischeverlagsanstalt.de\/wp-856ad-content\/uploads\/2021\/02\/978-3-86393-094-3_klein-32x50.jpg 32w\" sizes=\"(max-width: 128px) 100vw, 128px\" \/><\/a><\/div><h6 class=\"w-post-elm post_custom_field usg_post_custom_field_1 type_text\">Otto Kirchheimer<\/h6><h5 class=\"w-post-elm post_title usg_post_title_1 entry-title color_link_inherit\"><a href=\"https:\/\/europaeischeverlagsanstalt.de\/?p=690\">Politische Justiz <br> Verwendung juristischer Verfahrensm\u00f6glichkeiten zu politischen Zwecken<\/a><\/h5><a class=\"w-btn us-btn-style_3 usg_btn_1\" href=\"https:\/\/europaeischeverlagsanstalt.de\/?p=690\"><span class=\"w-btn-label\">Mehr erfahren<\/span><\/a>\t<\/div>\r\n<\/article>\r\n<article class=\"w-grid-item post-695 post type-post status-publish format-standard has-post-thumbnail hentry category-allgemein category-buecher category-e-book category-nationalsozialismus tag-neumannfranz tag-soellneralfons tag-wildtmichael\" data-id=\"695\">\r\n\t<div class=\"w-grid-item-h\">\r\n\t\t\t\t<div class=\"w-post-elm post_image usg_post_image_1 has_width has_height has_ratio\"><div style=\"padding-bottom:150.0000%\"><\/div><a href=\"https:\/\/europaeischeverlagsanstalt.de\/?p=695\" target=\"_blank\" rel=\"noopener nofollow\" aria-label=\"BehemothStruktur und Praxis des Nationalsozialismus 1933-1944\"><img width=\"128\" height=\"200\" src=\"https:\/\/europaeischeverlagsanstalt.de\/wp-856ad-content\/uploads\/2021\/02\/978-3-86393-048-6_klein.jpg\" class=\"attachment-full size-full wp-post-image\" alt=\"\" loading=\"lazy\" srcset=\"https:\/\/europaeischeverlagsanstalt.de\/wp-856ad-content\/uploads\/2021\/02\/978-3-86393-048-6_klein.jpg 128w, https:\/\/europaeischeverlagsanstalt.de\/wp-856ad-content\/uploads\/2021\/02\/978-3-86393-048-6_klein-32x50.jpg 32w\" sizes=\"(max-width: 128px) 100vw, 128px\" \/><\/a><\/div><h6 class=\"w-post-elm post_custom_field usg_post_custom_field_1 type_text\">Franz Neumann<\/h6><h5 class=\"w-post-elm post_title usg_post_title_1 entry-title color_link_inherit\"><a href=\"https:\/\/europaeischeverlagsanstalt.de\/?p=695\">Behemoth<br>Struktur und Praxis des Nationalsozialismus 1933-1944<\/a><\/h5><h6 class=\"w-post-elm post_custom_field usg_post_custom_field_4 type_text\">Neu Herausgegeben von Alfons S\u00f6llner und Michael Wildt<\/h6><a class=\"w-btn us-btn-style_3 usg_btn_1\" href=\"https:\/\/europaeischeverlagsanstalt.de\/?p=695\"><span class=\"w-btn-label\">Mehr erfahren<\/span><\/a>\t<\/div>\r\n<\/article>\r\n<article class=\"w-grid-item post-2088 post type-post status-publish format-standard has-post-thumbnail hentry category-allgemein category-buecher category-e-book category-nationalsozialismus tag-soellneralfons\" data-id=\"2088\">\r\n\t<div class=\"w-grid-item-h\">\r\n\t\t\t\t<div class=\"w-post-elm post_image usg_post_image_1 has_width has_height has_ratio\"><div style=\"padding-bottom:150.0000%\"><\/div><a href=\"https:\/\/europaeischeverlagsanstalt.de\/?p=2088\" target=\"_blank\" rel=\"noopener nofollow\" aria-label=\"ad Hannah Arendt  Elemente und Urspr\u00fcnge totaler Herrschaft\"><img width=\"420\" height=\"738\" src=\"https:\/\/europaeischeverlagsanstalt.de\/wp-856ad-content\/uploads\/2021\/04\/Soellner_9783863931179.jpg\" class=\"attachment-full size-full wp-post-image\" alt=\"\" loading=\"lazy\" srcset=\"https:\/\/europaeischeverlagsanstalt.de\/wp-856ad-content\/uploads\/2021\/04\/Soellner_9783863931179.jpg 420w, https:\/\/europaeischeverlagsanstalt.de\/wp-856ad-content\/uploads\/2021\/04\/Soellner_9783863931179-171x300.jpg 171w, https:\/\/europaeischeverlagsanstalt.de\/wp-856ad-content\/uploads\/2021\/04\/Soellner_9783863931179-228x400.jpg 228w, https:\/\/europaeischeverlagsanstalt.de\/wp-856ad-content\/uploads\/2021\/04\/Soellner_9783863931179-28x50.jpg 28w\" sizes=\"(max-width: 420px) 100vw, 420px\" \/><\/a><\/div><h6 class=\"w-post-elm post_custom_field usg_post_custom_field_1 type_text\">Alfons S\u00f6llner<\/h6><h5 class=\"w-post-elm post_title usg_post_title_1 entry-title color_link_inherit\"><a href=\"https:\/\/europaeischeverlagsanstalt.de\/?p=2088\">ad Hannah Arendt <br> Elemente und Urspr\u00fcnge totaler Herrschaft<\/a><\/h5><a class=\"w-btn us-btn-style_3 usg_btn_1\" href=\"https:\/\/europaeischeverlagsanstalt.de\/?p=2088\"><span class=\"w-btn-label\">Mehr erfahren<\/span><\/a>\t<\/div>\r\n<\/article>\r\n<article class=\"w-grid-item post-705 post type-post status-publish format-standard has-post-thumbnail hentry category-e-book category-nationalsozialismus tag-schmidtpaul\" data-id=\"705\">\r\n\t<div class=\"w-grid-item-h\">\r\n\t\t\t\t<div class=\"w-post-elm post_image usg_post_image_1 has_width has_height has_ratio\"><div style=\"padding-bottom:150.0000%\"><\/div><a href=\"https:\/\/europaeischeverlagsanstalt.de\/?p=705\" target=\"_blank\" rel=\"noopener nofollow\" aria-label=\"Statist auf diplomatischer B\u00fchne 1923-1945: Erlebnisse des Chefdolmetschers im Ausw\u00e4rtigen Amt mit den Staatsm\u00e4nnern Europas\"><img width=\"145\" height=\"220\" src=\"https:\/\/europaeischeverlagsanstalt.de\/wp-856ad-content\/uploads\/2021\/02\/9783863935030.jpg\" class=\"attachment-full size-full wp-post-image\" alt=\"\" loading=\"lazy\" srcset=\"https:\/\/europaeischeverlagsanstalt.de\/wp-856ad-content\/uploads\/2021\/02\/9783863935030.jpg 145w, https:\/\/europaeischeverlagsanstalt.de\/wp-856ad-content\/uploads\/2021\/02\/9783863935030-33x50.jpg 33w\" sizes=\"(max-width: 145px) 100vw, 145px\" \/><\/a><\/div><h6 class=\"w-post-elm post_custom_field usg_post_custom_field_1 type_text\">Paul Schmidt<\/h6><h5 class=\"w-post-elm post_title usg_post_title_1 entry-title color_link_inherit\"><a href=\"https:\/\/europaeischeverlagsanstalt.de\/?p=705\">Statist auf diplomatischer B\u00fchne 1923-1945: Erlebnisse des Chefdolmetschers im Ausw\u00e4rtigen Amt mit den Staatsm\u00e4nnern Europas<\/a><\/h5><h6 class=\"w-post-elm post_custom_field usg_post_custom_field_4 type_text\">Mit einem Nachwort von Marcus Pyka: Der Dolmetscher als \"Statist\u201c?<\/h6><a class=\"w-btn us-btn-style_3 usg_btn_1\" href=\"https:\/\/europaeischeverlagsanstalt.de\/?p=705\"><span class=\"w-btn-label\">Mehr erfahren<\/span><\/a>\t<\/div>\r\n<\/article>\r\n<\/div><div class=\"g-preloader type_1\">\r\n\t<div><\/div>\r\n<\/div>\r\n\t<div class=\"w-grid-json hidden\" onclick='return {&quot;action&quot;:&quot;us_ajax_grid&quot;,&quot;ajax_url&quot;:&quot;https:\\\/\\\/europaeischeverlagsanstalt.de\\\/wp-admin\\\/admin-ajax.php&quot;,&quot;infinite_scroll&quot;:0,&quot;max_num_pages&quot;:1,&quot;pagination&quot;:&quot;none&quot;,&quot;permalink_url&quot;:&quot;https:\\\/\\\/europaeischeverlagsanstalt.de&quot;,&quot;template_vars&quot;:{&quot;columns&quot;:&quot;4&quot;,&quot;exclude_items&quot;:&quot;none&quot;,&quot;img_size&quot;:&quot;default&quot;,&quot;ignore_items_size&quot;:false,&quot;items_layout&quot;:&quot;69&quot;,&quot;items_offset&quot;:&quot;1&quot;,&quot;load_animation&quot;:&quot;none&quot;,&quot;overriding_link&quot;:&quot;none&quot;,&quot;post_id&quot;:699,&quot;query_args&quot;:{&quot;post_type&quot;:[&quot;post&quot;],&quot;tax_query&quot;:[{&quot;taxonomy&quot;:&quot;category&quot;,&quot;field&quot;:&quot;slug&quot;,&quot;terms&quot;:[&quot;nationalsozialismus&quot;]}],&quot;post_status&quot;:[&quot;publish&quot;,&quot;acf-disabled&quot;],&quot;posts_per_page&quot;:999},&quot;orderby_query_args&quot;:{&quot;meta_query&quot;:{&quot;_orderby_custom_&quot;:{&quot;relation&quot;:&quot;OR&quot;,&quot;0&quot;:{&quot;compare&quot;:&quot;EXISTS&quot;,&quot;key&quot;:&quot;sorting&quot;,&quot;type&quot;:&quot;CHAR&quot;},&quot;1&quot;:{&quot;compare&quot;:&quot;NOT EXISTS&quot;,&quot;key&quot;:&quot;sorting&quot;,&quot;type&quot;:&quot;CHAR&quot;}}},&quot;orderby&quot;:&quot;sorting&quot;,&quot;order&quot;:&quot;ASC&quot;},&quot;type&quot;:&quot;carousel&quot;,&quot;us_grid_ajax_index&quot;:5,&quot;us_grid_filter_params&quot;:null,&quot;us_grid_index&quot;:5,&quot;_us_grid_post_type&quot;:&quot;post&quot;},&quot;carousel_settings&quot;:{&quot;autoHeight&quot;:0,&quot;autoplay&quot;:0,&quot;carousel_fade&quot;:0,&quot;center&quot;:0,&quot;dots&quot;:1,&quot;items&quot;:&quot;4&quot;,&quot;loop&quot;:false,&quot;nav&quot;:1,&quot;slideby&quot;:&quot;1&quot;,&quot;smooth_play&quot;:0,&quot;speed&quot;:250,&quot;timeout&quot;:3000,&quot;transition&quot;:&quot;&quot;},&quot;carousel_breakpoints&quot;:{&quot;1200&quot;:{&quot;items&quot;:4},&quot;900&quot;:{&quot;autoHeight&quot;:0,&quot;autoplay&quot;:1,&quot;autoplayHoverPause&quot;:1,&quot;items&quot;:3,&quot;loop&quot;:false},&quot;600&quot;:{&quot;autoHeight&quot;:0,&quot;autoplay&quot;:1,&quot;autoplayHoverPause&quot;:1,&quot;items&quot;:2,&quot;loop&quot;:false},&quot;0&quot;:{&quot;autoHeight&quot;:0,&quot;autoplay&quot;:1,&quot;autoplayHoverPause&quot;:1,&quot;items&quot;:1,&quot;loop&quot;:true}}}'><\/div>\r\n\t<\/div><div class=\"w-separator size_medium with_line width_default thick_1 style_solid color_border align_center\"><div class=\"w-separator-h\"><\/div><\/div><\/div><\/div><\/div><\/div><div class=\"g-cols wpb_row  us_custom_815c1c57 type_default valign_top vc_inner\"><div class=\"vc_col-sm-6 wpb_column vc_column_container\"><div class=\"vc_column-inner\"><div class=\"wpb_wrapper\">[vc_custom_heading text=&#8221;Der Holocaust&#8221; google_fonts=&#8221;font_family:Open%20Sans%3A300%2C300italic%2Cregular%2Citalic%2C600%2C600italic%2C700%2C700italic%2C800%2C800italic|font_style:600%20bold%20regular%3A600%3Anormal&#8221; css=&#8221;%7B%22default%22%3A%7B%22color%22%3A%22_content_heading%22%2C%22font-weight%22%3A%22500%22%2C%22font-size%22%3A%2226px%22%2C%22line-height%22%3A%2240px%22%7D%7D&#8221;]<div class=\"wpb_text_column\" ><div class=\"wpb_wrapper\"><p>Die mit der Machtergreifung der Nationalsozialisten begonnene gesellschaftliche Ausgrenzung der deutschen Juden steigerte sich im Laufe des zweiten Weltkriegs zu einer systematisch geplanten Vernichtung des europ\u00e4ischen Judentums. International setzte sich daf\u00fcr der zuerst in der amerikanischen Geschichtswissenschaft verwendete Begriff \u201eHolocaust\u201c durch.<br \/>\nDer Holocaust wurde inmitten der modernen Gesellschaft konzipiert und durchgef\u00fchrt, in einer hochentwickelten Zivilisation und im Umfeld au\u00dfergew\u00f6hnlicher kultureller Leistungen; er muss daher als Problem dieser Gesellschaft, Zivilisation und Kultur betrachtet werden.<\/p>\n<\/div><\/div><\/div><\/div><\/div><div class=\"vc_col-sm-6 wpb_column vc_column_container\"><div class=\"vc_column-inner\"><div class=\"wpb_wrapper\"><\/div><\/div><\/div><\/div><div class=\"g-cols wpb_row  us_custom_815c1c57 type_default valign_top vc_inner\"><div class=\"vc_col-sm-12 wpb_column vc_column_container\"><div class=\"vc_column-inner\"><div class=\"wpb_wrapper\"><div class=\"w-grid type_carousel layout_69 cols_4\" id=\"us_grid_6\"><style id=\"us_grid_6_css\">#us_grid_6 .owl-nav div{font-size:1.8rem}#us_grid_6 .w-grid-item{padding:1.5rem}#us_grid_6 .w-grid-list{margin:-1.5rem}.w-grid + #us_grid_6 .w-grid-list{margin-top:1.5rem}<\/style><div class=\"w-grid-list owl-carousel navstyle_circle navpos_outside with_dots\" ><article class=\"w-grid-item post-5985 post type-post status-publish format-standard has-post-thumbnail hentry category-allgemein category-buecher category-der-holocaust category-neuerscheinung tag-durlachergerhard tag-durlacherjessica\" data-id=\"5985\">\r\n\t<div class=\"w-grid-item-h\">\r\n\t\t\t\t<div class=\"w-post-elm post_image usg_post_image_1 has_width has_height has_ratio\"><div style=\"padding-bottom:150.0000%\"><\/div><a href=\"https:\/\/europaeischeverlagsanstalt.de\/?p=5985\" target=\"_blank\" rel=\"noopener nofollow\" aria-label=\"Die graublaue Strickjacke\"><img width=\"1594\" height=\"2480\" src=\"https:\/\/europaeischeverlagsanstalt.de\/wp-856ad-content\/uploads\/2024\/04\/Cover-Durlacher-9.4.2024.jpg\" class=\"attachment-full size-full wp-post-image\" alt=\"\" loading=\"lazy\" srcset=\"https:\/\/europaeischeverlagsanstalt.de\/wp-856ad-content\/uploads\/2024\/04\/Cover-Durlacher-9.4.2024.jpg 1594w, https:\/\/europaeischeverlagsanstalt.de\/wp-856ad-content\/uploads\/2024\/04\/Cover-Durlacher-9.4.2024-193x300.jpg 193w, https:\/\/europaeischeverlagsanstalt.de\/wp-856ad-content\/uploads\/2024\/04\/Cover-Durlacher-9.4.2024-658x1024.jpg 658w, https:\/\/europaeischeverlagsanstalt.de\/wp-856ad-content\/uploads\/2024\/04\/Cover-Durlacher-9.4.2024-257x400.jpg 257w, https:\/\/europaeischeverlagsanstalt.de\/wp-856ad-content\/uploads\/2024\/04\/Cover-Durlacher-9.4.2024-32x50.jpg 32w\" sizes=\"(max-width: 1594px) 100vw, 1594px\" \/><\/a><\/div><h6 class=\"w-post-elm post_custom_field usg_post_custom_field_1 type_text\">Gerhard L. Durlacher<\/h6><h5 class=\"w-post-elm post_title usg_post_title_1 entry-title color_link_inherit\"><a href=\"https:\/\/europaeischeverlagsanstalt.de\/?p=5985\">Die graublaue Strickjacke<\/a><\/h5><h6 class=\"w-post-elm post_custom_field usg_post_custom_field_4 type_text\">Ein j\u00fcdischer Junge unter Nazi-Herrschaft <br> <br>Mit einem Nachwort von Jessica Durlacher<\/h6><a class=\"w-btn us-btn-style_3 usg_btn_1\" href=\"https:\/\/europaeischeverlagsanstalt.de\/?p=5985\"><span class=\"w-btn-label\">Mehr erfahren<\/span><\/a>\t<\/div>\r\n<\/article>\r\n<article class=\"w-grid-item post-47 post type-post status-publish format-standard has-post-thumbnail hentry category-allgemein category-buecher category-der-holocaust category-e-book tag-adlerh-g tag-langbeinhermann tag-lingensreinerella tag-stengelkatharina\" data-id=\"47\">\r\n\t<div class=\"w-grid-item-h\">\r\n\t\t\t\t<div class=\"w-post-elm post_image usg_post_image_1 has_width has_height has_ratio\"><div style=\"padding-bottom:150.0000%\"><\/div><a href=\"https:\/\/europaeischeverlagsanstalt.de\/?p=47\" target=\"_blank\" rel=\"noopener nofollow\" aria-label=\"Auschwitz  Zeugnisse und Berichte\"><img width=\"145\" height=\"220\" src=\"https:\/\/europaeischeverlagsanstalt.de\/wp-856ad-content\/uploads\/2021\/01\/9783863930974_thumb-1.jpg\" class=\"attachment-full size-full wp-post-image\" alt=\"\" loading=\"lazy\" srcset=\"https:\/\/europaeischeverlagsanstalt.de\/wp-856ad-content\/uploads\/2021\/01\/9783863930974_thumb-1.jpg 145w, https:\/\/europaeischeverlagsanstalt.de\/wp-856ad-content\/uploads\/2021\/01\/9783863930974_thumb-1-33x50.jpg 33w\" sizes=\"(max-width: 145px) 100vw, 145px\" \/><\/a><\/div><h6 class=\"w-post-elm post_custom_field usg_post_custom_field_1 type_text\">H. G. Adler, Hermann Langbein & Ella Lingens-Reiner (Hrsg.)<\/h6><h5 class=\"w-post-elm post_title usg_post_title_1 entry-title color_link_inherit\"><a href=\"https:\/\/europaeischeverlagsanstalt.de\/?p=47\">Auschwitz <br> Zeugnisse und Berichte<\/a><\/h5><h6 class=\"w-post-elm post_custom_field usg_post_custom_field_4 type_text\">Mit einer Einleitung zur 6. Auflage von Katharina Stengel<\/h6><a class=\"w-btn us-btn-style_3 usg_btn_1\" href=\"https:\/\/europaeischeverlagsanstalt.de\/?p=47\"><span class=\"w-btn-label\">Mehr erfahren<\/span><\/a>\t<\/div>\r\n<\/article>\r\n<article class=\"w-grid-item post-754 post type-post status-publish format-standard has-post-thumbnail hentry category-allgemein category-buecher category-der-holocaust category-e-book tag-baumanzygmunt\" data-id=\"754\">\r\n\t<div class=\"w-grid-item-h\">\r\n\t\t\t\t<div class=\"w-post-elm post_image usg_post_image_1 has_width has_height has_ratio\"><div style=\"padding-bottom:150.0000%\"><\/div><a href=\"https:\/\/europaeischeverlagsanstalt.de\/?p=754\" target=\"_blank\" rel=\"noopener nofollow\" aria-label=\"Dialektik der Ordnung  Die Moderne und der Holocaust\"><img width=\"391\" height=\"599\" src=\"https:\/\/europaeischeverlagsanstalt.de\/wp-856ad-content\/uploads\/2021\/02\/Dialektik-der-Ordnung.jpeg\" class=\"attachment-full size-full wp-post-image\" alt=\"\" loading=\"lazy\" srcset=\"https:\/\/europaeischeverlagsanstalt.de\/wp-856ad-content\/uploads\/2021\/02\/Dialektik-der-Ordnung.jpeg 391w, https:\/\/europaeischeverlagsanstalt.de\/wp-856ad-content\/uploads\/2021\/02\/Dialektik-der-Ordnung-196x300.jpeg 196w, https:\/\/europaeischeverlagsanstalt.de\/wp-856ad-content\/uploads\/2021\/02\/Dialektik-der-Ordnung-261x400.jpeg 261w, https:\/\/europaeischeverlagsanstalt.de\/wp-856ad-content\/uploads\/2021\/02\/Dialektik-der-Ordnung-266x407.jpeg 266w, https:\/\/europaeischeverlagsanstalt.de\/wp-856ad-content\/uploads\/2021\/02\/Dialektik-der-Ordnung-33x50.jpeg 33w\" sizes=\"(max-width: 391px) 100vw, 391px\" \/><\/a><\/div><h6 class=\"w-post-elm post_custom_field usg_post_custom_field_1 type_text\">Zygmunt Bauman<\/h6><h5 class=\"w-post-elm post_title usg_post_title_1 entry-title color_link_inherit\"><a href=\"https:\/\/europaeischeverlagsanstalt.de\/?p=754\">Dialektik der Ordnung <br> Die Moderne und der Holocaust<\/a><\/h5><h6 class=\"w-post-elm post_custom_field usg_post_custom_field_4 type_text\">Neuausgabe mit einem Nachwort von Ulrich Bielefeld<\/h6><a class=\"w-btn us-btn-style_3 usg_btn_1\" href=\"https:\/\/europaeischeverlagsanstalt.de\/?p=754\"><span class=\"w-btn-label\">Mehr erfahren<\/span><\/a>\t<\/div>\r\n<\/article>\r\n<article class=\"w-grid-item post-682 post type-post status-publish format-standard has-post-thumbnail hentry category-allgemein category-buecher category-der-holocaust category-e-book tag-bornsteinernst\" data-id=\"682\">\r\n\t<div class=\"w-grid-item-h\">\r\n\t\t\t\t<div class=\"w-post-elm post_image usg_post_image_1 has_width has_height has_ratio\"><div style=\"padding-bottom:150.0000%\"><\/div><a href=\"https:\/\/europaeischeverlagsanstalt.de\/?p=682\" target=\"_blank\" rel=\"noopener nofollow\" aria-label=\"Die lange Nacht  Ein Bericht aus sieben Lagern\"><img width=\"600\" height=\"923\" src=\"https:\/\/europaeischeverlagsanstalt.de\/wp-856ad-content\/uploads\/2021\/02\/978-3-86393-092-9-_gross.jpg\" class=\"attachment-full size-full wp-post-image\" alt=\"\" loading=\"lazy\" srcset=\"https:\/\/europaeischeverlagsanstalt.de\/wp-856ad-content\/uploads\/2021\/02\/978-3-86393-092-9-_gross.jpg 600w, https:\/\/europaeischeverlagsanstalt.de\/wp-856ad-content\/uploads\/2021\/02\/978-3-86393-092-9-_gross-195x300.jpg 195w, https:\/\/europaeischeverlagsanstalt.de\/wp-856ad-content\/uploads\/2021\/02\/978-3-86393-092-9-_gross-260x400.jpg 260w, https:\/\/europaeischeverlagsanstalt.de\/wp-856ad-content\/uploads\/2021\/02\/978-3-86393-092-9-_gross-33x50.jpg 33w\" sizes=\"(max-width: 600px) 100vw, 600px\" \/><\/a><\/div><h6 class=\"w-post-elm post_custom_field usg_post_custom_field_1 type_text\">Ernst Israel Bornstein<\/h6><h5 class=\"w-post-elm post_title usg_post_title_1 entry-title color_link_inherit\"><a href=\"https:\/\/europaeischeverlagsanstalt.de\/?p=682\">Die lange Nacht <br> Ein Bericht aus sieben Lagern<\/a><\/h5><h6 class=\"w-post-elm post_custom_field usg_post_custom_field_4 type_text\">Neuausgabe mit einem Vorwort von Charlotte Knobloch und einem Anhang mit Dokumenten und Artikeln von Ernst Israel Bornstein<\/h6><a class=\"w-btn us-btn-style_3 usg_btn_1\" href=\"https:\/\/europaeischeverlagsanstalt.de\/?p=682\"><span class=\"w-btn-label\">Mehr erfahren<\/span><\/a>\t<\/div>\r\n<\/article>\r\n<article class=\"w-grid-item post-687 post type-post status-publish format-standard has-post-thumbnail hentry category-allgemein category-buecher category-der-holocaust category-e-book tag-gnielkathomas tag-renzwerner\" data-id=\"687\">\r\n\t<div class=\"w-grid-item-h\">\r\n\t\t\t\t<div class=\"w-post-elm post_image usg_post_image_1 has_width has_height has_ratio\"><div style=\"padding-bottom:150.0000%\"><\/div><a href=\"https:\/\/europaeischeverlagsanstalt.de\/?p=687\" target=\"_blank\" rel=\"noopener nofollow\" aria-label=\"Als Kindersoldat in AuschwitzDie Geschichte einer Klasse\"><img width=\"1664\" height=\"2560\" src=\"https:\/\/europaeischeverlagsanstalt.de\/wp-856ad-content\/uploads\/2021\/02\/978-3-86393-058-5_gross.jpg\" class=\"attachment-full size-full wp-post-image\" alt=\"\" loading=\"lazy\" srcset=\"https:\/\/europaeischeverlagsanstalt.de\/wp-856ad-content\/uploads\/2021\/02\/978-3-86393-058-5_gross.jpg 1664w, https:\/\/europaeischeverlagsanstalt.de\/wp-856ad-content\/uploads\/2021\/02\/978-3-86393-058-5_gross-195x300.jpg 195w, https:\/\/europaeischeverlagsanstalt.de\/wp-856ad-content\/uploads\/2021\/02\/978-3-86393-058-5_gross-666x1024.jpg 666w, https:\/\/europaeischeverlagsanstalt.de\/wp-856ad-content\/uploads\/2021\/02\/978-3-86393-058-5_gross-260x400.jpg 260w, https:\/\/europaeischeverlagsanstalt.de\/wp-856ad-content\/uploads\/2021\/02\/978-3-86393-058-5_gross-33x50.jpg 33w\" sizes=\"(max-width: 1664px) 100vw, 1664px\" \/><\/a><\/div><h6 class=\"w-post-elm post_custom_field usg_post_custom_field_1 type_text\">Thomas Gnielka<\/h6><h5 class=\"w-post-elm post_title usg_post_title_1 entry-title color_link_inherit\"><a href=\"https:\/\/europaeischeverlagsanstalt.de\/?p=687\">Als Kindersoldat in Auschwitz<br>Die Geschichte einer Klasse<\/a><\/h5><a class=\"w-btn us-btn-style_3 usg_btn_1\" href=\"https:\/\/europaeischeverlagsanstalt.de\/?p=687\"><span class=\"w-btn-label\">Mehr erfahren<\/span><\/a>\t<\/div>\r\n<\/article>\r\n<article class=\"w-grid-item post-692 post type-post status-publish format-standard has-post-thumbnail hentry category-allgemein category-buecher category-der-holocaust category-e-book tag-michelsonfrida\" data-id=\"692\">\r\n\t<div class=\"w-grid-item-h\">\r\n\t\t\t\t<div class=\"w-post-elm post_image usg_post_image_1 has_width has_height has_ratio\"><div style=\"padding-bottom:150.0000%\"><\/div><a href=\"https:\/\/europaeischeverlagsanstalt.de\/?p=692\" target=\"_blank\" rel=\"noopener nofollow\" aria-label=\"Ich \u00fcberlebte Rumbula\"><img width=\"600\" height=\"916\" src=\"https:\/\/europaeischeverlagsanstalt.de\/wp-856ad-content\/uploads\/2021\/02\/978-3-86393-093-6_gross.jpg\" class=\"attachment-full size-full wp-post-image\" alt=\"\" loading=\"lazy\" srcset=\"https:\/\/europaeischeverlagsanstalt.de\/wp-856ad-content\/uploads\/2021\/02\/978-3-86393-093-6_gross.jpg 600w, https:\/\/europaeischeverlagsanstalt.de\/wp-856ad-content\/uploads\/2021\/02\/978-3-86393-093-6_gross-197x300.jpg 197w, https:\/\/europaeischeverlagsanstalt.de\/wp-856ad-content\/uploads\/2021\/02\/978-3-86393-093-6_gross-262x400.jpg 262w, https:\/\/europaeischeverlagsanstalt.de\/wp-856ad-content\/uploads\/2021\/02\/978-3-86393-093-6_gross-266x407.jpg 266w, https:\/\/europaeischeverlagsanstalt.de\/wp-856ad-content\/uploads\/2021\/02\/978-3-86393-093-6_gross-33x50.jpg 33w\" sizes=\"(max-width: 600px) 100vw, 600px\" \/><\/a><\/div><h6 class=\"w-post-elm post_custom_field usg_post_custom_field_1 type_text\">Frida Michelson<\/h6><h5 class=\"w-post-elm post_title usg_post_title_1 entry-title color_link_inherit\"><a href=\"https:\/\/europaeischeverlagsanstalt.de\/?p=692\">Ich \u00fcberlebte Rumbula<\/a><\/h5><a class=\"w-btn us-btn-style_3 usg_btn_1\" href=\"https:\/\/europaeischeverlagsanstalt.de\/?p=692\"><span class=\"w-btn-label\">Mehr erfahren<\/span><\/a>\t<\/div>\r\n<\/article>\r\n<article class=\"w-grid-item post-694 post type-post status-publish format-standard has-post-thumbnail hentry category-allgemein category-buecher category-der-holocaust category-e-book tag-bauerfritz tag-naumannbernd\" data-id=\"694\">\r\n\t<div class=\"w-grid-item-h\">\r\n\t\t\t\t<div class=\"w-post-elm post_image usg_post_image_1 has_width has_height has_ratio\"><div style=\"padding-bottom:150.0000%\"><\/div><a href=\"https:\/\/europaeischeverlagsanstalt.de\/?p=694\" target=\"_blank\" rel=\"noopener nofollow\" aria-label=\"Der Auschwitz-Prozess  Bericht \u00fcber die Strafsache gegen Mulka u.a. vor dem Schwurgericht Frankfurt am Main 1963-1965\"><img width=\"797\" height=\"1211\" src=\"https:\/\/europaeischeverlagsanstalt.de\/wp-856ad-content\/uploads\/2021\/02\/978-3-86393-049-3_gross.jpg\" class=\"attachment-full size-full wp-post-image\" alt=\"\" loading=\"lazy\" srcset=\"https:\/\/europaeischeverlagsanstalt.de\/wp-856ad-content\/uploads\/2021\/02\/978-3-86393-049-3_gross.jpg 797w, https:\/\/europaeischeverlagsanstalt.de\/wp-856ad-content\/uploads\/2021\/02\/978-3-86393-049-3_gross-197x300.jpg 197w, https:\/\/europaeischeverlagsanstalt.de\/wp-856ad-content\/uploads\/2021\/02\/978-3-86393-049-3_gross-674x1024.jpg 674w, https:\/\/europaeischeverlagsanstalt.de\/wp-856ad-content\/uploads\/2021\/02\/978-3-86393-049-3_gross-263x400.jpg 263w, https:\/\/europaeischeverlagsanstalt.de\/wp-856ad-content\/uploads\/2021\/02\/978-3-86393-049-3_gross-33x50.jpg 33w\" sizes=\"(max-width: 797px) 100vw, 797px\" \/><\/a><\/div><h6 class=\"w-post-elm post_custom_field usg_post_custom_field_1 type_text\">Bernd Naumann<\/h6><h5 class=\"w-post-elm post_title usg_post_title_1 entry-title color_link_inherit\"><a href=\"https:\/\/europaeischeverlagsanstalt.de\/?p=694\">Der Auschwitz-Prozess <br> Bericht \u00fcber die Strafsache gegen Mulka u.a. vor dem Schwurgericht Frankfurt am Main 1963-1965<\/a><\/h5><h6 class=\"w-post-elm post_custom_field usg_post_custom_field_4 type_text\">Aktualisierte Neuausgabe mit einem Vorwort von Werner Renz<\/h6><a class=\"w-btn us-btn-style_3 usg_btn_1\" href=\"https:\/\/europaeischeverlagsanstalt.de\/?p=694\"><span class=\"w-btn-label\">Mehr erfahren<\/span><\/a>\t<\/div>\r\n<\/article>\r\n<article class=\"w-grid-item post-701 post type-post status-publish format-standard has-post-thumbnail hentry category-allgemein category-buecher category-der-holocaust category-e-book tag-bauerfritz tag-renzwerner\" data-id=\"701\">\r\n\t<div class=\"w-grid-item-h\">\r\n\t\t\t\t<div class=\"w-post-elm post_image usg_post_image_1 has_width has_height has_ratio\"><div style=\"padding-bottom:150.0000%\"><\/div><a href=\"https:\/\/europaeischeverlagsanstalt.de\/?p=701\" target=\"_blank\" rel=\"noopener nofollow\" aria-label=\"Fritz Bauer und das Versagen der Justiz  Nazi-Prozesse und ihre &#8216;Trag\u00f6die&#8217;\"><img width=\"1664\" height=\"2560\" src=\"https:\/\/europaeischeverlagsanstalt.de\/wp-856ad-content\/uploads\/2021\/02\/978-3-86393-068-4_gross.jpg\" class=\"attachment-full size-full wp-post-image\" alt=\"\" loading=\"lazy\" srcset=\"https:\/\/europaeischeverlagsanstalt.de\/wp-856ad-content\/uploads\/2021\/02\/978-3-86393-068-4_gross.jpg 1664w, https:\/\/europaeischeverlagsanstalt.de\/wp-856ad-content\/uploads\/2021\/02\/978-3-86393-068-4_gross-195x300.jpg 195w, https:\/\/europaeischeverlagsanstalt.de\/wp-856ad-content\/uploads\/2021\/02\/978-3-86393-068-4_gross-666x1024.jpg 666w, https:\/\/europaeischeverlagsanstalt.de\/wp-856ad-content\/uploads\/2021\/02\/978-3-86393-068-4_gross-260x400.jpg 260w, https:\/\/europaeischeverlagsanstalt.de\/wp-856ad-content\/uploads\/2021\/02\/978-3-86393-068-4_gross-33x50.jpg 33w\" sizes=\"(max-width: 1664px) 100vw, 1664px\" \/><\/a><\/div><h6 class=\"w-post-elm post_custom_field usg_post_custom_field_1 type_text\">Werner Renz<\/h6><h5 class=\"w-post-elm post_title usg_post_title_1 entry-title color_link_inherit\"><a href=\"https:\/\/europaeischeverlagsanstalt.de\/?p=701\">Fritz Bauer und das Versagen der Justiz <br> Nazi-Prozesse und ihre &#8216;Trag\u00f6die&#8217;<\/a><\/h5><a class=\"w-btn us-btn-style_3 usg_btn_1\" href=\"https:\/\/europaeischeverlagsanstalt.de\/?p=701\"><span class=\"w-btn-label\">Mehr erfahren<\/span><\/a>\t<\/div>\r\n<\/article>\r\n<article class=\"w-grid-item post-702 post type-post status-publish format-standard has-post-thumbnail hentry category-allgemein category-buecher category-der-holocaust category-e-book tag-bauerfritz tag-renzwerner\" data-id=\"702\">\r\n\t<div class=\"w-grid-item-h\">\r\n\t\t\t\t<div class=\"w-post-elm post_image usg_post_image_1 has_width has_height has_ratio\"><div style=\"padding-bottom:150.0000%\"><\/div><a href=\"https:\/\/europaeischeverlagsanstalt.de\/?p=702\" target=\"_blank\" rel=\"noopener nofollow\" aria-label=\"Auschwitz vor Gericht  Fritz Bauers Verm\u00e4chtnis und seine Missachtung\"><img width=\"1664\" height=\"2560\" src=\"https:\/\/europaeischeverlagsanstalt.de\/wp-856ad-content\/uploads\/2021\/02\/978-3-86393-089-9_gross.jpg\" class=\"attachment-full size-full wp-post-image\" alt=\"\" loading=\"lazy\" srcset=\"https:\/\/europaeischeverlagsanstalt.de\/wp-856ad-content\/uploads\/2021\/02\/978-3-86393-089-9_gross.jpg 1664w, https:\/\/europaeischeverlagsanstalt.de\/wp-856ad-content\/uploads\/2021\/02\/978-3-86393-089-9_gross-195x300.jpg 195w, https:\/\/europaeischeverlagsanstalt.de\/wp-856ad-content\/uploads\/2021\/02\/978-3-86393-089-9_gross-666x1024.jpg 666w, https:\/\/europaeischeverlagsanstalt.de\/wp-856ad-content\/uploads\/2021\/02\/978-3-86393-089-9_gross-260x400.jpg 260w, https:\/\/europaeischeverlagsanstalt.de\/wp-856ad-content\/uploads\/2021\/02\/978-3-86393-089-9_gross-33x50.jpg 33w\" sizes=\"(max-width: 1664px) 100vw, 1664px\" \/><\/a><\/div><h6 class=\"w-post-elm post_custom_field usg_post_custom_field_1 type_text\">Werner Renz<\/h6><h5 class=\"w-post-elm post_title usg_post_title_1 entry-title color_link_inherit\"><a href=\"https:\/\/europaeischeverlagsanstalt.de\/?p=702\">Auschwitz vor Gericht <br> Fritz Bauers Verm\u00e4chtnis und seine Missachtung<\/a><\/h5><a class=\"w-btn us-btn-style_3 usg_btn_1\" href=\"https:\/\/europaeischeverlagsanstalt.de\/?p=702\"><span class=\"w-btn-label\">Mehr erfahren<\/span><\/a>\t<\/div>\r\n<\/article>\r\n<\/div><div class=\"g-preloader type_1\">\r\n\t<div><\/div>\r\n<\/div>\r\n\t<div class=\"w-grid-json hidden\" onclick='return {&quot;action&quot;:&quot;us_ajax_grid&quot;,&quot;ajax_url&quot;:&quot;https:\\\/\\\/europaeischeverlagsanstalt.de\\\/wp-admin\\\/admin-ajax.php&quot;,&quot;infinite_scroll&quot;:0,&quot;max_num_pages&quot;:1,&quot;pagination&quot;:&quot;none&quot;,&quot;permalink_url&quot;:&quot;https:\\\/\\\/europaeischeverlagsanstalt.de&quot;,&quot;template_vars&quot;:{&quot;columns&quot;:&quot;4&quot;,&quot;exclude_items&quot;:&quot;none&quot;,&quot;img_size&quot;:&quot;default&quot;,&quot;ignore_items_size&quot;:false,&quot;items_layout&quot;:&quot;69&quot;,&quot;items_offset&quot;:&quot;1&quot;,&quot;load_animation&quot;:&quot;none&quot;,&quot;overriding_link&quot;:&quot;none&quot;,&quot;post_id&quot;:705,&quot;query_args&quot;:{&quot;post_type&quot;:[&quot;post&quot;],&quot;tax_query&quot;:[{&quot;taxonomy&quot;:&quot;category&quot;,&quot;field&quot;:&quot;slug&quot;,&quot;terms&quot;:[&quot;der-holocaust&quot;]}],&quot;post_status&quot;:[&quot;publish&quot;,&quot;acf-disabled&quot;],&quot;posts_per_page&quot;:999},&quot;orderby_query_args&quot;:{&quot;meta_query&quot;:{&quot;_orderby_custom_&quot;:{&quot;relation&quot;:&quot;OR&quot;,&quot;0&quot;:{&quot;compare&quot;:&quot;EXISTS&quot;,&quot;key&quot;:&quot;sorting&quot;,&quot;type&quot;:&quot;CHAR&quot;},&quot;1&quot;:{&quot;compare&quot;:&quot;NOT EXISTS&quot;,&quot;key&quot;:&quot;sorting&quot;,&quot;type&quot;:&quot;CHAR&quot;}}},&quot;orderby&quot;:&quot;sorting&quot;,&quot;order&quot;:&quot;ASC&quot;},&quot;type&quot;:&quot;carousel&quot;,&quot;us_grid_ajax_index&quot;:6,&quot;us_grid_filter_params&quot;:null,&quot;us_grid_index&quot;:6,&quot;_us_grid_post_type&quot;:&quot;post&quot;},&quot;carousel_settings&quot;:{&quot;autoHeight&quot;:0,&quot;autoplay&quot;:0,&quot;carousel_fade&quot;:0,&quot;center&quot;:0,&quot;dots&quot;:1,&quot;items&quot;:&quot;4&quot;,&quot;loop&quot;:false,&quot;nav&quot;:1,&quot;slideby&quot;:&quot;1&quot;,&quot;smooth_play&quot;:0,&quot;speed&quot;:250,&quot;timeout&quot;:3000,&quot;transition&quot;:&quot;&quot;},&quot;carousel_breakpoints&quot;:{&quot;1200&quot;:{&quot;items&quot;:4},&quot;900&quot;:{&quot;autoHeight&quot;:0,&quot;autoplay&quot;:1,&quot;autoplayHoverPause&quot;:1,&quot;items&quot;:3,&quot;loop&quot;:false},&quot;600&quot;:{&quot;autoHeight&quot;:0,&quot;autoplay&quot;:1,&quot;autoplayHoverPause&quot;:1,&quot;items&quot;:2,&quot;loop&quot;:false},&quot;0&quot;:{&quot;autoHeight&quot;:0,&quot;autoplay&quot;:1,&quot;autoplayHoverPause&quot;:1,&quot;items&quot;:1,&quot;loop&quot;:true}}}'><\/div>\r\n\t<\/div><div class=\"w-separator size_medium with_line width_default thick_1 style_solid color_border align_center\"><div class=\"w-separator-h\"><\/div><\/div><\/div><\/div><\/div><\/div><div class=\"g-cols wpb_row  us_custom_815c1c57 type_default valign_top vc_inner\"><div class=\"vc_col-sm-6 wpb_column vc_column_container\"><div class=\"vc_column-inner\"><div class=\"wpb_wrapper\">[vc_custom_heading text=&#8221;Emigration und Remigration&#8221; google_fonts=&#8221;font_family:Open%20Sans%3A300%2C300italic%2Cregular%2Citalic%2C600%2C600italic%2C700%2C700italic%2C800%2C800italic|font_style:600%20bold%20regular%3A600%3Anormal&#8221; css=&#8221;%7B%22default%22%3A%7B%22color%22%3A%22_content_heading%22%2C%22font-weight%22%3A%22500%22%2C%22font-size%22%3A%2226px%22%2C%22line-height%22%3A%2240px%22%7D%7D&#8221;]<div class=\"wpb_text_column\" ><div class=\"wpb_wrapper\"><p>Die Ausgrenzung und Verfolgung der j\u00fcdischen B\u00fcrgerinnen und B\u00fcrger nach der Macht\u00fcbernahme der NDSDAP 1933 trieb nicht wenige der bedeutendsten Denker ins Exil. Ihr politisches und gesellschaftliches Denken war in besonderer Weise durch die Erfahrung existentieller Gef\u00e4hrdung und durch die Wahrnehmung des d\u00fcnnen Firnisses westlicher Zivilisation gepr\u00e4gt. In Westeuropa und Amerika beeinflussten diese Emigranten ihrerseits den Diskurs \u00fcber Politik, Recht, \u00d6konomie und Gesellschaft. Ohne ihre Exilerfahrung, die eine neue Neuanpassung, eine Akkulturation und Modifikation von Ideen erforderte, w\u00e4re die intellektuelle Welt des Kalten Krieges kaum verstehbar.<\/p>\n<\/div><\/div><\/div><\/div><\/div><div class=\"vc_col-sm-6 wpb_column vc_column_container\"><div class=\"vc_column-inner\"><div class=\"wpb_wrapper\"><\/div><\/div><\/div><\/div><div class=\"g-cols wpb_row  us_custom_815c1c57 type_default valign_top vc_inner\"><div class=\"vc_col-sm-12 wpb_column vc_column_container\"><div class=\"vc_column-inner\"><div class=\"wpb_wrapper\"><div class=\"w-grid type_carousel layout_69 cols_4\" id=\"us_grid_7\"><style id=\"us_grid_7_css\">#us_grid_7 .owl-nav div{font-size:1.8rem}#us_grid_7 .w-grid-item{padding:1.5rem}#us_grid_7 .w-grid-list{margin:-1.5rem}.w-grid + #us_grid_7 .w-grid-list{margin-top:1.5rem}<\/style><div class=\"w-grid-list owl-carousel navstyle_circle navpos_outside with_dots\" ><article class=\"w-grid-item post-52 post type-post status-publish format-standard has-post-thumbnail hentry category-allgemein category-buecher category-e-book category-exil tag-adornotheodor\" data-id=\"52\">\r\n\t<div class=\"w-grid-item-h\">\r\n\t\t\t\t<div class=\"w-post-elm post_image usg_post_image_1 has_width has_height has_ratio\"><div style=\"padding-bottom:150.0000%\"><\/div><a href=\"https:\/\/europaeischeverlagsanstalt.de\/?p=52\" target=\"_blank\" rel=\"noopener nofollow\" aria-label=\"Soziologische Exkurse\"><img width=\"144\" height=\"220\" src=\"https:\/\/europaeischeverlagsanstalt.de\/wp-856ad-content\/uploads\/2021\/01\/9783863930394_thumb-1.jpg\" class=\"attachment-full size-full wp-post-image\" alt=\"\" loading=\"lazy\" srcset=\"https:\/\/europaeischeverlagsanstalt.de\/wp-856ad-content\/uploads\/2021\/01\/9783863930394_thumb-1.jpg 144w, https:\/\/europaeischeverlagsanstalt.de\/wp-856ad-content\/uploads\/2021\/01\/9783863930394_thumb-1-33x50.jpg 33w\" sizes=\"(max-width: 144px) 100vw, 144px\" \/><\/a><\/div><h6 class=\"w-post-elm post_custom_field usg_post_custom_field_1 type_text\">Theodor W. Adorno, Max Horkheimer & Das Institut f\u00fcr Sozialforschung (Hrsg.)<\/h6><h5 class=\"w-post-elm post_title usg_post_title_1 entry-title color_link_inherit\"><a href=\"https:\/\/europaeischeverlagsanstalt.de\/?p=52\">Soziologische Exkurse<\/a><\/h5><a class=\"w-btn us-btn-style_3 usg_btn_1\" href=\"https:\/\/europaeischeverlagsanstalt.de\/?p=52\"><span class=\"w-btn-label\">Mehr erfahren<\/span><\/a>\t<\/div>\r\n<\/article>\r\n<article class=\"w-grid-item post-535 post type-post status-publish format-standard has-post-thumbnail hentry category-allgemein category-buecher category-e-book category-exil tag-kristevakjulia\" data-id=\"535\">\r\n\t<div class=\"w-grid-item-h\">\r\n\t\t\t\t<div class=\"w-post-elm post_image usg_post_image_1 has_width has_height has_ratio\"><div style=\"padding-bottom:150.0000%\"><\/div><a href=\"https:\/\/europaeischeverlagsanstalt.de\/?p=535\" target=\"_blank\" rel=\"noopener nofollow\" aria-label=\"Das weibliche GenieHannah Arendt\"><img width=\"797\" height=\"1222\" src=\"https:\/\/europaeischeverlagsanstalt.de\/wp-856ad-content\/uploads\/2021\/02\/978-3-86393-108-7_klein.jpg\" class=\"attachment-full size-full wp-post-image\" alt=\"\" loading=\"lazy\" srcset=\"https:\/\/europaeischeverlagsanstalt.de\/wp-856ad-content\/uploads\/2021\/02\/978-3-86393-108-7_klein.jpg 797w, https:\/\/europaeischeverlagsanstalt.de\/wp-856ad-content\/uploads\/2021\/02\/978-3-86393-108-7_klein-196x300.jpg 196w, https:\/\/europaeischeverlagsanstalt.de\/wp-856ad-content\/uploads\/2021\/02\/978-3-86393-108-7_klein-668x1024.jpg 668w, https:\/\/europaeischeverlagsanstalt.de\/wp-856ad-content\/uploads\/2021\/02\/978-3-86393-108-7_klein-261x400.jpg 261w, https:\/\/europaeischeverlagsanstalt.de\/wp-856ad-content\/uploads\/2021\/02\/978-3-86393-108-7_klein-266x407.jpg 266w, https:\/\/europaeischeverlagsanstalt.de\/wp-856ad-content\/uploads\/2021\/02\/978-3-86393-108-7_klein-33x50.jpg 33w\" sizes=\"(max-width: 797px) 100vw, 797px\" \/><\/a><\/div><h6 class=\"w-post-elm post_custom_field usg_post_custom_field_1 type_text\">Julia Kristeva<\/h6><h5 class=\"w-post-elm post_title usg_post_title_1 entry-title color_link_inherit\"><a href=\"https:\/\/europaeischeverlagsanstalt.de\/?p=535\">Das weibliche Genie<br>Hannah Arendt<\/a><\/h5><a class=\"w-btn us-btn-style_3 usg_btn_1\" href=\"https:\/\/europaeischeverlagsanstalt.de\/?p=535\"><span class=\"w-btn-label\">Mehr erfahren<\/span><\/a>\t<\/div>\r\n<\/article>\r\n<article class=\"w-grid-item post-698 post type-post status-publish format-standard has-post-thumbnail hentry category-allgemein category-buecher category-e-book category-exil tag-plessnermonika\" data-id=\"698\">\r\n\t<div class=\"w-grid-item-h\">\r\n\t\t\t\t<div class=\"w-post-elm post_image usg_post_image_1 has_width has_height has_ratio\"><div style=\"padding-bottom:150.0000%\"><\/div><a href=\"https:\/\/europaeischeverlagsanstalt.de\/?p=698\" target=\"_blank\" rel=\"noopener nofollow\" aria-label=\"Die Argonauten auf Long Island  Begegnungen mit Hannah Arendt, Theodor W. Adorno, Gershom Scholem und anderen\"><img width=\"1677\" height=\"2560\" src=\"https:\/\/europaeischeverlagsanstalt.de\/wp-856ad-content\/uploads\/2021\/02\/978-3-86393-069-1_gross.jpg\" class=\"attachment-full size-full wp-post-image\" alt=\"\" loading=\"lazy\" srcset=\"https:\/\/europaeischeverlagsanstalt.de\/wp-856ad-content\/uploads\/2021\/02\/978-3-86393-069-1_gross.jpg 1677w, https:\/\/europaeischeverlagsanstalt.de\/wp-856ad-content\/uploads\/2021\/02\/978-3-86393-069-1_gross-197x300.jpg 197w, https:\/\/europaeischeverlagsanstalt.de\/wp-856ad-content\/uploads\/2021\/02\/978-3-86393-069-1_gross-671x1024.jpg 671w, https:\/\/europaeischeverlagsanstalt.de\/wp-856ad-content\/uploads\/2021\/02\/978-3-86393-069-1_gross-262x400.jpg 262w, https:\/\/europaeischeverlagsanstalt.de\/wp-856ad-content\/uploads\/2021\/02\/978-3-86393-069-1_gross-266x407.jpg 266w, https:\/\/europaeischeverlagsanstalt.de\/wp-856ad-content\/uploads\/2021\/02\/978-3-86393-069-1_gross-33x50.jpg 33w\" sizes=\"(max-width: 1677px) 100vw, 1677px\" \/><\/a><\/div><h6 class=\"w-post-elm post_custom_field usg_post_custom_field_1 type_text\">Monika Plessner<\/h6><h5 class=\"w-post-elm post_title usg_post_title_1 entry-title color_link_inherit\"><a href=\"https:\/\/europaeischeverlagsanstalt.de\/?p=698\">Die Argonauten auf Long Island <br> Begegnungen mit Hannah Arendt, Theodor W. Adorno, Gershom Scholem und anderen<\/a><\/h5><h6 class=\"w-post-elm post_custom_field usg_post_custom_field_4 type_text\">Mit einem Nachwort von Detlev Claussen<\/h6><a class=\"w-btn us-btn-style_3 usg_btn_1\" href=\"https:\/\/europaeischeverlagsanstalt.de\/?p=698\"><span class=\"w-btn-label\">Mehr erfahren<\/span><\/a>\t<\/div>\r\n<\/article>\r\n<article class=\"w-grid-item post-707 post type-post status-publish format-standard has-post-thumbnail hentry category-allgemein category-buecher category-e-book category-exil tag-soellneralfons\" data-id=\"707\">\r\n\t<div class=\"w-grid-item-h\">\r\n\t\t\t\t<div class=\"w-post-elm post_image usg_post_image_1 has_width has_height has_ratio\"><div style=\"padding-bottom:150.0000%\"><\/div><a href=\"https:\/\/europaeischeverlagsanstalt.de\/?p=707\" target=\"_blank\" rel=\"noopener nofollow\" aria-label=\"Political Scholar  Zur Intellektuellengeschichte des 20. Jahrhunderts\"><img width=\"131\" height=\"200\" src=\"https:\/\/europaeischeverlagsanstalt.de\/wp-856ad-content\/uploads\/2021\/02\/978-3-86393-090-5_klein.jpg\" class=\"attachment-full size-full wp-post-image\" alt=\"\" loading=\"lazy\" srcset=\"https:\/\/europaeischeverlagsanstalt.de\/wp-856ad-content\/uploads\/2021\/02\/978-3-86393-090-5_klein.jpg 131w, https:\/\/europaeischeverlagsanstalt.de\/wp-856ad-content\/uploads\/2021\/02\/978-3-86393-090-5_klein-33x50.jpg 33w\" sizes=\"(max-width: 131px) 100vw, 131px\" \/><\/a><\/div><h6 class=\"w-post-elm post_custom_field usg_post_custom_field_1 type_text\">Alfons S\u00f6llner<\/h6><h5 class=\"w-post-elm post_title usg_post_title_1 entry-title color_link_inherit\"><a href=\"https:\/\/europaeischeverlagsanstalt.de\/?p=707\">Political Scholar <br> Zur Intellektuellengeschichte des 20. Jahrhunderts<\/a><\/h5><a class=\"w-btn us-btn-style_3 usg_btn_1\" href=\"https:\/\/europaeischeverlagsanstalt.de\/?p=707\"><span class=\"w-btn-label\">Mehr erfahren<\/span><\/a>\t<\/div>\r\n<\/article>\r\n<\/div><div class=\"g-preloader type_1\">\r\n\t<div><\/div>\r\n<\/div>\r\n\t<div class=\"w-grid-json hidden\" onclick='return {&quot;action&quot;:&quot;us_ajax_grid&quot;,&quot;ajax_url&quot;:&quot;https:\\\/\\\/europaeischeverlagsanstalt.de\\\/wp-admin\\\/admin-ajax.php&quot;,&quot;infinite_scroll&quot;:0,&quot;max_num_pages&quot;:1,&quot;pagination&quot;:&quot;none&quot;,&quot;permalink_url&quot;:&quot;https:\\\/\\\/europaeischeverlagsanstalt.de&quot;,&quot;template_vars&quot;:{&quot;columns&quot;:&quot;4&quot;,&quot;exclude_items&quot;:&quot;none&quot;,&quot;img_size&quot;:&quot;default&quot;,&quot;ignore_items_size&quot;:false,&quot;items_layout&quot;:&quot;69&quot;,&quot;items_offset&quot;:&quot;1&quot;,&quot;load_animation&quot;:&quot;none&quot;,&quot;overriding_link&quot;:&quot;none&quot;,&quot;post_id&quot;:702,&quot;query_args&quot;:{&quot;post_type&quot;:[&quot;post&quot;],&quot;tax_query&quot;:[{&quot;taxonomy&quot;:&quot;category&quot;,&quot;field&quot;:&quot;slug&quot;,&quot;terms&quot;:[&quot;exil&quot;]}],&quot;post_status&quot;:[&quot;publish&quot;,&quot;acf-disabled&quot;],&quot;posts_per_page&quot;:999},&quot;orderby_query_args&quot;:{&quot;meta_query&quot;:{&quot;_orderby_custom_&quot;:{&quot;relation&quot;:&quot;OR&quot;,&quot;0&quot;:{&quot;compare&quot;:&quot;EXISTS&quot;,&quot;key&quot;:&quot;sorting&quot;,&quot;type&quot;:&quot;CHAR&quot;},&quot;1&quot;:{&quot;compare&quot;:&quot;NOT EXISTS&quot;,&quot;key&quot;:&quot;sorting&quot;,&quot;type&quot;:&quot;CHAR&quot;}}},&quot;orderby&quot;:&quot;sorting&quot;,&quot;order&quot;:&quot;ASC&quot;},&quot;type&quot;:&quot;carousel&quot;,&quot;us_grid_ajax_index&quot;:7,&quot;us_grid_filter_params&quot;:null,&quot;us_grid_index&quot;:7,&quot;_us_grid_post_type&quot;:&quot;post&quot;},&quot;carousel_settings&quot;:{&quot;autoHeight&quot;:0,&quot;autoplay&quot;:0,&quot;carousel_fade&quot;:0,&quot;center&quot;:0,&quot;dots&quot;:1,&quot;items&quot;:&quot;4&quot;,&quot;loop&quot;:false,&quot;nav&quot;:1,&quot;slideby&quot;:&quot;1&quot;,&quot;smooth_play&quot;:0,&quot;speed&quot;:250,&quot;timeout&quot;:3000,&quot;transition&quot;:&quot;&quot;},&quot;carousel_breakpoints&quot;:{&quot;1200&quot;:{&quot;items&quot;:4},&quot;900&quot;:{&quot;autoHeight&quot;:0,&quot;autoplay&quot;:1,&quot;autoplayHoverPause&quot;:1,&quot;items&quot;:3,&quot;loop&quot;:false},&quot;600&quot;:{&quot;autoHeight&quot;:0,&quot;autoplay&quot;:1,&quot;autoplayHoverPause&quot;:1,&quot;items&quot;:2,&quot;loop&quot;:false},&quot;0&quot;:{&quot;autoHeight&quot;:0,&quot;autoplay&quot;:1,&quot;autoplayHoverPause&quot;:1,&quot;items&quot;:1,&quot;loop&quot;:true}}}'><\/div>\r\n\t<\/div><div class=\"w-separator size_medium with_line width_default thick_1 style_solid color_border align_center\"><div class=\"w-separator-h\"><\/div><\/div><\/div><\/div><\/div><\/div><div class=\"g-cols wpb_row  us_custom_815c1c57 type_default valign_top vc_inner\"><div class=\"vc_col-sm-6 wpb_column vc_column_container\"><div class=\"vc_column-inner\"><div class=\"wpb_wrapper\">[vc_custom_heading text=&#8221;Die Nachkriegszeit&#8221; google_fonts=&#8221;font_family:Open%20Sans%3A300%2C300italic%2Cregular%2Citalic%2C600%2C600italic%2C700%2C700italic%2C800%2C800italic|font_style:600%20bold%20regular%3A600%3Anormal&#8221; css=&#8221;%7B%22default%22%3A%7B%22color%22%3A%22_content_heading%22%2C%22font-weight%22%3A%22500%22%2C%22font-size%22%3A%2226px%22%2C%22line-height%22%3A%2240px%22%7D%7D&#8221;]<div class=\"wpb_text_column\" ><div class=\"wpb_wrapper\"><p>Die Nachkriegszeit begann mit dem Mythos der \u201eStunde Null\u201c, die nach Meinung der einen entschlossen wahrgenommen wurde, die man nach der Meinung der anderen \u201everspielte\u201c. Wie reagierten die Deutschen auf den Zerfall des Nazi- und die Errichtung des Besatzungs-Regimes. Die alliierten Nachrichtendienste haben das analysiert (\u201eZwischen Befreiung und Besatzung\u201c). Und wie, wenn \u00fcberhaupt, wurden Menschen, die die KZ-Zeit \u00fcberlebt hatten, mit einem Leben fertig, das viele von ihnen als Quelle eines unendlichen Schuldgef\u00fchls angesichts ermordeter Angeh\u00f6riger erlebten (\u201eLeben nach dem \u00dcberleben\u201c).<\/p>\n<\/div><\/div><\/div><\/div><\/div><div class=\"vc_col-sm-6 wpb_column vc_column_container\"><div class=\"vc_column-inner\"><div class=\"wpb_wrapper\"><\/div><\/div><\/div><\/div><div class=\"g-cols wpb_row  us_custom_815c1c57 type_default valign_top vc_inner\"><div class=\"vc_col-sm-12 wpb_column vc_column_container\"><div class=\"vc_column-inner\"><div class=\"wpb_wrapper\"><div class=\"w-grid type_carousel layout_69 cols_4\" id=\"us_grid_8\"><style id=\"us_grid_8_css\">#us_grid_8 .owl-nav div{font-size:1.8rem}#us_grid_8 .w-grid-item{padding:1.5rem}#us_grid_8 .w-grid-list{margin:-1.5rem}.w-grid + #us_grid_8 .w-grid-list{margin-top:1.5rem}<\/style><div class=\"w-grid-list owl-carousel navstyle_circle navpos_outside with_dots\" ><article class=\"w-grid-item post-704 post type-post status-publish format-standard has-post-thumbnail hentry category-allgemein category-buecher category-die-nachkriegszeit category-e-book tag-schefolddian\" data-id=\"704\">\r\n\t<div class=\"w-grid-item-h\">\r\n\t\t\t\t<div class=\"w-post-elm post_image usg_post_image_1 has_width has_height has_ratio\"><div style=\"padding-bottom:150.0000%\"><\/div><a href=\"https:\/\/europaeischeverlagsanstalt.de\/?p=704\" target=\"_blank\" rel=\"noopener nofollow\" aria-label=\"Leben im Stadtstaat\"><img width=\"1463\" height=\"2560\" src=\"https:\/\/europaeischeverlagsanstalt.de\/wp-856ad-content\/uploads\/2021\/02\/978-3-86393-109-4_gross.jpg\" class=\"attachment-full size-full wp-post-image\" alt=\"\" loading=\"lazy\" srcset=\"https:\/\/europaeischeverlagsanstalt.de\/wp-856ad-content\/uploads\/2021\/02\/978-3-86393-109-4_gross.jpg 1463w, https:\/\/europaeischeverlagsanstalt.de\/wp-856ad-content\/uploads\/2021\/02\/978-3-86393-109-4_gross-171x300.jpg 171w, https:\/\/europaeischeverlagsanstalt.de\/wp-856ad-content\/uploads\/2021\/02\/978-3-86393-109-4_gross-585x1024.jpg 585w, https:\/\/europaeischeverlagsanstalt.de\/wp-856ad-content\/uploads\/2021\/02\/978-3-86393-109-4_gross-229x400.jpg 229w, https:\/\/europaeischeverlagsanstalt.de\/wp-856ad-content\/uploads\/2021\/02\/978-3-86393-109-4_gross-29x50.jpg 29w\" sizes=\"(max-width: 1463px) 100vw, 1463px\" \/><\/a><\/div><h6 class=\"w-post-elm post_custom_field usg_post_custom_field_1 type_text\">Dian Schefold<\/h6><h5 class=\"w-post-elm post_title usg_post_title_1 entry-title color_link_inherit\"><a href=\"https:\/\/europaeischeverlagsanstalt.de\/?p=704\">Leben im Stadtstaat<\/a><\/h5><a class=\"w-btn us-btn-style_3 usg_btn_1\" href=\"https:\/\/europaeischeverlagsanstalt.de\/?p=704\"><span class=\"w-btn-label\">Mehr erfahren<\/span><\/a>\t<\/div>\r\n<\/article>\r\n<article class=\"w-grid-item post-2427 post type-post status-publish format-standard has-post-thumbnail hentry category-allgemein category-buecher category-die-nachkriegszeit category-e-book tag-renzwerner\" data-id=\"2427\">\r\n\t<div class=\"w-grid-item-h\">\r\n\t\t\t\t<div class=\"w-post-elm post_image usg_post_image_1 has_width has_height has_ratio\"><div style=\"padding-bottom:150.0000%\"><\/div><a href=\"https:\/\/europaeischeverlagsanstalt.de\/?p=2427\" target=\"_blank\" rel=\"noopener nofollow\" aria-label=\"Der Staat Israel gegen Adolf Eichmann  Das Urteil \"><img width=\"1594\" height=\"2445\" src=\"https:\/\/europaeischeverlagsanstalt.de\/wp-856ad-content\/uploads\/2021\/06\/300dpi.jpg\" class=\"attachment-full size-full wp-post-image\" alt=\"\" loading=\"lazy\" srcset=\"https:\/\/europaeischeverlagsanstalt.de\/wp-856ad-content\/uploads\/2021\/06\/300dpi.jpg 1594w, https:\/\/europaeischeverlagsanstalt.de\/wp-856ad-content\/uploads\/2021\/06\/300dpi-196x300.jpg 196w, https:\/\/europaeischeverlagsanstalt.de\/wp-856ad-content\/uploads\/2021\/06\/300dpi-668x1024.jpg 668w, https:\/\/europaeischeverlagsanstalt.de\/wp-856ad-content\/uploads\/2021\/06\/300dpi-261x400.jpg 261w, https:\/\/europaeischeverlagsanstalt.de\/wp-856ad-content\/uploads\/2021\/06\/300dpi-266x407.jpg 266w, https:\/\/europaeischeverlagsanstalt.de\/wp-856ad-content\/uploads\/2021\/06\/300dpi-33x50.jpg 33w\" sizes=\"(max-width: 1594px) 100vw, 1594px\" \/><\/a><\/div><h5 class=\"w-post-elm post_title usg_post_title_1 entry-title color_link_inherit\"><a href=\"https:\/\/europaeischeverlagsanstalt.de\/?p=2427\">Der Staat Israel gegen Adolf Eichmann <br> Das Urteil <br><\/a><\/h5><h6 class=\"w-post-elm post_custom_field usg_post_custom_field_4 type_text\">Mit einer Einf\u00fchrung von Werner Renz und <br> einem Nachwort \u201eDer Eichmann-Prozess und die Frage der gerichtlichen Zust\u00e4ndigkeit\u201c von Leora Bilsky <\/h6><a class=\"w-btn us-btn-style_3 usg_btn_1\" href=\"https:\/\/europaeischeverlagsanstalt.de\/?p=2427\"><span class=\"w-btn-label\">Mehr erfahren<\/span><\/a>\t<\/div>\r\n<\/article>\r\n<article class=\"w-grid-item post-2440 post type-post status-publish format-standard has-post-thumbnail hentry category-allgemein category-buecher category-die-nachkriegszeit category-e-book tag-muellerchristoph\" data-id=\"2440\">\r\n\t<div class=\"w-grid-item-h\">\r\n\t\t\t\t<div class=\"w-post-elm post_image usg_post_image_1 has_width has_height has_ratio\"><div style=\"padding-bottom:150.0000%\"><\/div><a href=\"https:\/\/europaeischeverlagsanstalt.de\/?p=2440\" target=\"_blank\" rel=\"noopener nofollow\" aria-label=\"Das imperative und das freie Mandat\"><img width=\"1746\" height=\"2560\" src=\"https:\/\/europaeischeverlagsanstalt.de\/wp-856ad-content\/uploads\/2021\/06\/Mueller-Mandat-1-scaled.jpg\" class=\"attachment-full size-full wp-post-image\" alt=\"\" loading=\"lazy\" srcset=\"https:\/\/europaeischeverlagsanstalt.de\/wp-856ad-content\/uploads\/2021\/06\/Mueller-Mandat-1-scaled.jpg 1746w, https:\/\/europaeischeverlagsanstalt.de\/wp-856ad-content\/uploads\/2021\/06\/Mueller-Mandat-1-205x300.jpg 205w, https:\/\/europaeischeverlagsanstalt.de\/wp-856ad-content\/uploads\/2021\/06\/Mueller-Mandat-1-698x1024.jpg 698w, https:\/\/europaeischeverlagsanstalt.de\/wp-856ad-content\/uploads\/2021\/06\/Mueller-Mandat-1-273x400.jpg 273w, https:\/\/europaeischeverlagsanstalt.de\/wp-856ad-content\/uploads\/2021\/06\/Mueller-Mandat-1-34x50.jpg 34w\" sizes=\"(max-width: 1746px) 100vw, 1746px\" \/><\/a><\/div><h6 class=\"w-post-elm post_custom_field usg_post_custom_field_1 type_text\">Christoph M\u00fcller<\/h6><h5 class=\"w-post-elm post_title usg_post_title_1 entry-title color_link_inherit\"><a href=\"https:\/\/europaeischeverlagsanstalt.de\/?p=2440\">Das imperative und das freie Mandat<\/a><\/h5><h6 class=\"w-post-elm post_custom_field usg_post_custom_field_4 type_text\">Neuausgabe mit einer Einf\u00fchrung von Horst Dreier<\/h6><a class=\"w-btn us-btn-style_3 usg_btn_1\" href=\"https:\/\/europaeischeverlagsanstalt.de\/?p=2440\"><span class=\"w-btn-label\">Mehr erfahren<\/span><\/a>\t<\/div>\r\n<\/article>\r\n<article class=\"w-grid-item post-3412 post type-post status-publish format-standard has-post-thumbnail hentry category-allgemein category-buecher category-die-nachkriegszeit category-e-book tag-schmidteberhard\" data-id=\"3412\">\r\n\t<div class=\"w-grid-item-h\">\r\n\t\t\t\t<div class=\"w-post-elm post_image usg_post_image_1 has_width has_height has_ratio\"><div style=\"padding-bottom:150.0000%\"><\/div><a href=\"https:\/\/europaeischeverlagsanstalt.de\/?p=3412\" target=\"_blank\" rel=\"noopener nofollow\" aria-label=\"Die verhinderte Neuordnung 1945\u20131952\"><img width=\"1524\" height=\"2560\" src=\"https:\/\/europaeischeverlagsanstalt.de\/wp-856ad-content\/uploads\/2022\/01\/Cover_Schmidt_Neuordnung_13jan-scaled.jpg\" class=\"attachment-full size-full wp-post-image\" alt=\"\" loading=\"lazy\" srcset=\"https:\/\/europaeischeverlagsanstalt.de\/wp-856ad-content\/uploads\/2022\/01\/Cover_Schmidt_Neuordnung_13jan-scaled.jpg 1524w, https:\/\/europaeischeverlagsanstalt.de\/wp-856ad-content\/uploads\/2022\/01\/Cover_Schmidt_Neuordnung_13jan-179x300.jpg 179w, https:\/\/europaeischeverlagsanstalt.de\/wp-856ad-content\/uploads\/2022\/01\/Cover_Schmidt_Neuordnung_13jan-610x1024.jpg 610w, https:\/\/europaeischeverlagsanstalt.de\/wp-856ad-content\/uploads\/2022\/01\/Cover_Schmidt_Neuordnung_13jan-238x400.jpg 238w, https:\/\/europaeischeverlagsanstalt.de\/wp-856ad-content\/uploads\/2022\/01\/Cover_Schmidt_Neuordnung_13jan-30x50.jpg 30w\" sizes=\"(max-width: 1524px) 100vw, 1524px\" \/><\/a><\/div><h6 class=\"w-post-elm post_custom_field usg_post_custom_field_1 type_text\">Eberhard Schmidt<\/h6><h5 class=\"w-post-elm post_title usg_post_title_1 entry-title color_link_inherit\"><a href=\"https:\/\/europaeischeverlagsanstalt.de\/?p=3412\">Die verhinderte Neuordnung 1945\u20131952<\/a><\/h5><a class=\"w-btn us-btn-style_3 usg_btn_1\" href=\"https:\/\/europaeischeverlagsanstalt.de\/?p=3412\"><span class=\"w-btn-label\">Mehr erfahren<\/span><\/a>\t<\/div>\r\n<\/article>\r\n<article class=\"w-grid-item post-5999 post type-post status-publish format-standard has-post-thumbnail hentry category-allgemein category-buecher category-die-nachkriegszeit category-neuerscheinung tag-muenklerherfried\" data-id=\"5999\">\r\n\t<div class=\"w-grid-item-h\">\r\n\t\t\t\t<div class=\"w-post-elm post_image usg_post_image_1 has_width has_height has_ratio\"><div style=\"padding-bottom:150.0000%\"><\/div><a href=\"https:\/\/europaeischeverlagsanstalt.de\/?p=5999\" target=\"_blank\" rel=\"noopener nofollow\" aria-label=\"Machtzerfall\"><img width=\"1646\" height=\"2560\" src=\"https:\/\/europaeischeverlagsanstalt.de\/wp-856ad-content\/uploads\/2024\/03\/Muenkler_Machtzerfall2024_Frontcover_XL-scaled.jpg\" class=\"attachment-full size-full wp-post-image\" alt=\"\" loading=\"lazy\" srcset=\"https:\/\/europaeischeverlagsanstalt.de\/wp-856ad-content\/uploads\/2024\/03\/Muenkler_Machtzerfall2024_Frontcover_XL-scaled.jpg 1646w, https:\/\/europaeischeverlagsanstalt.de\/wp-856ad-content\/uploads\/2024\/03\/Muenkler_Machtzerfall2024_Frontcover_XL-193x300.jpg 193w, https:\/\/europaeischeverlagsanstalt.de\/wp-856ad-content\/uploads\/2024\/03\/Muenkler_Machtzerfall2024_Frontcover_XL-658x1024.jpg 658w, https:\/\/europaeischeverlagsanstalt.de\/wp-856ad-content\/uploads\/2024\/03\/Muenkler_Machtzerfall2024_Frontcover_XL-257x400.jpg 257w, https:\/\/europaeischeverlagsanstalt.de\/wp-856ad-content\/uploads\/2024\/03\/Muenkler_Machtzerfall2024_Frontcover_XL-32x50.jpg 32w\" sizes=\"(max-width: 1646px) 100vw, 1646px\" \/><\/a><\/div><h6 class=\"w-post-elm post_custom_field usg_post_custom_field_1 type_text\">Herfried M\u00fcnkler<\/h6><h5 class=\"w-post-elm post_title usg_post_title_1 entry-title color_link_inherit\"><a href=\"https:\/\/europaeischeverlagsanstalt.de\/?p=5999\">Machtzerfall<\/a><\/h5><h6 class=\"w-post-elm post_custom_field usg_post_custom_field_4 type_text\">Die letzten Tage des Dritten Reiches <br> NEUAUSGABE <\/h6><a class=\"w-btn us-btn-style_3 usg_btn_1\" href=\"https:\/\/europaeischeverlagsanstalt.de\/?p=5999\"><span class=\"w-btn-label\">Mehr erfahren<\/span><\/a>\t<\/div>\r\n<\/article>\r\n<article class=\"w-grid-item post-530 post type-post status-publish format-standard has-post-thumbnail hentry category-allgemein category-buecher category-die-nachkriegszeit category-e-book tag-prosschristian\" data-id=\"530\">\r\n\t<div class=\"w-grid-item-h\">\r\n\t\t\t\t<div class=\"w-post-elm post_image usg_post_image_1 has_width has_height has_ratio\"><div style=\"padding-bottom:150.0000%\"><\/div><a href=\"https:\/\/europaeischeverlagsanstalt.de\/?p=530\" target=\"_blank\" rel=\"noopener nofollow\" aria-label=\"Wiedergutmachung  Der Kleinkrieg gegen die Opfer\"><img width=\"797\" height=\"1222\" src=\"https:\/\/europaeischeverlagsanstalt.de\/wp-856ad-content\/uploads\/2021\/02\/978-3-86393-100-1_klein.jpg\" class=\"attachment-full size-full wp-post-image\" alt=\"\" loading=\"lazy\" srcset=\"https:\/\/europaeischeverlagsanstalt.de\/wp-856ad-content\/uploads\/2021\/02\/978-3-86393-100-1_klein.jpg 797w, https:\/\/europaeischeverlagsanstalt.de\/wp-856ad-content\/uploads\/2021\/02\/978-3-86393-100-1_klein-196x300.jpg 196w, https:\/\/europaeischeverlagsanstalt.de\/wp-856ad-content\/uploads\/2021\/02\/978-3-86393-100-1_klein-668x1024.jpg 668w, https:\/\/europaeischeverlagsanstalt.de\/wp-856ad-content\/uploads\/2021\/02\/978-3-86393-100-1_klein-261x400.jpg 261w, https:\/\/europaeischeverlagsanstalt.de\/wp-856ad-content\/uploads\/2021\/02\/978-3-86393-100-1_klein-266x407.jpg 266w, https:\/\/europaeischeverlagsanstalt.de\/wp-856ad-content\/uploads\/2021\/02\/978-3-86393-100-1_klein-33x50.jpg 33w\" sizes=\"(max-width: 797px) 100vw, 797px\" \/><\/a><\/div><h6 class=\"w-post-elm post_custom_field usg_post_custom_field_1 type_text\">Christian Pross<\/h6><h5 class=\"w-post-elm post_title usg_post_title_1 entry-title color_link_inherit\"><a href=\"https:\/\/europaeischeverlagsanstalt.de\/?p=530\">Wiedergutmachung <br> Der Kleinkrieg gegen die Opfer<\/a><\/h5><a class=\"w-btn us-btn-style_3 usg_btn_1\" href=\"https:\/\/europaeischeverlagsanstalt.de\/?p=530\"><span class=\"w-btn-label\">Mehr erfahren<\/span><\/a>\t<\/div>\r\n<\/article>\r\n<article class=\"w-grid-item post-696 post type-post status-publish format-standard has-post-thumbnail hentry category-allgemein category-buecher category-die-nachkriegszeit category-e-book tag-boehmotto tag-huhlerainer\" data-id=\"696\">\r\n\t<div class=\"w-grid-item-h\">\r\n\t\t\t\t<div class=\"w-post-elm post_image usg_post_image_1 has_width has_height has_ratio\"><div style=\"padding-bottom:150.0000%\"><\/div><a href=\"https:\/\/europaeischeverlagsanstalt.de\/?p=696\" target=\"_blank\" rel=\"noopener nofollow\" aria-label=\"Das Internationale Milit\u00e4rtribunal von N\u00fcrnberg 1945\/46Die Reden der Hauptankl\u00e4ger\"><img width=\"1593\" height=\"2560\" src=\"https:\/\/europaeischeverlagsanstalt.de\/wp-856ad-content\/uploads\/2021\/02\/978-3-86393-067-7_gross-scaled.jpg\" class=\"attachment-full size-full wp-post-image\" alt=\"\" loading=\"lazy\" srcset=\"https:\/\/europaeischeverlagsanstalt.de\/wp-856ad-content\/uploads\/2021\/02\/978-3-86393-067-7_gross-scaled.jpg 1593w, https:\/\/europaeischeverlagsanstalt.de\/wp-856ad-content\/uploads\/2021\/02\/978-3-86393-067-7_gross-187x300.jpg 187w, https:\/\/europaeischeverlagsanstalt.de\/wp-856ad-content\/uploads\/2021\/02\/978-3-86393-067-7_gross-637x1024.jpg 637w, https:\/\/europaeischeverlagsanstalt.de\/wp-856ad-content\/uploads\/2021\/02\/978-3-86393-067-7_gross-249x400.jpg 249w, https:\/\/europaeischeverlagsanstalt.de\/wp-856ad-content\/uploads\/2021\/02\/978-3-86393-067-7_gross-31x50.jpg 31w\" sizes=\"(max-width: 1593px) 100vw, 1593px\" \/><\/a><\/div><h6 class=\"w-post-elm post_custom_field usg_post_custom_field_1 type_text\">N\u00fcrnberger Menschenrechtszentrum (Hrsg.)<\/h6><h5 class=\"w-post-elm post_title usg_post_title_1 entry-title color_link_inherit\"><a href=\"https:\/\/europaeischeverlagsanstalt.de\/?p=696\">Das Internationale Milit\u00e4rtribunal von N\u00fcrnberg 1945\/46<br>Die Reden der Hauptankl\u00e4ger<\/a><\/h5><h6 class=\"w-post-elm post_custom_field usg_post_custom_field_4 type_text\">Neu gelesen und kommentiert<\/h6><a class=\"w-btn us-btn-style_3 usg_btn_1\" href=\"https:\/\/europaeischeverlagsanstalt.de\/?p=696\"><span class=\"w-btn-label\">Mehr erfahren<\/span><\/a>\t<\/div>\r\n<\/article>\r\n<article class=\"w-grid-item post-759 post type-post status-publish format-standard has-post-thumbnail hentry category-allgemein category-buecher category-die-nachkriegszeit tag-huhlerainer\" data-id=\"759\">\r\n\t<div class=\"w-grid-item-h\">\r\n\t\t\t\t<div class=\"w-post-elm post_image usg_post_image_1 has_width has_height has_ratio\"><div style=\"padding-bottom:150.0000%\"><\/div><a href=\"https:\/\/europaeischeverlagsanstalt.de\/?p=759\" target=\"_blank\" rel=\"noopener nofollow\" aria-label=\"Von N\u00fcrnberg nach Den Haag  Menschenrechtsverbrechen vor Gericht  Zur Aktualit\u00e4t des N\u00fcrnberger Prozesses\"><img width=\"138\" height=\"220\" src=\"https:\/\/europaeischeverlagsanstalt.de\/wp-856ad-content\/uploads\/2021\/02\/9783434504030.jpg\" class=\"attachment-full size-full wp-post-image\" alt=\"\" loading=\"lazy\" srcset=\"https:\/\/europaeischeverlagsanstalt.de\/wp-856ad-content\/uploads\/2021\/02\/9783434504030.jpg 138w, https:\/\/europaeischeverlagsanstalt.de\/wp-856ad-content\/uploads\/2021\/02\/9783434504030-31x50.jpg 31w\" sizes=\"(max-width: 138px) 100vw, 138px\" \/><\/a><\/div><h6 class=\"w-post-elm post_custom_field usg_post_custom_field_1 type_text\">Rainer Huhle (Hrsg.)<\/h6><h5 class=\"w-post-elm post_title usg_post_title_1 entry-title color_link_inherit\"><a href=\"https:\/\/europaeischeverlagsanstalt.de\/?p=759\">Von N\u00fcrnberg nach Den Haag <br> Menschenrechtsverbrechen vor Gericht <br> Zur Aktualit\u00e4t des N\u00fcrnberger Prozesses<\/a><\/h5><a class=\"w-btn us-btn-style_3 usg_btn_1\" href=\"https:\/\/europaeischeverlagsanstalt.de\/?p=759\"><span class=\"w-btn-label\">Mehr erfahren<\/span><\/a>\t<\/div>\r\n<\/article>\r\n<\/div><div class=\"g-preloader type_1\">\r\n\t<div><\/div>\r\n<\/div>\r\n\t<div class=\"w-grid-json hidden\" onclick='return {&quot;action&quot;:&quot;us_ajax_grid&quot;,&quot;ajax_url&quot;:&quot;https:\\\/\\\/europaeischeverlagsanstalt.de\\\/wp-admin\\\/admin-ajax.php&quot;,&quot;infinite_scroll&quot;:0,&quot;max_num_pages&quot;:1,&quot;pagination&quot;:&quot;none&quot;,&quot;permalink_url&quot;:&quot;https:\\\/\\\/europaeischeverlagsanstalt.de&quot;,&quot;template_vars&quot;:{&quot;columns&quot;:&quot;4&quot;,&quot;exclude_items&quot;:&quot;none&quot;,&quot;img_size&quot;:&quot;default&quot;,&quot;ignore_items_size&quot;:false,&quot;items_layout&quot;:&quot;69&quot;,&quot;items_offset&quot;:&quot;1&quot;,&quot;load_animation&quot;:&quot;none&quot;,&quot;overriding_link&quot;:&quot;none&quot;,&quot;post_id&quot;:707,&quot;query_args&quot;:{&quot;post_type&quot;:[&quot;post&quot;],&quot;tax_query&quot;:[{&quot;taxonomy&quot;:&quot;category&quot;,&quot;field&quot;:&quot;slug&quot;,&quot;terms&quot;:[&quot;die-nachkriegszeit&quot;]}],&quot;post_status&quot;:[&quot;publish&quot;,&quot;acf-disabled&quot;],&quot;posts_per_page&quot;:999},&quot;orderby_query_args&quot;:{&quot;meta_query&quot;:{&quot;_orderby_custom_&quot;:{&quot;relation&quot;:&quot;OR&quot;,&quot;0&quot;:{&quot;compare&quot;:&quot;EXISTS&quot;,&quot;key&quot;:&quot;sorting&quot;,&quot;type&quot;:&quot;CHAR&quot;},&quot;1&quot;:{&quot;compare&quot;:&quot;NOT EXISTS&quot;,&quot;key&quot;:&quot;sorting&quot;,&quot;type&quot;:&quot;CHAR&quot;}}},&quot;orderby&quot;:&quot;sorting&quot;,&quot;order&quot;:&quot;ASC&quot;},&quot;type&quot;:&quot;carousel&quot;,&quot;us_grid_ajax_index&quot;:8,&quot;us_grid_filter_params&quot;:null,&quot;us_grid_index&quot;:8,&quot;_us_grid_post_type&quot;:&quot;post&quot;},&quot;carousel_settings&quot;:{&quot;autoHeight&quot;:0,&quot;autoplay&quot;:0,&quot;carousel_fade&quot;:0,&quot;center&quot;:0,&quot;dots&quot;:1,&quot;items&quot;:&quot;4&quot;,&quot;loop&quot;:false,&quot;nav&quot;:1,&quot;slideby&quot;:&quot;1&quot;,&quot;smooth_play&quot;:0,&quot;speed&quot;:250,&quot;timeout&quot;:3000,&quot;transition&quot;:&quot;&quot;},&quot;carousel_breakpoints&quot;:{&quot;1200&quot;:{&quot;items&quot;:4},&quot;900&quot;:{&quot;autoHeight&quot;:0,&quot;autoplay&quot;:1,&quot;autoplayHoverPause&quot;:1,&quot;items&quot;:3,&quot;loop&quot;:false},&quot;600&quot;:{&quot;autoHeight&quot;:0,&quot;autoplay&quot;:1,&quot;autoplayHoverPause&quot;:1,&quot;items&quot;:2,&quot;loop&quot;:false},&quot;0&quot;:{&quot;autoHeight&quot;:0,&quot;autoplay&quot;:1,&quot;autoplayHoverPause&quot;:1,&quot;items&quot;:1,&quot;loop&quot;:true}}}'><\/div>\r\n\t<\/div><div class=\"w-separator size_medium with_line width_default thick_1 style_solid color_border align_center\"><div class=\"w-separator-h\"><\/div><\/div><\/div><\/div><\/div><\/div><div class=\"g-cols wpb_row  us_custom_815c1c57 type_default valign_top vc_inner\"><div class=\"vc_col-sm-6 wpb_column vc_column_container\"><div class=\"vc_column-inner\"><div class=\"wpb_wrapper\">[vc_custom_heading text=&#8221;Die Demokratisierung Deutschlands&#8221; google_fonts=&#8221;font_family:Open%20Sans%3A300%2C300italic%2Cregular%2Citalic%2C600%2C600italic%2C700%2C700italic%2C800%2C800italic|font_style:600%20bold%20regular%3A600%3Anormal&#8221; css=&#8221;%7B%22default%22%3A%7B%22color%22%3A%22_content_heading%22%2C%22font-weight%22%3A%22500%22%2C%22font-size%22%3A%2226px%22%2C%22line-height%22%3A%2240px%22%7D%7D&#8221;]<div class=\"wpb_text_column\" ><div class=\"wpb_wrapper\"><p>Die Gr\u00fcndung der Bundesrepublik Deutschland ist vor allem anderen gepr\u00e4gt von der Kriegsniederlage, dem umfassenden und katastrophalen Bankrott des NS-Regimes und von den Interessen und Vorgaben der Westalliierten (\u201ecold-war liberalism\u201c). Der Wiederanschluss an die Diskussionen der 1920iger Jahre war insgesamt eine ideelle Ressource liberalen Denkens \u2013 mit der Traditionslinie, die von der Paulskirche \u00fcber die Weimarer Nationalversammlung bis zum Verfassungskonvent auf Herrenchiemsee im August 1948 reicht. Bedeutsam wurden die Soziale Marktwirtschaft und die Integrationsleistung einer Kanzlerdemokratie, die in Adenauer einen alten Patriarchen fand, der die Westbindung alternativlos vertrat. Die gesellschaftliche Liberalisierung seit den 1960er Jahren war das Ergebnis von Protestbewegungen und der allm\u00e4hlichen L\u00f6sung von autorit\u00e4ren Traditionen.<\/p>\n<\/div><\/div><\/div><\/div><\/div><div class=\"vc_col-sm-6 wpb_column vc_column_container\"><div class=\"vc_column-inner\"><div class=\"wpb_wrapper\"><\/div><\/div><\/div><\/div><div class=\"w-separator size_medium with_line width_default thick_1 style_solid color_border align_center\"><div class=\"w-separator-h\"><\/div><\/div><div class=\"g-cols wpb_row  us_custom_815c1c57 type_default valign_top vc_inner\"><div class=\"vc_col-sm-6 wpb_column vc_column_container\"><div class=\"vc_column-inner\"><div class=\"wpb_wrapper\">[vc_custom_heading text=&#8221;Europa&#8221; google_fonts=&#8221;font_family:Open%20Sans%3A300%2C300italic%2Cregular%2Citalic%2C600%2C600italic%2C700%2C700italic%2C800%2C800italic|font_style:600%20bold%20regular%3A600%3Anormal&#8221; css=&#8221;%7B%22default%22%3A%7B%22color%22%3A%22_content_heading%22%2C%22font-weight%22%3A%22500%22%2C%22font-size%22%3A%2226px%22%2C%22line-height%22%3A%2240px%22%7D%7D&#8221;]<div class=\"wpb_text_column\" ><div class=\"wpb_wrapper\"><p>Das Vereinigte Europa kann als die gr\u00f6\u00dfte politische Errungenschaft nach dem 2. Weltkrieg gelten. Es hat Jahrhunderte gedauert und offenbar zweier verheerender Weltkriege bedurft, um zu einem Europa zu kommen, das f\u00fcr lange Zeit zu einem Garanten f\u00fcr Friedenssicherung, Freiheit, Demokratie und Wohlstandsmehrung wurde. Zurzeit jedoch zeigt sich Europa in der sich schnell \u00e4ndernden Welt unsicher: ohne Visionen, in seinen Ressourcen begrenzt und ohne Willenskraft, dem von Konflikten gesch\u00fcttelten Planeten das zu geben, was es in seiner mehr als zweitausendj\u00e4hrigen Geschichte erworben hat: die F\u00e4higkeit zur Selbstkritik, zu Forschung und Experiment und zur Einsicht, dass es alternative und bessere Formen des menschlichen Miteinanders geben kann.<\/p>\n<\/div><\/div><\/div><\/div><\/div><div class=\"vc_col-sm-6 wpb_column vc_column_container\"><div class=\"vc_column-inner\"><div class=\"wpb_wrapper\"><\/div><\/div><\/div><\/div><div class=\"g-cols wpb_row  us_custom_815c1c57 type_default valign_top vc_inner\"><div class=\"vc_col-sm-12 wpb_column vc_column_container\"><div class=\"vc_column-inner\"><div class=\"wpb_wrapper\"><div class=\"w-grid type_carousel layout_69 cols_4\" id=\"us_grid_9\"><style id=\"us_grid_9_css\">#us_grid_9 .owl-nav div{font-size:1.8rem}#us_grid_9 .w-grid-item{padding:1.5rem}#us_grid_9 .w-grid-list{margin:-1.5rem}.w-grid + #us_grid_9 .w-grid-list{margin-top:1.5rem}<\/style><div class=\"w-grid-list owl-carousel navstyle_circle navpos_outside with_dots\" ><article class=\"w-grid-item post-712 post type-post status-publish format-standard has-post-thumbnail hentry category-allgemein category-buecher category-e-book category-europa tag-boltanskiluc tag-bourdieupierre\" data-id=\"712\">\r\n\t<div class=\"w-grid-item-h\">\r\n\t\t\t\t<div class=\"w-post-elm post_image usg_post_image_1 has_width has_height has_ratio\"><div style=\"padding-bottom:150.0000%\"><\/div><a href=\"https:\/\/europaeischeverlagsanstalt.de\/?p=712\" target=\"_blank\" rel=\"noopener nofollow\" aria-label=\"Eine illegitime Kunst  Die sozialen Gebrauchsweisen der Photographie\"><img width=\"631\" height=\"1000\" src=\"https:\/\/europaeischeverlagsanstalt.de\/wp-856ad-content\/uploads\/2021\/02\/illegetime-Kunst.jpg\" class=\"attachment-full size-full wp-post-image\" alt=\"\" loading=\"lazy\" srcset=\"https:\/\/europaeischeverlagsanstalt.de\/wp-856ad-content\/uploads\/2021\/02\/illegetime-Kunst.jpg 631w, https:\/\/europaeischeverlagsanstalt.de\/wp-856ad-content\/uploads\/2021\/02\/illegetime-Kunst-189x300.jpg 189w, https:\/\/europaeischeverlagsanstalt.de\/wp-856ad-content\/uploads\/2021\/02\/illegetime-Kunst-252x400.jpg 252w, https:\/\/europaeischeverlagsanstalt.de\/wp-856ad-content\/uploads\/2021\/02\/illegetime-Kunst-32x50.jpg 32w\" sizes=\"(max-width: 631px) 100vw, 631px\" \/><\/a><\/div><h6 class=\"w-post-elm post_custom_field usg_post_custom_field_1 type_text\">Pierre Bourdieu, Luc Boltanski & weitere<\/h6><h5 class=\"w-post-elm post_title usg_post_title_1 entry-title color_link_inherit\"><a href=\"https:\/\/europaeischeverlagsanstalt.de\/?p=712\">Eine illegitime Kunst <br> Die sozialen Gebrauchsweisen der Photographie<\/a><\/h5><a class=\"w-btn us-btn-style_3 usg_btn_1\" href=\"https:\/\/europaeischeverlagsanstalt.de\/?p=712\"><span class=\"w-btn-label\">Mehr erfahren<\/span><\/a>\t<\/div>\r\n<\/article>\r\n<article class=\"w-grid-item post-3390 post type-post status-publish format-standard has-post-thumbnail hentry category-allgemein category-buecher category-e-book category-europa tag-vonwroblewskyvincent\" data-id=\"3390\">\r\n\t<div class=\"w-grid-item-h\">\r\n\t\t\t\t<div class=\"w-post-elm post_image usg_post_image_1 has_width has_height has_ratio\"><div style=\"padding-bottom:150.0000%\"><\/div><a href=\"https:\/\/europaeischeverlagsanstalt.de\/?p=3390\" target=\"_blank\" rel=\"noopener nofollow\" aria-label=\"ad Jean-Paul Sartre   Zur Freiheit verurteilt\"><img width=\"392\" height=\"600\" src=\"https:\/\/europaeischeverlagsanstalt.de\/wp-856ad-content\/uploads\/2021\/12\/978-3-86393-131-5-NEU-Wroblewsky-Sartre-Cover-nach-Korrektur.jpg\" class=\"attachment-full size-full wp-post-image\" alt=\"\" loading=\"lazy\" srcset=\"https:\/\/europaeischeverlagsanstalt.de\/wp-856ad-content\/uploads\/2021\/12\/978-3-86393-131-5-NEU-Wroblewsky-Sartre-Cover-nach-Korrektur.jpg 392w, https:\/\/europaeischeverlagsanstalt.de\/wp-856ad-content\/uploads\/2021\/12\/978-3-86393-131-5-NEU-Wroblewsky-Sartre-Cover-nach-Korrektur-196x300.jpg 196w, https:\/\/europaeischeverlagsanstalt.de\/wp-856ad-content\/uploads\/2021\/12\/978-3-86393-131-5-NEU-Wroblewsky-Sartre-Cover-nach-Korrektur-261x400.jpg 261w, https:\/\/europaeischeverlagsanstalt.de\/wp-856ad-content\/uploads\/2021\/12\/978-3-86393-131-5-NEU-Wroblewsky-Sartre-Cover-nach-Korrektur-266x407.jpg 266w, https:\/\/europaeischeverlagsanstalt.de\/wp-856ad-content\/uploads\/2021\/12\/978-3-86393-131-5-NEU-Wroblewsky-Sartre-Cover-nach-Korrektur-33x50.jpg 33w\" sizes=\"(max-width: 392px) 100vw, 392px\" \/><\/a><\/div><h6 class=\"w-post-elm post_custom_field usg_post_custom_field_1 type_text\">Vincent von Wroblewsky<\/h6><h5 class=\"w-post-elm post_title usg_post_title_1 entry-title color_link_inherit\"><a href=\"https:\/\/europaeischeverlagsanstalt.de\/?p=3390\">ad Jean-Paul Sartre <br>  Zur Freiheit verurteilt<\/a><\/h5><a class=\"w-btn us-btn-style_3 usg_btn_1\" href=\"https:\/\/europaeischeverlagsanstalt.de\/?p=3390\"><span class=\"w-btn-label\">Mehr erfahren<\/span><\/a>\t<\/div>\r\n<\/article>\r\n<article class=\"w-grid-item post-4309 post type-post status-publish format-standard has-post-thumbnail hentry category-buecher category-e-book category-europa tag-soellneralfons\" data-id=\"4309\">\r\n\t<div class=\"w-grid-item-h\">\r\n\t\t\t\t<div class=\"w-post-elm post_image usg_post_image_1 has_width has_height has_ratio\"><div style=\"padding-bottom:150.0000%\"><\/div><a href=\"https:\/\/europaeischeverlagsanstalt.de\/?p=4309\" target=\"_blank\" rel=\"noopener nofollow\" aria-label=\"Das Jahrhundert der Fl\u00fcchtlinge &#8211; R\u00fcckblicke auf die deutsche Asylpolitik\"><img width=\"1488\" height=\"2480\" src=\"https:\/\/europaeischeverlagsanstalt.de\/wp-856ad-content\/uploads\/2022\/05\/9783863931438.jpg\" class=\"attachment-full size-full wp-post-image\" alt=\"\" loading=\"lazy\" srcset=\"https:\/\/europaeischeverlagsanstalt.de\/wp-856ad-content\/uploads\/2022\/05\/9783863931438.jpg 1488w, https:\/\/europaeischeverlagsanstalt.de\/wp-856ad-content\/uploads\/2022\/05\/9783863931438-180x300.jpg 180w, https:\/\/europaeischeverlagsanstalt.de\/wp-856ad-content\/uploads\/2022\/05\/9783863931438-614x1024.jpg 614w, https:\/\/europaeischeverlagsanstalt.de\/wp-856ad-content\/uploads\/2022\/05\/9783863931438-240x400.jpg 240w, https:\/\/europaeischeverlagsanstalt.de\/wp-856ad-content\/uploads\/2022\/05\/9783863931438-30x50.jpg 30w\" sizes=\"(max-width: 1488px) 100vw, 1488px\" \/><\/a><\/div><h6 class=\"w-post-elm post_custom_field usg_post_custom_field_1 type_text\">Alfons S\u00f6llner<\/h6><h5 class=\"w-post-elm post_title usg_post_title_1 entry-title color_link_inherit\"><a href=\"https:\/\/europaeischeverlagsanstalt.de\/?p=4309\">Das Jahrhundert der Fl\u00fcchtlinge &#8211; R\u00fcckblicke auf die deutsche Asylpolitik<\/a><\/h5><a class=\"w-btn us-btn-style_3 usg_btn_1\" href=\"https:\/\/europaeischeverlagsanstalt.de\/?p=4309\"><span class=\"w-btn-label\">Mehr erfahren<\/span><\/a>\t<\/div>\r\n<\/article>\r\n<article class=\"w-grid-item post-4325 post type-post status-publish format-standard has-post-thumbnail hentry category-buecher category-e-book category-europa category-neuerscheinung tag-kohlergeorg\" data-id=\"4325\">\r\n\t<div class=\"w-grid-item-h\">\r\n\t\t\t\t<div class=\"w-post-elm post_image usg_post_image_1 has_width has_height has_ratio\"><div style=\"padding-bottom:150.0000%\"><\/div><a href=\"https:\/\/europaeischeverlagsanstalt.de\/?p=4325\" target=\"_blank\" rel=\"noopener nofollow\" aria-label=\"Putins Schatten und die Idee der politischen Vernunft  Zur Zukunft nach dem Ende der Geschichte\"><img width=\"1536\" height=\"2560\" src=\"https:\/\/europaeischeverlagsanstalt.de\/wp-856ad-content\/uploads\/2022\/05\/9783863931445-1-scaled.jpg\" class=\"attachment-full size-full wp-post-image\" alt=\"\" loading=\"lazy\" srcset=\"https:\/\/europaeischeverlagsanstalt.de\/wp-856ad-content\/uploads\/2022\/05\/9783863931445-1-scaled.jpg 1536w, https:\/\/europaeischeverlagsanstalt.de\/wp-856ad-content\/uploads\/2022\/05\/9783863931445-1-180x300.jpg 180w, https:\/\/europaeischeverlagsanstalt.de\/wp-856ad-content\/uploads\/2022\/05\/9783863931445-1-614x1024.jpg 614w, https:\/\/europaeischeverlagsanstalt.de\/wp-856ad-content\/uploads\/2022\/05\/9783863931445-1-240x400.jpg 240w, https:\/\/europaeischeverlagsanstalt.de\/wp-856ad-content\/uploads\/2022\/05\/9783863931445-1-30x50.jpg 30w\" sizes=\"(max-width: 1536px) 100vw, 1536px\" \/><\/a><\/div><h6 class=\"w-post-elm post_custom_field usg_post_custom_field_1 type_text\">Georg Kohler<\/h6><h5 class=\"w-post-elm post_title usg_post_title_1 entry-title color_link_inherit\"><a href=\"https:\/\/europaeischeverlagsanstalt.de\/?p=4325\">Putins Schatten und die Idee der politischen Vernunft <br> Zur Zukunft nach dem Ende der Geschichte<\/a><\/h5><a class=\"w-btn us-btn-style_3 usg_btn_1\" href=\"https:\/\/europaeischeverlagsanstalt.de\/?p=4325\"><span class=\"w-btn-label\">Mehr erfahren<\/span><\/a>\t<\/div>\r\n<\/article>\r\n<article class=\"w-grid-item post-4717 post type-post status-publish format-standard has-post-thumbnail hentry category-buecher category-europa tag-loewyhanno\" data-id=\"4717\">\r\n\t<div class=\"w-grid-item-h\">\r\n\t\t\t\t<div class=\"w-post-elm post_image usg_post_image_1 has_width has_height has_ratio\"><div style=\"padding-bottom:150.0000%\"><\/div><a href=\"https:\/\/europaeischeverlagsanstalt.de\/?p=4717\" target=\"_blank\" rel=\"noopener nofollow\" aria-label=\"Die letzten Europ\u00e4er  J\u00fcdische Perspektiven auf die Krisen einer Idee\"><img width=\"1594\" height=\"2445\" src=\"https:\/\/europaeischeverlagsanstalt.de\/wp-856ad-content\/uploads\/2022\/11\/9783863931490.jpg\" class=\"attachment-full size-full wp-post-image\" alt=\"\" loading=\"lazy\" srcset=\"https:\/\/europaeischeverlagsanstalt.de\/wp-856ad-content\/uploads\/2022\/11\/9783863931490.jpg 1594w, https:\/\/europaeischeverlagsanstalt.de\/wp-856ad-content\/uploads\/2022\/11\/9783863931490-196x300.jpg 196w, https:\/\/europaeischeverlagsanstalt.de\/wp-856ad-content\/uploads\/2022\/11\/9783863931490-668x1024.jpg 668w, https:\/\/europaeischeverlagsanstalt.de\/wp-856ad-content\/uploads\/2022\/11\/9783863931490-261x400.jpg 261w, https:\/\/europaeischeverlagsanstalt.de\/wp-856ad-content\/uploads\/2022\/11\/9783863931490-266x407.jpg 266w, https:\/\/europaeischeverlagsanstalt.de\/wp-856ad-content\/uploads\/2022\/11\/9783863931490-33x50.jpg 33w\" sizes=\"(max-width: 1594px) 100vw, 1594px\" \/><\/a><\/div><h6 class=\"w-post-elm post_custom_field usg_post_custom_field_1 type_text\">Herausgegeben von Felicitas Heimann-Jelinek, Michaela Feurstein-Prasser und Hanno Loewy<\/h6><h5 class=\"w-post-elm post_title usg_post_title_1 entry-title color_link_inherit\"><a href=\"https:\/\/europaeischeverlagsanstalt.de\/?p=4717\">Die letzten Europ\u00e4er <br> J\u00fcdische Perspektiven auf die Krisen einer Idee<\/a><\/h5><a class=\"w-btn us-btn-style_3 usg_btn_1\" href=\"https:\/\/europaeischeverlagsanstalt.de\/?p=4717\"><span class=\"w-btn-label\">Mehr erfahren<\/span><\/a>\t<\/div>\r\n<\/article>\r\n<article class=\"w-grid-item post-4810 post type-post status-publish format-standard has-post-thumbnail hentry category-buecher category-e-book category-europa tag-drieschristian\" data-id=\"4810\">\r\n\t<div class=\"w-grid-item-h\">\r\n\t\t\t\t<div class=\"w-post-elm post_image usg_post_image_1 has_width has_height has_ratio\"><div style=\"padding-bottom:150.0000%\"><\/div><a href=\"https:\/\/europaeischeverlagsanstalt.de\/?p=4810\" target=\"_blank\" rel=\"noopener nofollow\" aria-label=\"ad G\u00fcnther Anders  Exerzitien f\u00fcr die Endzeit\"><img width=\"1457\" height=\"2560\" src=\"https:\/\/europaeischeverlagsanstalt.de\/wp-856ad-content\/uploads\/2022\/12\/adAnders_Cover-3-scaled.jpg\" class=\"attachment-full size-full wp-post-image\" alt=\"\" loading=\"lazy\" srcset=\"https:\/\/europaeischeverlagsanstalt.de\/wp-856ad-content\/uploads\/2022\/12\/adAnders_Cover-3-scaled.jpg 1457w, https:\/\/europaeischeverlagsanstalt.de\/wp-856ad-content\/uploads\/2022\/12\/adAnders_Cover-3-171x300.jpg 171w, https:\/\/europaeischeverlagsanstalt.de\/wp-856ad-content\/uploads\/2022\/12\/adAnders_Cover-3-583x1024.jpg 583w, https:\/\/europaeischeverlagsanstalt.de\/wp-856ad-content\/uploads\/2022\/12\/adAnders_Cover-3-228x400.jpg 228w, https:\/\/europaeischeverlagsanstalt.de\/wp-856ad-content\/uploads\/2022\/12\/adAnders_Cover-3-28x50.jpg 28w\" sizes=\"(max-width: 1457px) 100vw, 1457px\" \/><\/a><\/div><h6 class=\"w-post-elm post_custom_field usg_post_custom_field_1 type_text\">Christian Dries<\/h6><h5 class=\"w-post-elm post_title usg_post_title_1 entry-title color_link_inherit\"><a href=\"https:\/\/europaeischeverlagsanstalt.de\/?p=4810\">ad G\u00fcnther Anders <br> Exerzitien f\u00fcr die Endzeit<\/a><\/h5><a class=\"w-btn us-btn-style_3 usg_btn_1\" href=\"https:\/\/europaeischeverlagsanstalt.de\/?p=4810\"><span class=\"w-btn-label\">Mehr erfahren<\/span><\/a>\t<\/div>\r\n<\/article>\r\n<article class=\"w-grid-item post-4786 post type-post status-publish format-standard has-post-thumbnail hentry category-buecher category-e-book category-europa tag-andersguenther\" data-id=\"4786\">\r\n\t<div class=\"w-grid-item-h\">\r\n\t\t\t\t<div class=\"w-post-elm post_image usg_post_image_1 has_width has_height has_ratio\"><div style=\"padding-bottom:150.0000%\"><\/div><a href=\"https:\/\/europaeischeverlagsanstalt.de\/?p=4786\" target=\"_blank\" rel=\"noopener nofollow\" aria-label=\"Visit Beautiful Vietnam  ABC der Aggressionen  (damals wie heute)\"><img width=\"1536\" height=\"2560\" src=\"https:\/\/europaeischeverlagsanstalt.de\/wp-856ad-content\/uploads\/2023\/02\/9783863931612-scaled.jpg\" class=\"attachment-full size-full wp-post-image\" alt=\"\" loading=\"lazy\" srcset=\"https:\/\/europaeischeverlagsanstalt.de\/wp-856ad-content\/uploads\/2023\/02\/9783863931612-scaled.jpg 1536w, https:\/\/europaeischeverlagsanstalt.de\/wp-856ad-content\/uploads\/2023\/02\/9783863931612-180x300.jpg 180w, https:\/\/europaeischeverlagsanstalt.de\/wp-856ad-content\/uploads\/2023\/02\/9783863931612-614x1024.jpg 614w, https:\/\/europaeischeverlagsanstalt.de\/wp-856ad-content\/uploads\/2023\/02\/9783863931612-240x400.jpg 240w, https:\/\/europaeischeverlagsanstalt.de\/wp-856ad-content\/uploads\/2023\/02\/9783863931612-30x50.jpg 30w\" sizes=\"(max-width: 1536px) 100vw, 1536px\" \/><\/a><\/div><h6 class=\"w-post-elm post_custom_field usg_post_custom_field_1 type_text\">G\u00fcnther Anders<\/h6><h5 class=\"w-post-elm post_title usg_post_title_1 entry-title color_link_inherit\"><a href=\"https:\/\/europaeischeverlagsanstalt.de\/?p=4786\">Visit Beautiful Vietnam <br> ABC der Aggressionen <br> (damals wie heute)<\/a><\/h5><h6 class=\"w-post-elm post_custom_field usg_post_custom_field_4 type_text\">Erweiterte Neuedition - Mit einem Nachwort von Bernd Greiner, hrsg. von Gerhard Oberschlick <\/h6><a class=\"w-btn us-btn-style_3 usg_btn_1\" href=\"https:\/\/europaeischeverlagsanstalt.de\/?p=4786\"><span class=\"w-btn-label\">Mehr erfahren<\/span><\/a>\t<\/div>\r\n<\/article>\r\n<article class=\"w-grid-item post-564 post type-post status-publish format-standard has-post-thumbnail hentry category-allgemein category-buecher category-e-book category-europa tag-baumanzygmunt\" data-id=\"564\">\r\n\t<div class=\"w-grid-item-h\">\r\n\t\t\t\t<div class=\"w-post-elm post_image usg_post_image_1 has_width has_height has_ratio\"><div style=\"padding-bottom:150.0000%\"><\/div><a href=\"https:\/\/europaeischeverlagsanstalt.de\/?p=564\" target=\"_blank\" rel=\"noopener nofollow\" aria-label=\"EuropaEin unvollendetes Abenteuer\"><img width=\"200\" height=\"308\" src=\"https:\/\/europaeischeverlagsanstalt.de\/wp-856ad-content\/uploads\/2021\/02\/978-3-86393-059-2_gross-e1613512022266.jpg\" class=\"attachment-full size-full wp-post-image\" alt=\"\" loading=\"lazy\" srcset=\"https:\/\/europaeischeverlagsanstalt.de\/wp-856ad-content\/uploads\/2021\/02\/978-3-86393-059-2_gross-e1613512022266.jpg 200w, https:\/\/europaeischeverlagsanstalt.de\/wp-856ad-content\/uploads\/2021\/02\/978-3-86393-059-2_gross-e1613512022266-32x50.jpg 32w, https:\/\/europaeischeverlagsanstalt.de\/wp-856ad-content\/uploads\/2021\/02\/978-3-86393-059-2_gross-e1613512022266-195x300.jpg 195w\" sizes=\"(max-width: 200px) 100vw, 200px\" \/><\/a><\/div><h6 class=\"w-post-elm post_custom_field usg_post_custom_field_1 type_text\">Zygmunt Bauman<\/h6><h5 class=\"w-post-elm post_title usg_post_title_1 entry-title color_link_inherit\"><a href=\"https:\/\/europaeischeverlagsanstalt.de\/?p=564\">Europa<br>Ein unvollendetes Abenteuer<\/a><\/h5><a class=\"w-btn us-btn-style_3 usg_btn_1\" href=\"https:\/\/europaeischeverlagsanstalt.de\/?p=564\"><span class=\"w-btn-label\">Mehr erfahren<\/span><\/a>\t<\/div>\r\n<\/article>\r\n<article class=\"w-grid-item post-706 post type-post status-publish format-standard has-post-thumbnail hentry category-allgemein category-buecher category-e-book category-europa tag-sikorskiradoslaw\" data-id=\"706\">\r\n\t<div class=\"w-grid-item-h\">\r\n\t\t\t\t<div class=\"w-post-elm post_image usg_post_image_1 has_width has_height has_ratio\"><div style=\"padding-bottom:150.0000%\"><\/div><a href=\"https:\/\/europaeischeverlagsanstalt.de\/?p=706\" target=\"_blank\" rel=\"noopener nofollow\" aria-label=\"Das polnische Haus\"><img width=\"1645\" height=\"2560\" src=\"https:\/\/europaeischeverlagsanstalt.de\/wp-856ad-content\/uploads\/2021\/02\/978-3-86393-053-0_gross.jpg\" class=\"attachment-full size-full wp-post-image\" alt=\"\" loading=\"lazy\" srcset=\"https:\/\/europaeischeverlagsanstalt.de\/wp-856ad-content\/uploads\/2021\/02\/978-3-86393-053-0_gross.jpg 1645w, https:\/\/europaeischeverlagsanstalt.de\/wp-856ad-content\/uploads\/2021\/02\/978-3-86393-053-0_gross-193x300.jpg 193w, https:\/\/europaeischeverlagsanstalt.de\/wp-856ad-content\/uploads\/2021\/02\/978-3-86393-053-0_gross-658x1024.jpg 658w, https:\/\/europaeischeverlagsanstalt.de\/wp-856ad-content\/uploads\/2021\/02\/978-3-86393-053-0_gross-257x400.jpg 257w, https:\/\/europaeischeverlagsanstalt.de\/wp-856ad-content\/uploads\/2021\/02\/978-3-86393-053-0_gross-32x50.jpg 32w\" sizes=\"(max-width: 1645px) 100vw, 1645px\" \/><\/a><\/div><h6 class=\"w-post-elm post_custom_field usg_post_custom_field_1 type_text\">Rados\u0142aw Sikorski<\/h6><h5 class=\"w-post-elm post_title usg_post_title_1 entry-title color_link_inherit\"><a href=\"https:\/\/europaeischeverlagsanstalt.de\/?p=706\">Das polnische Haus<\/a><\/h5><a class=\"w-btn us-btn-style_3 usg_btn_1\" href=\"https:\/\/europaeischeverlagsanstalt.de\/?p=706\"><span class=\"w-btn-label\">Mehr erfahren<\/span><\/a>\t<\/div>\r\n<\/article>\r\n<article class=\"w-grid-item post-681 post type-post status-publish format-standard has-post-thumbnail hentry category-allgemein category-e-book category-europa tag-boninoemma\" data-id=\"681\">\r\n\t<div class=\"w-grid-item-h\">\r\n\t\t\t\t<div class=\"w-post-elm post_image usg_post_image_1 has_width has_height has_ratio\"><div style=\"padding-bottom:150.0000%\"><\/div><a href=\"https:\/\/europaeischeverlagsanstalt.de\/?p=681\" target=\"_blank\" rel=\"noopener nofollow\" aria-label=\"Freiheit verpflichtet\"><img width=\"650\" height=\"1058\" src=\"https:\/\/europaeischeverlagsanstalt.de\/wp-856ad-content\/uploads\/2021\/02\/978-3-86393-054-7_gross.jpg\" class=\"attachment-full size-full wp-post-image\" alt=\"\" loading=\"lazy\" srcset=\"https:\/\/europaeischeverlagsanstalt.de\/wp-856ad-content\/uploads\/2021\/02\/978-3-86393-054-7_gross.jpg 650w, https:\/\/europaeischeverlagsanstalt.de\/wp-856ad-content\/uploads\/2021\/02\/978-3-86393-054-7_gross-184x300.jpg 184w, https:\/\/europaeischeverlagsanstalt.de\/wp-856ad-content\/uploads\/2021\/02\/978-3-86393-054-7_gross-629x1024.jpg 629w, https:\/\/europaeischeverlagsanstalt.de\/wp-856ad-content\/uploads\/2021\/02\/978-3-86393-054-7_gross-246x400.jpg 246w, https:\/\/europaeischeverlagsanstalt.de\/wp-856ad-content\/uploads\/2021\/02\/978-3-86393-054-7_gross-31x50.jpg 31w\" sizes=\"(max-width: 650px) 100vw, 650px\" \/><\/a><\/div><h6 class=\"w-post-elm post_custom_field usg_post_custom_field_1 type_text\">Emma Bonino<\/h6><h5 class=\"w-post-elm post_title usg_post_title_1 entry-title color_link_inherit\"><a href=\"https:\/\/europaeischeverlagsanstalt.de\/?p=681\">Freiheit verpflichtet<\/a><\/h5><h6 class=\"w-post-elm post_custom_field usg_post_custom_field_4 type_text\">Mit einem Nachwort von Daniel Cohn-Bendit<\/h6><a class=\"w-btn us-btn-style_3 usg_btn_1\" href=\"https:\/\/europaeischeverlagsanstalt.de\/?p=681\"><span class=\"w-btn-label\">Mehr erfahren<\/span><\/a>\t<\/div>\r\n<\/article>\r\n<\/div><div class=\"g-preloader type_1\">\r\n\t<div><\/div>\r\n<\/div>\r\n\t<div class=\"w-grid-json hidden\" onclick='return {&quot;action&quot;:&quot;us_ajax_grid&quot;,&quot;ajax_url&quot;:&quot;https:\\\/\\\/europaeischeverlagsanstalt.de\\\/wp-admin\\\/admin-ajax.php&quot;,&quot;infinite_scroll&quot;:0,&quot;max_num_pages&quot;:1,&quot;pagination&quot;:&quot;none&quot;,&quot;permalink_url&quot;:&quot;https:\\\/\\\/europaeischeverlagsanstalt.de&quot;,&quot;template_vars&quot;:{&quot;columns&quot;:&quot;4&quot;,&quot;exclude_items&quot;:&quot;none&quot;,&quot;img_size&quot;:&quot;default&quot;,&quot;ignore_items_size&quot;:false,&quot;items_layout&quot;:&quot;69&quot;,&quot;items_offset&quot;:&quot;1&quot;,&quot;load_animation&quot;:&quot;none&quot;,&quot;overriding_link&quot;:&quot;none&quot;,&quot;post_id&quot;:759,&quot;query_args&quot;:{&quot;post_type&quot;:[&quot;post&quot;],&quot;tax_query&quot;:[{&quot;taxonomy&quot;:&quot;category&quot;,&quot;field&quot;:&quot;slug&quot;,&quot;terms&quot;:[&quot;europa&quot;]}],&quot;post_status&quot;:[&quot;publish&quot;,&quot;acf-disabled&quot;],&quot;posts_per_page&quot;:999},&quot;orderby_query_args&quot;:{&quot;meta_query&quot;:{&quot;_orderby_custom_&quot;:{&quot;relation&quot;:&quot;OR&quot;,&quot;0&quot;:{&quot;compare&quot;:&quot;EXISTS&quot;,&quot;key&quot;:&quot;sorting&quot;,&quot;type&quot;:&quot;CHAR&quot;},&quot;1&quot;:{&quot;compare&quot;:&quot;NOT EXISTS&quot;,&quot;key&quot;:&quot;sorting&quot;,&quot;type&quot;:&quot;CHAR&quot;}}},&quot;orderby&quot;:&quot;sorting&quot;,&quot;order&quot;:&quot;ASC&quot;},&quot;type&quot;:&quot;carousel&quot;,&quot;us_grid_ajax_index&quot;:9,&quot;us_grid_filter_params&quot;:null,&quot;us_grid_index&quot;:9,&quot;_us_grid_post_type&quot;:&quot;post&quot;},&quot;carousel_settings&quot;:{&quot;autoHeight&quot;:0,&quot;autoplay&quot;:0,&quot;carousel_fade&quot;:0,&quot;center&quot;:0,&quot;dots&quot;:1,&quot;items&quot;:&quot;4&quot;,&quot;loop&quot;:false,&quot;nav&quot;:1,&quot;slideby&quot;:&quot;1&quot;,&quot;smooth_play&quot;:0,&quot;speed&quot;:250,&quot;timeout&quot;:3000,&quot;transition&quot;:&quot;&quot;},&quot;carousel_breakpoints&quot;:{&quot;1200&quot;:{&quot;items&quot;:4},&quot;900&quot;:{&quot;autoHeight&quot;:0,&quot;autoplay&quot;:1,&quot;autoplayHoverPause&quot;:1,&quot;items&quot;:3,&quot;loop&quot;:false},&quot;600&quot;:{&quot;autoHeight&quot;:0,&quot;autoplay&quot;:1,&quot;autoplayHoverPause&quot;:1,&quot;items&quot;:2,&quot;loop&quot;:false},&quot;0&quot;:{&quot;autoHeight&quot;:0,&quot;autoplay&quot;:1,&quot;autoplayHoverPause&quot;:1,&quot;items&quot;:1,&quot;loop&quot;:true}}}'><\/div>\r\n\t<\/div><div class=\"w-separator size_medium with_line width_default thick_1 style_solid color_border align_center\"><div class=\"w-separator-h\"><\/div><\/div><\/div><\/div><\/div><\/div><div class=\"g-cols wpb_row  us_custom_815c1c57 type_default valign_top vc_inner\"><div class=\"vc_col-sm-6 wpb_column vc_column_container\"><div class=\"vc_column-inner\"><div class=\"wpb_wrapper\">[vc_custom_heading text=&#8221;Zukunftsfragen&#8221; google_fonts=&#8221;font_family:Open%20Sans%3A300%2C300italic%2Cregular%2Citalic%2C600%2C600italic%2C700%2C700italic%2C800%2C800italic|font_style:600%20bold%20regular%3A600%3Anormal&#8221; css=&#8221;%7B%22default%22%3A%7B%22color%22%3A%22_content_heading%22%2C%22font-weight%22%3A%22500%22%2C%22font-size%22%3A%2226px%22%2C%22line-height%22%3A%2240px%22%7D%7D&#8221;]<div class=\"wpb_text_column\" ><div class=\"wpb_wrapper\"><p>In Zentrum dieses Komplexes stehen zwei Initiativen, die es regelm\u00e4\u00dfig bis in die Fernsehnachrichten bringen: Anfang Dezember zur Verleihung des von Jakob von Uexk\u00fcll gestifteten \u201eAlternativen Nobelpreis\u201c (The Right Livelihood Award), der mit dem \u2013 ebenfalls von Jakob von Uexk\u00fcll gegr\u00fcndeten \u2013 Weltzukunftsrat (World Future Council) verbunden ist, sowie wenn der (meist Anfang August) sog. Overshoot-Day vermeldet werden muss; dann n\u00e4mlich, wenn die, nach der Methode von Mathis Wackernagel durchgef\u00fchrten Messungen ergeben, dass auf der Erde (erneut !!) mehr Ressourcen verbraucht wurden, als die Natur zu regenerieren in der Lage ist.<br \/>\nDaneben werden hier Grundlagen-Texte zu ethischen Fragen und soziologische Analysen zu neuzeitlichen Ph\u00e4nomenen angesiedelt.<\/p>\n<\/div><\/div><\/div><\/div><\/div><div class=\"vc_col-sm-6 wpb_column vc_column_container\"><div class=\"vc_column-inner\"><div class=\"wpb_wrapper\"><\/div><\/div><\/div><\/div><div class=\"g-cols wpb_row  us_custom_815c1c57 type_default valign_top vc_inner\"><div class=\"vc_col-sm-12 wpb_column vc_column_container\"><div class=\"vc_column-inner\"><div class=\"wpb_wrapper\"><div class=\"w-grid type_carousel layout_69 cols_4\" id=\"us_grid_10\"><style id=\"us_grid_10_css\">#us_grid_10 .owl-nav div{font-size:1.8rem}#us_grid_10 .w-grid-item{padding:1.5rem}#us_grid_10 .w-grid-list{margin:-1.5rem}.w-grid + #us_grid_10 .w-grid-list{margin-top:1.5rem}<\/style><div class=\"w-grid-list owl-carousel navstyle_circle navpos_outside with_dots\" ><article class=\"w-grid-item post-2381 post type-post status-publish format-standard has-post-thumbnail hentry category-allgemein category-buecher category-e-book category-zukunftsfragen tag-christianschuldt tag-schuldtchristian\" data-id=\"2381\">\r\n\t<div class=\"w-grid-item-h\">\r\n\t\t\t\t<div class=\"w-post-elm post_image usg_post_image_1 has_width has_height has_ratio\"><div style=\"padding-bottom:150.0000%\"><\/div><a href=\"https:\/\/europaeischeverlagsanstalt.de\/?p=2381\" target=\"_blank\" rel=\"noopener nofollow\" aria-label=\"Ausweitung der KontingenzzoneBeobachtungen der n\u00e4chsten Gesellschaft\"><img width=\"1488\" height=\"2480\" src=\"https:\/\/europaeischeverlagsanstalt.de\/wp-856ad-content\/uploads\/2021\/06\/9783863931247.jpg\" class=\"attachment-full size-full wp-post-image\" alt=\"\" loading=\"lazy\" srcset=\"https:\/\/europaeischeverlagsanstalt.de\/wp-856ad-content\/uploads\/2021\/06\/9783863931247.jpg 1488w, https:\/\/europaeischeverlagsanstalt.de\/wp-856ad-content\/uploads\/2021\/06\/9783863931247-180x300.jpg 180w, https:\/\/europaeischeverlagsanstalt.de\/wp-856ad-content\/uploads\/2021\/06\/9783863931247-614x1024.jpg 614w, https:\/\/europaeischeverlagsanstalt.de\/wp-856ad-content\/uploads\/2021\/06\/9783863931247-240x400.jpg 240w, https:\/\/europaeischeverlagsanstalt.de\/wp-856ad-content\/uploads\/2021\/06\/9783863931247-30x50.jpg 30w\" sizes=\"(max-width: 1488px) 100vw, 1488px\" \/><\/a><\/div><h6 class=\"w-post-elm post_custom_field usg_post_custom_field_1 type_text\">Christian Schuldt<\/h6><h5 class=\"w-post-elm post_title usg_post_title_1 entry-title color_link_inherit\"><a href=\"https:\/\/europaeischeverlagsanstalt.de\/?p=2381\">Ausweitung der Kontingenzzone<br>Beobachtungen der n\u00e4chsten Gesellschaft<\/a><\/h5><a class=\"w-btn us-btn-style_3 usg_btn_1\" href=\"https:\/\/europaeischeverlagsanstalt.de\/?p=2381\"><span class=\"w-btn-label\">Mehr erfahren<\/span><\/a>\t<\/div>\r\n<\/article>\r\n<article class=\"w-grid-item post-3399 post type-post status-publish format-standard has-post-thumbnail hentry category-e-book category-neuerscheinung category-zukunftsfragen tag-bajohrhannes tag-trimcevrieke\" data-id=\"3399\">\r\n\t<div class=\"w-grid-item-h\">\r\n\t\t\t\t<div class=\"w-post-elm post_image usg_post_image_1 has_width has_height has_ratio\"><div style=\"padding-bottom:150.0000%\"><\/div><a href=\"https:\/\/europaeischeverlagsanstalt.de\/?p=3399\" target=\"_blank\" rel=\"noopener nofollow\" aria-label=\"ad Judith N. Shklar  Leben &#8211; Werk &#8211; Gegenwart\"><img width=\"1457\" height=\"2560\" src=\"https:\/\/europaeischeverlagsanstalt.de\/wp-856ad-content\/uploads\/2024\/03\/Cover_ad-Shklar_600dpi-scaled.jpg\" class=\"attachment-full size-full wp-post-image\" alt=\"\" loading=\"lazy\" srcset=\"https:\/\/europaeischeverlagsanstalt.de\/wp-856ad-content\/uploads\/2024\/03\/Cover_ad-Shklar_600dpi-scaled.jpg 1457w, https:\/\/europaeischeverlagsanstalt.de\/wp-856ad-content\/uploads\/2024\/03\/Cover_ad-Shklar_600dpi-171x300.jpg 171w, https:\/\/europaeischeverlagsanstalt.de\/wp-856ad-content\/uploads\/2024\/03\/Cover_ad-Shklar_600dpi-583x1024.jpg 583w, https:\/\/europaeischeverlagsanstalt.de\/wp-856ad-content\/uploads\/2024\/03\/Cover_ad-Shklar_600dpi-228x400.jpg 228w, https:\/\/europaeischeverlagsanstalt.de\/wp-856ad-content\/uploads\/2024\/03\/Cover_ad-Shklar_600dpi-28x50.jpg 28w\" sizes=\"(max-width: 1457px) 100vw, 1457px\" \/><\/a><\/div><h6 class=\"w-post-elm post_custom_field usg_post_custom_field_1 type_text\">Hannes Bajohr und Rieke Trim\u00e7ev<\/h6><h5 class=\"w-post-elm post_title usg_post_title_1 entry-title color_link_inherit\"><a href=\"https:\/\/europaeischeverlagsanstalt.de\/?p=3399\">ad Judith N. Shklar <br> Leben &#8211; Werk &#8211; Gegenwart<\/a><\/h5><a class=\"w-btn us-btn-style_3 usg_btn_1\" href=\"https:\/\/europaeischeverlagsanstalt.de\/?p=3399\"><span class=\"w-btn-label\">Mehr erfahren<\/span><\/a>\t<\/div>\r\n<\/article>\r\n<article class=\"w-grid-item post-3579 post type-post status-publish format-standard has-post-thumbnail hentry category-allgemein category-e-book category-zukunftsfragen tag-waismannfriedrich\" data-id=\"3579\">\r\n\t<div class=\"w-grid-item-h\">\r\n\t\t\t\t<div class=\"w-post-elm post_image usg_post_image_1 has_width has_height has_ratio\"><div style=\"padding-bottom:150.0000%\"><\/div><a href=\"https:\/\/europaeischeverlagsanstalt.de\/?p=3579\" target=\"_blank\" rel=\"noopener nofollow\" aria-label=\"Was ist logische Analyse?\"><img width=\"1477\" height=\"2244\" src=\"https:\/\/europaeischeverlagsanstalt.de\/wp-856ad-content\/uploads\/2021\/12\/9783434461722-1.jpg\" class=\"attachment-full size-full wp-post-image\" alt=\"\" loading=\"lazy\" srcset=\"https:\/\/europaeischeverlagsanstalt.de\/wp-856ad-content\/uploads\/2021\/12\/9783434461722-1.jpg 1477w, https:\/\/europaeischeverlagsanstalt.de\/wp-856ad-content\/uploads\/2021\/12\/9783434461722-1-197x300.jpg 197w, https:\/\/europaeischeverlagsanstalt.de\/wp-856ad-content\/uploads\/2021\/12\/9783434461722-1-674x1024.jpg 674w, https:\/\/europaeischeverlagsanstalt.de\/wp-856ad-content\/uploads\/2021\/12\/9783434461722-1-263x400.jpg 263w, https:\/\/europaeischeverlagsanstalt.de\/wp-856ad-content\/uploads\/2021\/12\/9783434461722-1-33x50.jpg 33w\" sizes=\"(max-width: 1477px) 100vw, 1477px\" \/><\/a><\/div><h6 class=\"w-post-elm post_custom_field usg_post_custom_field_1 type_text\">Friedrich Waismann<\/h6><h5 class=\"w-post-elm post_title usg_post_title_1 entry-title color_link_inherit\"><a href=\"https:\/\/europaeischeverlagsanstalt.de\/?p=3579\">Was ist logische Analyse?<\/a><\/h5><a class=\"w-btn us-btn-style_3 usg_btn_1\" href=\"https:\/\/europaeischeverlagsanstalt.de\/?p=3579\"><span class=\"w-btn-label\">Mehr erfahren<\/span><\/a>\t<\/div>\r\n<\/article>\r\n<article class=\"w-grid-item post-5947 post type-post status-publish format-standard has-post-thumbnail hentry category-allgemein category-buecher category-e-book category-neuerscheinung category-zukunftsfragen tag-kraushaarwolfgang\" data-id=\"5947\">\r\n\t<div class=\"w-grid-item-h\">\r\n\t\t\t\t<div class=\"w-post-elm post_image usg_post_image_1 has_width has_height has_ratio\"><div style=\"padding-bottom:150.0000%\"><\/div><a href=\"https:\/\/europaeischeverlagsanstalt.de\/?p=5947\" target=\"_blank\" rel=\"noopener nofollow\" aria-label=\"Israel: Hamas \u2013 Gaza \u2013 Pal\u00e4stina\"><img width=\"1524\" height=\"2560\" src=\"https:\/\/europaeischeverlagsanstalt.de\/wp-856ad-content\/uploads\/2024\/03\/Cover_Kraushaar_Israel-scaled.jpg\" class=\"attachment-full size-full wp-post-image\" alt=\"\" loading=\"lazy\" srcset=\"https:\/\/europaeischeverlagsanstalt.de\/wp-856ad-content\/uploads\/2024\/03\/Cover_Kraushaar_Israel-scaled.jpg 1524w, https:\/\/europaeischeverlagsanstalt.de\/wp-856ad-content\/uploads\/2024\/03\/Cover_Kraushaar_Israel-179x300.jpg 179w, https:\/\/europaeischeverlagsanstalt.de\/wp-856ad-content\/uploads\/2024\/03\/Cover_Kraushaar_Israel-610x1024.jpg 610w, https:\/\/europaeischeverlagsanstalt.de\/wp-856ad-content\/uploads\/2024\/03\/Cover_Kraushaar_Israel-238x400.jpg 238w, https:\/\/europaeischeverlagsanstalt.de\/wp-856ad-content\/uploads\/2024\/03\/Cover_Kraushaar_Israel-30x50.jpg 30w\" sizes=\"(max-width: 1524px) 100vw, 1524px\" \/><\/a><\/div><h6 class=\"w-post-elm post_custom_field usg_post_custom_field_1 type_text\">Wolfgang Kraushaar<\/h6><h5 class=\"w-post-elm post_title usg_post_title_1 entry-title color_link_inherit\"><a href=\"https:\/\/europaeischeverlagsanstalt.de\/?p=5947\">Israel: Hamas \u2013 Gaza \u2013 Pal\u00e4stina<\/a><\/h5><h6 class=\"w-post-elm post_custom_field usg_post_custom_field_4 type_text\">\u00dcber einen scheinbar unl\u00f6sbaren Konflikt <\/h6><a class=\"w-btn us-btn-style_3 usg_btn_1\" href=\"https:\/\/europaeischeverlagsanstalt.de\/?p=5947\"><span class=\"w-btn-label\">Mehr erfahren<\/span><\/a>\t<\/div>\r\n<\/article>\r\n<article class=\"w-grid-item post-6427 post type-post status-publish format-standard has-post-thumbnail hentry category-allgemein category-buecher category-e-book category-neuerscheinung category-zukunftsfragen tag-vonuexkuelljakob\" data-id=\"6427\">\r\n\t<div class=\"w-grid-item-h\">\r\n\t\t\t\t<div class=\"w-post-elm post_image usg_post_image_1 has_width has_height has_ratio\"><div style=\"padding-bottom:150.0000%\"><\/div><a href=\"https:\/\/europaeischeverlagsanstalt.de\/?p=6427\" target=\"_blank\" rel=\"noopener nofollow\" aria-label=\"VISIONS FOR OUR FUTUREJakob von Uexkull and the World Future Council\"><img width=\"1813\" height=\"2560\" src=\"https:\/\/europaeischeverlagsanstalt.de\/wp-856ad-content\/uploads\/2024\/10\/Cover_Visions-for-our-Future_300dpi-scaled.jpg\" class=\"attachment-full size-full wp-post-image\" alt=\"\" loading=\"lazy\" srcset=\"https:\/\/europaeischeverlagsanstalt.de\/wp-856ad-content\/uploads\/2024\/10\/Cover_Visions-for-our-Future_300dpi-scaled.jpg 1813w, https:\/\/europaeischeverlagsanstalt.de\/wp-856ad-content\/uploads\/2024\/10\/Cover_Visions-for-our-Future_300dpi-212x300.jpg 212w, https:\/\/europaeischeverlagsanstalt.de\/wp-856ad-content\/uploads\/2024\/10\/Cover_Visions-for-our-Future_300dpi-725x1024.jpg 725w, https:\/\/europaeischeverlagsanstalt.de\/wp-856ad-content\/uploads\/2024\/10\/Cover_Visions-for-our-Future_300dpi-283x400.jpg 283w, https:\/\/europaeischeverlagsanstalt.de\/wp-856ad-content\/uploads\/2024\/10\/Cover_Visions-for-our-Future_300dpi-35x50.jpg 35w\" sizes=\"(max-width: 1813px) 100vw, 1813px\" \/><\/a><\/div><h5 class=\"w-post-elm post_title usg_post_title_1 entry-title color_link_inherit\"><a href=\"https:\/\/europaeischeverlagsanstalt.de\/?p=6427\">VISIONS FOR OUR FUTURE<br>Jakob von Uexkull and the World Future Council<\/a><\/h5><h6 class=\"w-post-elm post_custom_field usg_post_custom_field_4 type_text\">Co-editors: Vandana Shiva, Ernst Ulrich von Weizs\u00e4cker and Alexandra Wandel<\/h6><a class=\"w-btn us-btn-style_3 usg_btn_1\" href=\"https:\/\/europaeischeverlagsanstalt.de\/?p=6427\"><span class=\"w-btn-label\">Mehr erfahren<\/span><\/a>\t<\/div>\r\n<\/article>\r\n<article class=\"w-grid-item post-729 post type-post status-publish format-standard has-post-thumbnail hentry category-allgemein category-buecher category-e-book category-zukunftsfragen tag-vonuexkuelljakob\" data-id=\"729\">\r\n\t<div class=\"w-grid-item-h\">\r\n\t\t\t\t<div class=\"w-post-elm post_image usg_post_image_1 has_width has_height has_ratio\"><div style=\"padding-bottom:150.0000%\"><\/div><a href=\"https:\/\/europaeischeverlagsanstalt.de\/?p=729\" target=\"_blank\" rel=\"noopener nofollow\" aria-label=\"Das sind wir unsern Kindern schuldig\"><img width=\"1471\" height=\"2243\" src=\"https:\/\/europaeischeverlagsanstalt.de\/wp-856ad-content\/uploads\/2021\/02\/978-3-86393-007-3_gross.jpg\" class=\"attachment-full size-full wp-post-image\" alt=\"\" loading=\"lazy\" srcset=\"https:\/\/europaeischeverlagsanstalt.de\/wp-856ad-content\/uploads\/2021\/02\/978-3-86393-007-3_gross.jpg 1471w, https:\/\/europaeischeverlagsanstalt.de\/wp-856ad-content\/uploads\/2021\/02\/978-3-86393-007-3_gross-197x300.jpg 197w, https:\/\/europaeischeverlagsanstalt.de\/wp-856ad-content\/uploads\/2021\/02\/978-3-86393-007-3_gross-672x1024.jpg 672w, https:\/\/europaeischeverlagsanstalt.de\/wp-856ad-content\/uploads\/2021\/02\/978-3-86393-007-3_gross-262x400.jpg 262w, https:\/\/europaeischeverlagsanstalt.de\/wp-856ad-content\/uploads\/2021\/02\/978-3-86393-007-3_gross-266x407.jpg 266w, https:\/\/europaeischeverlagsanstalt.de\/wp-856ad-content\/uploads\/2021\/02\/978-3-86393-007-3_gross-33x50.jpg 33w\" sizes=\"(max-width: 1471px) 100vw, 1471px\" \/><\/a><\/div><h6 class=\"w-post-elm post_custom_field usg_post_custom_field_1 type_text\">Jakob von Uexk\u00fcll<\/h6><h5 class=\"w-post-elm post_title usg_post_title_1 entry-title color_link_inherit\"><a href=\"https:\/\/europaeischeverlagsanstalt.de\/?p=729\">Das sind wir unsern Kindern schuldig<\/a><\/h5><a class=\"w-btn us-btn-style_3 usg_btn_1\" href=\"https:\/\/europaeischeverlagsanstalt.de\/?p=729\"><span class=\"w-btn-label\">Mehr erfahren<\/span><\/a>\t<\/div>\r\n<\/article>\r\n<article class=\"w-grid-item post-708 post type-post status-publish format-standard has-post-thumbnail hentry category-allgemein category-buecher category-e-book category-zukunftsfragen tag-vonuexkuelljakob\" data-id=\"708\">\r\n\t<div class=\"w-grid-item-h\">\r\n\t\t\t\t<div class=\"w-post-elm post_image usg_post_image_1 has_width has_height has_ratio\"><div style=\"padding-bottom:150.0000%\"><\/div><a href=\"https:\/\/europaeischeverlagsanstalt.de\/?p=708\" target=\"_blank\" rel=\"noopener nofollow\" aria-label=\"Zukunft gestalten: JETZT\"><img width=\"1670\" height=\"2560\" src=\"https:\/\/europaeischeverlagsanstalt.de\/wp-856ad-content\/uploads\/2021\/02\/978-3-86393-083-7_gross.jpg\" class=\"attachment-full size-full wp-post-image\" alt=\"\" loading=\"lazy\" srcset=\"https:\/\/europaeischeverlagsanstalt.de\/wp-856ad-content\/uploads\/2021\/02\/978-3-86393-083-7_gross.jpg 1670w, https:\/\/europaeischeverlagsanstalt.de\/wp-856ad-content\/uploads\/2021\/02\/978-3-86393-083-7_gross-196x300.jpg 196w, https:\/\/europaeischeverlagsanstalt.de\/wp-856ad-content\/uploads\/2021\/02\/978-3-86393-083-7_gross-668x1024.jpg 668w, https:\/\/europaeischeverlagsanstalt.de\/wp-856ad-content\/uploads\/2021\/02\/978-3-86393-083-7_gross-261x400.jpg 261w, https:\/\/europaeischeverlagsanstalt.de\/wp-856ad-content\/uploads\/2021\/02\/978-3-86393-083-7_gross-266x407.jpg 266w, https:\/\/europaeischeverlagsanstalt.de\/wp-856ad-content\/uploads\/2021\/02\/978-3-86393-083-7_gross-33x50.jpg 33w\" sizes=\"(max-width: 1670px) 100vw, 1670px\" \/><\/a><\/div><h6 class=\"w-post-elm post_custom_field usg_post_custom_field_1 type_text\">Jakob von Uexk\u00fcll<\/h6><h5 class=\"w-post-elm post_title usg_post_title_1 entry-title color_link_inherit\"><a href=\"https:\/\/europaeischeverlagsanstalt.de\/?p=708\">Zukunft gestalten: JETZT<\/a><\/h5><h6 class=\"w-post-elm post_custom_field usg_post_custom_field_4 type_text\">Mit einem Vorwort von Auma Obama<\/h6><a class=\"w-btn us-btn-style_3 usg_btn_1\" href=\"https:\/\/europaeischeverlagsanstalt.de\/?p=708\"><span class=\"w-btn-label\">Mehr erfahren<\/span><\/a>\t<\/div>\r\n<\/article>\r\n<article class=\"w-grid-item post-709 post type-post status-publish format-standard has-post-thumbnail hentry category-allgemein category-buecher category-e-book category-zukunftsfragen tag-beyersbert tag-wackernagelmathis\" data-id=\"709\">\r\n\t<div class=\"w-grid-item-h\">\r\n\t\t\t\t<div class=\"w-post-elm post_image usg_post_image_1 has_width has_height has_ratio\"><div style=\"padding-bottom:150.0000%\"><\/div><a href=\"https:\/\/europaeischeverlagsanstalt.de\/?p=709\" target=\"_blank\" rel=\"noopener nofollow\" aria-label=\"FootprintDie Welt neu vermessen.\"><img width=\"144\" height=\"220\" src=\"https:\/\/europaeischeverlagsanstalt.de\/wp-856ad-content\/uploads\/2021\/02\/9783863930745_0.jpg\" class=\"attachment-full size-full wp-post-image\" alt=\"\" loading=\"lazy\" srcset=\"https:\/\/europaeischeverlagsanstalt.de\/wp-856ad-content\/uploads\/2021\/02\/9783863930745_0.jpg 144w, https:\/\/europaeischeverlagsanstalt.de\/wp-856ad-content\/uploads\/2021\/02\/9783863930745_0-33x50.jpg 33w\" sizes=\"(max-width: 144px) 100vw, 144px\" \/><\/a><\/div><h6 class=\"w-post-elm post_custom_field usg_post_custom_field_1 type_text\">Mathis Wackernagel & Bert Beyers<\/h6><h5 class=\"w-post-elm post_title usg_post_title_1 entry-title color_link_inherit\"><a href=\"https:\/\/europaeischeverlagsanstalt.de\/?p=709\">Footprint<br>Die Welt neu vermessen.<\/a><\/h5><a class=\"w-btn us-btn-style_3 usg_btn_1\" href=\"https:\/\/europaeischeverlagsanstalt.de\/?p=709\"><span class=\"w-btn-label\">Mehr erfahren<\/span><\/a>\t<\/div>\r\n<\/article>\r\n<article class=\"w-grid-item post-728 post type-post status-publish format-standard has-post-thumbnail hentry category-allgemein category-buecher category-e-book category-zukunftsfragen tag-schuldtchristian\" data-id=\"728\">\r\n\t<div class=\"w-grid-item-h\">\r\n\t\t\t\t<div class=\"w-post-elm post_image usg_post_image_1 has_width has_height has_ratio\"><div style=\"padding-bottom:150.0000%\"><\/div><a href=\"https:\/\/europaeischeverlagsanstalt.de\/?p=728\" target=\"_blank\" rel=\"noopener nofollow\" aria-label=\"SystemtheorieTheorie f\u00fcr die vernetzte Gesellschaft\"><img width=\"1684\" height=\"2560\" src=\"https:\/\/europaeischeverlagsanstalt.de\/wp-856ad-content\/uploads\/2021\/02\/978-3-86393-080-6_gross.jpg\" class=\"attachment-full size-full wp-post-image\" alt=\"\" loading=\"lazy\" srcset=\"https:\/\/europaeischeverlagsanstalt.de\/wp-856ad-content\/uploads\/2021\/02\/978-3-86393-080-6_gross.jpg 1684w, https:\/\/europaeischeverlagsanstalt.de\/wp-856ad-content\/uploads\/2021\/02\/978-3-86393-080-6_gross-197x300.jpg 197w, https:\/\/europaeischeverlagsanstalt.de\/wp-856ad-content\/uploads\/2021\/02\/978-3-86393-080-6_gross-674x1024.jpg 674w, https:\/\/europaeischeverlagsanstalt.de\/wp-856ad-content\/uploads\/2021\/02\/978-3-86393-080-6_gross-263x400.jpg 263w, https:\/\/europaeischeverlagsanstalt.de\/wp-856ad-content\/uploads\/2021\/02\/978-3-86393-080-6_gross-33x50.jpg 33w\" sizes=\"(max-width: 1684px) 100vw, 1684px\" \/><\/a><\/div><h6 class=\"w-post-elm post_custom_field usg_post_custom_field_1 type_text\">Christian Schuldt<\/h6><h5 class=\"w-post-elm post_title usg_post_title_1 entry-title color_link_inherit\"><a href=\"https:\/\/europaeischeverlagsanstalt.de\/?p=728\">Systemtheorie<br>Theorie f\u00fcr die vernetzte Gesellschaft<\/a><\/h5><a class=\"w-btn us-btn-style_3 usg_btn_1\" href=\"https:\/\/europaeischeverlagsanstalt.de\/?p=728\"><span class=\"w-btn-label\">Mehr erfahren<\/span><\/a>\t<\/div>\r\n<\/article>\r\n<article class=\"w-grid-item post-689 post type-post status-publish format-standard has-post-thumbnail hentry category-allgemein category-buecher category-e-book category-zukunftsfragen tag-khosrokhavarfarhard\" data-id=\"689\">\r\n\t<div class=\"w-grid-item-h\">\r\n\t\t\t\t<div class=\"w-post-elm post_image usg_post_image_1 has_width has_height has_ratio\"><div style=\"padding-bottom:150.0000%\"><\/div><a href=\"https:\/\/europaeischeverlagsanstalt.de\/?p=689\" target=\"_blank\" rel=\"noopener nofollow\" aria-label=\"Radikalisierung\"><img width=\"1664\" height=\"2560\" src=\"https:\/\/europaeischeverlagsanstalt.de\/wp-856ad-content\/uploads\/2021\/02\/978-3-86393-066-0_gross.jpg\" class=\"attachment-full size-full wp-post-image\" alt=\"\" loading=\"lazy\" srcset=\"https:\/\/europaeischeverlagsanstalt.de\/wp-856ad-content\/uploads\/2021\/02\/978-3-86393-066-0_gross.jpg 1664w, https:\/\/europaeischeverlagsanstalt.de\/wp-856ad-content\/uploads\/2021\/02\/978-3-86393-066-0_gross-195x300.jpg 195w, https:\/\/europaeischeverlagsanstalt.de\/wp-856ad-content\/uploads\/2021\/02\/978-3-86393-066-0_gross-666x1024.jpg 666w, https:\/\/europaeischeverlagsanstalt.de\/wp-856ad-content\/uploads\/2021\/02\/978-3-86393-066-0_gross-260x400.jpg 260w, https:\/\/europaeischeverlagsanstalt.de\/wp-856ad-content\/uploads\/2021\/02\/978-3-86393-066-0_gross-33x50.jpg 33w\" sizes=\"(max-width: 1664px) 100vw, 1664px\" \/><\/a><\/div><h6 class=\"w-post-elm post_custom_field usg_post_custom_field_1 type_text\">Farhad Khosrokhavar<\/h6><h5 class=\"w-post-elm post_title usg_post_title_1 entry-title color_link_inherit\"><a href=\"https:\/\/europaeischeverlagsanstalt.de\/?p=689\">Radikalisierung<\/a><\/h5><h6 class=\"w-post-elm post_custom_field usg_post_custom_field_4 type_text\">Mit einem Vorwort von Claus Leggewie<\/h6><a class=\"w-btn us-btn-style_3 usg_btn_1\" href=\"https:\/\/europaeischeverlagsanstalt.de\/?p=689\"><span class=\"w-btn-label\">Mehr erfahren<\/span><\/a>\t<\/div>\r\n<\/article>\r\n<article class=\"w-grid-item post-716 post type-post status-publish format-standard has-post-thumbnail hentry category-buecher category-e-book category-zukunftsfragen tag-dennettdaniel\" data-id=\"716\">\r\n\t<div class=\"w-grid-item-h\">\r\n\t\t\t\t<div class=\"w-post-elm post_image usg_post_image_1 has_width has_height has_ratio\"><div style=\"padding-bottom:150.0000%\"><\/div><a href=\"https:\/\/europaeischeverlagsanstalt.de\/?p=716\" target=\"_blank\" rel=\"noopener nofollow\" aria-label=\"Ellenbogenfreiheit  Die erstrebenswerten Formen freien Willens\"><img width=\"1476\" height=\"2244\" src=\"https:\/\/europaeischeverlagsanstalt.de\/wp-856ad-content\/uploads\/2021\/02\/Dennett_Ellenbogenfreiheit_Frontcover_L.jpg\" class=\"attachment-full size-full wp-post-image\" alt=\"\" loading=\"lazy\" srcset=\"https:\/\/europaeischeverlagsanstalt.de\/wp-856ad-content\/uploads\/2021\/02\/Dennett_Ellenbogenfreiheit_Frontcover_L.jpg 1476w, https:\/\/europaeischeverlagsanstalt.de\/wp-856ad-content\/uploads\/2021\/02\/Dennett_Ellenbogenfreiheit_Frontcover_L-197x300.jpg 197w, https:\/\/europaeischeverlagsanstalt.de\/wp-856ad-content\/uploads\/2021\/02\/Dennett_Ellenbogenfreiheit_Frontcover_L-674x1024.jpg 674w, https:\/\/europaeischeverlagsanstalt.de\/wp-856ad-content\/uploads\/2021\/02\/Dennett_Ellenbogenfreiheit_Frontcover_L-263x400.jpg 263w, https:\/\/europaeischeverlagsanstalt.de\/wp-856ad-content\/uploads\/2021\/02\/Dennett_Ellenbogenfreiheit_Frontcover_L-33x50.jpg 33w\" sizes=\"(max-width: 1476px) 100vw, 1476px\" \/><\/a><\/div><h6 class=\"w-post-elm post_custom_field usg_post_custom_field_1 type_text\">Daniel C. Dennett<\/h6><h5 class=\"w-post-elm post_title usg_post_title_1 entry-title color_link_inherit\"><a href=\"https:\/\/europaeischeverlagsanstalt.de\/?p=716\">Ellenbogenfreiheit <br> Die erstrebenswerten Formen freien Willens<\/a><\/h5><a class=\"w-btn us-btn-style_3 usg_btn_1\" href=\"https:\/\/europaeischeverlagsanstalt.de\/?p=716\"><span class=\"w-btn-label\">Mehr erfahren<\/span><\/a>\t<\/div>\r\n<\/article>\r\n<article class=\"w-grid-item post-110 post type-post status-publish format-standard has-post-thumbnail hentry category-allgemein category-buecher category-e-book category-zukunftsfragen tag-nagelthomas\" data-id=\"110\">\r\n\t<div class=\"w-grid-item-h\">\r\n\t\t\t\t<div class=\"w-post-elm post_image usg_post_image_1 has_width has_height has_ratio\"><div style=\"padding-bottom:150.0000%\"><\/div><a href=\"https:\/\/europaeischeverlagsanstalt.de\/?p=110\" target=\"_blank\" rel=\"noopener nofollow\" aria-label=\"Letzte FragenMortal Questions\"><img width=\"1476\" height=\"2244\" src=\"https:\/\/europaeischeverlagsanstalt.de\/wp-856ad-content\/uploads\/2021\/01\/Nagel_Fragen_2021_Frontcover_L.jpg\" class=\"attachment-full size-full wp-post-image\" alt=\"\" loading=\"lazy\" srcset=\"https:\/\/europaeischeverlagsanstalt.de\/wp-856ad-content\/uploads\/2021\/01\/Nagel_Fragen_2021_Frontcover_L.jpg 1476w, https:\/\/europaeischeverlagsanstalt.de\/wp-856ad-content\/uploads\/2021\/01\/Nagel_Fragen_2021_Frontcover_L-197x300.jpg 197w, https:\/\/europaeischeverlagsanstalt.de\/wp-856ad-content\/uploads\/2021\/01\/Nagel_Fragen_2021_Frontcover_L-674x1024.jpg 674w, https:\/\/europaeischeverlagsanstalt.de\/wp-856ad-content\/uploads\/2021\/01\/Nagel_Fragen_2021_Frontcover_L-263x400.jpg 263w, https:\/\/europaeischeverlagsanstalt.de\/wp-856ad-content\/uploads\/2021\/01\/Nagel_Fragen_2021_Frontcover_L-33x50.jpg 33w\" sizes=\"(max-width: 1476px) 100vw, 1476px\" \/><\/a><\/div><h6 class=\"w-post-elm post_custom_field usg_post_custom_field_1 type_text\">Thomas Nagel<\/h6><h5 class=\"w-post-elm post_title usg_post_title_1 entry-title color_link_inherit\"><a href=\"https:\/\/europaeischeverlagsanstalt.de\/?p=110\">Letzte Fragen<br>Mortal Questions<\/a><\/h5><a class=\"w-btn us-btn-style_3 usg_btn_1\" href=\"https:\/\/europaeischeverlagsanstalt.de\/?p=110\"><span class=\"w-btn-label\">Mehr erfahren<\/span><\/a>\t<\/div>\r\n<\/article>\r\n<article class=\"w-grid-item post-680 post type-post status-publish format-standard has-post-thumbnail hentry category-allgemein category-buecher category-e-book category-zukunftsfragen tag-behrensroger\" data-id=\"680\">\r\n\t<div class=\"w-grid-item-h\">\r\n\t\t\t\t<div class=\"w-post-elm post_image usg_post_image_1 has_width has_height has_ratio\"><div style=\"padding-bottom:150.0000%\"><\/div><a href=\"https:\/\/europaeischeverlagsanstalt.de\/?p=680\" target=\"_blank\" rel=\"noopener nofollow\" aria-label=\"Postmoderne\"><img width=\"1684\" height=\"2560\" src=\"https:\/\/europaeischeverlagsanstalt.de\/wp-856ad-content\/uploads\/2021\/02\/Postmoderne.jpeg\" class=\"attachment-full size-full wp-post-image\" alt=\"\" loading=\"lazy\" srcset=\"https:\/\/europaeischeverlagsanstalt.de\/wp-856ad-content\/uploads\/2021\/02\/Postmoderne.jpeg 1684w, https:\/\/europaeischeverlagsanstalt.de\/wp-856ad-content\/uploads\/2021\/02\/Postmoderne-197x300.jpeg 197w, https:\/\/europaeischeverlagsanstalt.de\/wp-856ad-content\/uploads\/2021\/02\/Postmoderne-674x1024.jpeg 674w, https:\/\/europaeischeverlagsanstalt.de\/wp-856ad-content\/uploads\/2021\/02\/Postmoderne-263x400.jpeg 263w, https:\/\/europaeischeverlagsanstalt.de\/wp-856ad-content\/uploads\/2021\/02\/Postmoderne-33x50.jpeg 33w\" sizes=\"(max-width: 1684px) 100vw, 1684px\" \/><\/a><\/div><h6 class=\"w-post-elm post_custom_field usg_post_custom_field_1 type_text\">Roger Behrens<\/h6><h5 class=\"w-post-elm post_title usg_post_title_1 entry-title color_link_inherit\"><a href=\"https:\/\/europaeischeverlagsanstalt.de\/?p=680\">Postmoderne<\/a><\/h5><a class=\"w-btn us-btn-style_3 usg_btn_1\" href=\"https:\/\/europaeischeverlagsanstalt.de\/?p=680\"><span class=\"w-btn-label\">Mehr erfahren<\/span><\/a>\t<\/div>\r\n<\/article>\r\n<\/div><div class=\"g-preloader type_1\">\r\n\t<div><\/div>\r\n<\/div>\r\n\t<div class=\"w-grid-json hidden\" onclick='return {&quot;action&quot;:&quot;us_ajax_grid&quot;,&quot;ajax_url&quot;:&quot;https:\\\/\\\/europaeischeverlagsanstalt.de\\\/wp-admin\\\/admin-ajax.php&quot;,&quot;infinite_scroll&quot;:0,&quot;max_num_pages&quot;:1,&quot;pagination&quot;:&quot;none&quot;,&quot;permalink_url&quot;:&quot;https:\\\/\\\/europaeischeverlagsanstalt.de&quot;,&quot;template_vars&quot;:{&quot;columns&quot;:&quot;4&quot;,&quot;exclude_items&quot;:&quot;none&quot;,&quot;img_size&quot;:&quot;default&quot;,&quot;ignore_items_size&quot;:false,&quot;items_layout&quot;:&quot;69&quot;,&quot;items_offset&quot;:&quot;1&quot;,&quot;load_animation&quot;:&quot;none&quot;,&quot;overriding_link&quot;:&quot;none&quot;,&quot;post_id&quot;:681,&quot;query_args&quot;:{&quot;post_type&quot;:[&quot;post&quot;],&quot;tax_query&quot;:[{&quot;taxonomy&quot;:&quot;category&quot;,&quot;field&quot;:&quot;slug&quot;,&quot;terms&quot;:[&quot;zukunftsfragen&quot;]}],&quot;post_status&quot;:[&quot;publish&quot;,&quot;acf-disabled&quot;],&quot;posts_per_page&quot;:999},&quot;orderby_query_args&quot;:{&quot;meta_query&quot;:{&quot;_orderby_custom_&quot;:{&quot;relation&quot;:&quot;OR&quot;,&quot;0&quot;:{&quot;compare&quot;:&quot;EXISTS&quot;,&quot;key&quot;:&quot;sorting&quot;,&quot;type&quot;:&quot;CHAR&quot;},&quot;1&quot;:{&quot;compare&quot;:&quot;NOT EXISTS&quot;,&quot;key&quot;:&quot;sorting&quot;,&quot;type&quot;:&quot;CHAR&quot;}}},&quot;orderby&quot;:&quot;sorting&quot;,&quot;order&quot;:&quot;ASC&quot;},&quot;type&quot;:&quot;carousel&quot;,&quot;us_grid_ajax_index&quot;:10,&quot;us_grid_filter_params&quot;:null,&quot;us_grid_index&quot;:10,&quot;_us_grid_post_type&quot;:&quot;post&quot;},&quot;carousel_settings&quot;:{&quot;autoHeight&quot;:0,&quot;autoplay&quot;:0,&quot;carousel_fade&quot;:0,&quot;center&quot;:0,&quot;dots&quot;:1,&quot;items&quot;:&quot;4&quot;,&quot;loop&quot;:false,&quot;nav&quot;:1,&quot;slideby&quot;:&quot;1&quot;,&quot;smooth_play&quot;:0,&quot;speed&quot;:250,&quot;timeout&quot;:3000,&quot;transition&quot;:&quot;&quot;},&quot;carousel_breakpoints&quot;:{&quot;1200&quot;:{&quot;items&quot;:4},&quot;900&quot;:{&quot;autoHeight&quot;:0,&quot;autoplay&quot;:1,&quot;autoplayHoverPause&quot;:1,&quot;items&quot;:3,&quot;loop&quot;:false},&quot;600&quot;:{&quot;autoHeight&quot;:0,&quot;autoplay&quot;:1,&quot;autoplayHoverPause&quot;:1,&quot;items&quot;:2,&quot;loop&quot;:false},&quot;0&quot;:{&quot;autoHeight&quot;:0,&quot;autoplay&quot;:1,&quot;autoplayHoverPause&quot;:1,&quot;items&quot;:1,&quot;loop&quot;:true}}}'><\/div>\r\n\t<\/div><div class=\"w-separator size_medium with_line width_default thick_1 style_solid color_border align_center\"><div class=\"w-separator-h\"><\/div><\/div><\/div><\/div><\/div><\/div><div class=\"g-cols wpb_row  us_custom_815c1c57 type_default valign_top vc_inner\"><div class=\"vc_col-sm-6 wpb_column vc_column_container\"><div class=\"vc_column-inner\"><div class=\"wpb_wrapper\">[vc_custom_heading text=&#8221;Micha Brumlik&#8221; google_fonts=&#8221;font_family:Open%20Sans%3A300%2C300italic%2Cregular%2Citalic%2C600%2C600italic%2C700%2C700italic%2C800%2C800italic|font_style:600%20bold%20regular%3A600%3Anormal&#8221; css=&#8221;%7B%22default%22%3A%7B%22color%22%3A%22_content_heading%22%2C%22font-weight%22%3A%22500%22%2C%22font-size%22%3A%2226px%22%2C%22line-height%22%3A%2240px%22%7D%7D&#8221;]<div class=\"wpb_text_column\" ><div class=\"wpb_wrapper\"><p>\u201eIch glaube an die Mittel der Aufkl\u00e4rung\u201c \u00e4u\u00dferte Micha Brumlik einmal auf die Frage, wie er meint, dass dem Antisemitismus \u201ebeizukommen\u201c sei. Da dies so etwas wie eine unausgesprochene Verabredung auch mit anderen Autorinnen und Autoren, die sich mit diesem und anderen hier pr\u00e4sentierten historischen und gesellschaftlichen Problemen besch\u00e4ftigen, und den Verlagen, deren B\u00fccher hier vorgestellt werden, ist, haben wir Micha Brumlik vorgeschlagen, die sieben bisher in von uns betreuten Verlagen erschienenen B\u00fccher zu einer Ausgabe \u201eGesammelte Werke\u201c auszubauen. Wie wir aus anderen Verlagen wissen, ist das eine langwierige editorische Unternehmung: aber auch hier muss erst einmal \u201eder Stein ins Wasser geworfen werden\u201c.<\/p>\n<\/div><\/div><\/div><\/div><\/div><div class=\"vc_col-sm-6 wpb_column vc_column_container\"><div class=\"vc_column-inner\"><div class=\"wpb_wrapper\"><\/div><\/div><\/div><\/div><div class=\"g-cols wpb_row  us_custom_815c1c57 type_default valign_top vc_inner\"><div class=\"vc_col-sm-12 wpb_column vc_column_container\"><div class=\"vc_column-inner\"><div class=\"wpb_wrapper\"><div class=\"w-grid type_carousel layout_69 cols_4\" id=\"us_grid_11\"><style id=\"us_grid_11_css\">#us_grid_11 .owl-nav div{font-size:1.8rem}#us_grid_11 .w-grid-item{padding:1.5rem}#us_grid_11 .w-grid-list{margin:-1.5rem}.w-grid + #us_grid_11 .w-grid-list{margin-top:1.5rem}<\/style><div class=\"w-grid-list owl-carousel navstyle_circle navpos_outside with_dots\" ><article class=\"w-grid-item post-3383 post type-post status-publish format-standard has-post-thumbnail hentry category-allgemein category-buecher category-e-book category-micha-brumlik tag-brumlikmicha\" data-id=\"3383\">\r\n\t<div class=\"w-grid-item-h\">\r\n\t\t\t\t<div class=\"w-post-elm post_image usg_post_image_1 has_width has_height has_ratio\"><div style=\"padding-bottom:150.0000%\"><\/div><a href=\"https:\/\/europaeischeverlagsanstalt.de\/?p=3383\" target=\"_blank\" rel=\"noopener nofollow\" aria-label=\"ad Ernst Bloch  Naturrecht und menschliche W\u00fcrde\"><img width=\"1457\" height=\"2560\" src=\"https:\/\/europaeischeverlagsanstalt.de\/wp-856ad-content\/uploads\/2021\/12\/adBloch_Cover_XL-Kopie-scaled.jpg\" class=\"attachment-full size-full wp-post-image\" alt=\"\" loading=\"lazy\" srcset=\"https:\/\/europaeischeverlagsanstalt.de\/wp-856ad-content\/uploads\/2021\/12\/adBloch_Cover_XL-Kopie-scaled.jpg 1457w, https:\/\/europaeischeverlagsanstalt.de\/wp-856ad-content\/uploads\/2021\/12\/adBloch_Cover_XL-Kopie-171x300.jpg 171w, https:\/\/europaeischeverlagsanstalt.de\/wp-856ad-content\/uploads\/2021\/12\/adBloch_Cover_XL-Kopie-583x1024.jpg 583w, https:\/\/europaeischeverlagsanstalt.de\/wp-856ad-content\/uploads\/2021\/12\/adBloch_Cover_XL-Kopie-228x400.jpg 228w, https:\/\/europaeischeverlagsanstalt.de\/wp-856ad-content\/uploads\/2021\/12\/adBloch_Cover_XL-Kopie-28x50.jpg 28w\" sizes=\"(max-width: 1457px) 100vw, 1457px\" \/><\/a><\/div><h6 class=\"w-post-elm post_custom_field usg_post_custom_field_1 type_text\">Micha Brumlik<\/h6><h5 class=\"w-post-elm post_title usg_post_title_1 entry-title color_link_inherit\"><a href=\"https:\/\/europaeischeverlagsanstalt.de\/?p=3383\">ad Ernst Bloch <br> Naturrecht und menschliche W\u00fcrde<\/a><\/h5><a class=\"w-btn us-btn-style_3 usg_btn_1\" href=\"https:\/\/europaeischeverlagsanstalt.de\/?p=3383\"><span class=\"w-btn-label\">Mehr erfahren<\/span><\/a>\t<\/div>\r\n<\/article>\r\n<article class=\"w-grid-item post-3430 post type-post status-publish format-standard has-post-thumbnail hentry category-allgemein category-buecher category-e-book category-micha-brumlik tag-brumikmicha tag-brumlikmicha\" data-id=\"3430\">\r\n\t<div class=\"w-grid-item-h\">\r\n\t\t\t\t<div class=\"w-post-elm post_image usg_post_image_1 has_width has_height has_ratio\"><div style=\"padding-bottom:150.0000%\"><\/div><a href=\"https:\/\/europaeischeverlagsanstalt.de\/?p=3430\" target=\"_blank\" rel=\"noopener nofollow\" aria-label=\"Deutscher Geist und JudenhassDas Verh\u00e4ltnis des philosophischen Idealismus zum Judentum\"><img width=\"1669\" height=\"2560\" src=\"https:\/\/europaeischeverlagsanstalt.de\/wp-856ad-content\/uploads\/2021\/12\/Cover_Brumlik_DGeist_n1-scaled.jpg\" class=\"attachment-full size-full wp-post-image\" alt=\"\" loading=\"lazy\" srcset=\"https:\/\/europaeischeverlagsanstalt.de\/wp-856ad-content\/uploads\/2021\/12\/Cover_Brumlik_DGeist_n1-scaled.jpg 1669w, https:\/\/europaeischeverlagsanstalt.de\/wp-856ad-content\/uploads\/2021\/12\/Cover_Brumlik_DGeist_n1-196x300.jpg 196w, https:\/\/europaeischeverlagsanstalt.de\/wp-856ad-content\/uploads\/2021\/12\/Cover_Brumlik_DGeist_n1-668x1024.jpg 668w, https:\/\/europaeischeverlagsanstalt.de\/wp-856ad-content\/uploads\/2021\/12\/Cover_Brumlik_DGeist_n1-261x400.jpg 261w, https:\/\/europaeischeverlagsanstalt.de\/wp-856ad-content\/uploads\/2021\/12\/Cover_Brumlik_DGeist_n1-266x407.jpg 266w, https:\/\/europaeischeverlagsanstalt.de\/wp-856ad-content\/uploads\/2021\/12\/Cover_Brumlik_DGeist_n1-33x50.jpg 33w\" sizes=\"(max-width: 1669px) 100vw, 1669px\" \/><\/a><\/div><h6 class=\"w-post-elm post_custom_field usg_post_custom_field_1 type_text\">Micha Brumlik<\/h6><h5 class=\"w-post-elm post_title usg_post_title_1 entry-title color_link_inherit\"><a href=\"https:\/\/europaeischeverlagsanstalt.de\/?p=3430\">Deutscher Geist und Judenhass<br>Das Verh\u00e4ltnis des philosophischen Idealismus zum Judentum<\/a><\/h5><h6 class=\"w-post-elm post_custom_field usg_post_custom_field_4 type_text\">3. vollst\u00e4ndig \u00fcberarbeitete Auflage 2022<\/h6><a class=\"w-btn us-btn-style_3 usg_btn_1\" href=\"https:\/\/europaeischeverlagsanstalt.de\/?p=3430\"><span class=\"w-btn-label\">Mehr erfahren<\/span><\/a>\t<\/div>\r\n<\/article>\r\n<article class=\"w-grid-item post-98 post type-post status-publish format-standard has-post-thumbnail hentry category-allgemein category-buecher category-e-book category-micha-brumlik tag-brumlikmicha\" data-id=\"98\">\r\n\t<div class=\"w-grid-item-h\">\r\n\t\t\t\t<div class=\"w-post-elm post_image usg_post_image_1 has_width has_height has_ratio\"><div style=\"padding-bottom:150.0000%\"><\/div><a href=\"https:\/\/europaeischeverlagsanstalt.de\/?p=98\" target=\"_blank\" rel=\"noopener nofollow\" aria-label=\"Vernunft und OffenbarungReligionsphilosophische Versuche\"><img width=\"144\" height=\"220\" src=\"https:\/\/europaeischeverlagsanstalt.de\/wp-856ad-content\/uploads\/2021\/01\/9783863930240_thumb.jpg\" class=\"attachment-full size-full wp-post-image\" alt=\"\" loading=\"lazy\" srcset=\"https:\/\/europaeischeverlagsanstalt.de\/wp-856ad-content\/uploads\/2021\/01\/9783863930240_thumb.jpg 144w, https:\/\/europaeischeverlagsanstalt.de\/wp-856ad-content\/uploads\/2021\/01\/9783863930240_thumb-33x50.jpg 33w\" sizes=\"(max-width: 144px) 100vw, 144px\" \/><\/a><\/div><h6 class=\"w-post-elm post_custom_field usg_post_custom_field_1 type_text\">Micha Brumlik<\/h6><h5 class=\"w-post-elm post_title usg_post_title_1 entry-title color_link_inherit\"><a href=\"https:\/\/europaeischeverlagsanstalt.de\/?p=98\">Vernunft und Offenbarung<br>Religionsphilosophische Versuche<\/a><\/h5><a class=\"w-btn us-btn-style_3 usg_btn_1\" href=\"https:\/\/europaeischeverlagsanstalt.de\/?p=98\"><span class=\"w-btn-label\">Mehr erfahren<\/span><\/a>\t<\/div>\r\n<\/article>\r\n<article class=\"w-grid-item post-683 post type-post status-publish format-standard has-post-thumbnail hentry category-allgemein category-buecher category-e-book category-micha-brumlik tag-brumlikmicha\" data-id=\"683\">\r\n\t<div class=\"w-grid-item-h\">\r\n\t\t\t\t<div class=\"w-post-elm post_image usg_post_image_1 has_width has_height has_ratio\"><div style=\"padding-bottom:150.0000%\"><\/div><a href=\"https:\/\/europaeischeverlagsanstalt.de\/?p=683\" target=\"_blank\" rel=\"noopener nofollow\" aria-label=\"Bildung und Gl\u00fcck  Versuch einer Theorie der Tugenden\"><img width=\"1669\" height=\"2560\" src=\"https:\/\/europaeischeverlagsanstalt.de\/wp-856ad-content\/uploads\/2021\/02\/Bildung-Glueck.jpeg\" class=\"attachment-full size-full wp-post-image\" alt=\"\" loading=\"lazy\" srcset=\"https:\/\/europaeischeverlagsanstalt.de\/wp-856ad-content\/uploads\/2021\/02\/Bildung-Glueck.jpeg 1669w, https:\/\/europaeischeverlagsanstalt.de\/wp-856ad-content\/uploads\/2021\/02\/Bildung-Glueck-196x300.jpeg 196w, https:\/\/europaeischeverlagsanstalt.de\/wp-856ad-content\/uploads\/2021\/02\/Bildung-Glueck-668x1024.jpeg 668w, https:\/\/europaeischeverlagsanstalt.de\/wp-856ad-content\/uploads\/2021\/02\/Bildung-Glueck-261x400.jpeg 261w, https:\/\/europaeischeverlagsanstalt.de\/wp-856ad-content\/uploads\/2021\/02\/Bildung-Glueck-266x407.jpeg 266w, https:\/\/europaeischeverlagsanstalt.de\/wp-856ad-content\/uploads\/2021\/02\/Bildung-Glueck-33x50.jpeg 33w\" sizes=\"(max-width: 1669px) 100vw, 1669px\" \/><\/a><\/div><h6 class=\"w-post-elm post_custom_field usg_post_custom_field_1 type_text\">Micha Brumlik<\/h6><h5 class=\"w-post-elm post_title usg_post_title_1 entry-title color_link_inherit\"><a href=\"https:\/\/europaeischeverlagsanstalt.de\/?p=683\">Bildung und Gl\u00fcck <br> Versuch einer Theorie der Tugenden<\/a><\/h5><h6 class=\"w-post-elm post_custom_field usg_post_custom_field_4 type_text\">Neuausgabe 2019<\/h6><a class=\"w-btn us-btn-style_3 usg_btn_1\" href=\"https:\/\/europaeischeverlagsanstalt.de\/?p=683\"><span class=\"w-btn-label\">Mehr erfahren<\/span><\/a>\t<\/div>\r\n<\/article>\r\n<article class=\"w-grid-item post-684 post type-post status-publish format-standard has-post-thumbnail hentry category-allgemein category-buecher category-e-book category-micha-brumlik tag-brumlikmicha\" data-id=\"684\">\r\n\t<div class=\"w-grid-item-h\">\r\n\t\t\t\t<div class=\"w-post-elm post_image usg_post_image_1 has_width has_height has_ratio\"><div style=\"padding-bottom:150.0000%\"><\/div><a href=\"https:\/\/europaeischeverlagsanstalt.de\/?p=684\" target=\"_blank\" rel=\"noopener nofollow\" aria-label=\"Advokatorische Ethik  Zur Legitimation p\u00e4dagogischer Eingriffe\"><img width=\"1670\" height=\"2560\" src=\"https:\/\/europaeischeverlagsanstalt.de\/wp-856ad-content\/uploads\/2021\/02\/978-3-86393-079-0_gross.jpg\" class=\"attachment-full size-full wp-post-image\" alt=\"\" loading=\"lazy\" srcset=\"https:\/\/europaeischeverlagsanstalt.de\/wp-856ad-content\/uploads\/2021\/02\/978-3-86393-079-0_gross.jpg 1670w, https:\/\/europaeischeverlagsanstalt.de\/wp-856ad-content\/uploads\/2021\/02\/978-3-86393-079-0_gross-196x300.jpg 196w, https:\/\/europaeischeverlagsanstalt.de\/wp-856ad-content\/uploads\/2021\/02\/978-3-86393-079-0_gross-668x1024.jpg 668w, https:\/\/europaeischeverlagsanstalt.de\/wp-856ad-content\/uploads\/2021\/02\/978-3-86393-079-0_gross-261x400.jpg 261w, https:\/\/europaeischeverlagsanstalt.de\/wp-856ad-content\/uploads\/2021\/02\/978-3-86393-079-0_gross-266x407.jpg 266w, https:\/\/europaeischeverlagsanstalt.de\/wp-856ad-content\/uploads\/2021\/02\/978-3-86393-079-0_gross-33x50.jpg 33w\" sizes=\"(max-width: 1670px) 100vw, 1670px\" \/><\/a><\/div><h6 class=\"w-post-elm post_custom_field usg_post_custom_field_1 type_text\">Micha Brumlik<\/h6><h5 class=\"w-post-elm post_title usg_post_title_1 entry-title color_link_inherit\"><a href=\"https:\/\/europaeischeverlagsanstalt.de\/?p=684\">Advokatorische Ethik <br> Zur Legitimation p\u00e4dagogischer Eingriffe<\/a><\/h5><h6 class=\"w-post-elm post_custom_field usg_post_custom_field_4 type_text\">Neuausgabe mit einem Vorwort zur 3. Auflage<\/h6><a class=\"w-btn us-btn-style_3 usg_btn_1\" href=\"https:\/\/europaeischeverlagsanstalt.de\/?p=684\"><span class=\"w-btn-label\">Mehr erfahren<\/span><\/a>\t<\/div>\r\n<\/article>\r\n<\/div><div class=\"g-preloader type_1\">\r\n\t<div><\/div>\r\n<\/div>\r\n\t<div class=\"w-grid-json hidden\" onclick='return {&quot;action&quot;:&quot;us_ajax_grid&quot;,&quot;ajax_url&quot;:&quot;https:\\\/\\\/europaeischeverlagsanstalt.de\\\/wp-admin\\\/admin-ajax.php&quot;,&quot;infinite_scroll&quot;:0,&quot;max_num_pages&quot;:1,&quot;pagination&quot;:&quot;none&quot;,&quot;permalink_url&quot;:&quot;https:\\\/\\\/europaeischeverlagsanstalt.de&quot;,&quot;template_vars&quot;:{&quot;columns&quot;:&quot;4&quot;,&quot;exclude_items&quot;:&quot;none&quot;,&quot;img_size&quot;:&quot;default&quot;,&quot;ignore_items_size&quot;:false,&quot;items_layout&quot;:&quot;69&quot;,&quot;items_offset&quot;:&quot;1&quot;,&quot;load_animation&quot;:&quot;none&quot;,&quot;overriding_link&quot;:&quot;none&quot;,&quot;post_id&quot;:680,&quot;query_args&quot;:{&quot;post_type&quot;:[&quot;post&quot;],&quot;tax_query&quot;:[{&quot;taxonomy&quot;:&quot;category&quot;,&quot;field&quot;:&quot;slug&quot;,&quot;terms&quot;:[&quot;micha-brumlik&quot;]}],&quot;post_status&quot;:[&quot;publish&quot;,&quot;acf-disabled&quot;],&quot;posts_per_page&quot;:999},&quot;orderby_query_args&quot;:{&quot;meta_query&quot;:{&quot;_orderby_custom_&quot;:{&quot;relation&quot;:&quot;OR&quot;,&quot;0&quot;:{&quot;compare&quot;:&quot;EXISTS&quot;,&quot;key&quot;:&quot;sorting&quot;,&quot;type&quot;:&quot;CHAR&quot;},&quot;1&quot;:{&quot;compare&quot;:&quot;NOT EXISTS&quot;,&quot;key&quot;:&quot;sorting&quot;,&quot;type&quot;:&quot;CHAR&quot;}}},&quot;orderby&quot;:&quot;sorting&quot;,&quot;order&quot;:&quot;ASC&quot;},&quot;type&quot;:&quot;carousel&quot;,&quot;us_grid_ajax_index&quot;:11,&quot;us_grid_filter_params&quot;:null,&quot;us_grid_index&quot;:11,&quot;_us_grid_post_type&quot;:&quot;post&quot;},&quot;carousel_settings&quot;:{&quot;autoHeight&quot;:0,&quot;autoplay&quot;:0,&quot;carousel_fade&quot;:0,&quot;center&quot;:0,&quot;dots&quot;:1,&quot;items&quot;:&quot;4&quot;,&quot;loop&quot;:false,&quot;nav&quot;:1,&quot;slideby&quot;:&quot;1&quot;,&quot;smooth_play&quot;:0,&quot;speed&quot;:250,&quot;timeout&quot;:3000,&quot;transition&quot;:&quot;&quot;},&quot;carousel_breakpoints&quot;:{&quot;1200&quot;:{&quot;items&quot;:4},&quot;900&quot;:{&quot;autoHeight&quot;:0,&quot;autoplay&quot;:1,&quot;autoplayHoverPause&quot;:1,&quot;items&quot;:3,&quot;loop&quot;:false},&quot;600&quot;:{&quot;autoHeight&quot;:0,&quot;autoplay&quot;:1,&quot;autoplayHoverPause&quot;:1,&quot;items&quot;:2,&quot;loop&quot;:false},&quot;0&quot;:{&quot;autoHeight&quot;:0,&quot;autoplay&quot;:1,&quot;autoplayHoverPause&quot;:1,&quot;items&quot;:1,&quot;loop&quot;:true}}}'><\/div>\r\n\t<\/div><div class=\"w-separator size_medium with_line width_default thick_1 style_solid color_border align_center\"><div class=\"w-separator-h\"><\/div><\/div><\/div><\/div><\/div><\/div><\/div><\/div><\/div><\/div><\/div><\/section>\n","protected":false},"excerpt":{"rendered":"","protected":false},"author":1,"featured_media":0,"parent":0,"menu_order":0,"comment_status":"closed","ping_status":"closed","template":"","meta":[],"_links":{"self":[{"href":"https:\/\/europaeischeverlagsanstalt.de\/index.php?rest_route=\/wp\/v2\/pages\/19"}],"collection":[{"href":"https:\/\/europaeischeverlagsanstalt.de\/index.php?rest_route=\/wp\/v2\/pages"}],"about":[{"href":"https:\/\/europaeischeverlagsanstalt.de\/index.php?rest_route=\/wp\/v2\/types\/page"}],"author":[{"embeddable":true,"href":"https:\/\/europaeischeverlagsanstalt.de\/index.php?rest_route=\/wp\/v2\/users\/1"}],"replies":[{"embeddable":true,"href":"https:\/\/europaeischeverlagsanstalt.de\/index.php?rest_route=%2Fwp%2Fv2%2Fcomments&post=19"}],"version-history":[{"count":51,"href":"https:\/\/europaeischeverlagsanstalt.de\/index.php?rest_route=\/wp\/v2\/pages\/19\/revisions"}],"predecessor-version":[{"id":6360,"href":"https:\/\/europaeischeverlagsanstalt.de\/index.php?rest_route=\/wp\/v2\/pages\/19\/revisions\/6360"}],"wp:attachment":[{"href":"https:\/\/europaeischeverlagsanstalt.de\/index.php?rest_route=%2Fwp%2Fv2%2Fmedia&parent=19"}],"curies":[{"name":"wp","href":"https:\/\/api.w.org\/{rel}","templated":true}]}}