{"id":134,"date":"2021-01-26T11:31:36","date_gmt":"2021-01-26T09:31:36","guid":{"rendered":"http:\/\/wp13621818.server-he.de\/?page_id=134"},"modified":"2021-04-21T16:17:02","modified_gmt":"2021-04-21T14:17:02","slug":"datenschutz","status":"publish","type":"page","link":"https:\/\/europaeischeverlagsanstalt.de\/?page_id=134","title":{"rendered":"Datenschutz"},"content":{"rendered":"<section class=\"l-section wpb_row height_medium\"><div class=\"l-section-h i-cf\"><div class=\"g-cols vc_row type_default valign_top\"><div class=\"vc_col-sm-12 wpb_column vc_column_container\"><div class=\"vc_column-inner\"><div class=\"wpb_wrapper\">[vc_custom_heading text=&#8221;Datenschutzerkl\u00e4rung&#8221; google_fonts=&#8221;font_family:Open%20Sans%3A300%2C300italic%2Cregular%2Citalic%2C600%2C600italic%2C700%2C700italic%2C800%2C800italic|font_style:600%20bold%20regular%3A600%3Anormal&#8221; css=&#8221;%7B%22default%22%3A%7B%22color%22%3A%22_content_heading%22%2C%22font-weight%22%3A%22700%22%2C%22font-size%22%3A%2228px%22%2C%22padding-bottom%22%3A%220px%22%7D%7D&#8221;]<\/div><\/div><\/div><\/div><\/div><\/section><section class=\"l-section wpb_row us_custom_4edece6e height_medium\"><div class=\"l-section-h i-cf\"><div class=\"g-cols vc_row type_default valign_top\"><div class=\"vc_col-sm-12 wpb_column vc_column_container\"><div class=\"vc_column-inner\"><div class=\"wpb_wrapper\"><div class=\"wpb_text_column us_custom_59255221\" ><div class=\"wpb_wrapper\"><p>Im Folgenden informieren wir \u00fcber die Erhebung personenbezogener Daten bei Nutzung unserer Website. Personenbezogene Daten sind alle Daten, die auf Sie pers\u00f6nlich beziehbar sind, z. B. Name, Adresse, E-Mail-Adressen, Nutzerverhalten.<\/p>\n<p><strong>I. Informationen zum Verantwortlichen, Datenschutzbeauftragter<\/strong><\/p>\n<p>(1) Der Verantwortliche im Sinne der Datenschutz-Grundverordnung und anderer nationaler Datenschutzgesetze der Mitgliedsstaaten sowie sonstiger datenschutzrechtlicher Bestimmungen ist:<\/p>\n<p>Irmela R\u00fctters, Shanghaiallee 9, D &#8211; 20457 Hamburg, info@europaeische-verlagsanstalt.de<\/p>\n<p>Mehr Informationen finden Sie im Impressum unter https:\/\/europaeische-verlagsanstalt.de\/content\/impressum-0<\/p>\n<p>(2) Der Datenschutzbeauftragte des Verantwortlichen ist:<\/p>\n<p>Irmela R\u00fctters, Shanghaiallee 9, D &#8211; 20457 Hamburg, info@europaeische-verlagsanstalt.de<\/p>\n<p>(3) Falls wir f\u00fcr einzelne Funktionen unseres Angebots auf beauftragte Dienstleister zur\u00fcckgreifen oder Ihre Daten f\u00fcr werbliche Zwecke nutzen m\u00f6chten, werden wir Sie untenstehend im Detail \u00fcber die jeweiligen Vorg\u00e4nge informieren. Dabei nennen wir auch die festgelegten Kriterien der Speicherdauer.<\/p>\n<p><strong>II. Erhebung personenbezogener Daten bei Besuch unserer Website<\/strong><\/p>\n<p>(1) Bei der blo\u00df informatorischen Nutzung der Website, also wenn Sie uns nicht anderweitig Informationen \u00fcbermitteln, erheben wir nur die personenbezogenen Daten, die Ihr Browser an unseren Server \u00fcbermittelt. Wenn Sie unsere Website betrachten m\u00f6chten, erheben wir die folgenden Daten, die f\u00fcr uns technisch erforderlich sind, um Ihnen unsere Website anzuzeigen und die Stabilit\u00e4t und Sicherheit zu gew\u00e4hrleisten (Rechtsgrundlage ist Art. 6 Abs. 1 S. 1 lit. f DS-GVO):<\/p>\n<p>\u2013 IP-Adresse<br \/>\n\u2013 Datum und Uhrzeit der Anfrage<br \/>\n\u2013 Zeitzonendifferenz zur Greenwich Mean Time (GMT)<br \/>\n\u2013 Inhalt der Anforderung (konkrete Seite)<br \/>\n\u2013 Zugriffsstatus\/HTTP-Statuscode<br \/>\n\u2013 jeweils \u00fcbertragene Datenmenge<br \/>\n\u2013 Website, von der die Anforderung kommt<br \/>\n\u2013 Browser<br \/>\n\u2013 Betriebssystem und dessen Oberfl\u00e4che<br \/>\n\u2013 Sprache und Version der Browsersoftware.<\/p>\n<p>(2) Zus\u00e4tzlich zu den zuvor genannten Daten werden bei Ihrer Nutzung unserer Website Cookies auf Ihrem Rechner gespeichert. Bei Cookies handelt es sich um kleine Textdateien, die auf Ihrer Festplatte dem von Ihnen verwendeten Browser zugeordnet gespeichert werden und durch welche der Stelle, die den Cookie setzt (hier durch uns), bestimmte Informationen zuflie\u00dfen. Cookies k\u00f6nnen keine Programme ausf\u00fchren oder Viren auf Ihren Computer \u00fcbertragen. Sie dienen dazu, das Internetangebot insgesamt nutzerfreundlicher und effektiver zu machen.<\/p>\n<p>(3) Einsatz von Cookies:<\/p>\n<p>a) Diese Website nutzt folgende Arten von Cookies, deren Umfang und Funktionsweise im Folgenden erl\u00e4utert werden:<\/p>\n<p>\u2013 Transiente Cookies (dazu b)<\/p>\n<p>\u2013 Persistente Cookies (dazu c).<\/p>\n<p>b) Transiente Cookies werden automatisiert gel\u00f6scht, wenn Sie den Browser schlie\u00dfen. Dazu z\u00e4hlen insbesondere die Session-Cookies. Diese speichern eine sogenannte Session-ID, mit welcher sich verschiedene Anfragen Ihres Browsers der gemeinsamen Sitzung zuordnen lassen. Dadurch kann Ihr Rechner wiedererkannt werden, wenn Sie auf unsere Website zur\u00fcckkehren. Die Session-Cookies werden gel\u00f6scht, wenn Sie sich ausloggen oder den Browser schlie\u00dfen.<\/p>\n<p>c) Persistente Cookies werden automatisiert nach einer vorgegebenen Dauer gel\u00f6scht, die sich je nach Cookie unterscheiden kann. Sie k\u00f6nnen die Cookies in den Sicherheitseinstellungen Ihres Browsers jederzeit l\u00f6schen.<\/p>\n<p>d) Sie k\u00f6nnen Ihre Browser-Einstellung entsprechend Ihren W\u00fcnschen konfigurieren und z. B. die Annahme von Third-Party-Cookies oder allen Cookies ablehnen. Wir weisen Sie darauf hin, dass Sie eventuell nicht alle Funktionen dieser Website nutzen k\u00f6nnen.<\/p>\n<p>(4) Einsatz von Google Web Fonts<\/p>\n<p>Diese Seite nutzt zur einheitlichen Darstellung von Schriftarten so genannte Web Fonts, die von Google bereitgestellt werden. Beim Aufruf einer Seite l\u00e4dt Ihr Browser die ben\u00f6tigten Web Fonts in ihren Browsercache, um Texte und Schriftarten korrekt anzuzeigen.<\/p>\n<p>Zu diesem Zweck muss der von Ihnen verwendete Browser Verbindung zu den Servern von Google aufnehmen. Hierdurch erlangt Google Kenntnis dar\u00fcber, dass \u00fcber Ihre IP-Adresse unsere Website aufgerufen wurde. Die Nutzung von Google Web Fonts erfolgt im Interesse einer einheitlichen und ansprechenden Darstellung unserer Online-Angebote. Dies stellt ein berechtigtes Interesse im Sinne von Art. 6 Abs. 1 lit. f DSGVO dar.<\/p>\n<p>Weitere Informationen zu Google Web Fonts finden Sie unter https:\/\/developers.google.com\/fonts\/faq; Datenschutzerkl\u00e4rung: https:\/\/www.google.com\/policies\/privacy\/ , Opt-Out: https:\/\/www.google.com\/settings\/ads\/ .\u201c<\/p>\n<p><strong>III. Einsatz von Social-Media-Plug-ins<\/strong><\/p>\n<p>(1) Wir setzen derzeit folgende Social-Media-Plug-ins ein: Facebook, Google+, Twitter, Pinterest, LinkedIn. Wir nutzen dabei die sog. Zwei-Klick-L\u00f6sung. Das hei\u00dft, wenn Sie unsere Seite besuchen, werden zun\u00e4chst grunds\u00e4tzlich keine personenbezogenen Daten an die Anbieter der Plug-ins weitergegeben. Den Anbieter des Plug-ins erkennen Sie \u00fcber die Markierung auf dem Kasten \u00fcber seinen Anfangsbuchstaben oder das Logo. Wir er\u00f6ffnen Ihnen die M\u00f6glichkeit, \u00fcber den Button direkt mit dem Anbieter des Plug-ins zu kommunizieren. Nur wenn Sie auf das markierte Feld klicken und es dadurch aktivieren, erh\u00e4lt der Plug-in-Anbieter die Information, dass Sie die entsprechende Website unseres Online-Angebots aufgerufen haben. Zudem werden die unter (3) dieser Erkl\u00e4rung genannten Daten \u00fcbermittelt. Im Fall von Facebook wird nach Angaben der jeweiligen Anbieter in Deutschland die IP-Adresse sofort nach Erhebung anonymisiert. Durch die Aktivierung des Plug-ins werden also personenbezogene Daten von Ihnen an den jeweiligen Plug-in-Anbieter \u00fcbermittelt und dort (bei US-amerikanischen Anbietern in den USA) gespeichert. Da der Plug-in-Anbieter die Datenerhebung insbesondere \u00fcber Cookies vornimmt, empfehlen wir Ihnen, vor dem Klick auf den ausgegrauten Kasten \u00fcber die Sicherheitseinstellungen Ihres Browsers alle Cookies zu l\u00f6schen.<\/p>\n<p>(2) Wir haben weder Einfluss auf die erhobenen Daten und Datenverarbeitungsvorg\u00e4nge, noch sind uns der volle Umfang der Datenerhebung, die Zwecke der Verarbeitung, die Speicherfristen bekannt. Auch zur L\u00f6schung der erhobenen Daten durch den Plug-in-Anbieter liegen uns keine Informationen vor.<\/p>\n<p>(3) Der Plug-in-Anbieter speichert die \u00fcber Sie erhobenen Daten als Nutzungsprofile und nutzt diese f\u00fcr Zwecke der Werbung, Marktforschung und\/oder bedarfsgerechten Gestaltung seiner Website. Eine solche Auswertung erfolgt insbesondere (auch f\u00fcr nicht eingeloggte Nutzer) zur Darstellung von bedarfsgerechter Werbung und um andere Nutzer des sozialen Netzwerks \u00fcber Ihre Aktivit\u00e4ten auf unserer Website zu informieren. Ihnen steht ein Widerspruchsrecht gegen die Bildung dieser Nutzerprofile zu, wobei Sie sich zur Aus\u00fcbung dessen an den jeweiligen Plug-in-Anbieter wenden m\u00fcssen. \u00dcber die Plug-ins bietet wir Ihnen die M\u00f6glichkeit, mit den sozialen Netzwerken und anderen Nutzern zu interagieren, so dass wir unser Angebot verbessern und f\u00fcr Sie als Nutzer interessanter ausgestalten k\u00f6nnen. Rechtsgrundlage f\u00fcr die Nutzung der Plug-ins ist Art. 6 Abs. 1 S. 1 lit. f DS-GVO.<\/p>\n<p>(4) Die Datenweitergabe erfolgt unabh\u00e4ngig davon, ob Sie ein Konto bei dem Plug-in-Anbieter besitzen und dort eingeloggt sind. Wenn Sie bei dem Plug-in-Anbieter eingeloggt sind, werden Ihre bei uns erhobenen Daten direkt Ihrem beim Plug-in-Anbieter bestehenden Konto zugeordnet. Wenn Sie den aktivierten Button bet\u00e4tigen und z. B. die Seite verlinken, speichert der Plug-in-Anbieter auch diese Information in Ihrem Nutzerkonto und teilt sie Ihren Kontakten \u00f6ffentlich mit. Wir empfehlen Ihnen, sich nach Nutzung eines sozialen Netzwerks regelm\u00e4\u00dfig auszuloggen, insbesondere jedoch vor Aktivierung des Buttons, da Sie so eine Zuordnung zu Ihrem Profil bei dem Plug-in-Anbieter vermeiden k\u00f6nnen.<\/p>\n<p>(5) Weitere Informationen zu Zweck und Umfang der Datenerhebung und ihrer Verarbeitung durch den Plug-in-Anbieter erhalten Sie in den im Folgenden mitgeteilten Datenschutzerkl\u00e4rungen dieser Anbieter. Dort erhalten Sie auch weitere Informationen zu Ihren diesbez\u00fcglichen Rechten und Einstellungsm\u00f6glichkeiten zum Schutze Ihrer Privatsph\u00e4re.<\/p>\n<p>(6) Adressen der jeweiligen Plug-in-Anbieter und URL mit deren Datenschutzhinweisen:<\/p>\n<p>a) Facebook Inc., 1601 S California Ave, Palo Alto, California 94304, USA; https:\/\/www.facebook.com\/policy.php; weitere Informationen zur Datenerhebung: https:\/\/www.facebook.com\/help\/186325668085084, https:\/\/www.facebook.com\/about\/privacy\/your-info-on-other#applications sowie https:\/\/www.facebook.com\/about\/privacy\/your-info#everyoneinfo. Facebook hat sich dem EU-US-Privacy-Shield unterworfen, https:\/\/www.privacyshield.gov\/EU-US-Framework.<\/p>\n<p>b) Google Inc., 1600 Amphitheater Parkway, Mountainview, California 94043, USA; https:\/\/www.google.com\/policies\/privacy\/partners\/?hl=de. Google hat sich dem EU-US-Privacy-Shield unterworfen, https:\/\/www.privacyshield.gov\/EU-US-Framework.<\/p>\n<p>c) Twitter, Inc., 1355 Market St, Suite 900, San Francisco, California 94103, USA; https:\/\/twitter.com\/privacy. Twitter hat sich dem EU-US-Privacy-Shield unterworfen, https:\/\/www.privacyshield.gov\/EU-US-Framework.<\/p>\n<p>d) Pinterest Europe Ltd., Palmerston House, 2nd Floor, Fenian Street, Dublin 2, Ireland; Informationen zur Datenerhebung: https:\/\/policy.pinterest.com\/de\/privacy-policy<\/p>\n<p>e) LinkedIn Ireland Unlimited Company, Wilton Place, Dublin 2, Irland; LinkedIn hat sich dem EU-US-Privacy-Shield unterworfen, https:\/\/www.privacyshield.gov\/EU-US-Framework. Informationen zur Datenerhebung: https:\/\/www.linkedin.com\/legal\/privacy-policy<\/p>\n<p><strong>IV. Einbindung von YouTube-Videos<\/strong><\/p>\n<p>(1) Wir haben YouTube-Videos in unser Online-Angebot eingebunden, die auf http:\/\/www.YouTube.com gespeichert sind und von unserer Website aus direkt abspielbar sind. Diese sind alle im \u201eerweiterten Datenschutz-Modus\u201c eingebunden, d.\u2009h. dass keine Daten \u00fcber Sie als Nutzer an YouTube \u00fcbertragen werden, wenn Sie die Videos nicht abspielen. Erst wenn Sie die Videos abspielen, werden die in Absatz (2) genannten Daten \u00fcbertragen. Auf diese Daten\u00fcbertragung haben wir keinen Einfluss.<\/p>\n<p>(2) Durch den Besuch auf der Website erh\u00e4lt YouTube die Information, dass Sie die entsprechende Unterseite unserer Website aufgerufen haben. Dies erfolgt unabh\u00e4ngig davon, ob YouTube ein Nutzerkonto bereitstellt, \u00fcber das Sie eingeloggt sind, oder ob kein Nutzerkonto besteht. Wenn Sie bei Google eingeloggt sind, werden Ihre Daten direkt Ihrem Konto zugeordnet. Wenn Sie die Zuordnung mit Ihrem Profil bei YouTube nicht w\u00fcnschen, m\u00fcssen Sie sich vor Aktivierung des Buttons ausloggen. YouTube speichert Ihre Daten als Nutzungsprofile und nutzt sie f\u00fcr Zwecke der Werbung, Marktforschung und\/oder bedarfsgerechten Gestaltung seiner Website. Eine solche Auswertung erfolgt insbesondere (selbst f\u00fcr nicht eingeloggte Nutzer) zur Erbringung von bedarfsgerechter Werbung und um andere Nutzer des sozialen Netzwerks \u00fcber Ihre Aktivit\u00e4ten auf unserer Website zu informieren. Ihnen steht ein Widerspruchsrecht zu gegen die Bildung dieser Nutzerprofile, wobei Sie sich zur Aus\u00fcbung dessen an YouTube richten m\u00fcssen.<\/p>\n<p>(3) Weitere Informationen zu Zweck und Umfang der Datenerhebung und ihrer Verarbeitung durch YouTube erhalten Sie in der Datenschutzerkl\u00e4rung. Dort erhalten Sie auch weitere Informationen zu Ihren Rechten und Einstellungsm\u00f6glichkeiten zum Schutze Ihrer Privatsph\u00e4re: https:\/\/www.google.de\/intl\/de\/policies\/privacy. Google verarbeitet Ihre personenbezogenen Daten auch in den USA und hat sich dem EU-US-Privacy-Shield unterworfen, https:\/\/www.privacyshield.gov\/EU-US-Framework.<\/p>\n<p><strong>V. Ihre Rechte als Betroffener<\/strong><\/p>\n<p>(1) Auskunftsrecht<\/p>\n<p>Sie haben das Recht, von uns jederzeit auf Antrag eine Auskunft \u00fcber die von uns verarbeiteten, Sie betreffenden personenbezogenen Daten im Umfang des Art. 15 DSGVO zu erhalten. Hierzu k\u00f6nnen Sie einen Antrag postalisch oder per E-Mail an die unten angegebene Adresse stellen.<\/p>\n<p>(2) Recht zur Berichtigung unrichtiger Daten<\/p>\n<p>Sie haben das Recht, von uns die unverz\u00fcgliche Berichtigung der Sie betreffenden personenbezogenen Daten zu verlangen, sofern diese unrichtig sein sollten. Wen-den Sie sich hierf\u00fcr bitte an die unten angegebenen Kontaktadressen.<\/p>\n<p>(3) Recht auf L\u00f6schung<\/p>\n<p>Sie haben das Recht, unter den in Art. 17 DSGVO beschriebenen Voraussetzungen von uns die L\u00f6schung der Sie betreffenden personenbezogenen Daten zu verlangen. Diese Voraussetzungen sehen insbesondere ein L\u00f6schungsrecht vor, wenn die personenbezogenen Daten f\u00fcr die Zwecke, f\u00fcr die sie erhoben oder auf sonstige Weise verarbeitet wurden, nicht mehr notwendig sind, sowie in F\u00e4llen der unrechtm\u00e4\u00dfigen Verarbeitung, des Vorliegens eines Widerspruchs oder des Bestehens einer L\u00f6schungspflicht nach Unionsrecht oder dem Recht des Mitgliedstaates, dem wir unterliegen. Zum Zeitraum der Datenspeicherung siehe im \u00dcbrigen Ziffer 5 dieser Datenschutzerkl\u00e4rung. Um Ihr Recht auf L\u00f6schung geltend zu machen, wenden Sie sich bitte an die unten angegebenen Kontaktadressen.<\/p>\n<p>(4) Recht auf Einschr\u00e4nkung der Verarbeitung<\/p>\n<p>Sie haben das Recht, von uns die Einschr\u00e4nkung der Verarbeitung nach Ma\u00dfgabe des Art. 18 DSGVO zu verlangen. Dieses Recht besteht insbesondere, wenn die Richtigkeit der personenbezogenen Daten zwischen dem Nutzer und uns umstritten ist, f\u00fcr die Dauer, welche die \u00dcberpr\u00fcfung der Richtigkeit erfordert, sowie im Fall, dass der Nutzer bei einem bestehenden Recht auf L\u00f6schung anstelle der L\u00f6schung eine eingeschr\u00e4nkte Verarbeitung verlangt; ferner f\u00fcr den Fall, dass die Daten f\u00fcr die von uns verfolgten Zwecke nicht l\u00e4nger erforderlich sind, der Nutzer sie jedoch zur Geltendmachung, Aus\u00fcbung oder Verteidigung von Rechtsanspr\u00fcchen ben\u00f6tigt sowie, wenn die erfolgreiche Aus\u00fcbung eines Widerspruchs zwischen uns und dem Nutzer noch umstritten ist. Um Ihr Recht auf Einschr\u00e4nkung der Verarbeitung geltend zu machen, wenden Sie sich bitte an die unten angegebenen Kontaktadressen.<\/p>\n<p>(5) Recht auf Daten\u00fcbertragbarkeit<\/p>\n<p>Sie haben das Recht, von uns die Sie betreffenden personenbezogenen Daten, die Sie uns bereitgestellt haben, in einem strukturierten, g\u00e4ngigen, maschinenlesbaren Format nach Ma\u00dfgabe des Art. 20 DSGVO zu erhalten. Um Ihr Recht auf Daten-\u00fcbertragbarkeit geltend zu machen, wenden Sie sich bitte an die unten angegebenen Kontaktadressen.<\/p>\n<p><strong>VI. Widerspruchsrecht<\/strong><\/p>\n<p>Sie haben das Recht, aus Gr\u00fcnden, die sich aus Ihrer besonderen Situation ergeben, jederzeit gegen die Verarbeitung Sie betreffender personenbezogener Daten, die u.a. aufgrund von Art. 6 Abs. 1 lit. e) oder f) DSGVO erfolgt, Widerspruch nach Art. 21 DSGVO einzulegen. Wir werden die Verarbeitung Ihrer personenbezogenen Daten einstellen, es sei denn, wir k\u00f6nnen zwingende schutzw\u00fcrdige Gr\u00fcnde f\u00fcr die Verarbeitung nachweisen, die Ihre Interessen, Rechte und Freiheiten \u00fcberwiegen, oder wenn die Verarbeitung der Geltendmachung, Aus\u00fcbung oder Verteidigung von Rechtsanspr\u00fcchen dient.<\/p>\n<p><strong>VII. Beschwerderecht<\/strong><\/p>\n<p>Sie haben ferner das Recht, sich bei Beschwerden an die zust\u00e4ndige Aufsichtsbeh\u00f6rde zu wenden. Die zust\u00e4ndige Aufsichtsbeh\u00f6rde ist:<\/p>\n<p>Der Hamburgische Beauftragte f\u00fcr Datenschutz und Informationsfreiheit \u2022 Prof. Dr. Johannes Caspar \u2022 Klosterwall 6 (Block C) \u2022 20095 Hamburg \u2022 Telefon: 040\/428 54-40 40 \u2022 Telefax: 040\/428 54-40 00<br \/>\nE-Mail: mailbox@datenschutz.hamburg.de \u2022 Homepage: http:\/\/www.datenschutz-hamburg.de<\/p>\n<p><strong>VIII. Fragen und Anmerkungen zum Umgang mit personenbezogenen Daten<\/strong><\/p>\n<p>Sollten Sie Fragen oder Anmerkungen zu unserem Umgang mit Ihren personenbezogenen Daten haben oder m\u00f6chten Sie Ihre Rechte als betroffene Person aus\u00fcben, wenden Sie sich bitte an Irmela R\u00fctters unter folgenden Kontaktdaten:<\/p>\n<p>Irmela R\u00fctters, Shanghaiallee 9, D &#8211; 20457 Hamburg, info@europaeische-verlagsanstalt.de<\/p>\n<p><strong>IX. \u00c4nderungen dieser Datenschutzerkl\u00e4rung<\/strong><\/p>\n<p>Wir halten diese Datenschutzerkl\u00e4rung immer auf dem neuesten Stand. Deshalb behalten wir uns vor, sie von Zeit zu Zeit zu \u00e4ndern und \u00c4nderungen bei der Erhebung, Verarbeitung oder Nutzung Ihrer Daten nachzupflegen. Die aktuelle Fassung der Datenschutzerkl\u00e4rung ist stets unter \u201ehttps:\/\/europaeische-verlagsanstalt.de\/content\/datenschutzerklaerung\u201c abrufbar.<\/p>\n<\/div><\/div><\/div><\/div><\/div><\/div><\/div><\/section>\n","protected":false},"excerpt":{"rendered":"[vc_custom_heading text=\"Datenschutzerkl\u00e4rung\" google_fonts=\"font_family:Open%20Sans%3A300%2C300italic%2Cregular%2Citalic%2C600%2C600italic%2C700%2C700italic%2C800%2C800italic|font_style:600%20bold%20regular%3A600%3Anormal\" css=\"%7B%22default%22%3A%7B%22color%22%3A%22_content_heading%22%2C%22font-weight%22%3A%22700%22%2C%22font-size%22%3A%2228px%22%2C%22padding-bottom%22%3A%220px%22%7D%7D\"]Im Folgenden informieren wir \u00fcber die Erhebung personenbezogener Daten bei Nutzung unserer Website. Personenbezogene Daten sind alle Daten, die auf Sie pers\u00f6nlich beziehbar sind, z. B. Name, Adresse, E-Mail-Adressen, Nutzerverhalten. I. Informationen zum Verantwortlichen, Datenschutzbeauftragter (1) Der Verantwortliche im Sinne der Datenschutz-Grundverordnung und anderer nationaler Datenschutzgesetze der Mitgliedsstaaten sowie sonstiger datenschutzrechtlicher Bestimmungen...","protected":false},"author":1,"featured_media":0,"parent":0,"menu_order":0,"comment_status":"closed","ping_status":"closed","template":"","meta":[],"_links":{"self":[{"href":"https:\/\/europaeischeverlagsanstalt.de\/index.php?rest_route=\/wp\/v2\/pages\/134"}],"collection":[{"href":"https:\/\/europaeischeverlagsanstalt.de\/index.php?rest_route=\/wp\/v2\/pages"}],"about":[{"href":"https:\/\/europaeischeverlagsanstalt.de\/index.php?rest_route=\/wp\/v2\/types\/page"}],"author":[{"embeddable":true,"href":"https:\/\/europaeischeverlagsanstalt.de\/index.php?rest_route=\/wp\/v2\/users\/1"}],"replies":[{"embeddable":true,"href":"https:\/\/europaeischeverlagsanstalt.de\/index.php?rest_route=%2Fwp%2Fv2%2Fcomments&post=134"}],"version-history":[{"count":10,"href":"https:\/\/europaeischeverlagsanstalt.de\/index.php?rest_route=\/wp\/v2\/pages\/134\/revisions"}],"predecessor-version":[{"id":2099,"href":"https:\/\/europaeischeverlagsanstalt.de\/index.php?rest_route=\/wp\/v2\/pages\/134\/revisions\/2099"}],"wp:attachment":[{"href":"https:\/\/europaeischeverlagsanstalt.de\/index.php?rest_route=%2Fwp%2Fv2%2Fmedia&parent=134"}],"curies":[{"name":"wp","href":"https:\/\/api.w.org\/{rel}","templated":true}]}}